{"id":7847,"date":"2008-05-03T16:07:32","date_gmt":"2008-05-03T14:07:32","guid":{"rendered":"https:\/\/2021.nationalpark-unteres-odertal.de\/o-nas\/miedzynarodowy-park-unteres-odertal-gmbh\/"},"modified":"2021-11-17T17:21:27","modified_gmt":"2021-11-17T16:21:27","slug":"miedzynarodowy-park-unteres-odertal-gmbh","status":"publish","type":"page","link":"https:\/\/www.nationalpark-unteres-odertal.de\/pl\/o-nas\/miedzynarodowy-park-unteres-odertal-gmbh\/","title":{"rendered":"Mi\u0119dzynarodowy Park Dolina Dolnej Odry&nbsp;GmbH"},"content":{"rendered":"<p><\/p><div class=\"fusion-fullwidth fullwidth-box fusion-builder-row-1 fusion-flex-container ganzoben nonhundred-percent-fullwidth non-hundred-percent-height-scrolling fusion-no-small-visibility\" style=\"--awb-border-radius-top-left:0px;--awb-border-radius-top-right:0px;--awb-border-radius-bottom-right:0px;--awb-border-radius-bottom-left:0px;--awb-padding-top:0px;--awb-margin-top:0px;--awb-margin-bottom:30px;--awb-flex-wrap:wrap;\"><div class=\"fusion-builder-row fusion-row fusion-flex-align-items-flex-start fusion-flex-content-wrap\" style=\"max-width:1248px;margin-left: calc(-4% \/ 2 );margin-right: calc(-4% \/ 2 );\"><div class=\"fusion-layout-column fusion_builder_column fusion-builder-column-0 fusion_builder_column_1_1 1_1 fusion-flex-column fusion-flex-align-self-flex-start\" style=\"--awb-bg-size:cover;--awb-width-large:100%;--awb-margin-top-large:0px;--awb-spacing-right-large:1.92%;--awb-margin-bottom-large:0px;--awb-spacing-left-large:1.92%;--awb-width-medium:100%;--awb-order-medium:0;--awb-spacing-right-medium:1.92%;--awb-spacing-left-medium:1.92%;--awb-width-small:100%;--awb-order-small:0;--awb-spacing-right-small:1.92%;--awb-spacing-left-small:1.92%;\"><div class=\"fusion-column-wrapper fusion-column-has-shadow fusion-flex-justify-content-flex-start fusion-content-layout-column\"><nav class=\"awb-menu awb-menu_row awb-menu_em-hover mobile-mode-collapse-to-button awb-menu_icons-left awb-menu_dc-yes mobile-trigger-fullwidth-off awb-menu_mobile-toggle awb-menu_indent-left mobile-size-full-absolute loading mega-menu-loading awb-menu_desktop awb-menu_dropdown awb-menu_expand-right awb-menu_transition-fade\" style=\"--awb-text-transform:none;--awb-min-height:1em;--awb-bg:#ffffff;--awb-border-radius-top-left:5px;--awb-border-radius-top-right:5px;--awb-border-radius-bottom-right:5px;--awb-border-radius-bottom-left:5px;--awb-gap:15px;--awb-align-items:center;--awb-items-padding-right:10px;--awb-items-padding-left:10px;--awb-border-color:#37731e;--awb-border-top:1px;--awb-border-right:1px;--awb-border-bottom:1px;--awb-border-left:1px;--awb-active-color:#000000;--awb-active-bg:#ffffff;--awb-active-border-top:1px;--awb-active-border-right:1px;--awb-active-border-bottom:1px;--awb-active-border-left:1px;--awb-active-border-color:#c00100;--awb-submenu-bg:#f7f7f7;--awb-submenu-border-radius-top-left:5px;--awb-submenu-border-radius-top-right:5px;--awb-submenu-border-radius-bottom-right:5px;--awb-submenu-border-radius-bottom-left:5px;--awb-submenu-active-bg:#e8e8e8;--awb-submenu-active-color:#37731e;--awb-submenu-space:5px;--awb-submenu-text-transform:none;--awb-main-justify-content:flex-start;--awb-mobile-justify:flex-start;--awb-mobile-caret-left:auto;--awb-mobile-caret-right:0;--awb-box-shadow:3px 3px 4px -1px #919191;;--awb-fusion-font-family-typography:inherit;--awb-fusion-font-style-typography:normal;--awb-fusion-font-weight-typography:400;--awb-fusion-font-family-submenu-typography:inherit;--awb-fusion-font-style-submenu-typography:normal;--awb-fusion-font-weight-submenu-typography:400;--awb-fusion-font-family-mobile-typography:inherit;--awb-fusion-font-style-mobile-typography:normal;--awb-fusion-font-weight-mobile-typography:400;\" aria-label=\"Wir \u00fcber uns\" data-breakpoint=\"0\" data-count=\"0\" data-transition-type=\"fade\" data-transition-time=\"300\" data-expand=\"right\"><ul id=\"menu-wir-ueber-uns-pl\" class=\"fusion-menu awb-menu__main-ul awb-menu__main-ul_row\"><li id=\"menu-item-7872\" class=\"menu-item menu-item-type-post_type menu-item-object-page menu-item-7872 awb-menu__li awb-menu__main-li awb-menu__main-li_regular\" data-item-id=\"7872\"><span class=\"awb-menu__main-background-default awb-menu__main-background-default_fade\"><\/span><span class=\"awb-menu__main-background-active awb-menu__main-background-active_fade\"><\/span><a href=\"https:\/\/www.nationalpark-unteres-odertal.de\/pl\/o-nas\/stowarzyszenie-park-narodowy-dolina-dolnej-odry\/\" class=\"awb-menu__main-a awb-menu__main-a_regular\"><span class=\"menu-text\">Sto\u00adwa\u00adrzy\u00adsze\u00adnie Park Narodowy<\/span><\/a><\/li><li id=\"menu-item-7871\" class=\"menu-item menu-item-type-post_type menu-item-object-page menu-item-7871 awb-menu__li awb-menu__main-li awb-menu__main-li_regular\" data-item-id=\"7871\"><span class=\"awb-menu__main-background-default awb-menu__main-background-default_fade\"><\/span><span class=\"awb-menu__main-background-active awb-menu__main-background-active_fade\"><\/span><a href=\"https:\/\/www.nationalpark-unteres-odertal.de\/pl\/o-nas\/fundacja-park-narodowy-doliny-dolnej-odry\/\" class=\"awb-menu__main-a awb-menu__main-a_regular\"><span class=\"menu-text\">Fun\u00adda\u00adcja Park Narodowy<\/span><\/a><\/li><li id=\"menu-item-7870\" class=\"menu-item menu-item-type-post_type menu-item-object-page menu-item-7870 awb-menu__li awb-menu__main-li awb-menu__main-li_regular\" data-item-id=\"7870\"><span class=\"awb-menu__main-background-default awb-menu__main-background-default_fade\"><\/span><span class=\"awb-menu__main-background-active awb-menu__main-background-active_fade\"><\/span><a href=\"https:\/\/www.nationalpark-unteres-odertal.de\/pl\/o-nas\/miedzynarodowy-park-unteres-odertal-gmbh\/\" class=\"awb-menu__main-a awb-menu__main-a_regular\"><span class=\"menu-text\">Mi\u0119\u00addzy\u00adna\u00adro\u00addo\u00adwy Park&nbsp;GmbH<\/span><\/a><\/li><li id=\"menu-item-7869\" class=\"menu-item menu-item-type-post_type menu-item-object-page menu-item-7869 awb-menu__li awb-menu__main-li awb-menu__main-li_regular\" data-item-id=\"7869\"><span class=\"awb-menu__main-background-default awb-menu__main-background-default_fade\"><\/span><span class=\"awb-menu__main-background-active awb-menu__main-background-active_fade\"><\/span><a href=\"https:\/\/www.nationalpark-unteres-odertal.de\/pl\/o-nas\/oeko-agrar-gmbh-dolina-dolnej-odry\/\" class=\"awb-menu__main-a awb-menu__main-a_regular\"><span class=\"menu-text\">\u00d6ko Agrar&nbsp;GmbH<\/span><\/a><\/li><\/ul><\/nav><\/div><\/div><\/div><\/div>\n<div class=\"fusion-fullwidth fullwidth-box fusion-builder-row-2 fusion-flex-container nonhundred-percent-fullwidth non-hundred-percent-height-scrolling\" style=\"--awb-border-radius-top-left:0px;--awb-border-radius-top-right:0px;--awb-border-radius-bottom-right:0px;--awb-border-radius-bottom-left:0px;--awb-flex-wrap:wrap;\"><div class=\"fusion-builder-row fusion-row fusion-flex-align-items-flex-start fusion-flex-content-wrap\" style=\"max-width:1248px;margin-left: calc(-4% \/ 2 );margin-right: calc(-4% \/ 2 );\"><div class=\"fusion-layout-column fusion_builder_column fusion-builder-column-1 fusion_builder_column_1_1 1_1 fusion-flex-column\" style=\"--awb-bg-size:cover;--awb-width-large:100%;--awb-margin-top-large:0px;--awb-spacing-right-large:1.92%;--awb-margin-bottom-large:0px;--awb-spacing-left-large:1.92%;--awb-width-medium:100%;--awb-spacing-right-medium:1.92%;--awb-spacing-left-medium:1.92%;--awb-width-small:100%;--awb-spacing-right-small:1.92%;--awb-spacing-left-small:1.92%;\"><div class=\"fusion-column-wrapper fusion-flex-justify-content-flex-start fusion-content-layout-column\"><div class=\"fusion-text fusion-text-1\" style=\"--awb-text-transform:none;\"><p class=\"rtejustify\"><span class=\"fusion-dropcap dropcap\">I<\/span>nter\u00adna\u00adtio\u00adnal\u00adpark Doli\u00adna Dol\u00adnej Odry GmbH zosta\u0142 za\u0142o\u00ad\u017co\u00adny w 1997 roku jako sp\u00f3\u0142\u00adka zale\u017c\u00adna fir\u00admy<a href=\"https:\/\/www.nationalpark-unteres-odertal.de\/pl\/o-nas\/fundacja-park-narodowy-doliny-dolnej-odry\/\"> Fun\u00adda\u00adcja Park Naro\u00addo\u00adwy<\/a> Powsta\u00adnie Doli\u00adny Dol\u00adnej Odry. Do Two\u00adich zada\u0144 nale\u00ad\u017cy zw\u0142asz\u00adcza edu\u00adka\u00adcja eko\u00adlo\u00adgicz\u00adna, zw\u0142asz\u00adcza w zakre\u00adsie<a href=\"https:\/\/www.wildnisschule-teerofenbruecke.de\/\" target=\"_blank\" rel=\"noopener\"> Wil\u00adder\u00adness Scho\u00adol i Labo\u00adra\u00adto\u00adrium Par\u00adku Naro\u00addo\u00adwe\u00adgo Teero\u00adfen\u00adbr\u00fcc\u00adke<\/a> i w<a href=\"https:\/\/www.brandenburgische-akademie.de\" target=\"_blank\" rel=\"noopener\"> Aka\u00adde\u00admia Bran\u00adden\u00adbur\u00adska<\/a> Zamek Crie\u00adwen \u2013 nie\u00admiec\u00adko-pol\u00adskie cen\u00adtrum edu\u00adka\u00adcji eko\u00adlo\u00adgicz\u00adnej i spotka\u0144.<\/p>\n<\/div><div class=\"fusion-separator fusion-full-width-sep\" style=\"align-self: center;margin-left: auto;margin-right: auto;margin-top:30px;width:100%;\"><\/div><\/div><\/div><\/div><\/div><div class=\"fusion-fullwidth fullwidth-box fusion-builder-row-3 fusion-flex-container nonhundred-percent-fullwidth non-hundred-percent-height-scrolling\" style=\"--awb-border-radius-top-left:0px;--awb-border-radius-top-right:0px;--awb-border-radius-bottom-right:0px;--awb-border-radius-bottom-left:0px;--awb-flex-wrap:wrap;\"><div class=\"fusion-builder-row fusion-row fusion-flex-align-items-flex-start fusion-flex-content-wrap\" style=\"max-width:1248px;margin-left: calc(-4% \/ 2 );margin-right: calc(-4% \/ 2 );\"><div class=\"fusion-layout-column fusion_builder_column fusion-builder-column-2 fusion_builder_column_1_2 1_2 fusion-flex-column\" style=\"--awb-bg-size:cover;--awb-width-large:50%;--awb-margin-top-large:0px;--awb-spacing-right-large:3.84%;--awb-margin-bottom-large:20px;--awb-spacing-left-large:3.84%;--awb-width-medium:50%;--awb-order-medium:0;--awb-spacing-right-medium:3.84%;--awb-spacing-left-medium:3.84%;--awb-width-small:100%;--awb-order-small:0;--awb-spacing-right-small:1.92%;--awb-spacing-left-small:1.92%;\"><div class=\"fusion-column-wrapper fusion-column-has-shadow fusion-flex-justify-content-flex-start fusion-content-layout-column\"><div class=\"fusion-title title fusion-title-1 sep-underline sep-dotted fusion-title-text fusion-title-size-two\" style=\"--awb-font-size:30px;\"><h2 class=\"fusion-title-heading title-heading-left\" style=\"margin:0;font-size:1em;line-height:20px;\">Akademia Brandenburska<\/h2><\/div><div class=\"fusion-image-carousel fusion-image-carousel-auto fusion-image-carousel-1 lightbox-enabled fusion-carousel-border\"><div class=\"awb-carousel awb-swiper awb-swiper-carousel\" data-autoplay=\"no\" data-columns=\"1\" data-itemmargin=\"13\" data-itemwidth=\"180\" data-touchscroll=\"no\" data-imagesize=\"auto\" style=\"--awb-columns:1;\"><div class=\"swiper-wrapper awb-image-carousel-wrapper fusion-flex-align-items-center\"><div class=\"swiper-slide\"><div class=\"fusion-carousel-item-wrapper\"><div class=\"fusion-image-wrapper hover-type-none\"><a data-rel=\"iLightbox[image_carousel_1]\" data-caption=\"Zamek Criewen\" data-title=\"Zamek Criewen\" aria-label=\"Zamek Criewen\" href=\"https:\/\/www.nationalpark-unteres-odertal.de\/wp-content\/uploads\/schloss-criewen.jpg\" target=\"_self\"><img decoding=\"async\" width=\"1200\" height=\"800\" src=\"https:\/\/www.nationalpark-unteres-odertal.de\/wp-content\/uploads\/schloss-criewen.jpg\" class=\"attachment-full size-full lazyload\" alt=\"Zamek Criewen\" srcset=\"data:image\/svg+xml,%3Csvg%20xmlns%3D%27http%3A%2F%2Fwww.w3.org%2F2000%2Fsvg%27%20width%3D%271200%27%20height%3D%27800%27%20viewBox%3D%270%200%201200%20800%27%3E%3Crect%20width%3D%271200%27%20height%3D%27800%27%20fill-opacity%3D%220%22%2F%3E%3C%2Fsvg%3E\" data-orig-src=\"https:\/\/www.nationalpark-unteres-odertal.de\/wp-content\/uploads\/schloss-criewen.jpg\" data-srcset=\"https:\/\/www.nationalpark-unteres-odertal.de\/wp-content\/uploads\/schloss-criewen-200x133.jpg 200w, https:\/\/www.nationalpark-unteres-odertal.de\/wp-content\/uploads\/schloss-criewen-400x267.jpg 400w, https:\/\/www.nationalpark-unteres-odertal.de\/wp-content\/uploads\/schloss-criewen-500x333.jpg 500w, https:\/\/www.nationalpark-unteres-odertal.de\/wp-content\/uploads\/schloss-criewen-600x400.jpg 600w, https:\/\/www.nationalpark-unteres-odertal.de\/wp-content\/uploads\/schloss-criewen-800x533.jpg 800w, https:\/\/www.nationalpark-unteres-odertal.de\/wp-content\/uploads\/schloss-criewen-1024x683.jpg 1024w, https:\/\/www.nationalpark-unteres-odertal.de\/wp-content\/uploads\/schloss-criewen.jpg 1200w\" data-sizes=\"auto\"><\/a><\/div><\/div><\/div><div class=\"swiper-slide\"><div class=\"fusion-carousel-item-wrapper\"><div class=\"fusion-image-wrapper hover-type-none\"><a data-rel=\"iLightbox[image_carousel_1]\" data-caption=\"Widok zamku i ko\u015bcio\u0142a w Criewen Park\" data-title=\"Widok zamku i ko\u015bcio\u0142a w Criewen Park\" aria-label=\"Widok zamku i ko\u015bcio\u0142a w Criewen Park\" href=\"https:\/\/www.nationalpark-unteres-odertal.de\/wp-content\/uploads\/kirche-und-schloss-criewen-voessing.jpg\" target=\"_self\"><img decoding=\"async\" width=\"1200\" height=\"800\" src=\"https:\/\/www.nationalpark-unteres-odertal.de\/wp-content\/uploads\/kirche-und-schloss-criewen-voessing.jpg\" class=\"attachment-full size-full lazyload\" alt=\"Widok zamku i ko\u015bcio\u0142a w Criewen Park\" srcset=\"data:image\/svg+xml,%3Csvg%20xmlns%3D%27http%3A%2F%2Fwww.w3.org%2F2000%2Fsvg%27%20width%3D%271200%27%20height%3D%27800%27%20viewBox%3D%270%200%201200%20800%27%3E%3Crect%20width%3D%271200%27%20height%3D%27800%27%20fill-opacity%3D%220%22%2F%3E%3C%2Fsvg%3E\" data-orig-src=\"https:\/\/www.nationalpark-unteres-odertal.de\/wp-content\/uploads\/kirche-und-schloss-criewen-voessing.jpg\" data-srcset=\"https:\/\/www.nationalpark-unteres-odertal.de\/wp-content\/uploads\/kirche-und-schloss-criewen-voessing-200x133.jpg 200w, https:\/\/www.nationalpark-unteres-odertal.de\/wp-content\/uploads\/kirche-und-schloss-criewen-voessing-400x267.jpg 400w, https:\/\/www.nationalpark-unteres-odertal.de\/wp-content\/uploads\/kirche-und-schloss-criewen-voessing-500x333.jpg 500w, https:\/\/www.nationalpark-unteres-odertal.de\/wp-content\/uploads\/kirche-und-schloss-criewen-voessing-600x400.jpg 600w, https:\/\/www.nationalpark-unteres-odertal.de\/wp-content\/uploads\/kirche-und-schloss-criewen-voessing-800x533.jpg 800w, https:\/\/www.nationalpark-unteres-odertal.de\/wp-content\/uploads\/kirche-und-schloss-criewen-voessing-1024x683.jpg 1024w, https:\/\/www.nationalpark-unteres-odertal.de\/wp-content\/uploads\/kirche-und-schloss-criewen-voessing.jpg 1200w\" data-sizes=\"auto\"><\/a><\/div><\/div><\/div><div class=\"swiper-slide\"><div class=\"fusion-carousel-item-wrapper\"><div class=\"fusion-image-wrapper hover-type-none\"><a data-rel=\"iLightbox[image_carousel_1]\" data-caption=\"Park Petera-Josepha-Lenn\u00e9\" data-title=\"Park Petera-Josepha-Lenn\u00e9\" aria-label=\"Park Petera-Josepha-Lenn\u00e9\" href=\"https:\/\/www.nationalpark-unteres-odertal.de\/wp-content\/uploads\/peter-joseph-linne-park-criewen-1-voessing.jpg\" target=\"_self\"><img decoding=\"async\" width=\"1200\" height=\"800\" src=\"https:\/\/www.nationalpark-unteres-odertal.de\/wp-content\/uploads\/peter-joseph-linne-park-criewen-1-voessing.jpg\" class=\"attachment-full size-full lazyload\" alt=\"Park Petera-Josepha-Lenn\u00e9\" srcset=\"data:image\/svg+xml,%3Csvg%20xmlns%3D%27http%3A%2F%2Fwww.w3.org%2F2000%2Fsvg%27%20width%3D%271200%27%20height%3D%27800%27%20viewBox%3D%270%200%201200%20800%27%3E%3Crect%20width%3D%271200%27%20height%3D%27800%27%20fill-opacity%3D%220%22%2F%3E%3C%2Fsvg%3E\" data-orig-src=\"https:\/\/www.nationalpark-unteres-odertal.de\/wp-content\/uploads\/peter-joseph-linne-park-criewen-1-voessing.jpg\" data-srcset=\"https:\/\/www.nationalpark-unteres-odertal.de\/wp-content\/uploads\/peter-joseph-linne-park-criewen-1-voessing-200x133.jpg 200w, https:\/\/www.nationalpark-unteres-odertal.de\/wp-content\/uploads\/peter-joseph-linne-park-criewen-1-voessing-400x267.jpg 400w, https:\/\/www.nationalpark-unteres-odertal.de\/wp-content\/uploads\/peter-joseph-linne-park-criewen-1-voessing-500x333.jpg 500w, https:\/\/www.nationalpark-unteres-odertal.de\/wp-content\/uploads\/peter-joseph-linne-park-criewen-1-voessing-600x400.jpg 600w, https:\/\/www.nationalpark-unteres-odertal.de\/wp-content\/uploads\/peter-joseph-linne-park-criewen-1-voessing-800x533.jpg 800w, https:\/\/www.nationalpark-unteres-odertal.de\/wp-content\/uploads\/peter-joseph-linne-park-criewen-1-voessing-1024x683.jpg 1024w, https:\/\/www.nationalpark-unteres-odertal.de\/wp-content\/uploads\/peter-joseph-linne-park-criewen-1-voessing.jpg 1200w\" data-sizes=\"auto\"><\/a><\/div><\/div><\/div><div class=\"swiper-slide\"><div class=\"fusion-carousel-item-wrapper\"><div class=\"fusion-image-wrapper hover-type-none\"><a data-rel=\"iLightbox[image_carousel_1]\" data-title=\"Ko\u015bci\u00f3\u0142 Criewen\" aria-label=\"Ko\u015bci\u00f3\u0142 Criewen\" href=\"https:\/\/www.nationalpark-unteres-odertal.de\/wp-content\/uploads\/kirche-criewen-3-voessing-1.jpg\" target=\"_self\"><img decoding=\"async\" width=\"1200\" height=\"800\" src=\"https:\/\/www.nationalpark-unteres-odertal.de\/wp-content\/uploads\/kirche-criewen-3-voessing-1.jpg\" class=\"attachment-full size-full lazyload\" alt=\"Ko\u015bci\u00f3\u0142 Criewen\" srcset=\"data:image\/svg+xml,%3Csvg%20xmlns%3D%27http%3A%2F%2Fwww.w3.org%2F2000%2Fsvg%27%20width%3D%271200%27%20height%3D%27800%27%20viewBox%3D%270%200%201200%20800%27%3E%3Crect%20width%3D%271200%27%20height%3D%27800%27%20fill-opacity%3D%220%22%2F%3E%3C%2Fsvg%3E\" data-orig-src=\"https:\/\/www.nationalpark-unteres-odertal.de\/wp-content\/uploads\/kirche-criewen-3-voessing-1.jpg\" data-srcset=\"https:\/\/www.nationalpark-unteres-odertal.de\/wp-content\/uploads\/kirche-criewen-3-voessing-1-200x133.jpg 200w, https:\/\/www.nationalpark-unteres-odertal.de\/wp-content\/uploads\/kirche-criewen-3-voessing-1-400x267.jpg 400w, https:\/\/www.nationalpark-unteres-odertal.de\/wp-content\/uploads\/kirche-criewen-3-voessing-1-500x333.jpg 500w, https:\/\/www.nationalpark-unteres-odertal.de\/wp-content\/uploads\/kirche-criewen-3-voessing-1-600x400.jpg 600w, https:\/\/www.nationalpark-unteres-odertal.de\/wp-content\/uploads\/kirche-criewen-3-voessing-1-800x533.jpg 800w, https:\/\/www.nationalpark-unteres-odertal.de\/wp-content\/uploads\/kirche-criewen-3-voessing-1-1024x683.jpg 1024w, https:\/\/www.nationalpark-unteres-odertal.de\/wp-content\/uploads\/kirche-criewen-3-voessing-1.jpg 1200w\" data-sizes=\"auto\"><\/a><\/div><\/div><\/div><div class=\"swiper-slide\"><div class=\"fusion-carousel-item-wrapper\"><div class=\"fusion-image-wrapper hover-type-none\"><a data-rel=\"iLightbox[image_carousel_1]\" data-caption=\"Widok z zamku Criewen na Park Narodowy\" data-title=\"Widok z zamku Criewen na Park Narodowy\" aria-label=\"Widok z zamku Criewen na Park Narodowy\" href=\"https:\/\/www.nationalpark-unteres-odertal.de\/wp-content\/uploads\/blick-vom-schloss-criewen-in-den-nationanalpark-voessing.jpg\" target=\"_self\"><img decoding=\"async\" width=\"1200\" height=\"800\" src=\"https:\/\/www.nationalpark-unteres-odertal.de\/wp-content\/uploads\/blick-vom-schloss-criewen-in-den-nationanalpark-voessing.jpg\" class=\"attachment-full size-full lazyload\" alt=\"Widok z zamku Criewen na Park Narodowy\" srcset=\"data:image\/svg+xml,%3Csvg%20xmlns%3D%27http%3A%2F%2Fwww.w3.org%2F2000%2Fsvg%27%20width%3D%271200%27%20height%3D%27800%27%20viewBox%3D%270%200%201200%20800%27%3E%3Crect%20width%3D%271200%27%20height%3D%27800%27%20fill-opacity%3D%220%22%2F%3E%3C%2Fsvg%3E\" data-orig-src=\"https:\/\/www.nationalpark-unteres-odertal.de\/wp-content\/uploads\/blick-vom-schloss-criewen-in-den-nationanalpark-voessing.jpg\" data-srcset=\"https:\/\/www.nationalpark-unteres-odertal.de\/wp-content\/uploads\/blick-vom-schloss-criewen-in-den-nationanalpark-voessing-200x133.jpg 200w, https:\/\/www.nationalpark-unteres-odertal.de\/wp-content\/uploads\/blick-vom-schloss-criewen-in-den-nationanalpark-voessing-400x267.jpg 400w, https:\/\/www.nationalpark-unteres-odertal.de\/wp-content\/uploads\/blick-vom-schloss-criewen-in-den-nationanalpark-voessing-500x333.jpg 500w, https:\/\/www.nationalpark-unteres-odertal.de\/wp-content\/uploads\/blick-vom-schloss-criewen-in-den-nationanalpark-voessing-600x400.jpg 600w, https:\/\/www.nationalpark-unteres-odertal.de\/wp-content\/uploads\/blick-vom-schloss-criewen-in-den-nationanalpark-voessing-800x533.jpg 800w, https:\/\/www.nationalpark-unteres-odertal.de\/wp-content\/uploads\/blick-vom-schloss-criewen-in-den-nationanalpark-voessing-1024x683.jpg 1024w, https:\/\/www.nationalpark-unteres-odertal.de\/wp-content\/uploads\/blick-vom-schloss-criewen-in-den-nationanalpark-voessing.jpg 1200w\" data-sizes=\"auto\"><\/a><\/div><\/div><\/div><\/div><div class=\"awb-swiper-button awb-swiper-button-prev\"><i class=\"awb-icon-angle-left\" aria-hidden=\"true\"><\/i><\/div><div class=\"awb-swiper-button awb-swiper-button-next\"><i class=\"awb-icon-angle-right\" aria-hidden=\"true\"><\/i><\/div><\/div><\/div><div class=\"fusion-text fusion-text-2\"><p>Bran\u00adden\u00adbur\u00adska Aka\u00adde\u00admia Zam\u00adku Crie\u00adwen ofe\u00adru\u00adje obszer\u00adny pro\u00adgram kon\u00adfe\u00adren\u00adcji i kon\u00adgre\u00ads\u00f3w we wszyst\u00adkich kwe\u00adstiach zwi\u0105\u00adza\u00adnych z obsza\u00adra\u00admi wiej\u00adski\u00admi. 200-let\u00adni dw\u00f3r rodzi\u00adny von Arnim opr\u00f3cz licz\u00adnych imprez wewn\u0119trz\u00adnych ofe\u00adru\u00adje r\u00f3w\u00adnie\u017c odpo\u00adwied\u00adni\u0105 opra\u00adw\u0119 dla wszel\u00adkie\u00adgo rodza\u00adju imprez zewn\u0119trz\u00adnych, po\u0142o\u00ad\u017co\u00adny w pi\u0119k\u00adnie odre\u00adstau\u00adro\u00adwa\u00adnym par\u00adku autor\u00adstwa Pete\u00adra Jose\u00adpha Len\u00adn\u00e9, tu\u017c obok par\u00adku naro\u00addo\u00adwe\u00adgo, nie\u00adda\u00adle\u00adko przej\u00ad\u015bcia gra\u00adnicz\u00adne\u00adgo w Schwedt iz cogo\u00addzin\u00adnym po\u0142\u0105\u00adcze\u00adniem auto\u00adbu\u00adso\u00adwym do sta\u00adcji kole\u00adjo\u00adwych Schwedt i Anger\u00adm\u00fcn\u00adde (RE3).<\/p>\n<\/div><\/div><\/div><div class=\"fusion-layout-column fusion_builder_column fusion-builder-column-3 fusion_builder_column_1_2 1_2 fusion-flex-column\" style=\"--awb-bg-size:cover;--awb-width-large:50%;--awb-margin-top-large:0px;--awb-spacing-right-large:3.84%;--awb-margin-bottom-large:20px;--awb-spacing-left-large:3.84%;--awb-width-medium:50%;--awb-order-medium:0;--awb-spacing-right-medium:3.84%;--awb-spacing-left-medium:3.84%;--awb-width-small:100%;--awb-order-small:0;--awb-spacing-right-small:1.92%;--awb-spacing-left-small:1.92%;\"><div class=\"fusion-column-wrapper fusion-column-has-shadow fusion-flex-justify-content-flex-start fusion-content-layout-column\"><div class=\"fusion-title title fusion-title-2 sep-underline sep-dotted fusion-title-text fusion-title-size-two\" style=\"--awb-font-size:30px;\"><h2 class=\"fusion-title-heading title-heading-left\" style=\"margin:0;font-size:1em;line-height:20px;\">Szko\u0142a Wilderness w Teerofenbr\u00fccke<\/h2><\/div><div class=\"fusion-image-carousel fusion-image-carousel-auto fusion-image-carousel-2 lightbox-enabled fusion-carousel-border\"><div class=\"awb-carousel awb-swiper awb-swiper-carousel\" data-autoplay=\"no\" data-columns=\"1\" data-itemmargin=\"13\" data-itemwidth=\"180\" data-touchscroll=\"no\" data-imagesize=\"auto\" style=\"--awb-columns:1;\"><div class=\"swiper-wrapper awb-image-carousel-wrapper fusion-flex-align-items-center\"><div class=\"swiper-slide\"><div class=\"fusion-carousel-item-wrapper\"><div class=\"fusion-image-wrapper hover-type-none\"><a data-rel=\"iLightbox[image_carousel_2]\" data-caption=\"Bungalowy szko\u0142y Wilderness Teerofenbr\u00fccke\" data-title=\"Bungalowy szko\u0142y Wilderness Teerofenbr\u00fccke\" aria-label=\"Bungalowy szko\u0142y Wilderness Teerofenbr\u00fccke\" href=\"https:\/\/www.nationalpark-unteres-odertal.de\/wp-content\/uploads\/bungalow-verwaltung.jpg\" target=\"_self\"><img decoding=\"async\" width=\"1000\" height=\"667\" src=\"https:\/\/www.nationalpark-unteres-odertal.de\/wp-content\/uploads\/bungalow-verwaltung.jpg\" class=\"attachment-full size-full lazyload\" alt=\"Bungalowy szko\u0142y Wilderness Teerofenbr\u00fccke\" srcset=\"data:image\/svg+xml,%3Csvg%20xmlns%3D%27http%3A%2F%2Fwww.w3.org%2F2000%2Fsvg%27%20width%3D%271000%27%20height%3D%27667%27%20viewBox%3D%270%200%201000%20667%27%3E%3Crect%20width%3D%271000%27%20height%3D%27667%27%20fill-opacity%3D%220%22%2F%3E%3C%2Fsvg%3E\" data-orig-src=\"https:\/\/www.nationalpark-unteres-odertal.de\/wp-content\/uploads\/bungalow-verwaltung.jpg\" data-srcset=\"https:\/\/www.nationalpark-unteres-odertal.de\/wp-content\/uploads\/bungalow-verwaltung-200x133.jpg 200w, https:\/\/www.nationalpark-unteres-odertal.de\/wp-content\/uploads\/bungalow-verwaltung-400x267.jpg 400w, https:\/\/www.nationalpark-unteres-odertal.de\/wp-content\/uploads\/bungalow-verwaltung-500x334.jpg 500w, https:\/\/www.nationalpark-unteres-odertal.de\/wp-content\/uploads\/bungalow-verwaltung-600x400.jpg 600w, https:\/\/www.nationalpark-unteres-odertal.de\/wp-content\/uploads\/bungalow-verwaltung-800x534.jpg 800w, https:\/\/www.nationalpark-unteres-odertal.de\/wp-content\/uploads\/bungalow-verwaltung.jpg 1000w\" data-sizes=\"auto\"><\/a><\/div><\/div><\/div><div class=\"swiper-slide\"><div class=\"fusion-carousel-item-wrapper\"><div class=\"fusion-image-wrapper hover-type-none\"><a data-rel=\"iLightbox[image_carousel_2]\" data-caption=\"Wej\u015bcie do Laboratorium Parku Narodowego\" data-title=\"Wej\u015bcie do Laboratorium Parku Narodowego\" aria-label=\"Wej\u015bcie do Laboratorium Parku Narodowego\" href=\"https:\/\/www.nationalpark-unteres-odertal.de\/wp-content\/uploads\/wildnisschule-teerofenbruecke-labor-seminar.jpg\" target=\"_self\"><img decoding=\"async\" width=\"1000\" height=\"667\" src=\"https:\/\/www.nationalpark-unteres-odertal.de\/wp-content\/uploads\/wildnisschule-teerofenbruecke-labor-seminar.jpg\" class=\"attachment-full size-full lazyload\" alt=\"Wej\u015bcie do Laboratorium Parku Narodowego\" srcset=\"data:image\/svg+xml,%3Csvg%20xmlns%3D%27http%3A%2F%2Fwww.w3.org%2F2000%2Fsvg%27%20width%3D%271000%27%20height%3D%27667%27%20viewBox%3D%270%200%201000%20667%27%3E%3Crect%20width%3D%271000%27%20height%3D%27667%27%20fill-opacity%3D%220%22%2F%3E%3C%2Fsvg%3E\" data-orig-src=\"https:\/\/www.nationalpark-unteres-odertal.de\/wp-content\/uploads\/wildnisschule-teerofenbruecke-labor-seminar.jpg\" data-srcset=\"https:\/\/www.nationalpark-unteres-odertal.de\/wp-content\/uploads\/wildnisschule-teerofenbruecke-labor-seminar-200x133.jpg 200w, https:\/\/www.nationalpark-unteres-odertal.de\/wp-content\/uploads\/wildnisschule-teerofenbruecke-labor-seminar-400x267.jpg 400w, https:\/\/www.nationalpark-unteres-odertal.de\/wp-content\/uploads\/wildnisschule-teerofenbruecke-labor-seminar-500x334.jpg 500w, https:\/\/www.nationalpark-unteres-odertal.de\/wp-content\/uploads\/wildnisschule-teerofenbruecke-labor-seminar-600x400.jpg 600w, https:\/\/www.nationalpark-unteres-odertal.de\/wp-content\/uploads\/wildnisschule-teerofenbruecke-labor-seminar-800x534.jpg 800w, https:\/\/www.nationalpark-unteres-odertal.de\/wp-content\/uploads\/wildnisschule-teerofenbruecke-labor-seminar.jpg 1000w\" data-sizes=\"auto\"><\/a><\/div><\/div><\/div><div class=\"swiper-slide\"><div class=\"fusion-carousel-item-wrapper\"><div class=\"fusion-image-wrapper hover-type-none\"><a data-rel=\"iLightbox[image_carousel_2]\" data-caption=\"Laboratorium parku narodowego w szkole dzikiej przyrody\" data-title=\"Laboratorium parku narodowego w szkole dzikiej przyrody\" aria-label=\"Laboratorium parku narodowego w szkole dzikiej przyrody\" href=\"https:\/\/www.nationalpark-unteres-odertal.de\/wp-content\/uploads\/wildnisschule-teerofenbruecke-labor-2.jpg\" target=\"_self\"><img decoding=\"async\" width=\"1000\" height=\"667\" src=\"https:\/\/www.nationalpark-unteres-odertal.de\/wp-content\/uploads\/wildnisschule-teerofenbruecke-labor-2.jpg\" class=\"attachment-full size-full lazyload\" alt=\"Laboratorium parku narodowego w szkole dzikiej przyrody\" srcset=\"data:image\/svg+xml,%3Csvg%20xmlns%3D%27http%3A%2F%2Fwww.w3.org%2F2000%2Fsvg%27%20width%3D%271000%27%20height%3D%27667%27%20viewBox%3D%270%200%201000%20667%27%3E%3Crect%20width%3D%271000%27%20height%3D%27667%27%20fill-opacity%3D%220%22%2F%3E%3C%2Fsvg%3E\" data-orig-src=\"https:\/\/www.nationalpark-unteres-odertal.de\/wp-content\/uploads\/wildnisschule-teerofenbruecke-labor-2.jpg\" data-srcset=\"https:\/\/www.nationalpark-unteres-odertal.de\/wp-content\/uploads\/wildnisschule-teerofenbruecke-labor-2-200x133.jpg 200w, https:\/\/www.nationalpark-unteres-odertal.de\/wp-content\/uploads\/wildnisschule-teerofenbruecke-labor-2-400x267.jpg 400w, https:\/\/www.nationalpark-unteres-odertal.de\/wp-content\/uploads\/wildnisschule-teerofenbruecke-labor-2-500x334.jpg 500w, https:\/\/www.nationalpark-unteres-odertal.de\/wp-content\/uploads\/wildnisschule-teerofenbruecke-labor-2-600x400.jpg 600w, https:\/\/www.nationalpark-unteres-odertal.de\/wp-content\/uploads\/wildnisschule-teerofenbruecke-labor-2-800x534.jpg 800w, https:\/\/www.nationalpark-unteres-odertal.de\/wp-content\/uploads\/wildnisschule-teerofenbruecke-labor-2.jpg 1000w\" data-sizes=\"auto\"><\/a><\/div><\/div><\/div><div class=\"swiper-slide\"><div class=\"fusion-carousel-item-wrapper\"><div class=\"fusion-image-wrapper hover-type-none\"><a data-rel=\"iLightbox[image_carousel_2]\" data-caption=\"poranny nastr\u00f3j\" data-title=\"poranny nastr\u00f3j\" aria-label=\"poranny nastr\u00f3j\" href=\"https:\/\/www.nationalpark-unteres-odertal.de\/wp-content\/uploads\/morgenstimmung.jpg\" target=\"_self\"><img decoding=\"async\" width=\"1000\" height=\"667\" src=\"https:\/\/www.nationalpark-unteres-odertal.de\/wp-content\/uploads\/morgenstimmung.jpg\" class=\"attachment-full size-full lazyload\" alt=\"poranny nastr\u00f3j\" srcset=\"data:image\/svg+xml,%3Csvg%20xmlns%3D%27http%3A%2F%2Fwww.w3.org%2F2000%2Fsvg%27%20width%3D%271000%27%20height%3D%27667%27%20viewBox%3D%270%200%201000%20667%27%3E%3Crect%20width%3D%271000%27%20height%3D%27667%27%20fill-opacity%3D%220%22%2F%3E%3C%2Fsvg%3E\" data-orig-src=\"https:\/\/www.nationalpark-unteres-odertal.de\/wp-content\/uploads\/morgenstimmung.jpg\" data-srcset=\"https:\/\/www.nationalpark-unteres-odertal.de\/wp-content\/uploads\/morgenstimmung-200x133.jpg 200w, https:\/\/www.nationalpark-unteres-odertal.de\/wp-content\/uploads\/morgenstimmung-400x267.jpg 400w, https:\/\/www.nationalpark-unteres-odertal.de\/wp-content\/uploads\/morgenstimmung-500x334.jpg 500w, https:\/\/www.nationalpark-unteres-odertal.de\/wp-content\/uploads\/morgenstimmung-600x400.jpg 600w, https:\/\/www.nationalpark-unteres-odertal.de\/wp-content\/uploads\/morgenstimmung-800x534.jpg 800w, https:\/\/www.nationalpark-unteres-odertal.de\/wp-content\/uploads\/morgenstimmung.jpg 1000w\" data-sizes=\"auto\"><\/a><\/div><\/div><\/div><div class=\"swiper-slide\"><div class=\"fusion-carousel-item-wrapper\"><div class=\"fusion-image-wrapper hover-type-none\"><a data-rel=\"iLightbox[image_carousel_2]\" data-caption=\"Siedziba Teerofenbr\u00fccke Wilderness School\" data-title=\"Siedziba Teerofenbr\u00fccke Wilderness School\" aria-label=\"Siedziba Teerofenbr\u00fccke Wilderness School\" href=\"https:\/\/www.nationalpark-unteres-odertal.de\/wp-content\/uploads\/wildnisschule-teerofenbruecke-gelaende.jpg\" target=\"_self\"><img decoding=\"async\" width=\"1000\" height=\"667\" src=\"https:\/\/www.nationalpark-unteres-odertal.de\/wp-content\/uploads\/wildnisschule-teerofenbruecke-gelaende.jpg\" class=\"attachment-full size-full lazyload\" alt=\"Siedziba Teerofenbr\u00fccke Wilderness School\" srcset=\"data:image\/svg+xml,%3Csvg%20xmlns%3D%27http%3A%2F%2Fwww.w3.org%2F2000%2Fsvg%27%20width%3D%271000%27%20height%3D%27667%27%20viewBox%3D%270%200%201000%20667%27%3E%3Crect%20width%3D%271000%27%20height%3D%27667%27%20fill-opacity%3D%220%22%2F%3E%3C%2Fsvg%3E\" data-orig-src=\"https:\/\/www.nationalpark-unteres-odertal.de\/wp-content\/uploads\/wildnisschule-teerofenbruecke-gelaende.jpg\" data-srcset=\"https:\/\/www.nationalpark-unteres-odertal.de\/wp-content\/uploads\/wildnisschule-teerofenbruecke-gelaende-200x133.jpg 200w, https:\/\/www.nationalpark-unteres-odertal.de\/wp-content\/uploads\/wildnisschule-teerofenbruecke-gelaende-400x267.jpg 400w, https:\/\/www.nationalpark-unteres-odertal.de\/wp-content\/uploads\/wildnisschule-teerofenbruecke-gelaende-500x334.jpg 500w, https:\/\/www.nationalpark-unteres-odertal.de\/wp-content\/uploads\/wildnisschule-teerofenbruecke-gelaende-600x400.jpg 600w, https:\/\/www.nationalpark-unteres-odertal.de\/wp-content\/uploads\/wildnisschule-teerofenbruecke-gelaende-800x534.jpg 800w, https:\/\/www.nationalpark-unteres-odertal.de\/wp-content\/uploads\/wildnisschule-teerofenbruecke-gelaende.jpg 1000w\" data-sizes=\"auto\"><\/a><\/div><\/div><\/div><div class=\"swiper-slide\"><div class=\"fusion-carousel-item-wrapper\"><div class=\"fusion-image-wrapper hover-type-none\"><a data-rel=\"iLightbox[image_carousel_2]\" data-caption=\"Hotel dla owad\u00f3w?\" data-title=\"Hotel dla owad\u00f3w?\" aria-label=\"Hotel dla owad\u00f3w?\" href=\"https:\/\/www.nationalpark-unteres-odertal.de\/wp-content\/uploads\/insektenhotel-1.jpg\" target=\"_self\"><img decoding=\"async\" width=\"1000\" height=\"667\" src=\"https:\/\/www.nationalpark-unteres-odertal.de\/wp-content\/uploads\/insektenhotel-1.jpg\" class=\"attachment-full size-full lazyload\" alt=\"Hotel dla owad\u00f3w?\" srcset=\"data:image\/svg+xml,%3Csvg%20xmlns%3D%27http%3A%2F%2Fwww.w3.org%2F2000%2Fsvg%27%20width%3D%271000%27%20height%3D%27667%27%20viewBox%3D%270%200%201000%20667%27%3E%3Crect%20width%3D%271000%27%20height%3D%27667%27%20fill-opacity%3D%220%22%2F%3E%3C%2Fsvg%3E\" data-orig-src=\"https:\/\/www.nationalpark-unteres-odertal.de\/wp-content\/uploads\/insektenhotel-1.jpg\" data-srcset=\"https:\/\/www.nationalpark-unteres-odertal.de\/wp-content\/uploads\/insektenhotel-1-200x133.jpg 200w, https:\/\/www.nationalpark-unteres-odertal.de\/wp-content\/uploads\/insektenhotel-1-400x267.jpg 400w, https:\/\/www.nationalpark-unteres-odertal.de\/wp-content\/uploads\/insektenhotel-1-500x334.jpg 500w, https:\/\/www.nationalpark-unteres-odertal.de\/wp-content\/uploads\/insektenhotel-1-600x400.jpg 600w, https:\/\/www.nationalpark-unteres-odertal.de\/wp-content\/uploads\/insektenhotel-1-800x534.jpg 800w, https:\/\/www.nationalpark-unteres-odertal.de\/wp-content\/uploads\/insektenhotel-1.jpg 1000w\" data-sizes=\"auto\"><\/a><\/div><\/div><\/div><\/div><div class=\"awb-swiper-button awb-swiper-button-prev\"><i class=\"awb-icon-angle-left\" aria-hidden=\"true\"><\/i><\/div><div class=\"awb-swiper-button awb-swiper-button-next\"><i class=\"awb-icon-angle-right\" aria-hidden=\"true\"><\/i><\/div><\/div><\/div><div class=\"fusion-text fusion-text-3\"><p>Labo\u00adra\u00adto\u00adrium Par\u00adku Naro\u00addo\u00adwe\u00adgo i Wil\u00adder\u00adness Scho\u00adol Teero\u00adfen\u00adbr\u00fcc\u00adke ofe\u00adru\u00adj\u0105, zw\u0142asz\u00adcza dzie\u00adciom w wie\u00adku szkol\u00adnym, od szko\u00ad\u0142y pod\u00adsta\u00adwo\u00adwej po zaawan\u00adso\u00adwa\u00adne kur\u00adsy na wy\u017c\u00adszych pozio\u00admach, zr\u00f3w\u00adno\u00adwa\u00ad\u017co\u00adne do\u015bwiad\u00adcze\u00adnia przy\u00adrod\u00adni\u00adcze i wyso\u00adkiej jako\u00ad\u015bci edu\u00adka\u00adcj\u0119 eko\u00adlo\u00adgicz\u00adn\u0105. Orga\u00adni\u00adzo\u00adwa\u00adne s\u0105 r\u00f3w\u00adnie\u017c obo\u00adzy waka\u00adcyj\u00adne dla dzie\u00adci, a w week\u00aden\u00addy rodzi\u00adny i mi\u0142o\u00ad\u015bni\u00adcy ochro\u00adny przy\u00adro\u00addy maj\u0105 mo\u017c\u00adli\u00adwo\u015b\u0107 wyna\u00adj\u0119\u00adcia rusty\u00adkal\u00adnych dom\u00adk\u00f3w z bali, po\u0142o\u00ad\u017co\u00adnych w samym ser\u00adcu par\u00adku naro\u00addo\u00adwe\u00adgo, w oto\u00adcze\u00adniu dzi\u00adkich tere\u00adn\u00f3w. Nacisk k\u0142a\u00addzio\u00adny jest na cie\u00adsze\u00adnie si\u0119 natu\u00adr\u0105 i odpo\u00adwied\u00adni\u0105 wie\u00addz\u0105 i do\u015bwiad\u00adcze\u00adniem. Aktu\u00adal\u00adne pro\u00adgra\u00admy mo\u017c\u00adna zna\u00adle\u017a\u0107 na stro\u00adnie g\u0142\u00f3wnej.<\/p>\n<\/div><\/div><\/div><\/div><\/div><div class=\"fusion-fullwidth fullwidth-box fusion-builder-row-4 fusion-flex-container nonhundred-percent-fullwidth non-hundred-percent-height-scrolling\" style=\"--awb-border-radius-top-left:0px;--awb-border-radius-top-right:0px;--awb-border-radius-bottom-right:0px;--awb-border-radius-bottom-left:0px;--awb-flex-wrap:wrap;\"><div class=\"fusion-builder-row fusion-row fusion-flex-align-items-flex-start fusion-flex-content-wrap\" style=\"max-width:1248px;margin-left: calc(-4% \/ 2 );margin-right: calc(-4% \/ 2 );\"><div class=\"fusion-layout-column fusion_builder_column fusion-builder-column-4 fusion_builder_column_1_2 1_2 fusion-flex-column\" style=\"--awb-bg-size:cover;--awb-width-large:50%;--awb-margin-top-large:0px;--awb-spacing-right-large:3.84%;--awb-margin-bottom-large:20px;--awb-spacing-left-large:3.84%;--awb-width-medium:50%;--awb-order-medium:0;--awb-spacing-right-medium:3.84%;--awb-spacing-left-medium:3.84%;--awb-width-small:100%;--awb-order-small:0;--awb-spacing-right-small:1.92%;--awb-spacing-left-small:1.92%;\"><div class=\"fusion-column-wrapper fusion-column-has-shadow fusion-flex-justify-content-flex-start fusion-content-layout-column\"><style type=\"text\/css\">.reading-box-container-1 .element-bottomshadow:before,.reading-box-container-1 .element-bottomshadow:after{opacity:0.7;}<\/style><div class=\"fusion-reading-box-container reading-box-container-1\" style=\"--awb-title-color:#212934;--awb-margin-top:0px;--awb-margin-bottom:20px;\"><div class=\"reading-box\" style=\"background-color:#f9f9fb;border-width:1px;border-color:rgba(226,226,226,0);border-left-width:3px;border-left-color:var(--primary_color);border-style:solid;\"><a class=\"button fusion-button button-default fusion-button-default-size button-default-size button-flat fusion-desktop-button fusion-tagline-button continue fusion-desktop-button-margin continue-right\" style=\"-webkit-box-shadow:none;-moz-box-shadow:none;box-shadow:none;border-radius:4px 4px 4px 4px\" href=\"https:\/\/www.brandenburgische-akademie.de\/\" target=\"_blank\" rel=\"noopener noreferrer\"><span>Odwied\u017a stro\u00adn\u0119<\/span><\/a><h2>Kontakt<\/h2><div class=\"reading-box-additional fusion-reading-box-additional\">\n<p><strong>Mi\u0119\u00addzy\u00adna\u00adro\u00addo\u00adwy&nbsp;Park<br>\nDol\u00adna Ode\u00adrtal&nbsp;GmbH<\/strong><br>\nPark&nbsp;3<br>\nD\u201116303 Schwedt<\/p>\n<p>Tel.: +49 3332 838840<br>\nFaks: +49 3332 838848<\/p>\n<p><a href=\"mailto:info@brandenburgische-akademie.de\">info@brandenburgische-akademie.de<\/a><\/p>\n<\/div><div class=\"fusion-clearfix\"><\/div><a class=\"button fusion-button button-default fusion-button-default-size button-default-size button-flat fusion-mobile-button continue-right\" style=\"-webkit-box-shadow:none;-moz-box-shadow:none;box-shadow:none;border-radius:4px 4px 4px 4px\" href=\"https:\/\/www.brandenburgische-akademie.de\/\" target=\"_blank\" rel=\"noopener noreferrer\"><span>Odwied\u017a stro\u00adn\u0119<\/span><\/a><\/div><\/div><\/div><\/div><div class=\"fusion-layout-column fusion_builder_column fusion-builder-column-5 fusion_builder_column_1_2 1_2 fusion-flex-column\" style=\"--awb-bg-size:cover;--awb-width-large:50%;--awb-margin-top-large:0px;--awb-spacing-right-large:3.84%;--awb-margin-bottom-large:20px;--awb-spacing-left-large:3.84%;--awb-width-medium:50%;--awb-order-medium:0;--awb-spacing-right-medium:3.84%;--awb-spacing-left-medium:3.84%;--awb-width-small:100%;--awb-order-small:0;--awb-spacing-right-small:1.92%;--awb-spacing-left-small:1.92%;\"><div class=\"fusion-column-wrapper fusion-column-has-shadow fusion-flex-justify-content-flex-start fusion-content-layout-column\"><style type=\"text\/css\">.reading-box-container-2 .element-bottomshadow:before,.reading-box-container-2 .element-bottomshadow:after{opacity:0.7;}<\/style><div class=\"fusion-reading-box-container reading-box-container-2\" style=\"--awb-title-color:#212934;--awb-margin-top:0px;--awb-margin-bottom:20px;\"><div class=\"reading-box\" style=\"background-color:#f9f9fb;border-width:1px;border-color:rgba(226,226,226,0);border-right-width:3px;border-right-color:var(--primary_color);border-style:solid;\"><a class=\"button fusion-button button-default fusion-button-default-size button-default-size button-flat fusion-desktop-button fusion-tagline-button continue fusion-desktop-button-margin continue-right\" style=\"-webkit-box-shadow:none;-moz-box-shadow:none;box-shadow:none;border-radius:4px 4px 4px 4px\" href=\"https:\/\/www.wildnisschule-teerofenbruecke.de\/\" target=\"_blank\" rel=\"noopener noreferrer\"><span>Odwied\u017a stro\u00adn\u0119<\/span><\/a><h2>Kontakt<\/h2><div class=\"reading-box-additional fusion-reading-box-additional\">\n<p><strong>Szko\u00ad\u0142a Wil\u00adder\u00adness w Teerofenbr\u00fccke<br>\n<\/strong><br>\nTeero\u00adfen\u00adbr\u00fcc\u00adke&nbsp;2<br>\nD\u201116303 Schwedt<\/p>\n<p>Tel.: +49 3332 517166<br>\nFaks: +49 3332 839814<\/p>\n<p><a href=\"mailto:info@wildnisschule-teerofenbruecke.de\">info@wildnisschule-teerofenbruecke.de<\/a><\/p>\n<\/div><div class=\"fusion-clearfix\"><\/div><a class=\"button fusion-button button-default fusion-button-default-size button-default-size button-flat fusion-mobile-button continue-right\" style=\"-webkit-box-shadow:none;-moz-box-shadow:none;box-shadow:none;border-radius:4px 4px 4px 4px\" href=\"https:\/\/www.wildnisschule-teerofenbruecke.de\/\" target=\"_blank\" rel=\"noopener noreferrer\"><span>Odwied\u017a stro\u00adn\u0119<\/span><\/a><\/div><\/div><\/div><\/div><div class=\"fusion-layout-column fusion_builder_column fusion-builder-column-6 fusion_builder_column_1_1 1_1 fusion-flex-column\" style=\"--awb-bg-size:cover;--awb-width-large:100%;--awb-margin-top-large:0px;--awb-spacing-right-large:1.92%;--awb-margin-bottom-large:20px;--awb-spacing-left-large:1.92%;--awb-width-medium:100%;--awb-order-medium:0;--awb-spacing-right-medium:1.92%;--awb-spacing-left-medium:1.92%;--awb-width-small:100%;--awb-order-small:0;--awb-spacing-right-small:1.92%;--awb-spacing-left-small:1.92%;\"><div class=\"fusion-column-wrapper fusion-column-has-shadow fusion-flex-justify-content-flex-start fusion-content-layout-column\"><div class=\"fusion-text fusion-text-4\" style=\"--awb-text-transform:none;\"><p>Szko\u00ad\u0142a Wil\u00adder\u00adness i Bran\u00adden\u00adburg Aca\u00adde\u00admy s\u0105 r\u00f3w\u00adnie\u017c zale\u017c\u00adne od pra\u00adcy wolon\u00adta\u00adriu\u00adszy i wspar\u00adcia finan\u00adso\u00adwe\u00adgo. Ka\u017c\u00addy, kto chcia\u0142\u00adby pom\u00f3c fir\u00admie, jest mile widziany.<\/p>\n<\/div><\/div><\/div><\/div><\/div><div class=\"fusion-fullwidth fullwidth-box fusion-builder-row-5 fusion-flex-container nonhundred-percent-fullwidth non-hundred-percent-height-scrolling\" style=\"--awb-border-radius-top-left:0px;--awb-border-radius-top-right:0px;--awb-border-radius-bottom-right:0px;--awb-border-radius-bottom-left:0px;--awb-flex-wrap:wrap;\"><div class=\"fusion-builder-row fusion-row fusion-flex-align-items-flex-start fusion-flex-content-wrap\" style=\"max-width:1248px;margin-left: calc(-4% \/ 2 );margin-right: calc(-4% \/ 2 );\"><div class=\"fusion-layout-column fusion_builder_column fusion-builder-column-7 fusion_builder_column_1_1 1_1 fusion-flex-column\" style=\"--awb-bg-size:cover;--awb-width-large:100%;--awb-margin-top-large:0px;--awb-spacing-right-large:1.92%;--awb-margin-bottom-large:20px;--awb-spacing-left-large:1.92%;--awb-width-medium:100%;--awb-order-medium:0;--awb-spacing-right-medium:1.92%;--awb-spacing-left-medium:1.92%;--awb-width-small:100%;--awb-order-small:0;--awb-spacing-right-small:1.92%;--awb-spacing-left-small:1.92%;\"><div class=\"fusion-column-wrapper fusion-column-has-shadow fusion-flex-justify-content-flex-start fusion-content-layout-column\"><div class=\"fusion-title title fusion-title-3 sep-underline sep-dotted fusion-title-text fusion-title-size-two\" style=\"--awb-font-size:30px;\"><h2 class=\"fusion-title-heading title-heading-left\" style=\"margin:0;font-size:1em;line-height:20px;\">Pracownik<\/h2><\/div><\/div><\/div><div class=\"fusion-layout-column fusion_builder_column fusion-builder-column-8 fusion_builder_column_1_3 1_3 fusion-flex-column\" style=\"--awb-bg-size:cover;--awb-width-large:33.333333333333%;--awb-margin-top-large:0px;--awb-spacing-right-large:5.76%;--awb-margin-bottom-large:20px;--awb-spacing-left-large:5.76%;--awb-width-medium:33.333333333333%;--awb-order-medium:0;--awb-spacing-right-medium:5.76%;--awb-spacing-left-medium:5.76%;--awb-width-small:100%;--awb-order-small:0;--awb-spacing-right-small:1.92%;--awb-spacing-left-small:1.92%;\"><div class=\"fusion-column-wrapper fusion-column-has-shadow fusion-flex-justify-content-flex-start fusion-content-layout-column\"><div class=\"fusion-image-element \" style=\"--awb-caption-title-font-family:var(--h2_typography-font-family);--awb-caption-title-font-weight:var(--h2_typography-font-weight);--awb-caption-title-font-style:var(--h2_typography-font-style);--awb-caption-title-size:var(--h2_typography-font-size);--awb-caption-title-transform:var(--h2_typography-text-transform);--awb-caption-title-line-height:var(--h2_typography-line-height);--awb-caption-title-letter-spacing:var(--h2_typography-letter-spacing);\"><span class=\" fusion-imageframe imageframe-none imageframe-1 hover-type-none\"><img decoding=\"async\" width=\"350\" height=\"230\" alt=\"Dr. Ansgar V\u00f6ssing\" title=\"Dr. Ansgar V\u00f6ssing\" src=\"https:\/\/www.nationalpark-unteres-odertal.de\/wp-content\/uploads\/ansgar-voessing.jpg\" data-orig-src=\"https:\/\/www.nationalpark-unteres-odertal.de\/wp-content\/uploads\/ansgar-voessing.jpg\" class=\"lazyload img-responsive wp-image-6872\" srcset=\"data:image\/svg+xml,%3Csvg%20xmlns%3D%27http%3A%2F%2Fwww.w3.org%2F2000%2Fsvg%27%20width%3D%27350%27%20height%3D%27230%27%20viewBox%3D%270%200%20350%20230%27%3E%3Crect%20width%3D%27350%27%20height%3D%27230%27%20fill-opacity%3D%220%22%2F%3E%3C%2Fsvg%3E\" data-srcset=\"https:\/\/www.nationalpark-unteres-odertal.de\/wp-content\/uploads\/ansgar-voessing-200x131.jpg 200w, https:\/\/www.nationalpark-unteres-odertal.de\/wp-content\/uploads\/ansgar-voessing.jpg 350w\" data-sizes=\"auto\" data-orig-sizes=\"(max-width: 640px) 100vw, 350px\"><\/span><\/div><div class=\"fusion-separator fusion-full-width-sep\" style=\"align-self: center;margin-left: auto;margin-right: auto;margin-top:30px;width:100%;\"><\/div><div class=\"fusion-title title fusion-title-4 sep-underline sep-dotted fusion-title-text fusion-title-size-three\"><h3 class=\"fusion-title-heading title-heading-left\" style=\"margin:0;\">Dr. Ansgar V\u00f6ssing<\/h3><\/div><div class=\"fusion-title title fusion-title-5 fusion-sep-none fusion-title-text fusion-title-size-four\"><h4 class=\"fusion-title-heading title-heading-left\" style=\"margin:0;\">Dyrektor Zarz\u0105dzaj\u0105cy<\/h4><\/div><div class=\"fusion-text fusion-text-5\"><p>Uro\u00addzo\u00adny w Ber\u00adli\u00adnie w 1957 roku, stu\u00addio\u00adwa\u0142 bio\u00adlo\u00adgi\u0119, teo\u00adlo\u00adgi\u0119 i filo\u00adzo\u00adfi\u0119 w Ber\u00adli\u00adnie i M\u00fcn\u00adster, dok\u00adto\u00adry\u00adzo\u00adwa\u0142 si\u0119 na temat spo\u00ad\u0142ecz\u00adne\u00adgo ucze\u00adnia si\u0119 naczel\u00adnych w zoo. Pra\u00adco\u00adwa\u0142 jako wyk\u0142a\u00addow\u00adca na Wol\u00adnym Uni\u00adwer\u00adsy\u00adte\u00adcie Ber\u00adli\u0144\u00adskim, jako nauczy\u00adciel i dzien\u00adni\u00adkarz. W 1988 roku zosta\u0142 auto\u00adrem prze\u00adm\u00f3\u00adwie\u0144 dla Pre\u00adzy\u00adden\u00adta Rz\u0105\u00addu Ber\u00adli\u00adna, pra\u00adco\u00adwa\u0142 w latach 1988\u20131991 w nauko\u00adwej s\u0142u\u017c\u00adbie dorad\u00adczej dla grup par\u00adla\u00admen\u00adtar\u00adnych w ber\u00adli\u0144\u00adskiej Izbie Reprezentant\u00f3w.<\/p>\n<\/div><div class=\"accordian fusion-accordian\" style=\"--awb-border-size:1px;--awb-icon-size:16px;--awb-content-font-size:17px;--awb-icon-alignment:left;--awb-hover-color:#f9f9fb;--awb-border-color:#e2e2e2;--awb-background-color:#ffffff;--awb-divider-color:#e2e2e2;--awb-divider-hover-color:#e2e2e2;--awb-icon-color:#ffffff;--awb-title-color:#c00100;--awb-content-color:#2e2f35;--awb-icon-box-color:#212934;--awb-toggle-hover-accent-color:#37731e;--awb-title-font-family:&quot;Andada Pro&quot;;--awb-title-font-weight:400;--awb-title-font-style:normal;--awb-title-line-height:1.36;--awb-content-font-family:&quot;PT Sans&quot;;--awb-content-font-style:normal;--awb-content-font-weight:400;\"><div class=\"panel-group fusion-toggle-icon-boxed\" id=\"accordion-7847-1\"><div class=\"fusion-panel panel-default panel-ece87a3fbd9081711 fusion-toggle-has-divider\"><div class=\"panel-heading\"><h4 class=\"panel-title toggle\" id=\"toggle_ece87a3fbd9081711\"><a aria-expanded=\"false\" aria-controls=\"ece87a3fbd9081711\" role=\"button\" data-toggle=\"collapse\" data-parent=\"#accordion-7847-1\" data-target=\"#ece87a3fbd9081711\" href=\"#ece87a3fbd9081711\"><span class=\"fusion-toggle-icon-wrapper\" aria-hidden=\"true\"><i class=\"fa-fusion-box active-icon awb-icon-minus\" aria-hidden=\"true\"><\/i><i class=\"fa-fusion-box inactive-icon awb-icon-plus\" aria-hidden=\"true\"><\/i><\/span><span class=\"fusion-toggle-heading\">jeszcze\u2026<\/span><\/a><\/h4><\/div><div id=\"ece87a3fbd9081711\" class=\"panel-collapse collapse \" aria-labelledby=\"toggle_ece87a3fbd9081711\"><div class=\"panel-body toggle-content fusion-clearfix\">\n<p>W latach 1991\u20131993 pra\u00adco\u00adwa\u0142 w Mini\u00adster\u00adstwie \u015aro\u00addo\u00adwi\u00adska Bran\u00adden\u00adbur\u00adgii, g\u0142\u00f3w\u00adnie jako kie\u00adrow\u00adnik budo\u00adwy w Zarz\u0105\u00addzie Par\u00adku Naro\u00addo\u00adwe\u00adgo Doli\u00adny Dol\u00adnej Odry. W 1993 roku powr\u00f3\u00adci\u0142 do Kan\u00adce\u00adla\u00adrii Sena\u00adtu Ber\u00adli\u00adna jako szef depar\u00adta\u00admen\u00adtu pla\u00adno\u00adwa\u00adnia poli\u00adtycz\u00adne\u00adgo i spraw poli\u00adtycz\u00adnych. Jest hono\u00adro\u00adwym wice\u00adprze\u00adwod\u00adni\u00adcz\u0105\u00adcym Towa\u00adrzy\u00adstwa Przy\u00adja\u00adci\u00f3\u0142 Pol\u00adsko-Nie\u00admiec\u00adkie\u00adgo Euro\u00adpej\u00adskie\u00adgo Par\u00adku Naro\u00addo\u00adwe\u00adgo oraz cz\u0142on\u00adkiem zarz\u0105\u00addu Fun\u00adda\u00adcji Park Naro\u00addo\u00adwy Doli\u00adny Dol\u00adnej&nbsp;Odry.<\/p>\n<\/div><\/div><\/div><\/div><\/div><\/div><\/div><div class=\"fusion-layout-column fusion_builder_column fusion-builder-column-9 fusion_builder_column_1_3 1_3 fusion-flex-column\" style=\"--awb-bg-size:cover;--awb-width-large:33.333333333333%;--awb-margin-top-large:0px;--awb-spacing-right-large:5.76%;--awb-margin-bottom-large:20px;--awb-spacing-left-large:5.76%;--awb-width-medium:33.333333333333%;--awb-order-medium:0;--awb-spacing-right-medium:5.76%;--awb-spacing-left-medium:5.76%;--awb-width-small:100%;--awb-order-small:0;--awb-spacing-right-small:1.92%;--awb-spacing-left-small:1.92%;\"><div class=\"fusion-column-wrapper fusion-column-has-shadow fusion-flex-justify-content-flex-start fusion-content-layout-column\"><div class=\"fusion-image-element \" style=\"--awb-caption-title-font-family:var(--h2_typography-font-family);--awb-caption-title-font-weight:var(--h2_typography-font-weight);--awb-caption-title-font-style:var(--h2_typography-font-style);--awb-caption-title-size:var(--h2_typography-font-size);--awb-caption-title-transform:var(--h2_typography-text-transform);--awb-caption-title-line-height:var(--h2_typography-line-height);--awb-caption-title-letter-spacing:var(--h2_typography-letter-spacing);\"><span class=\" fusion-imageframe imageframe-none imageframe-2 hover-type-none\"><img decoding=\"async\" width=\"350\" height=\"230\" alt=\"Uta B\u00f6hme\" title=\"Uta B\u00f6hme\" src=\"https:\/\/www.nationalpark-unteres-odertal.de\/wp-content\/uploads\/uta-boehme.jpg\" data-orig-src=\"https:\/\/www.nationalpark-unteres-odertal.de\/wp-content\/uploads\/uta-boehme.jpg\" class=\"lazyload img-responsive wp-image-6875\" srcset=\"data:image\/svg+xml,%3Csvg%20xmlns%3D%27http%3A%2F%2Fwww.w3.org%2F2000%2Fsvg%27%20width%3D%27350%27%20height%3D%27230%27%20viewBox%3D%270%200%20350%20230%27%3E%3Crect%20width%3D%27350%27%20height%3D%27230%27%20fill-opacity%3D%220%22%2F%3E%3C%2Fsvg%3E\" data-srcset=\"https:\/\/www.nationalpark-unteres-odertal.de\/wp-content\/uploads\/uta-boehme-200x131.jpg 200w, https:\/\/www.nationalpark-unteres-odertal.de\/wp-content\/uploads\/uta-boehme.jpg 350w\" data-sizes=\"auto\" data-orig-sizes=\"(max-width: 640px) 100vw, 350px\"><\/span><\/div><div class=\"fusion-separator fusion-full-width-sep\" style=\"align-self: center;margin-left: auto;margin-right: auto;margin-top:30px;width:100%;\"><\/div><div class=\"fusion-title title fusion-title-6 sep-underline sep-dotted fusion-title-text fusion-title-size-three\"><h3 class=\"fusion-title-heading title-heading-left\" style=\"margin:0;\">Uta B\u00f6hme<\/h3><\/div><div class=\"fusion-title title fusion-title-7 fusion-sep-none fusion-title-text fusion-title-size-four\"><h4 class=\"fusion-title-heading title-heading-left\" style=\"margin:0;\">Kierownik Studi\u00f3w<\/h4><\/div><div class=\"fusion-text fusion-text-6\" style=\"--awb-text-transform:none;\"><p>Kszta\u0142\u00adce\u00adnie asy\u00adsten\u00adta labo\u00adra\u00adto\u00adrium che\u00admicz\u00adne\u00adgo oraz in\u017cy\u00adnie\u00adra pro\u00adce\u00adsu z tytu\u00ad\u0142em in\u017cy\u00adnie\u00adra. Po kil\u00adku latach pra\u00adcy w bada\u00adniach ole\u00adj\u00f3w mine\u00adral\u00adnych w fir\u00admie che\u00admicz\u00adnej, od 2000 roku odpo\u00adwie\u00addzial\u00adny za przy\u00adgo\u00adto\u00adwa\u00adnie i orga\u00adni\u00adza\u00adcj\u0119 kon\u00adfe\u00adren\u00adcji w Bran\u00adden\u00adburg Aca\u00adde\u00admy. Od 2009 roku dyrek\u00adtor stu\u00addi\u00f3w w akademii.<\/p>\n<p><strong>Tel.:<\/strong> +49 3332 838&nbsp;841<br>\n<strong>Pocz\u00adta:<\/strong> <a href=\"mailto:u.boehme@brandenburgische-akademie.de\">u.boehme@brandenburgische-akademie.de<\/a><\/p>\n<\/div><\/div><\/div><div class=\"fusion-layout-column fusion_builder_column fusion-builder-column-10 fusion_builder_column_1_3 1_3 fusion-flex-column\" style=\"--awb-bg-size:cover;--awb-width-large:33.333333333333%;--awb-margin-top-large:0px;--awb-spacing-right-large:5.76%;--awb-margin-bottom-large:20px;--awb-spacing-left-large:5.76%;--awb-width-medium:33.333333333333%;--awb-order-medium:0;--awb-spacing-right-medium:5.76%;--awb-spacing-left-medium:5.76%;--awb-width-small:100%;--awb-order-small:0;--awb-spacing-right-small:1.92%;--awb-spacing-left-small:1.92%;\"><div class=\"fusion-column-wrapper fusion-column-has-shadow fusion-flex-justify-content-flex-start fusion-content-layout-column\"><div class=\"fusion-image-element \" style=\"--awb-caption-title-font-family:var(--h2_typography-font-family);--awb-caption-title-font-weight:var(--h2_typography-font-weight);--awb-caption-title-font-style:var(--h2_typography-font-style);--awb-caption-title-size:var(--h2_typography-font-size);--awb-caption-title-transform:var(--h2_typography-text-transform);--awb-caption-title-line-height:var(--h2_typography-line-height);--awb-caption-title-letter-spacing:var(--h2_typography-letter-spacing);\"><span class=\" fusion-imageframe imageframe-none imageframe-3 hover-type-none\"><img decoding=\"async\" width=\"350\" height=\"230\" alt=\"Andrea Tamke\" title=\"Andrea Tamke\" src=\"https:\/\/www.nationalpark-unteres-odertal.de\/wp-content\/uploads\/andrea-thamke.jpg\" data-orig-src=\"https:\/\/www.nationalpark-unteres-odertal.de\/wp-content\/uploads\/andrea-thamke.jpg\" class=\"lazyload img-responsive wp-image-6869\" srcset=\"data:image\/svg+xml,%3Csvg%20xmlns%3D%27http%3A%2F%2Fwww.w3.org%2F2000%2Fsvg%27%20width%3D%27350%27%20height%3D%27230%27%20viewBox%3D%270%200%20350%20230%27%3E%3Crect%20width%3D%27350%27%20height%3D%27230%27%20fill-opacity%3D%220%22%2F%3E%3C%2Fsvg%3E\" data-srcset=\"https:\/\/www.nationalpark-unteres-odertal.de\/wp-content\/uploads\/andrea-thamke-200x131.jpg 200w, https:\/\/www.nationalpark-unteres-odertal.de\/wp-content\/uploads\/andrea-thamke.jpg 350w\" data-sizes=\"auto\" data-orig-sizes=\"(max-width: 640px) 100vw, 350px\"><\/span><\/div><div class=\"fusion-separator fusion-full-width-sep\" style=\"align-self: center;margin-left: auto;margin-right: auto;margin-top:30px;width:100%;\"><\/div><div class=\"fusion-title title fusion-title-8 sep-underline sep-dotted fusion-title-text fusion-title-size-three\"><h3 class=\"fusion-title-heading title-heading-left\" style=\"margin:0;\">Andrea Thamke<\/h3><\/div><div class=\"fusion-title title fusion-title-9 fusion-sep-none fusion-title-text fusion-title-size-four\"><h4 class=\"fusion-title-heading title-heading-left\" style=\"margin:0;\">Referent projektu<\/h4><\/div><div class=\"fusion-text fusion-text-7\" style=\"--awb-text-transform:none;\"><p><strong>Tel.:<\/strong> +49 3332 838&nbsp;841<br>\n<strong>Pocz\u00adta:<\/strong> <a href=\"mailto:a.thamke@brandenburgische-akademie.de\">a.thamke@brandenburgische-akademie.de<\/a><\/p>\n<\/div><\/div><\/div><\/div><\/div>\n","protected":false},"excerpt":{"rendered":"","protected":false},"author":1,"featured_media":0,"parent":7800,"menu_order":0,"comment_status":"closed","ping_status":"closed","template":"","meta":{"wp_typography_post_enhancements_disabled":false,"_price":"","_stock":"","_tribe_ticket_header":"","_tribe_default_ticket_provider":"","_tribe_ticket_capacity":"0","_ticket_start_date":"","_ticket_end_date":"","_tribe_ticket_show_description":"","_tribe_ticket_show_not_going":false,"_tribe_ticket_use_global_stock":"","_tribe_ticket_global_stock_level":"","_global_stock_mode":"","_global_stock_cap":"","_tribe_rsvp_for_event":"","_tribe_ticket_going_count":"","_tribe_ticket_not_going_count":"","_tribe_tickets_list":"[]","_tribe_ticket_has_attendee_info_fields":false,"footnotes":""},"class_list":["post-7847","page","type-page","status-publish","hentry"],"yoast_head":"<title>Mi\u0119dzynarodowy Park Dolina Dolnej Odry GmbH - Nationalpark Unteres Odertal<\/title>\n<meta name=\"robots\" content=\"index, follow, max-snippet:-1, max-image-preview:large, max-video-preview:-1\" \/>\n<link rel=\"canonical\" href=\"https:\/\/www.nationalpark-unteres-odertal.de\/pl\/o-nas\/miedzynarodowy-park-unteres-odertal-gmbh\/\" \/>\n<meta property=\"og:locale\" content=\"pl_PL\" \/>\n<meta property=\"og:type\" content=\"article\" \/>\n<meta property=\"og:title\" content=\"Mi\u0119dzynarodowy Park Dolina Dolnej Odry GmbH - Nationalpark Unteres Odertal\" \/>\n<meta property=\"og:url\" content=\"https:\/\/www.nationalpark-unteres-odertal.de\/pl\/o-nas\/miedzynarodowy-park-unteres-odertal-gmbh\/\" \/>\n<meta property=\"og:site_name\" content=\"Nationalpark Unteres Odertal\" \/>\n<meta property=\"article:modified_time\" content=\"2021-11-17T16:21:27+00:00\" \/>\n<meta name=\"twitter:card\" content=\"summary_large_image\" \/>\n<script type=\"application\/ld+json\" class=\"yoast-schema-graph\">{\"@context\":\"https:\/\/schema.org\",\"@graph\":[{\"@type\":\"WebPage\",\"@id\":\"https:\/\/www.nationalpark-unteres-odertal.de\/pl\/o-nas\/miedzynarodowy-park-unteres-odertal-gmbh\/\",\"url\":\"https:\/\/www.nationalpark-unteres-odertal.de\/pl\/o-nas\/miedzynarodowy-park-unteres-odertal-gmbh\/\",\"name\":\"Mi\u0119dzynarodowy Park Dolina Dolnej Odry GmbH - Nationalpark Unteres Odertal\",\"isPartOf\":{\"@id\":\"https:\/\/www.nationalpark-unteres-odertal.de\/pl\/#website\"},\"datePublished\":\"2008-05-03T14:07:32+00:00\",\"dateModified\":\"2021-11-17T16:21:27+00:00\",\"breadcrumb\":{\"@id\":\"https:\/\/www.nationalpark-unteres-odertal.de\/pl\/o-nas\/miedzynarodowy-park-unteres-odertal-gmbh\/#breadcrumb\"},\"inLanguage\":\"pl-PL\",\"potentialAction\":[{\"@type\":\"ReadAction\",\"target\":[\"https:\/\/www.nationalpark-unteres-odertal.de\/pl\/o-nas\/miedzynarodowy-park-unteres-odertal-gmbh\/\"]}]},{\"@type\":\"BreadcrumbList\",\"@id\":\"https:\/\/www.nationalpark-unteres-odertal.de\/pl\/o-nas\/miedzynarodowy-park-unteres-odertal-gmbh\/#breadcrumb\",\"itemListElement\":[{\"@type\":\"ListItem\",\"position\":1,\"name\":\"Strona g\u0142\u00f3wna\",\"item\":\"https:\/\/www.nationalpark-unteres-odertal.de\/pl\/\"},{\"@type\":\"ListItem\",\"position\":2,\"name\":\"O nas\",\"item\":\"https:\/\/www.nationalpark-unteres-odertal.de\/pl\/o-nas\/\"},{\"@type\":\"ListItem\",\"position\":3,\"name\":\"Mi\u0119dzynarodowy Park Dolina Dolnej Odry GmbH\"}]},{\"@type\":\"WebSite\",\"@id\":\"https:\/\/www.nationalpark-unteres-odertal.de\/pl\/#website\",\"url\":\"https:\/\/www.nationalpark-unteres-odertal.de\/pl\/\",\"name\":\"Nationalpark Unteres Odertal\",\"description\":\"Verein der Freunde des Deutsch-Polnischen Europa-Nationalparks Unteres Odertal e.V. &amp; Nationalparkstiftung Unteres Odertal\",\"publisher\":{\"@id\":\"https:\/\/www.nationalpark-unteres-odertal.de\/pl\/#organization\"},\"potentialAction\":[{\"@type\":\"SearchAction\",\"target\":{\"@type\":\"EntryPoint\",\"urlTemplate\":\"https:\/\/www.nationalpark-unteres-odertal.de\/pl\/?s={search_term_string}\"},\"query-input\":{\"@type\":\"PropertyValueSpecification\",\"valueRequired\":true,\"valueName\":\"search_term_string\"}}],\"inLanguage\":\"pl-PL\"},{\"@type\":\"Organization\",\"@id\":\"https:\/\/www.nationalpark-unteres-odertal.de\/pl\/#organization\",\"name\":\"Verein der Freunde des Deutsch-Polnischen Europa-Nationalparks Unteres Odertal e.V. & Nationalparkstiftung Unteres Odertal\",\"url\":\"https:\/\/www.nationalpark-unteres-odertal.de\/pl\/\",\"logo\":{\"@type\":\"ImageObject\",\"inLanguage\":\"pl-PL\",\"@id\":\"https:\/\/www.nationalpark-unteres-odertal.de\/pl\/#\/schema\/logo\/image\/\",\"url\":\"https:\/\/www.nationalpark-unteres-odertal.de\/wp-content\/uploads\/logos-google.png\",\"contentUrl\":\"https:\/\/www.nationalpark-unteres-odertal.de\/wp-content\/uploads\/logos-google.png\",\"width\":800,\"height\":344,\"caption\":\"Verein der Freunde des Deutsch-Polnischen Europa-Nationalparks Unteres Odertal e.V. & Nationalparkstiftung Unteres Odertal\"},\"image\":{\"@id\":\"https:\/\/www.nationalpark-unteres-odertal.de\/pl\/#\/schema\/logo\/image\/\"}}]}<\/script>","yoast_head_json":{"title":"Mi\u0119dzynarodowy Park Dolina Dolnej Odry GmbH - Nationalpark Unteres Odertal","robots":{"index":"index","follow":"follow","max-snippet":"max-snippet:-1","max-image-preview":"max-image-preview:large","max-video-preview":"max-video-preview:-1"},"canonical":"https:\/\/www.nationalpark-unteres-odertal.de\/pl\/o-nas\/miedzynarodowy-park-unteres-odertal-gmbh\/","og_locale":"pl_PL","og_type":"article","og_title":"Mi\u0119dzynarodowy Park Dolina Dolnej Odry GmbH - Nationalpark Unteres Odertal","og_url":"https:\/\/www.nationalpark-unteres-odertal.de\/pl\/o-nas\/miedzynarodowy-park-unteres-odertal-gmbh\/","og_site_name":"Nationalpark Unteres Odertal","article_modified_time":"2021-11-17T16:21:27+00:00","twitter_card":"summary_large_image","schema":{"@context":"https:\/\/schema.org","@graph":[{"@type":"WebPage","@id":"https:\/\/www.nationalpark-unteres-odertal.de\/pl\/o-nas\/miedzynarodowy-park-unteres-odertal-gmbh\/","url":"https:\/\/www.nationalpark-unteres-odertal.de\/pl\/o-nas\/miedzynarodowy-park-unteres-odertal-gmbh\/","name":"Mi\u0119dzynarodowy Park Dolina Dolnej Odry GmbH - Nationalpark Unteres Odertal","isPartOf":{"@id":"https:\/\/www.nationalpark-unteres-odertal.de\/pl\/#website"},"datePublished":"2008-05-03T14:07:32+00:00","dateModified":"2021-11-17T16:21:27+00:00","breadcrumb":{"@id":"https:\/\/www.nationalpark-unteres-odertal.de\/pl\/o-nas\/miedzynarodowy-park-unteres-odertal-gmbh\/#breadcrumb"},"inLanguage":"pl-PL","potentialAction":[{"@type":"ReadAction","target":["https:\/\/www.nationalpark-unteres-odertal.de\/pl\/o-nas\/miedzynarodowy-park-unteres-odertal-gmbh\/"]}]},{"@type":"BreadcrumbList","@id":"https:\/\/www.nationalpark-unteres-odertal.de\/pl\/o-nas\/miedzynarodowy-park-unteres-odertal-gmbh\/#breadcrumb","itemListElement":[{"@type":"ListItem","position":1,"name":"Strona g\u0142\u00f3wna","item":"https:\/\/www.nationalpark-unteres-odertal.de\/pl\/"},{"@type":"ListItem","position":2,"name":"O nas","item":"https:\/\/www.nationalpark-unteres-odertal.de\/pl\/o-nas\/"},{"@type":"ListItem","position":3,"name":"Mi\u0119dzynarodowy Park Dolina Dolnej Odry GmbH"}]},{"@type":"WebSite","@id":"https:\/\/www.nationalpark-unteres-odertal.de\/pl\/#website","url":"https:\/\/www.nationalpark-unteres-odertal.de\/pl\/","name":"Nationalpark Unteres Odertal","description":"Verein der Freunde des Deutsch-Polnischen Europa-Nationalparks Unteres Odertal e.V. &amp; Nationalparkstiftung Unteres Odertal","publisher":{"@id":"https:\/\/www.nationalpark-unteres-odertal.de\/pl\/#organization"},"potentialAction":[{"@type":"SearchAction","target":{"@type":"EntryPoint","urlTemplate":"https:\/\/www.nationalpark-unteres-odertal.de\/pl\/?s={search_term_string}"},"query-input":{"@type":"PropertyValueSpecification","valueRequired":true,"valueName":"search_term_string"}}],"inLanguage":"pl-PL"},{"@type":"Organization","@id":"https:\/\/www.nationalpark-unteres-odertal.de\/pl\/#organization","name":"Verein der Freunde des Deutsch-Polnischen Europa-Nationalparks Unteres Odertal e.V. & Nationalparkstiftung Unteres Odertal","url":"https:\/\/www.nationalpark-unteres-odertal.de\/pl\/","logo":{"@type":"ImageObject","inLanguage":"pl-PL","@id":"https:\/\/www.nationalpark-unteres-odertal.de\/pl\/#\/schema\/logo\/image\/","url":"https:\/\/www.nationalpark-unteres-odertal.de\/wp-content\/uploads\/logos-google.png","contentUrl":"https:\/\/www.nationalpark-unteres-odertal.de\/wp-content\/uploads\/logos-google.png","width":800,"height":344,"caption":"Verein der Freunde des Deutsch-Polnischen Europa-Nationalparks Unteres Odertal e.V. & Nationalparkstiftung Unteres Odertal"},"image":{"@id":"https:\/\/www.nationalpark-unteres-odertal.de\/pl\/#\/schema\/logo\/image\/"}}]}},"_links":{"self":[{"href":"https:\/\/www.nationalpark-unteres-odertal.de\/pl\/wp-json\/wp\/v2\/pages\/7847","targetHints":{"allow":["GET"]}}],"collection":[{"href":"https:\/\/www.nationalpark-unteres-odertal.de\/pl\/wp-json\/wp\/v2\/pages"}],"about":[{"href":"https:\/\/www.nationalpark-unteres-odertal.de\/pl\/wp-json\/wp\/v2\/types\/page"}],"author":[{"embeddable":true,"href":"https:\/\/www.nationalpark-unteres-odertal.de\/pl\/wp-json\/wp\/v2\/users\/1"}],"replies":[{"embeddable":true,"href":"https:\/\/www.nationalpark-unteres-odertal.de\/pl\/wp-json\/wp\/v2\/comments?post=7847"}],"version-history":[{"count":3,"href":"https:\/\/www.nationalpark-unteres-odertal.de\/pl\/wp-json\/wp\/v2\/pages\/7847\/revisions"}],"predecessor-version":[{"id":9949,"href":"https:\/\/www.nationalpark-unteres-odertal.de\/pl\/wp-json\/wp\/v2\/pages\/7847\/revisions\/9949"}],"up":[{"embeddable":true,"href":"https:\/\/www.nationalpark-unteres-odertal.de\/pl\/wp-json\/wp\/v2\/pages\/7800"}],"wp:attachment":[{"href":"https:\/\/www.nationalpark-unteres-odertal.de\/pl\/wp-json\/wp\/v2\/media?parent=7847"}],"curies":[{"name":"wp","href":"https:\/\/api.w.org\/{rel}","templated":true}]}}