{"id":7887,"date":"2008-05-04T17:44:09","date_gmt":"2008-05-04T15:44:09","guid":{"rendered":"https:\/\/2021.nationalpark-unteres-odertal.de\/publikacje\/komunikaty-prasowe\/"},"modified":"2021-11-04T16:15:53","modified_gmt":"2021-11-04T15:15:53","slug":"komunikaty-prasowe","status":"publish","type":"page","link":"https:\/\/www.nationalpark-unteres-odertal.de\/pl\/publikacje\/komunikaty-prasowe\/","title":{"rendered":"Komunikaty prasowe"},"content":{"rendered":"<p><\/p><div class=\"fusion-fullwidth fullwidth-box fusion-builder-row-1 fusion-flex-container ganzoben nonhundred-percent-fullwidth non-hundred-percent-height-scrolling fusion-no-small-visibility\" style=\"--awb-border-radius-top-left:0px;--awb-border-radius-top-right:0px;--awb-border-radius-bottom-right:0px;--awb-border-radius-bottom-left:0px;--awb-padding-top:0px;--awb-margin-top:0px;--awb-margin-bottom:30px;--awb-flex-wrap:wrap;\"><div class=\"fusion-builder-row fusion-row fusion-flex-align-items-flex-start fusion-flex-content-wrap\" style=\"max-width:1248px;margin-left: calc(-4% \/ 2 );margin-right: calc(-4% \/ 2 );\"><div class=\"fusion-layout-column fusion_builder_column fusion-builder-column-0 fusion_builder_column_1_1 1_1 fusion-flex-column fusion-flex-align-self-flex-start\" style=\"--awb-bg-size:cover;--awb-width-large:100%;--awb-margin-top-large:0px;--awb-spacing-right-large:1.92%;--awb-margin-bottom-large:0px;--awb-spacing-left-large:1.92%;--awb-width-medium:100%;--awb-order-medium:0;--awb-spacing-right-medium:1.92%;--awb-spacing-left-medium:1.92%;--awb-width-small:100%;--awb-order-small:0;--awb-spacing-right-small:1.92%;--awb-spacing-left-small:1.92%;\"><div class=\"fusion-column-wrapper fusion-column-has-shadow fusion-flex-justify-content-flex-start fusion-content-layout-column\"><nav class=\"awb-menu awb-menu_row awb-menu_em-hover mobile-mode-collapse-to-button awb-menu_icons-left awb-menu_dc-yes mobile-trigger-fullwidth-off awb-menu_mobile-toggle awb-menu_indent-left mobile-size-full-absolute loading mega-menu-loading awb-menu_desktop awb-menu_dropdown awb-menu_expand-right awb-menu_transition-fade\" style=\"--awb-text-transform:none;--awb-min-height:1em;--awb-bg:#ffffff;--awb-border-radius-top-left:5px;--awb-border-radius-top-right:5px;--awb-border-radius-bottom-right:5px;--awb-border-radius-bottom-left:5px;--awb-gap:15px;--awb-align-items:center;--awb-items-padding-right:10px;--awb-items-padding-left:10px;--awb-border-color:#37731e;--awb-border-top:1px;--awb-border-right:1px;--awb-border-bottom:1px;--awb-border-left:1px;--awb-active-color:#000000;--awb-active-bg:#ffffff;--awb-active-border-top:1px;--awb-active-border-right:1px;--awb-active-border-bottom:1px;--awb-active-border-left:1px;--awb-active-border-color:#c00100;--awb-submenu-bg:#f7f7f7;--awb-submenu-border-radius-top-left:5px;--awb-submenu-border-radius-top-right:5px;--awb-submenu-border-radius-bottom-right:5px;--awb-submenu-border-radius-bottom-left:5px;--awb-submenu-active-bg:#e8e8e8;--awb-submenu-active-color:#37731e;--awb-submenu-space:5px;--awb-submenu-text-transform:none;--awb-main-justify-content:flex-start;--awb-mobile-justify:flex-start;--awb-mobile-caret-left:auto;--awb-mobile-caret-right:0;--awb-box-shadow:3px 3px 4px -1px #919191;;--awb-fusion-font-family-typography:inherit;--awb-fusion-font-style-typography:normal;--awb-fusion-font-weight-typography:400;--awb-fusion-font-family-submenu-typography:inherit;--awb-fusion-font-style-submenu-typography:normal;--awb-fusion-font-weight-submenu-typography:400;--awb-fusion-font-family-mobile-typography:inherit;--awb-fusion-font-style-mobile-typography:normal;--awb-fusion-font-weight-mobile-typography:400;\" aria-label=\"Ver\u00f6ffentlichungen\" data-breakpoint=\"0\" data-count=\"0\" data-transition-type=\"fade\" data-transition-time=\"300\" data-expand=\"right\"><ul id=\"menu-veroeffentlichungen-pl\" class=\"fusion-menu awb-menu__main-ul awb-menu__main-ul_row\"><li id=\"menu-item-7939\" class=\"menu-item menu-item-type-post_type menu-item-object-page menu-item-7939 awb-menu__li awb-menu__main-li awb-menu__main-li_regular\" data-item-id=\"7939\"><span class=\"awb-menu__main-background-default awb-menu__main-background-default_fade\"><\/span><span class=\"awb-menu__main-background-active awb-menu__main-background-active_fade\"><\/span><a href=\"https:\/\/www.nationalpark-unteres-odertal.de\/pl\/publikacje\/publikacje-naukowe\/\" class=\"awb-menu__main-a awb-menu__main-a_regular\"><span class=\"menu-text\">Publi\u00adka\u00adcje naukowe<\/span><\/a><\/li><li id=\"menu-item-7940\" class=\"menu-item menu-item-type-post_type menu-item-object-page menu-item-7940 awb-menu__li awb-menu__main-li awb-menu__main-li_regular\" data-item-id=\"7940\"><span class=\"awb-menu__main-background-default awb-menu__main-background-default_fade\"><\/span><span class=\"awb-menu__main-background-active awb-menu__main-background-active_fade\"><\/span><a href=\"https:\/\/www.nationalpark-unteres-odertal.de\/pl\/publikacje\/rocznik-parku-narodowego\/\" class=\"awb-menu__main-a awb-menu__main-a_regular\"><span class=\"menu-text\">Rocz\u00adnik Par\u00adku Narodowego<\/span><\/a><\/li><li id=\"menu-item-7941\" class=\"menu-item menu-item-type-post_type menu-item-object-page menu-item-7941 awb-menu__li awb-menu__main-li awb-menu__main-li_regular\" data-item-id=\"7941\"><span class=\"awb-menu__main-background-default awb-menu__main-background-default_fade\"><\/span><span class=\"awb-menu__main-background-active awb-menu__main-background-active_fade\"><\/span><a href=\"https:\/\/www.nationalpark-unteres-odertal.de\/pl\/publikacje\/gazeta-parku-narodowego\/\" class=\"awb-menu__main-a awb-menu__main-a_regular\"><span class=\"menu-text\">Gaze\u00adta Par\u00adku Narodowego<\/span><\/a><\/li><li id=\"menu-item-7942\" class=\"menu-item menu-item-type-post_type menu-item-object-page menu-item-7942 awb-menu__li awb-menu__main-li awb-menu__main-li_regular\" data-item-id=\"7942\"><span class=\"awb-menu__main-background-default awb-menu__main-background-default_fade\"><\/span><span class=\"awb-menu__main-background-active awb-menu__main-background-active_fade\"><\/span><a href=\"https:\/\/www.nationalpark-unteres-odertal.de\/pl\/publikacje\/komunikaty-prasowe\/\" class=\"awb-menu__main-a awb-menu__main-a_regular\"><span class=\"menu-text\">Komu\u00adni\u00adka\u00adty prasowe<\/span><\/a><\/li><\/ul><\/nav><\/div><\/div><\/div><\/div>\n<div class=\"fusion-fullwidth fullwidth-box fusion-builder-row-2 fusion-flex-container nonhundred-percent-fullwidth non-hundred-percent-height-scrolling\" style=\"--awb-border-radius-top-left:0px;--awb-border-radius-top-right:0px;--awb-border-radius-bottom-right:0px;--awb-border-radius-bottom-left:0px;--awb-flex-wrap:wrap;\"><div class=\"fusion-builder-row fusion-row fusion-flex-align-items-flex-start fusion-flex-content-wrap\" style=\"max-width:1248px;margin-left: calc(-4% \/ 2 );margin-right: calc(-4% \/ 2 );\"><div class=\"fusion-layout-column fusion_builder_column fusion-builder-column-1 fusion_builder_column_1_1 1_1 fusion-flex-column\" style=\"--awb-bg-size:cover;--awb-width-large:100%;--awb-margin-top-large:0px;--awb-spacing-right-large:1.92%;--awb-margin-bottom-large:0px;--awb-spacing-left-large:1.92%;--awb-width-medium:100%;--awb-spacing-right-medium:1.92%;--awb-spacing-left-medium:1.92%;--awb-width-small:100%;--awb-spacing-right-small:1.92%;--awb-spacing-left-small:1.92%;\"><div class=\"fusion-column-wrapper fusion-flex-justify-content-flex-start fusion-content-layout-column\"><div class=\"fusion-text fusion-text-1\" style=\"--awb-text-transform:none;\"><p><span class=\"fusion-dropcap dropcap\">S<\/span><a href=\"https:\/\/www.nationalpark-unteres-odertal.de\/pl\/o-nas\/stowarzyszenie-park-narodowy-dolina-dolnej-odry\/\">towa\u00adrzy\u00adsze\u00adnie Przy\u00adja\u00adci\u00f3\u0142<\/a> nie\u00admiec\u00adko-pol\u00adskie\u00adgo Euro\u00adpej\u00adskie\u00adgo Par\u00adku Naro\u00addo\u00adwe\u00adgo Doli\u00adna Dol\u00adnej Odry i<a href=\"https:\/\/www.nationalpark-unteres-odertal.de\/pl\/o-nas\/fundacja-park-narodowy-doliny-dolnej-odry\/\"> Fun\u00adda\u00adcja Park Naro\u00addo\u00adwy<\/a> postrze\u00adga\u00adj\u0105 si\u0119 jako admi\u00adni\u00adstra\u00adto\u00adrzy ochro\u00adny przy\u00adro\u00addy w Doli\u00adnie Dol\u00adnej Odry i regu\u00adlar\u00adnie komen\u00adtu\u00adj\u0105 w komu\u00adni\u00adka\u00adtach pra\u00adso\u00adwych i kon\u00adfe\u00adren\u00adcjach pra\u00adso\u00adwych bie\u00ad\u017c\u0105\u00adce pro\u00adble\u00admy zwi\u0105\u00adza\u00adne ze \u015bro\u00addo\u00adwi\u00adskiem, przy\u00adro\u00add\u0105 i rol\u00adnic\u00adtwem Doli\u00adny Dol\u00adnej&nbsp;Odry.<br>\nOd 2003 roku komu\u00adni\u00adka\u00adty pra\u00adso\u00adwe mo\u017c\u00adna zna\u00adle\u017a\u0107 poni\u00ad\u017cej, wcze\u00ad\u015bniej\u00adsze komu\u00adni\u00adka\u00adty pra\u00adso\u00adwe mo\u017c\u00adna uzy\u00adska\u0107 w biu\u00adrze, tel.: +49 3332&nbsp;21980.<\/p>\n<\/div><div class=\"fusion-separator fusion-full-width-sep\" style=\"align-self: center;margin-left: auto;margin-right: auto;margin-top:30px;width:100%;\"><\/div><\/div><\/div><div class=\"fusion-layout-column fusion_builder_column fusion-builder-column-2 fusion_builder_column_1_2 1_2 fusion-flex-column\" style=\"--awb-padding-right:25px;--awb-bg-size:cover;--awb-border-color:#e2e2e2;--awb-border-right:2px;--awb-border-style:solid;--awb-width-large:50%;--awb-margin-top-large:0px;--awb-spacing-right-large:0px;--awb-margin-bottom-large:20px;--awb-spacing-left-large:3.84%;--awb-width-medium:50%;--awb-order-medium:0;--awb-spacing-right-medium:0px;--awb-spacing-left-medium:3.84%;--awb-width-small:100%;--awb-order-small:0;--awb-spacing-right-small:1.92%;--awb-spacing-left-small:1.92%;\"><div class=\"fusion-column-wrapper fusion-column-has-shadow fusion-flex-justify-content-flex-start fusion-content-layout-column\"><div class=\"fusion-builder-row fusion-builder-row-inner fusion-row fusion-flex-align-items-flex-start fusion-flex-content-wrap\" style=\"width:104% !important;max-width:104% !important;margin-left: calc(-4% \/ 2 );margin-right: calc(-4% \/ 2 );\"><div class=\"fusion-layout-column fusion_builder_column_inner fusion-builder-nested-column-0 fusion-flex-column\" style=\"--awb-bg-size:cover;--awb-width-large:14.66%;--awb-margin-top-large:0px;--awb-spacing-right-large:0px;--awb-margin-bottom-large:0px;--awb-spacing-left-large:0px;--awb-width-medium:14.66%;--awb-order-medium:0;--awb-spacing-right-medium:0px;--awb-spacing-left-medium:0px;--awb-width-small:100%;--awb-order-small:0;--awb-spacing-right-small:1.92%;--awb-spacing-left-small:1.92%;\"><div class=\"fusion-column-wrapper fusion-column-has-shadow fusion-flex-justify-content-flex-start fusion-content-layout-column\"><div class=\"fusion-image-element \" style=\"text-align:left;--awb-max-width:85px;--awb-caption-title-font-family:var(--h2_typography-font-family);--awb-caption-title-font-weight:var(--h2_typography-font-weight);--awb-caption-title-font-style:var(--h2_typography-font-style);--awb-caption-title-size:var(--h2_typography-font-size);--awb-caption-title-transform:var(--h2_typography-text-transform);--awb-caption-title-line-height:var(--h2_typography-line-height);--awb-caption-title-letter-spacing:var(--h2_typography-letter-spacing);\"><span class=\" fusion-imageframe imageframe-none imageframe-1 hover-type-none\"><img decoding=\"async\" width=\"150\" height=\"150\" alt=\"Logo Eisvogel - Stowarzyszenie Park\u00f3w Narodowych\" title=\"Logo Eisvogel \u2013 Stowarzyszenie Park\u00f3w Narodowych\" src=\"https:\/\/www.nationalpark-unteres-odertal.de\/wp-content\/uploads\/logo-eisvogel-500x500-1-e1629465005826.jpg\" data-orig-src=\"https:\/\/www.nationalpark-unteres-odertal.de\/wp-content\/uploads\/\/logo-eisvogel-500x500-1-e1629465005826-150x150.jpg\" class=\"lazyload img-responsive wp-image-5917\" srcset=\"data:image\/svg+xml,%3Csvg%20xmlns%3D%27http%3A%2F%2Fwww.w3.org%2F2000%2Fsvg%27%20width%3D%27500%27%20height%3D%27500%27%20viewBox%3D%270%200%20500%20500%27%3E%3Crect%20width%3D%27500%27%20height%3D%27500%27%20fill-opacity%3D%220%22%2F%3E%3C%2Fsvg%3E\" data-srcset=\"https:\/\/www.nationalpark-unteres-odertal.de\/wp-content\/uploads\/logo-eisvogel-500x500-1-e1629465005826-200x200.jpg 200w, https:\/\/www.nationalpark-unteres-odertal.de\/wp-content\/uploads\/logo-eisvogel-500x500-1-e1629465005826-400x400.jpg 400w, https:\/\/www.nationalpark-unteres-odertal.de\/wp-content\/uploads\/logo-eisvogel-500x500-1-e1629465005826.jpg 500w\" data-sizes=\"auto\" data-orig-sizes=\"(max-width: 640px) 100vw, 200px\"><\/span><\/div><\/div><\/div><div class=\"fusion-layout-column fusion_builder_column_inner fusion-builder-nested-column-1 fusion-flex-column fusion-flex-align-self-flex-end\" style=\"--awb-bg-size:cover;--awb-width-large:85%;--awb-margin-top-large:0px;--awb-spacing-right-large:0;--awb-margin-bottom-large:0px;--awb-spacing-left-large:2.2588235294118%;--awb-width-medium:85%;--awb-order-medium:0;--awb-spacing-right-medium:0;--awb-spacing-left-medium:2.2588235294118%;--awb-width-small:100%;--awb-order-small:0;--awb-spacing-right-small:1.92%;--awb-spacing-left-small:1.92%;\"><div class=\"fusion-column-wrapper fusion-column-has-shadow fusion-flex-justify-content-center fusion-content-layout-column\"><div class=\"fusion-title title fusion-title-1 sep-underline sep-dotted fusion-title-text fusion-title-size-two\" style=\"--awb-font-size:32px;\"><h2 class=\"fusion-title-heading title-heading-left\" style=\"margin:0;font-size:1em;line-height:20px;\">Stowarzyszenie Park Narodowy<\/h2><\/div><\/div><\/div><\/div><div class=\"fusion-post-cards fusion-post-cards-1 fusion-grid-archive fusion-grid-columns-1\" style=\"--awb-column-spacing:0px;--awb-columns:1;\"><ul class=\"fusion-grid fusion-grid-1 fusion-flex-align-items-flex-start fusion-grid-posts-cards\"><li class=\"fusion-layout-column fusion_builder_column fusion-builder-column-3 fusion-flex-column post-card fusion-grid-column fusion-post-cards-grid-column\" style=\"--awb-bg-blend:overlay;--awb-bg-size:cover;\"><div class=\"fusion-column-wrapper fusion-flex-justify-content-flex-start fusion-content-layout-column\"><div class=\"fusion-title title fusion-title-2 fusion-sep-none fusion-title-text fusion-title-size-five\" style=\"--awb-font-size:18px;\"><h5 class=\"fusion-title-heading title-heading-left\" style=\"margin:0;font-size:1em;\"><a href=\"https:\/\/www.nationalpark-unteres-odertal.de\/pl\/komunikat-prasowy\/komunikat-prasowy-04-2023\/\" class=\"awb-custom-text-color awb-custom-text-hover-color\" target=\"_self\">Komunikat prasowy 04\/2023<\/a><\/h5><\/div><div class=\"fusion-meta-tb fusion-meta-tb-1 floated\" style=\"--awb-height:30px;\"><span class=\"fusion-tb-published-date\">Publi\u00adshed On: 30. pa\u017a\u00addzier\u00adni\u00adka&nbsp;2023<\/span><span class=\"fusion-meta-tb-sep\"><\/span><\/div><div class=\"fusion-content-tb fusion-content-tb-1\"><p>\u0141o\u015b na wzno\u00adsz\u0105\u00adcej fali W \u015bro\u00add\u0119 25 pa\u017a\u00addzier\u00adni\u00adka 2023 r. oko\u00ad\u0142o godz. 14.30 nasz part\u00adner przy\u00adrod\u00adni\u00adczy \u0141ukasz \u0141awic\u00adki sfo\u00adto\u00adgra\u00adfo\u00adwa\u0142 w\u0119dru\u00adj\u0105\u00adc\u0105 na zach\u00f3d, kapi\u00adtal\u00adn\u0105 kro\u00adw\u0119 \u0142osia na dro\u00addze z Gry\u00adfi\u00adna&nbsp;do&nbsp;[\u2026]<\/p><\/div><\/div><\/li>\n<li class=\"fusion-layout-column fusion_builder_column fusion-builder-column-4 fusion-flex-column post-card fusion-grid-column fusion-post-cards-grid-column\" style=\"--awb-bg-blend:overlay;--awb-bg-size:cover;\"><div class=\"fusion-column-wrapper fusion-flex-justify-content-flex-start fusion-content-layout-column\"><div class=\"fusion-title title fusion-title-3 fusion-sep-none fusion-title-text fusion-title-size-five\" style=\"--awb-font-size:18px;\"><h5 class=\"fusion-title-heading title-heading-left\" style=\"margin:0;font-size:1em;\"><a href=\"https:\/\/www.nationalpark-unteres-odertal.de\/pl\/komunikat-prasowy\/komunikat-prasowy-03-2023\/\" class=\"awb-custom-text-color awb-custom-text-hover-color\" target=\"_self\">Komunikat prasowy 03\/2023<\/a><\/h5><\/div><div class=\"fusion-meta-tb fusion-meta-tb-2 floated\" style=\"--awb-height:30px;\"><span class=\"fusion-tb-published-date\">Publi\u00adshed On: 26. lip\u00adca&nbsp;2023<\/span><span class=\"fusion-meta-tb-sep\"><\/span><\/div><div class=\"fusion-content-tb fusion-content-tb-2\"><p>Uda\u00adne warsz\u00adta\u00adty pro\u00adjek\u00adtu LIFE AMPHICON Zwi\u0105z\u00adku Par\u00adk\u00f3w Naro\u00addo\u00adwych Doli\u00adny Dol\u00adnej Odry w Szko\u00adle Dzi\u00adkiej Przy\u00adro\u00addy Teero\u00adfen\u00adbr\u00fcc\u00adke Crie\u00adwen, 13 lip\u00adca 2023 r. \u2013 W ramach pro\u00adjek\u00adtu LIFE AMPHICON nie\u00addaw\u00adno odby\u00ad\u0142y&nbsp;si\u0119&nbsp;[\u2026]<\/p><\/div><\/div><\/li>\n<li class=\"fusion-layout-column fusion_builder_column fusion-builder-column-5 fusion-flex-column post-card fusion-grid-column fusion-post-cards-grid-column\" style=\"--awb-bg-blend:overlay;--awb-bg-size:cover;\"><div class=\"fusion-column-wrapper fusion-flex-justify-content-flex-start fusion-content-layout-column\"><div class=\"fusion-title title fusion-title-4 fusion-sep-none fusion-title-text fusion-title-size-five\" style=\"--awb-font-size:18px;\"><h5 class=\"fusion-title-heading title-heading-left\" style=\"margin:0;font-size:1em;\"><a href=\"https:\/\/www.nationalpark-unteres-odertal.de\/pl\/komunikat-prasowy\/komunikat-prasowy-01-2023\/\" class=\"awb-custom-text-color awb-custom-text-hover-color\" target=\"_self\">Komunikat prasowy 01\/2023<\/a><\/h5><\/div><div class=\"fusion-meta-tb fusion-meta-tb-3 floated\" style=\"--awb-height:30px;\"><span class=\"fusion-tb-published-date\">Publi\u00adshed On: 10. stycz\u00adnia&nbsp;2023<\/span><span class=\"fusion-meta-tb-sep\"><\/span><\/div><div class=\"fusion-content-tb fusion-content-tb-3\"><p>\u017bycze\u00adnia nowo\u00adrocz\u00adne i nowo\u00ad\u015bci od Sto\u00adwa\u00adrzy\u00adsze\u00adnia Park Naro\u00addo\u00adwy Doli\u00adny Dol\u00adnej Odry Wszyst\u00adkim przy\u00adja\u00adcio\u00ad\u0142om Sto\u00adwa\u00adrzy\u00adsze\u00adnia Park Naro\u00addo\u00adwy Doli\u00adny Dol\u00adnej Odry \u017cyczy\u00admy szcz\u0119\u00ad\u015bli\u00adwe\u00adgo i zdro\u00adwe\u00adgo Nowe\u00adgo Roku 2023.&nbsp;W ostat\u00adnich latach wsp\u00f3lnie&nbsp;[\u2026]<\/p><\/div><\/div><\/li>\n<li class=\"fusion-layout-column fusion_builder_column fusion-builder-column-6 fusion-flex-column post-card fusion-grid-column fusion-post-cards-grid-column\" style=\"--awb-bg-blend:overlay;--awb-bg-size:cover;\"><div class=\"fusion-column-wrapper fusion-flex-justify-content-flex-start fusion-content-layout-column\"><div class=\"fusion-title title fusion-title-5 fusion-sep-none fusion-title-text fusion-title-size-five\" style=\"--awb-font-size:18px;\"><h5 class=\"fusion-title-heading title-heading-left\" style=\"margin:0;font-size:1em;\"><a href=\"https:\/\/www.nationalpark-unteres-odertal.de\/pl\/komunikat-prasowy\/presseerklaerung-04-2022\/\" class=\"awb-custom-text-color awb-custom-text-hover-color\" target=\"_self\">Komunikat prasowy 04\/2022<\/a><\/h5><\/div><div class=\"fusion-meta-tb fusion-meta-tb-4 floated\" style=\"--awb-height:30px;\"><span class=\"fusion-tb-published-date\">Publi\u00adshed On: 14. czerw\u00adca&nbsp;2022<\/span><span class=\"fusion-meta-tb-sep\"><\/span><\/div><div class=\"fusion-content-tb fusion-content-tb-4\"><p>Zburz\u00adcie ogro\u00addze\u00adnia dla \u015bwi\u0144! Obec\u00adnie afry\u00adka\u0144\u00adski pom\u00f3r \u015bwi\u0144 (ASF) poja\u00adwi\u0142 si\u0119 r\u00f3w\u00adnie\u017c w Bade\u00ad\u00adnii-Wir\u00adte\u00adm\u00adbe\u00adr\u00adgii, o czym dono\u00adsz\u0105 gaze\u00adty Frank\u00adfur\u00adter All\u00adge\u00adme\u00adine Zeitung i Tages\u00adspie\u00adgel z 26.05.2022 i 27.05.2022. Ma\u0142o praw\u00addo\u00adpo\u00addob\u00adne&nbsp;jest,&nbsp;[\u2026]<\/p><\/div><\/div><\/li>\n<li class=\"fusion-layout-column fusion_builder_column fusion-builder-column-7 fusion-flex-column post-card fusion-grid-column fusion-post-cards-grid-column\" style=\"--awb-bg-blend:overlay;--awb-bg-size:cover;\"><div class=\"fusion-column-wrapper fusion-flex-justify-content-flex-start fusion-content-layout-column\"><div class=\"fusion-title title fusion-title-6 fusion-sep-none fusion-title-text fusion-title-size-five\" style=\"--awb-font-size:18px;\"><h5 class=\"fusion-title-heading title-heading-left\" style=\"margin:0;font-size:1em;\"><a href=\"https:\/\/www.nationalpark-unteres-odertal.de\/pl\/komunikat-prasowy\/komunikat-prasowy-03-2022\/\" class=\"awb-custom-text-color awb-custom-text-hover-color\" target=\"_self\">Komunikat prasowy 03\/2022<\/a><\/h5><\/div><div class=\"fusion-meta-tb fusion-meta-tb-5 floated\" style=\"--awb-height:30px;\"><span class=\"fusion-tb-published-date\">Publi\u00adshed On: 24. maja&nbsp;2022<\/span><span class=\"fusion-meta-tb-sep\"><\/span><\/div><div class=\"fusion-content-tb fusion-content-tb-5\"><p>Koniec trak\u00adta\u00adtu o ochro\u00adnie przy\u00adro\u00addy Sp\u00f3r trwa ju\u017c od daw\u00adna, teraz jest roz\u00adstrzy\u00adgni\u0119\u00adty. Z jed\u00adnej stro\u00adny byli rol\u00adni\u00adcy, kt\u00f3\u00adrzy chcie\u00adli by\u0107 po kr\u00f3\u00adlew\u00adsku wyna\u00adgra\u00addza\u00adni przez podat\u00adni\u00adk\u00f3w za wszyst\u00adkie dzia\u00ad\u0142a\u00adnia&nbsp;na&nbsp;[\u2026]<\/p><\/div><\/div><\/li>\n<li class=\"fusion-layout-column fusion_builder_column fusion-builder-column-8 fusion-flex-column post-card fusion-grid-column fusion-post-cards-grid-column\" style=\"--awb-bg-blend:overlay;--awb-bg-size:cover;\"><div class=\"fusion-column-wrapper fusion-flex-justify-content-flex-start fusion-content-layout-column\"><div class=\"fusion-title title fusion-title-7 fusion-sep-none fusion-title-text fusion-title-size-five\" style=\"--awb-font-size:18px;\"><h5 class=\"fusion-title-heading title-heading-left\" style=\"margin:0;font-size:1em;\"><a href=\"https:\/\/www.nationalpark-unteres-odertal.de\/pl\/komunikat-prasowy\/komunikat-prasowy-02-2022\/\" class=\"awb-custom-text-color awb-custom-text-hover-color\" target=\"_self\">Komunikat prasowy 02\/2022<\/a><\/h5><\/div><div class=\"fusion-meta-tb fusion-meta-tb-6 floated\" style=\"--awb-height:30px;\"><span class=\"fusion-tb-published-date\">Publi\u00adshed On: 22. lute\u00adgo&nbsp;2022<\/span><span class=\"fusion-meta-tb-sep\"><\/span><\/div><div class=\"fusion-content-tb fusion-content-tb-6\"><p>Wil\u00adki op\u00f3\u017a\u00adnia\u00adj\u0105 roz\u00adprze\u00adstrze\u00adnia\u00adnie si\u0119 afry\u00adka\u0144\u00adskie\u00adgo pomo\u00adru \u015bwi\u0144 (ASF) Naukow\u00adcy z pol\u00adskich uczel\u00adni w Gda\u0144\u00adsku i War\u00adsza\u00adwie prze\u00adana\u00adli\u00adzo\u00adwa\u00adli 62 wil\u00adcze odcho\u00addy w Pol\u00adsce pod k\u0105tem wiru\u00ads\u00f3w afry\u00adka\u0144\u00adskie\u00adgo pomo\u00adru \u015bwi\u0144 (ASF), szczeg\u00f3lnie&nbsp;[\u2026]<\/p><\/div><\/div><\/li>\n<li class=\"fusion-layout-column fusion_builder_column fusion-builder-column-9 fusion-flex-column post-card fusion-grid-column fusion-post-cards-grid-column\" style=\"--awb-bg-blend:overlay;--awb-bg-size:cover;\"><div class=\"fusion-column-wrapper fusion-flex-justify-content-flex-start fusion-content-layout-column\"><div class=\"fusion-title title fusion-title-8 fusion-sep-none fusion-title-text fusion-title-size-five\" style=\"--awb-font-size:18px;\"><h5 class=\"fusion-title-heading title-heading-left\" style=\"margin:0;font-size:1em;\"><a href=\"https:\/\/www.nationalpark-unteres-odertal.de\/pl\/komunikat-prasowy\/komunikat-prasowy-01-2022\/\" class=\"awb-custom-text-color awb-custom-text-hover-color\" target=\"_self\">Komunikat prasowy 01\/2022<\/a><\/h5><\/div><div class=\"fusion-meta-tb fusion-meta-tb-7 floated\" style=\"--awb-height:30px;\"><span class=\"fusion-tb-published-date\">Publi\u00adshed On: 6. stycz\u00adnia&nbsp;2022<\/span><span class=\"fusion-meta-tb-sep\"><\/span><\/div><div class=\"fusion-content-tb fusion-content-tb-7\"><p>Nauka z Pol\u00adski to nauka wygry\u00adwa\u00adnia! Jedy\u00adny park naro\u00addo\u00adwy w Bran\u00adden\u00adbur\u00adgii jest obec\u00adnie ca\u0142\u00adko\u00adwi\u00adcie ogra\u00addza\u00adny jak du\u017ce zoo, tyl\u00adko \u017ce bez s\u0142o\u00adni! Nie ma ju\u017c mo\u017c\u00adli\u00adwo\u00ad\u015bci migra\u00adcji zwie\u00adrz\u0105t kopyt\u00adnych, takich&nbsp;[\u2026]<\/p><\/div><\/div><\/li>\n<li class=\"fusion-layout-column fusion_builder_column fusion-builder-column-10 fusion-flex-column post-card fusion-grid-column fusion-post-cards-grid-column\" style=\"--awb-bg-blend:overlay;--awb-bg-size:cover;\"><div class=\"fusion-column-wrapper fusion-flex-justify-content-flex-start fusion-content-layout-column\"><div class=\"fusion-title title fusion-title-9 fusion-sep-none fusion-title-text fusion-title-size-five\" style=\"--awb-font-size:18px;\"><h5 class=\"fusion-title-heading title-heading-left\" style=\"margin:0;font-size:1em;\"><a href=\"https:\/\/www.nationalpark-unteres-odertal.de\/pl\/komunikat-prasowy\/komunikat-prasowy-2-2021\/\" class=\"awb-custom-text-color awb-custom-text-hover-color\" target=\"_self\">Komunikat prasowy 2\/2021<\/a><\/h5><\/div><div class=\"fusion-meta-tb fusion-meta-tb-8 floated\" style=\"--awb-height:30px;\"><span class=\"fusion-tb-published-date\">Publi\u00adshed On: 24. czerw\u00adca&nbsp;2021<\/span><span class=\"fusion-meta-tb-sep\"><\/span><\/div><div class=\"fusion-content-tb fusion-content-tb-8\"><p>Pol\u00adski rz\u0105d chce wyko\u00adrzy\u00adsta\u0107 fun\u00addusz roz\u00adwo\u00adjo\u00adwy Coro\u00adna do rekul\u00adty\u00adwa\u00adcji Zwi\u00adsche\u00adno\u00adder\u00adland w Doli\u00adnie Dol\u00adnej Odry Zgod\u00adnie z arty\u00adku\u00ad\u0142em w gaze\u00adcie \u201eGaze\u00adta Gry\u00adfi\u0144\u00adska\u201d z 11 maja 2021 r. rz\u0105d RP w Warszawie,&nbsp;[\u2026]<\/p><\/div><\/div><\/li>\n<li class=\"fusion-layout-column fusion_builder_column fusion-builder-column-11 fusion-flex-column post-card fusion-grid-column fusion-post-cards-grid-column\" style=\"--awb-bg-blend:overlay;--awb-bg-size:cover;\"><div class=\"fusion-column-wrapper fusion-flex-justify-content-flex-start fusion-content-layout-column\"><div class=\"fusion-title title fusion-title-10 fusion-sep-none fusion-title-text fusion-title-size-five\" style=\"--awb-font-size:18px;\"><h5 class=\"fusion-title-heading title-heading-left\" style=\"margin:0;font-size:1em;\"><a href=\"https:\/\/www.nationalpark-unteres-odertal.de\/pl\/komunikat-prasowy\/komunikat-prasowy-1-2021\/\" class=\"awb-custom-text-color awb-custom-text-hover-color\" target=\"_self\">Komunikat prasowy 1\/2021<\/a><\/h5><\/div><div class=\"fusion-meta-tb fusion-meta-tb-9 floated\" style=\"--awb-height:30px;\"><span class=\"fusion-tb-published-date\">Publi\u00adshed On: 21. stycz\u00adnia&nbsp;2021<\/span><span class=\"fusion-meta-tb-sep\"><\/span><\/div><div class=\"fusion-content-tb fusion-content-tb-9\"><p>\u017bywo\u00adp\u0142o\u00adty dzie\u00adl\u0105 kra\u00adjo\u00adbraz W ubie\u00adg\u0142ym roku Sto\u00adwa\u00adrzy\u00adsze\u00adnie Przy\u00adja\u00adci\u00f3\u0142 Nie\u00ad\u00admie\u00adc\u00adko-Pol\u00adskie\u00ad\u00adgo Euro\u00adpej\u00adskie\u00adgo Par\u00adku Naro\u00addo\u00adwe\u00adgo Unte\u00adres Ode\u00adrtal eV (Sto\u00adwa\u00adrzy\u00adsze\u00adnie Par\u00adk\u00f3w Naro\u00addo\u00adwych) roz\u00adpo\u00adcz\u0119\u00ad\u0142o dwa du\u017ce pro\u00adjek\u00adty sadze\u00adnia \u017cywo\u00adp\u0142o\u00adt\u00f3w i drzew polnych w w&nbsp;du\u017cej&nbsp;[\u2026]<\/p><\/div><\/div><\/li>\n<li class=\"fusion-layout-column fusion_builder_column fusion-builder-column-12 fusion-flex-column post-card fusion-grid-column fusion-post-cards-grid-column\" style=\"--awb-bg-blend:overlay;--awb-bg-size:cover;\"><div class=\"fusion-column-wrapper fusion-flex-justify-content-flex-start fusion-content-layout-column\"><div class=\"fusion-title title fusion-title-11 fusion-sep-none fusion-title-text fusion-title-size-five\" style=\"--awb-font-size:18px;\"><h5 class=\"fusion-title-heading title-heading-left\" style=\"margin:0;font-size:1em;\"><a href=\"https:\/\/www.nationalpark-unteres-odertal.de\/pl\/komunikat-prasowy\/komunikat-prasowy-1-2020\/\" class=\"awb-custom-text-color awb-custom-text-hover-color\" target=\"_self\">Komunikat prasowy 1\/2020<\/a><\/h5><\/div><div class=\"fusion-meta-tb fusion-meta-tb-10 floated\" style=\"--awb-height:30px;\"><span class=\"fusion-tb-published-date\">Publi\u00adshed On: 21. stycz\u00adnia&nbsp;2021<\/span><span class=\"fusion-meta-tb-sep\"><\/span><\/div><div class=\"fusion-content-tb fusion-content-tb-10\"><p>Zmu\u00adszo\u00adny do zaprze\u00adcze\u00adnia 10 listo\u00adpa\u00adda 2020 r. Sto\u00adwa\u00adrzy\u00adsze\u00adnie Przy\u00adja\u00adci\u00f3\u0142 Pol\u00adsko-Nie\u00ad\u00admie\u00adc\u00adkie\u00ad\u00adgo Euro\u00adpej\u00adskie\u00adgo Par\u00adku Naro\u00addo\u00adwe\u00adgo Unte\u00adres Ode\u00adrtal eV (Sto\u00adwa\u00adrzy\u00adsze\u00adnie Par\u00adk\u00f3w Naro\u00addo\u00adwych) wnio\u00ads\u0142o do Kra\u00adjo\u00adwe\u00adgo Urz\u0119\u00addu Roz\u00adwo\u00adju Wsi, Rol\u00adnic\u00adtwa i Gospo\u00addar\u00adki Grun\u00adta\u00admi sprzeciw&nbsp;[\u2026]<\/p><\/div><\/div><\/li>\n<\/ul><div class=\"pagination clearfix\"><span class=\"current\">1<\/span><a href=\"https:\/\/www.nationalpark-unteres-odertal.de\/pl\/wp-json\/wp\/v2\/pages\/7887\/page\/2\/\" class=\"inactive\">2<\/a><a class=\"pagination-next\" rel=\"next\" href=\"https:\/\/www.nationalpark-unteres-odertal.de\/pl\/wp-json\/wp\/v2\/pages\/7887\/page\/2\/\"><span class=\"page-text\">Kolej\u00adny<\/span><span class=\"page-next\"><\/span><\/a><\/div><div class=\"fusion-clearfix\"><\/div><\/div><\/div><\/div><div class=\"fusion-layout-column fusion_builder_column fusion-builder-column-13 fusion_builder_column_1_2 1_2 fusion-flex-column\" style=\"--awb-bg-size:cover;--awb-width-large:50%;--awb-margin-top-large:0px;--awb-spacing-right-large:3.84%;--awb-margin-bottom-large:20px;--awb-spacing-left-large:3.84%;--awb-width-medium:50%;--awb-order-medium:0;--awb-spacing-right-medium:3.84%;--awb-spacing-left-medium:3.84%;--awb-width-small:100%;--awb-order-small:0;--awb-spacing-right-small:1.92%;--awb-spacing-left-small:1.92%;\"><div class=\"fusion-column-wrapper fusion-column-has-shadow fusion-flex-justify-content-flex-start fusion-content-layout-column\"><div class=\"fusion-builder-row fusion-builder-row-inner fusion-row fusion-flex-align-items-flex-start fusion-flex-content-wrap\" style=\"width:104% !important;max-width:104% !important;margin-left: calc(-4% \/ 2 );margin-right: calc(-4% \/ 2 );\"><div class=\"fusion-layout-column fusion_builder_column_inner fusion-builder-nested-column-2 fusion-flex-column\" style=\"--awb-bg-size:cover;--awb-width-large:14.66%;--awb-margin-top-large:21px;--awb-spacing-right-large:0px;--awb-margin-bottom-large:0px;--awb-spacing-left-large:0px;--awb-width-medium:14.66%;--awb-order-medium:0;--awb-spacing-right-medium:0px;--awb-spacing-left-medium:0px;--awb-width-small:100%;--awb-order-small:0;--awb-spacing-right-small:1.92%;--awb-spacing-left-small:1.92%;\"><div class=\"fusion-column-wrapper fusion-column-has-shadow fusion-flex-justify-content-flex-start fusion-content-layout-column\"><div class=\"fusion-image-element \" style=\"text-align:left;--awb-max-width:75px;--awb-caption-title-font-family:var(--h2_typography-font-family);--awb-caption-title-font-weight:var(--h2_typography-font-weight);--awb-caption-title-font-style:var(--h2_typography-font-style);--awb-caption-title-size:var(--h2_typography-font-size);--awb-caption-title-transform:var(--h2_typography-text-transform);--awb-caption-title-line-height:var(--h2_typography-line-height);--awb-caption-title-letter-spacing:var(--h2_typography-letter-spacing);\"><span class=\" fusion-imageframe imageframe-none imageframe-2 hover-type-none\"><img decoding=\"async\" width=\"149\" height=\"122\" title=\"Logo Frosch Nationalparkstiftung\" src=\"data:image\/svg+xml,%3Csvg%20xmlns%3D%27http%3A%2F%2Fwww.w3.org%2F2000%2Fsvg%27%20width%3D%27149%27%20height%3D%27122%27%20viewBox%3D%270%200%20149%20122%27%3E%3Crect%20width%3D%27149%27%20height%3D%27122%27%20fill-opacity%3D%220%22%2F%3E%3C%2Fsvg%3E\" data-orig-src=\"https:\/\/www.nationalpark-unteres-odertal.de\/wp-content\/uploads\/logo-frosch-149x122-1-e1629465086320.png\" alt class=\"lazyload img-responsive wp-image-5899\"><\/span><\/div><\/div><\/div><div class=\"fusion-layout-column fusion_builder_column_inner fusion-builder-nested-column-3 fusion-flex-column fusion-flex-align-self-flex-end\" style=\"--awb-bg-size:cover;--awb-width-large:85%;--awb-margin-top-large:0px;--awb-spacing-right-large:0;--awb-margin-bottom-large:0px;--awb-spacing-left-large:2.2588235294118%;--awb-width-medium:85%;--awb-order-medium:0;--awb-spacing-right-medium:0;--awb-spacing-left-medium:2.2588235294118%;--awb-width-small:100%;--awb-order-small:0;--awb-spacing-right-small:1.92%;--awb-spacing-left-small:1.92%;\"><div class=\"fusion-column-wrapper fusion-column-has-shadow fusion-flex-justify-content-center fusion-content-layout-column\"><div class=\"fusion-title title fusion-title-12 sep-underline sep-dotted fusion-title-text fusion-title-size-two\" style=\"--awb-font-size:32px;\"><h2 class=\"fusion-title-heading title-heading-left\" style=\"margin:0;font-size:1em;line-height:20px;\">Fundacja Park Narodowy<\/h2><\/div><\/div><\/div><\/div><div class=\"fusion-post-cards fusion-post-cards-2 fusion-grid-archive fusion-grid-columns-1\" style=\"--awb-column-spacing:0px;--awb-columns:1;\"><ul class=\"fusion-grid fusion-grid-1 fusion-flex-align-items-flex-start fusion-grid-posts-cards\"><li class=\"fusion-layout-column fusion_builder_column fusion-builder-column-14 fusion-flex-column post-card fusion-grid-column fusion-post-cards-grid-column\" style=\"--awb-bg-blend:overlay;--awb-bg-size:cover;\"><div class=\"fusion-column-wrapper fusion-flex-justify-content-flex-start fusion-content-layout-column\"><div class=\"fusion-title title fusion-title-13 fusion-sep-none fusion-title-text fusion-title-size-five\" style=\"--awb-font-size:18px;\"><h5 class=\"fusion-title-heading title-heading-left\" style=\"margin:0;font-size:1em;\"><a href=\"https:\/\/www.nationalpark-unteres-odertal.de\/pl\/komunikat-prasowy\/komunikat-prasowy-i-2023\/\" class=\"awb-custom-text-color awb-custom-text-hover-color\" target=\"_self\">Komunikat prasowy I\/2023<\/a><\/h5><\/div><div class=\"fusion-meta-tb fusion-meta-tb-11 floated\" style=\"--awb-height:30px;\"><span class=\"fusion-tb-published-date\">Publi\u00adshed On: 10. stycz\u00adnia&nbsp;2023<\/span><span class=\"fusion-meta-tb-sep\"><\/span><\/div><div class=\"fusion-content-tb fusion-content-tb-11\"><p>\u017bycze\u00adnia nowo\u00adrocz\u00adne i wie\u00ad\u015bci od Fun\u00adda\u00adcji Park Naro\u00addo\u00adwy Wszyst\u00adkim Przy\u00adja\u00adcio\u00ad\u0142om Par\u00adku Naro\u00addo\u00adwe\u00adgo Doli\u00adny Dol\u00adnej Odry \u017cyczy\u00admy szcz\u0119\u00ad\u015bli\u00adwe\u00adgo i zdro\u00adwe\u00adgo Nowe\u00adgo Roku 2023.&nbsp;W ostat\u00adnich latach wsp\u00f3l\u00adnie uda\u00ad\u0142o nam si\u0119&nbsp;wiele&nbsp;[\u2026]<\/p><\/div><\/div><\/li>\n<li class=\"fusion-layout-column fusion_builder_column fusion-builder-column-15 fusion-flex-column post-card fusion-grid-column fusion-post-cards-grid-column\" style=\"--awb-bg-blend:overlay;--awb-bg-size:cover;\"><div class=\"fusion-column-wrapper fusion-flex-justify-content-flex-start fusion-content-layout-column\"><div class=\"fusion-title title fusion-title-14 fusion-sep-none fusion-title-text fusion-title-size-five\" style=\"--awb-font-size:18px;\"><h5 class=\"fusion-title-heading title-heading-left\" style=\"margin:0;font-size:1em;\"><a href=\"https:\/\/www.nationalpark-unteres-odertal.de\/pl\/komunikat-prasowy\/presseerklaerung-i-2022\/\" class=\"awb-custom-text-color awb-custom-text-hover-color\" target=\"_self\">Komunikat prasowy I\/2022<\/a><\/h5><\/div><div class=\"fusion-meta-tb fusion-meta-tb-12 floated\" style=\"--awb-height:30px;\"><span class=\"fusion-tb-published-date\">Publi\u00adshed On: 14. czerw\u00adca&nbsp;2022<\/span><span class=\"fusion-meta-tb-sep\"><\/span><\/div><div class=\"fusion-content-tb fusion-content-tb-12\"><p>Uro\u00addzi\u00ad\u0142a si\u0119 zdro\u00adwa \u017cubrzy\u00adca Cie\u00adszy\u00admy si\u0119 z naro\u00addzin nasze\u00adgo pierw\u00adsze\u00adgo tego\u00adrocz\u00adne\u00adgo potom\u00adstwa \u017cubr\u00f3w. Na pastwi\u00adsku \u017cubr\u00f3w, na par\u00adkin\u00adgu Crie\u00adwen za zagro\u00add\u0105 kur\u00adcza\u00adk\u00f3w, nasze ma\u0142e stad\u00adko \u017cubr\u00f3w powi\u0119k\u00adszy\u00ad\u0142o si\u0119. To w\u0142a\u015bnie&nbsp;[\u2026]<\/p><\/div><\/div><\/li>\n<li class=\"fusion-layout-column fusion_builder_column fusion-builder-column-16 fusion-flex-column post-card fusion-grid-column fusion-post-cards-grid-column\" style=\"--awb-bg-blend:overlay;--awb-bg-size:cover;\"><div class=\"fusion-column-wrapper fusion-flex-justify-content-flex-start fusion-content-layout-column\"><div class=\"fusion-title title fusion-title-15 fusion-sep-none fusion-title-text fusion-title-size-five\" style=\"--awb-font-size:18px;\"><h5 class=\"fusion-title-heading title-heading-left\" style=\"margin:0;font-size:1em;\"><a href=\"https:\/\/www.nationalpark-unteres-odertal.de\/pl\/komunikat-prasowy\/komunikat-prasowy-viii-2021\/\" class=\"awb-custom-text-color awb-custom-text-hover-color\" target=\"_self\">Komunikat prasowy VIII \/&nbsp;2021<\/a><\/h5><\/div><div class=\"fusion-meta-tb fusion-meta-tb-13 floated\" style=\"--awb-height:30px;\"><span class=\"fusion-tb-published-date\">Publi\u00adshed On: 23. listo\u00adpa\u00adda&nbsp;2021<\/span><span class=\"fusion-meta-tb-sep\"><\/span><\/div><div class=\"fusion-content-tb fusion-content-tb-13\"><p>Nowa stro\u00adna inter\u00adne\u00adto\u00adwa Fun\u00adda\u00adcja Par\u00adku Naro\u00addo\u00adwe\u00adgo Unte\u00adres Ode\u00adrtal wraz ze Sto\u00adwa\u00adrzy\u00adsze\u00adniem Przy\u00adja\u00adci\u00f3\u0142 Pol\u00adsko-Nie\u00ad\u00admie\u00adc\u00adkie\u00ad\u00adgo Euro\u00adpej\u00adskie\u00adgo Par\u00adku Naro\u00addo\u00adwe\u00adgo Unte\u00adres Ode\u00adrtal e.V. uru\u00adcho\u00admi\u00ad\u0142a now\u0105 stro\u00adn\u0119 inter\u00adne\u00adto\u00adw\u0105 1 listo\u00adpa\u00adda 2021 r., dost\u0119p\u00adn\u0105 pod adresem&nbsp;[\u2026]<\/p><\/div><\/div><\/li>\n<li class=\"fusion-layout-column fusion_builder_column fusion-builder-column-17 fusion-flex-column post-card fusion-grid-column fusion-post-cards-grid-column\" style=\"--awb-bg-blend:overlay;--awb-bg-size:cover;\"><div class=\"fusion-column-wrapper fusion-flex-justify-content-flex-start fusion-content-layout-column\"><div class=\"fusion-title title fusion-title-16 fusion-sep-none fusion-title-text fusion-title-size-five\" style=\"--awb-font-size:18px;\"><h5 class=\"fusion-title-heading title-heading-left\" style=\"margin:0;font-size:1em;\"><a href=\"https:\/\/www.nationalpark-unteres-odertal.de\/pl\/komunikat-prasowy\/komunikat-prasowy-vii-2021\/\" class=\"awb-custom-text-color awb-custom-text-hover-color\" target=\"_self\">Komunikat prasowy VII\/2021<\/a><\/h5><\/div><div class=\"fusion-meta-tb fusion-meta-tb-14 floated\" style=\"--awb-height:30px;\"><span class=\"fusion-tb-published-date\">Publi\u00adshed On: 5. listo\u00adpa\u00adda&nbsp;2021<\/span><span class=\"fusion-meta-tb-sep\"><\/span><\/div><div class=\"fusion-content-tb fusion-content-tb-14\"><p>Wie\u00ad\u015bci z chrz\u0105sz\u00adczo\u00adwe\u00adgo \u015bwia\u00adta Par\u00adku Naro\u00addo\u00adwe\u00adgo Doli\u00adny Dol\u00adnej Odry Spo\u00ad\u015br\u00f3d bar\u00addzo wa\u017c\u00adnych eko\u00adlo\u00adgicz\u00adnie chrz\u0105sz\u00adczy naziem\u00adnych w Doli\u00adnie Dol\u00adnej Odry odkry\u00adto nowy gatu\u00adnek \u2013 kor\u00adni\u00adka czar\u00adne\u00adgo (Dro\u00admius schne\u00adide\u00adrii). Przy\u00adrod\u00adnik dr&nbsp;Ingo&nbsp;[\u2026]<\/p><\/div><\/div><\/li>\n<li class=\"fusion-layout-column fusion_builder_column fusion-builder-column-18 fusion-flex-column post-card fusion-grid-column fusion-post-cards-grid-column\" style=\"--awb-bg-blend:overlay;--awb-bg-size:cover;\"><div class=\"fusion-column-wrapper fusion-flex-justify-content-flex-start fusion-content-layout-column\"><div class=\"fusion-title title fusion-title-17 fusion-sep-none fusion-title-text fusion-title-size-five\" style=\"--awb-font-size:18px;\"><h5 class=\"fusion-title-heading title-heading-left\" style=\"margin:0;font-size:1em;\"><a href=\"https:\/\/www.nationalpark-unteres-odertal.de\/pl\/komunikat-prasowy\/komunikat-prasowy-iv-2021\/\" class=\"awb-custom-text-color awb-custom-text-hover-color\" target=\"_self\">Komunikat prasowy IV \/&nbsp;2021<\/a><\/h5><\/div><div class=\"fusion-meta-tb fusion-meta-tb-15 floated\" style=\"--awb-height:30px;\"><span class=\"fusion-tb-published-date\">Publi\u00adshed On: 23. czerw\u00adca&nbsp;2021<\/span><span class=\"fusion-meta-tb-sep\"><\/span><\/div><div class=\"fusion-content-tb fusion-content-tb-15\"><p>Wyda\u00adrze\u00adnie: \u017bubr i konie Dzi\u00adkie pastwi\u00adska w Doli\u00adnie Dol\u00adnej Odry\u00adDa\u00adta: sobo\u00adta, 26 czerw\u00adca 2021Czas: 10.00Lokalizacja: Most nad kana\u00ad\u0142em w 16248 Stol\u00adzen\u00adha\u00adgen\u00adCe\u00adny: bez\u00adp\u0142at\u00adnie, ale daro\u00adwi\u00adzny s\u0105 mile widzia\u00adne Opis wyda\u00adrze\u00adnia:&nbsp;Tak&nbsp;[\u2026]<\/p><\/div><\/div><\/li>\n<li class=\"fusion-layout-column fusion_builder_column fusion-builder-column-19 fusion-flex-column post-card fusion-grid-column fusion-post-cards-grid-column\" style=\"--awb-bg-blend:overlay;--awb-bg-size:cover;\"><div class=\"fusion-column-wrapper fusion-flex-justify-content-flex-start fusion-content-layout-column\"><div class=\"fusion-title title fusion-title-18 fusion-sep-none fusion-title-text fusion-title-size-five\" style=\"--awb-font-size:18px;\"><h5 class=\"fusion-title-heading title-heading-left\" style=\"margin:0;font-size:1em;\"><a href=\"https:\/\/www.nationalpark-unteres-odertal.de\/pl\/komunikat-prasowy\/komunikat-prasowy-iii-2021\/\" class=\"awb-custom-text-color awb-custom-text-hover-color\" target=\"_self\">Komunikat prasowy III \/&nbsp;2021<\/a><\/h5><\/div><div class=\"fusion-meta-tb fusion-meta-tb-16 floated\" style=\"--awb-height:30px;\"><span class=\"fusion-tb-published-date\">Publi\u00adshed On: 17. czerw\u00adca&nbsp;2021<\/span><span class=\"fusion-meta-tb-sep\"><\/span><\/div><div class=\"fusion-content-tb fusion-content-tb-16\"><p>\u017bubr\u00f3w\u00adka uro\u00addzo\u00adna na dzi\u00adkim pastwi\u00adsku w pobli\u00ad\u017cu Crie\u00adwen Zapro\u00adsze\u00adnie na pre\u00adzen\u00adta\u00adcj\u0119 w czwar\u00adtek 10 czerw\u00adca 2021&nbsp;o godzi\u00adnie 14:00 (pro\u00adsi\u00admy o reje\u00adstra\u00adcj\u0119) W tym roku, trzy dni temu, na dzikim&nbsp;[\u2026]<\/p><\/div><\/div><\/li>\n<li class=\"fusion-layout-column fusion_builder_column fusion-builder-column-20 fusion-flex-column post-card fusion-grid-column fusion-post-cards-grid-column\" style=\"--awb-bg-blend:overlay;--awb-bg-size:cover;\"><div class=\"fusion-column-wrapper fusion-flex-justify-content-flex-start fusion-content-layout-column\"><div class=\"fusion-title title fusion-title-19 fusion-sep-none fusion-title-text fusion-title-size-five\" style=\"--awb-font-size:18px;\"><h5 class=\"fusion-title-heading title-heading-left\" style=\"margin:0;font-size:1em;\"><a href=\"https:\/\/www.nationalpark-unteres-odertal.de\/pl\/komunikat-prasowy\/komunikat-prasowy-ii-2021\/\" class=\"awb-custom-text-color awb-custom-text-hover-color\" target=\"_self\">Komunikat prasowy II \/&nbsp;2021<\/a><\/h5><\/div><div class=\"fusion-meta-tb fusion-meta-tb-17 floated\" style=\"--awb-height:30px;\"><span class=\"fusion-tb-published-date\">Publi\u00adshed On: 17. czerw\u00adca&nbsp;2021<\/span><span class=\"fusion-meta-tb-sep\"><\/span><\/div><div class=\"fusion-content-tb fusion-content-tb-17\"><p>Exkur\u00adsion: Vogel\u00adkun\u00addli\u00adche Abend\u00adf\u00fch\u00adrung \u2013 ein klan\u00adgvol\u00adler Spa\u00adzier\u00adgang durch die Aue Data: Sobo\u00adta, 29 maja 2021 Czas: 19:00. Loka\u00adli\u00adza\u00adcja: Wil\u00adder\u00adness Scho\u00adol Teero\u00adfen\u00adbr\u00fcc\u00adke, An der Teero\u00adfen\u00adbr\u00fcc\u00adke Ceny: bez\u00adp\u0142at\u00adnie, ale daro\u00adwi\u00adzny s\u0105&nbsp;mile&nbsp;[\u2026]<\/p><\/div><\/div><\/li>\n<li class=\"fusion-layout-column fusion_builder_column fusion-builder-column-21 fusion-flex-column post-card fusion-grid-column fusion-post-cards-grid-column\" style=\"--awb-bg-blend:overlay;--awb-bg-size:cover;\"><div class=\"fusion-column-wrapper fusion-flex-justify-content-flex-start fusion-content-layout-column\"><div class=\"fusion-title title fusion-title-20 fusion-sep-none fusion-title-text fusion-title-size-five\" style=\"--awb-font-size:18px;\"><h5 class=\"fusion-title-heading title-heading-left\" style=\"margin:0;font-size:1em;\"><a href=\"https:\/\/www.nationalpark-unteres-odertal.de\/pl\/komunikat-prasowy\/komunikat-prasowy-i-2021\/\" class=\"awb-custom-text-color awb-custom-text-hover-color\" target=\"_self\">Komunikat prasowy I \/&nbsp;2021<\/a><\/h5><\/div><div class=\"fusion-meta-tb fusion-meta-tb-18 floated\" style=\"--awb-height:30px;\"><span class=\"fusion-tb-published-date\">Publi\u00adshed On: 17. czerw\u00adca&nbsp;2021<\/span><span class=\"fusion-meta-tb-sep\"><\/span><\/div><div class=\"fusion-content-tb fusion-content-tb-18\"><p>Wyciecz\u00adka: \u201eNoc\u00adni \u0142ow\u00adcy\u201d \u2013 obser\u00adwa\u00adcje nie\u00adto\u00adpe\u00adrzy w par\u00adku naro\u00addo\u00adwym Data: pi\u0105\u00adtek, 28 maja 2021 r. Czas: 18:00 Loka\u00adli\u00adza\u00adcja: Wil\u00adder\u00adness Scho\u00adol Teero\u00adfen\u00adbr\u00fcc\u00adke, most nad kana\u00ad\u0142em Cena: bez\u00adp\u0142at\u00adnie, ale daro\u00adwi\u00adzny s\u0105&nbsp;mile&nbsp;[\u2026]<\/p><\/div><\/div><\/li>\n<li class=\"fusion-layout-column fusion_builder_column fusion-builder-column-22 fusion-flex-column post-card fusion-grid-column fusion-post-cards-grid-column\" style=\"--awb-bg-blend:overlay;--awb-bg-size:cover;\"><div class=\"fusion-column-wrapper fusion-flex-justify-content-flex-start fusion-content-layout-column\"><div class=\"fusion-title title fusion-title-21 fusion-sep-none fusion-title-text fusion-title-size-five\" style=\"--awb-font-size:18px;\"><h5 class=\"fusion-title-heading title-heading-left\" style=\"margin:0;font-size:1em;\"><a href=\"https:\/\/www.nationalpark-unteres-odertal.de\/pl\/komunikat-prasowy\/komunikat-prasowy-ii-2020\/\" class=\"awb-custom-text-color awb-custom-text-hover-color\" target=\"_self\">Komunikat prasowy II \/&nbsp;2020<\/a><\/h5><\/div><div class=\"fusion-meta-tb fusion-meta-tb-19 floated\" style=\"--awb-height:30px;\"><span class=\"fusion-tb-published-date\">Publi\u00adshed On: 20. listo\u00adpa\u00adda&nbsp;2020<\/span><span class=\"fusion-meta-tb-sep\"><\/span><\/div><div class=\"fusion-content-tb fusion-content-tb-19\"><p>Agro\u00adle\u00ad\u015bnic\u00adtwo w Stol\u00adzen\u00adha\u00adgen Na polu w Par\u00adku Naro\u00addo\u00adwym Doli\u00adny Dol\u00adnej Odry, mi\u0119\u00addzy Stol\u00adzen\u00adha\u00adgen i Gel\u00adl\u00admers\u00addorf, Fun\u00adda\u00adcja Par\u00adku Naro\u00addo\u00adwe\u00adgo Doli\u00adny Dol\u00adnej Odry usta\u00adno\u00adwi\u00ad\u0142a w ci\u0105\u00adgu ostat\u00adnich kil\u00adku dni tak zwa\u00adn\u0105 kultur\u0119&nbsp;[\u2026]<\/p><\/div><\/div><\/li>\n<li class=\"fusion-layout-column fusion_builder_column fusion-builder-column-23 fusion-flex-column post-card fusion-grid-column fusion-post-cards-grid-column\" style=\"--awb-bg-blend:overlay;--awb-bg-size:cover;\"><div class=\"fusion-column-wrapper fusion-flex-justify-content-flex-start fusion-content-layout-column\"><div class=\"fusion-title title fusion-title-22 fusion-sep-none fusion-title-text fusion-title-size-five\" style=\"--awb-font-size:18px;\"><h5 class=\"fusion-title-heading title-heading-left\" style=\"margin:0;font-size:1em;\"><a href=\"https:\/\/www.nationalpark-unteres-odertal.de\/pl\/komunikat-prasowy\/komunikat-prasowy-i-2020\/\" class=\"awb-custom-text-color awb-custom-text-hover-color\" target=\"_self\">Komunikat prasowy I \/&nbsp;2020<\/a><\/h5><\/div><div class=\"fusion-meta-tb fusion-meta-tb-20 floated\" style=\"--awb-height:30px;\"><span class=\"fusion-tb-published-date\">Publi\u00adshed On: 20. listo\u00adpa\u00adda&nbsp;2020<\/span><span class=\"fusion-meta-tb-sep\"><\/span><\/div><div class=\"fusion-content-tb fusion-content-tb-20\"><p>Uro\u00addzi\u0142 si\u0119 m\u0142o\u00addy bizon W ponie\u00addzia\u00ad\u0142ek 27 kwiet\u00adnia 2020 roku na pastwi\u00adsku dzi\u00adkich \u017cubr\u00f3w w pobli\u00ad\u017cu Crie\u00adwen ujrza\u0142 \u015bwia\u00adt\u0142o dzien\u00adne byczek. Pod tro\u00adskli\u00adw\u0105 i tro\u00adskli\u00adw\u0105 opie\u00adk\u0105 rol\u00adni\u00adka Nor\u00adber\u00adta Meene szybko&nbsp;[\u2026]<\/p><\/div><\/div><\/li>\n<\/ul><div class=\"pagination clearfix\"><span class=\"current\">1<\/span><a href=\"https:\/\/www.nationalpark-unteres-odertal.de\/pl\/wp-json\/wp\/v2\/pages\/7887\/page\/2\/\" class=\"inactive\">2<\/a><a class=\"pagination-next\" rel=\"next\" href=\"https:\/\/www.nationalpark-unteres-odertal.de\/pl\/wp-json\/wp\/v2\/pages\/7887\/page\/2\/\"><span class=\"page-text\">Kolej\u00adny<\/span><span class=\"page-next\"><\/span><\/a><\/div><div class=\"fusion-clearfix\"><\/div><\/div><\/div><\/div><\/div><\/div>\n","protected":false},"excerpt":{"rendered":"","protected":false},"author":1,"featured_media":0,"parent":7877,"menu_order":0,"comment_status":"closed","ping_status":"closed","template":"","meta":{"wp_typography_post_enhancements_disabled":false,"_price":"","_stock":"","_tribe_ticket_header":"","_tribe_default_ticket_provider":"","_tribe_ticket_capacity":"0","_ticket_start_date":"","_ticket_end_date":"","_tribe_ticket_show_description":"","_tribe_ticket_show_not_going":false,"_tribe_ticket_use_global_stock":"","_tribe_ticket_global_stock_level":"","_global_stock_mode":"","_global_stock_cap":"","_tribe_rsvp_for_event":"","_tribe_ticket_going_count":"","_tribe_ticket_not_going_count":"","_tribe_tickets_list":"[]","_tribe_ticket_has_attendee_info_fields":false,"footnotes":""},"class_list":["post-7887","page","type-page","status-publish","hentry"],"yoast_head":"<title>Komunikaty prasowe - Nationalpark Unteres Odertal<\/title>\n<meta name=\"robots\" content=\"index, follow, max-snippet:-1, max-image-preview:large, max-video-preview:-1\" \/>\n<link rel=\"canonical\" href=\"https:\/\/www.nationalpark-unteres-odertal.de\/pl\/publikacje\/komunikaty-prasowe\/\" \/>\n<meta property=\"og:locale\" content=\"pl_PL\" \/>\n<meta property=\"og:type\" content=\"article\" \/>\n<meta property=\"og:title\" content=\"Komunikaty prasowe - Nationalpark Unteres Odertal\" \/>\n<meta property=\"og:url\" content=\"https:\/\/www.nationalpark-unteres-odertal.de\/pl\/publikacje\/komunikaty-prasowe\/\" \/>\n<meta property=\"og:site_name\" content=\"Nationalpark Unteres Odertal\" \/>\n<meta property=\"article:modified_time\" content=\"2021-11-04T15:15:53+00:00\" \/>\n<meta name=\"twitter:card\" content=\"summary_large_image\" \/>\n<script type=\"application\/ld+json\" class=\"yoast-schema-graph\">{\"@context\":\"https:\/\/schema.org\",\"@graph\":[{\"@type\":\"WebPage\",\"@id\":\"https:\/\/www.nationalpark-unteres-odertal.de\/pl\/publikacje\/komunikaty-prasowe\/\",\"url\":\"https:\/\/www.nationalpark-unteres-odertal.de\/pl\/publikacje\/komunikaty-prasowe\/\",\"name\":\"Komunikaty prasowe - Nationalpark Unteres Odertal\",\"isPartOf\":{\"@id\":\"https:\/\/www.nationalpark-unteres-odertal.de\/pl\/#website\"},\"datePublished\":\"2008-05-04T15:44:09+00:00\",\"dateModified\":\"2021-11-04T15:15:53+00:00\",\"breadcrumb\":{\"@id\":\"https:\/\/www.nationalpark-unteres-odertal.de\/pl\/publikacje\/komunikaty-prasowe\/#breadcrumb\"},\"inLanguage\":\"pl-PL\",\"potentialAction\":[{\"@type\":\"ReadAction\",\"target\":[\"https:\/\/www.nationalpark-unteres-odertal.de\/pl\/publikacje\/komunikaty-prasowe\/\"]}]},{\"@type\":\"BreadcrumbList\",\"@id\":\"https:\/\/www.nationalpark-unteres-odertal.de\/pl\/publikacje\/komunikaty-prasowe\/#breadcrumb\",\"itemListElement\":[{\"@type\":\"ListItem\",\"position\":1,\"name\":\"Strona g\u0142\u00f3wna\",\"item\":\"https:\/\/www.nationalpark-unteres-odertal.de\/pl\/\"},{\"@type\":\"ListItem\",\"position\":2,\"name\":\"Publikacje\",\"item\":\"https:\/\/www.nationalpark-unteres-odertal.de\/pl\/publikacje\/\"},{\"@type\":\"ListItem\",\"position\":3,\"name\":\"Komunikaty prasowe\"}]},{\"@type\":\"WebSite\",\"@id\":\"https:\/\/www.nationalpark-unteres-odertal.de\/pl\/#website\",\"url\":\"https:\/\/www.nationalpark-unteres-odertal.de\/pl\/\",\"name\":\"Nationalpark Unteres Odertal\",\"description\":\"Verein der Freunde des Deutsch-Polnischen Europa-Nationalparks Unteres Odertal e.V. &amp; Nationalparkstiftung Unteres Odertal\",\"publisher\":{\"@id\":\"https:\/\/www.nationalpark-unteres-odertal.de\/pl\/#organization\"},\"potentialAction\":[{\"@type\":\"SearchAction\",\"target\":{\"@type\":\"EntryPoint\",\"urlTemplate\":\"https:\/\/www.nationalpark-unteres-odertal.de\/pl\/?s={search_term_string}\"},\"query-input\":{\"@type\":\"PropertyValueSpecification\",\"valueRequired\":true,\"valueName\":\"search_term_string\"}}],\"inLanguage\":\"pl-PL\"},{\"@type\":\"Organization\",\"@id\":\"https:\/\/www.nationalpark-unteres-odertal.de\/pl\/#organization\",\"name\":\"Verein der Freunde des Deutsch-Polnischen Europa-Nationalparks Unteres Odertal e.V. & Nationalparkstiftung Unteres Odertal\",\"url\":\"https:\/\/www.nationalpark-unteres-odertal.de\/pl\/\",\"logo\":{\"@type\":\"ImageObject\",\"inLanguage\":\"pl-PL\",\"@id\":\"https:\/\/www.nationalpark-unteres-odertal.de\/pl\/#\/schema\/logo\/image\/\",\"url\":\"https:\/\/www.nationalpark-unteres-odertal.de\/wp-content\/uploads\/logos-google.png\",\"contentUrl\":\"https:\/\/www.nationalpark-unteres-odertal.de\/wp-content\/uploads\/logos-google.png\",\"width\":800,\"height\":344,\"caption\":\"Verein der Freunde des Deutsch-Polnischen Europa-Nationalparks Unteres Odertal e.V. & Nationalparkstiftung Unteres Odertal\"},\"image\":{\"@id\":\"https:\/\/www.nationalpark-unteres-odertal.de\/pl\/#\/schema\/logo\/image\/\"}}]}<\/script>","yoast_head_json":{"title":"Komunikaty prasowe - Nationalpark Unteres Odertal","robots":{"index":"index","follow":"follow","max-snippet":"max-snippet:-1","max-image-preview":"max-image-preview:large","max-video-preview":"max-video-preview:-1"},"canonical":"https:\/\/www.nationalpark-unteres-odertal.de\/pl\/publikacje\/komunikaty-prasowe\/","og_locale":"pl_PL","og_type":"article","og_title":"Komunikaty prasowe - Nationalpark Unteres Odertal","og_url":"https:\/\/www.nationalpark-unteres-odertal.de\/pl\/publikacje\/komunikaty-prasowe\/","og_site_name":"Nationalpark Unteres Odertal","article_modified_time":"2021-11-04T15:15:53+00:00","twitter_card":"summary_large_image","schema":{"@context":"https:\/\/schema.org","@graph":[{"@type":"WebPage","@id":"https:\/\/www.nationalpark-unteres-odertal.de\/pl\/publikacje\/komunikaty-prasowe\/","url":"https:\/\/www.nationalpark-unteres-odertal.de\/pl\/publikacje\/komunikaty-prasowe\/","name":"Komunikaty prasowe - Nationalpark Unteres Odertal","isPartOf":{"@id":"https:\/\/www.nationalpark-unteres-odertal.de\/pl\/#website"},"datePublished":"2008-05-04T15:44:09+00:00","dateModified":"2021-11-04T15:15:53+00:00","breadcrumb":{"@id":"https:\/\/www.nationalpark-unteres-odertal.de\/pl\/publikacje\/komunikaty-prasowe\/#breadcrumb"},"inLanguage":"pl-PL","potentialAction":[{"@type":"ReadAction","target":["https:\/\/www.nationalpark-unteres-odertal.de\/pl\/publikacje\/komunikaty-prasowe\/"]}]},{"@type":"BreadcrumbList","@id":"https:\/\/www.nationalpark-unteres-odertal.de\/pl\/publikacje\/komunikaty-prasowe\/#breadcrumb","itemListElement":[{"@type":"ListItem","position":1,"name":"Strona g\u0142\u00f3wna","item":"https:\/\/www.nationalpark-unteres-odertal.de\/pl\/"},{"@type":"ListItem","position":2,"name":"Publikacje","item":"https:\/\/www.nationalpark-unteres-odertal.de\/pl\/publikacje\/"},{"@type":"ListItem","position":3,"name":"Komunikaty prasowe"}]},{"@type":"WebSite","@id":"https:\/\/www.nationalpark-unteres-odertal.de\/pl\/#website","url":"https:\/\/www.nationalpark-unteres-odertal.de\/pl\/","name":"Nationalpark Unteres Odertal","description":"Verein der Freunde des Deutsch-Polnischen Europa-Nationalparks Unteres Odertal e.V. &amp; Nationalparkstiftung Unteres Odertal","publisher":{"@id":"https:\/\/www.nationalpark-unteres-odertal.de\/pl\/#organization"},"potentialAction":[{"@type":"SearchAction","target":{"@type":"EntryPoint","urlTemplate":"https:\/\/www.nationalpark-unteres-odertal.de\/pl\/?s={search_term_string}"},"query-input":{"@type":"PropertyValueSpecification","valueRequired":true,"valueName":"search_term_string"}}],"inLanguage":"pl-PL"},{"@type":"Organization","@id":"https:\/\/www.nationalpark-unteres-odertal.de\/pl\/#organization","name":"Verein der Freunde des Deutsch-Polnischen Europa-Nationalparks Unteres Odertal e.V. & Nationalparkstiftung Unteres Odertal","url":"https:\/\/www.nationalpark-unteres-odertal.de\/pl\/","logo":{"@type":"ImageObject","inLanguage":"pl-PL","@id":"https:\/\/www.nationalpark-unteres-odertal.de\/pl\/#\/schema\/logo\/image\/","url":"https:\/\/www.nationalpark-unteres-odertal.de\/wp-content\/uploads\/logos-google.png","contentUrl":"https:\/\/www.nationalpark-unteres-odertal.de\/wp-content\/uploads\/logos-google.png","width":800,"height":344,"caption":"Verein der Freunde des Deutsch-Polnischen Europa-Nationalparks Unteres Odertal e.V. & Nationalparkstiftung Unteres Odertal"},"image":{"@id":"https:\/\/www.nationalpark-unteres-odertal.de\/pl\/#\/schema\/logo\/image\/"}}]}},"_links":{"self":[{"href":"https:\/\/www.nationalpark-unteres-odertal.de\/pl\/wp-json\/wp\/v2\/pages\/7887","targetHints":{"allow":["GET"]}}],"collection":[{"href":"https:\/\/www.nationalpark-unteres-odertal.de\/pl\/wp-json\/wp\/v2\/pages"}],"about":[{"href":"https:\/\/www.nationalpark-unteres-odertal.de\/pl\/wp-json\/wp\/v2\/types\/page"}],"author":[{"embeddable":true,"href":"https:\/\/www.nationalpark-unteres-odertal.de\/pl\/wp-json\/wp\/v2\/users\/1"}],"replies":[{"embeddable":true,"href":"https:\/\/www.nationalpark-unteres-odertal.de\/pl\/wp-json\/wp\/v2\/comments?post=7887"}],"version-history":[{"count":1,"href":"https:\/\/www.nationalpark-unteres-odertal.de\/pl\/wp-json\/wp\/v2\/pages\/7887\/revisions"}],"predecessor-version":[{"id":9762,"href":"https:\/\/www.nationalpark-unteres-odertal.de\/pl\/wp-json\/wp\/v2\/pages\/7887\/revisions\/9762"}],"up":[{"embeddable":true,"href":"https:\/\/www.nationalpark-unteres-odertal.de\/pl\/wp-json\/wp\/v2\/pages\/7877"}],"wp:attachment":[{"href":"https:\/\/www.nationalpark-unteres-odertal.de\/pl\/wp-json\/wp\/v2\/media?parent=7887"}],"curies":[{"name":"wp","href":"https:\/\/api.w.org\/{rel}","templated":true}]}}