{"id":8388,"date":"2009-02-05T21:02:34","date_gmt":"2009-02-05T20:02:34","guid":{"rendered":"https:\/\/2021.nationalpark-unteres-odertal.de\/80-lat-ochrony-przyrody-w-dolinie-dolnej-odry\/obszary-problemowe\/rolnictwo\/"},"modified":"2021-11-04T16:10:03","modified_gmt":"2021-11-04T15:10:03","slug":"rolnictwo","status":"publish","type":"page","link":"https:\/\/www.nationalpark-unteres-odertal.de\/pl\/80-lat-ochrony-przyrody-w-dolinie-dolnej-odry\/obszary-problemowe\/rolnictwo\/","title":{"rendered":"Rolnictwo"},"content":{"rendered":"<p><\/p><div class=\"fusion-fullwidth fullwidth-box fusion-builder-row-1 fusion-flex-container ganzoben nonhundred-percent-fullwidth non-hundred-percent-height-scrolling fusion-no-small-visibility\" style=\"--awb-border-radius-top-left:0px;--awb-border-radius-top-right:0px;--awb-border-radius-bottom-right:0px;--awb-border-radius-bottom-left:0px;--awb-padding-top:0px;--awb-margin-top:0px;--awb-margin-bottom:30px;--awb-flex-wrap:wrap;\"><div class=\"fusion-builder-row fusion-row fusion-flex-align-items-flex-start fusion-flex-content-wrap\" style=\"max-width:1248px;margin-left: calc(-4% \/ 2 );margin-right: calc(-4% \/ 2 );\"><div class=\"fusion-layout-column fusion_builder_column fusion-builder-column-0 fusion_builder_column_1_1 1_1 fusion-flex-column fusion-flex-align-self-flex-start\" style=\"--awb-bg-size:cover;--awb-width-large:100%;--awb-margin-top-large:0px;--awb-spacing-right-large:1.92%;--awb-margin-bottom-large:0px;--awb-spacing-left-large:1.92%;--awb-width-medium:100%;--awb-order-medium:0;--awb-spacing-right-medium:1.92%;--awb-spacing-left-medium:1.92%;--awb-width-small:100%;--awb-order-small:0;--awb-spacing-right-small:1.92%;--awb-spacing-left-small:1.92%;\"><div class=\"fusion-column-wrapper fusion-column-has-shadow fusion-flex-justify-content-flex-start fusion-content-layout-column\"><nav class=\"awb-menu awb-menu_row awb-menu_em-hover mobile-mode-collapse-to-button awb-menu_icons-left awb-menu_dc-yes mobile-trigger-fullwidth-off awb-menu_mobile-toggle awb-menu_indent-left mobile-size-full-absolute loading mega-menu-loading awb-menu_desktop awb-menu_dropdown awb-menu_expand-right awb-menu_transition-fade\" style=\"--awb-text-transform:none;--awb-min-height:1em;--awb-bg:#ffffff;--awb-border-radius-top-left:5px;--awb-border-radius-top-right:5px;--awb-border-radius-bottom-right:5px;--awb-border-radius-bottom-left:5px;--awb-gap:15px;--awb-align-items:center;--awb-items-padding-right:10px;--awb-items-padding-left:10px;--awb-border-color:#37731e;--awb-border-top:1px;--awb-border-right:1px;--awb-border-bottom:1px;--awb-border-left:1px;--awb-active-color:#000000;--awb-active-bg:#ffffff;--awb-active-border-top:1px;--awb-active-border-right:1px;--awb-active-border-bottom:1px;--awb-active-border-left:1px;--awb-active-border-color:#c00100;--awb-submenu-bg:#f7f7f7;--awb-submenu-border-radius-top-left:5px;--awb-submenu-border-radius-top-right:5px;--awb-submenu-border-radius-bottom-right:5px;--awb-submenu-border-radius-bottom-left:5px;--awb-submenu-active-bg:#e8e8e8;--awb-submenu-active-color:#37731e;--awb-submenu-space:5px;--awb-submenu-text-transform:none;--awb-main-justify-content:flex-start;--awb-mobile-justify:flex-start;--awb-mobile-caret-left:auto;--awb-mobile-caret-right:0;--awb-box-shadow:3px 3px 4px -1px #919191;;--awb-fusion-font-family-typography:inherit;--awb-fusion-font-style-typography:normal;--awb-fusion-font-weight-typography:400;--awb-fusion-font-family-submenu-typography:inherit;--awb-fusion-font-style-submenu-typography:normal;--awb-fusion-font-weight-submenu-typography:400;--awb-fusion-font-family-mobile-typography:inherit;--awb-fusion-font-style-mobile-typography:normal;--awb-fusion-font-weight-mobile-typography:400;\" aria-label=\"Naturschutz\" data-breakpoint=\"1024\" data-count=\"0\" data-transition-type=\"fade\" data-transition-time=\"300\" data-expand=\"right\"><button type=\"button\" class=\"awb-menu__m-toggle awb-menu__m-toggle_no-text\" aria-expanded=\"false\" aria-controls=\"menu-naturschutz\"><span class=\"awb-menu__m-toggle-inner\"><span class=\"collapsed-nav-text\"><span class=\"screen-reader-text\">Toggle Navigation<\/span><\/span><span class=\"awb-menu__m-collapse-icon awb-menu__m-collapse-icon_no-text\"><span class=\"awb-menu__m-collapse-icon-open awb-menu__m-collapse-icon-open_no-text fa-bars fas\"><\/span><span class=\"awb-menu__m-collapse-icon-close awb-menu__m-collapse-icon-close_no-text fa-times fas\"><\/span><\/span><\/span><\/button><ul id=\"menu-naturschutz-pl\" class=\"fusion-menu awb-menu__main-ul awb-menu__main-ul_row\"><li id=\"menu-item-8446\" class=\"menu-item menu-item-type-post_type menu-item-object-page menu-item-8446 awb-menu__li awb-menu__main-li awb-menu__main-li_regular\" data-item-id=\"8446\"><span class=\"awb-menu__main-background-default awb-menu__main-background-default_fade\"><\/span><span class=\"awb-menu__main-background-active awb-menu__main-background-active_fade\"><\/span><a href=\"https:\/\/www.nationalpark-unteres-odertal.de\/pl\/80-lat-ochrony-przyrody-w-dolinie-dolnej-odry\/projekt-parku-narodowego-i-pasa-nadbrzeznego\/\" class=\"awb-menu__main-a awb-menu__main-a_regular\"><span class=\"menu-text\">Pro\u00adjekt par\u00adku naro\u00addo\u00adwe\u00adgo i pasa nadbrze\u017cnego<\/span><\/a><\/li><li id=\"menu-item-8444\" class=\"menu-item menu-item-type-post_type menu-item-object-page menu-item-8444 awb-menu__li awb-menu__main-li awb-menu__main-li_regular\" data-item-id=\"8444\"><span class=\"awb-menu__main-background-default awb-menu__main-background-default_fade\"><\/span><span class=\"awb-menu__main-background-active awb-menu__main-background-active_fade\"><\/span><a href=\"https:\/\/www.nationalpark-unteres-odertal.de\/pl\/80-lat-ochrony-przyrody-w-dolinie-dolnej-odry\/oredownicy-ochrony-przyrody\/\" class=\"awb-menu__main-a awb-menu__main-a_regular\"><span class=\"menu-text\">Or\u0119\u00addow\u00adni\u00adcy ochro\u00adny przyrody<\/span><\/a><\/li><li id=\"menu-item-8445\" class=\"menu-item menu-item-type-post_type menu-item-object-page menu-item-8445 awb-menu__li awb-menu__main-li awb-menu__main-li_regular\" data-item-id=\"8445\"><span class=\"awb-menu__main-background-default awb-menu__main-background-default_fade\"><\/span><span class=\"awb-menu__main-background-active awb-menu__main-background-active_fade\"><\/span><a href=\"https:\/\/www.nationalpark-unteres-odertal.de\/pl\/80-lat-ochrony-przyrody-w-dolinie-dolnej-odry\/plan-utrzymania-i-rozwoju\/\" class=\"awb-menu__main-a awb-menu__main-a_regular\"><span class=\"menu-text\">Plan utrzy\u00adma\u00adnia i rozwoju<\/span><\/a><\/li><li id=\"menu-item-8437\" class=\"menu-item menu-item-type-post_type menu-item-object-page menu-item-has-children menu-item-8437 awb-menu__li awb-menu__main-li awb-menu__main-li_regular\" data-item-id=\"8437\"><span class=\"awb-menu__main-background-default awb-menu__main-background-default_fade\"><\/span><span class=\"awb-menu__main-background-active awb-menu__main-background-active_fade\"><\/span><a href=\"https:\/\/www.nationalpark-unteres-odertal.de\/pl\/80-lat-ochrony-przyrody-w-dolinie-dolnej-odry\/obszary-problemowe\/\" class=\"awb-menu__main-a awb-menu__main-a_regular\"><span class=\"menu-text\">Obsza\u00adry problemowe<\/span><span class=\"awb-menu__open-nav-submenu-hover\"><\/span><\/a><button type=\"button\" aria-label=\"Open submenu of Obszary problemowe\" aria-expanded=\"false\" class=\"awb-menu__open-nav-submenu_mobile awb-menu__open-nav-submenu_main\"><\/button><ul class=\"awb-menu__sub-ul awb-menu__sub-ul_main\"><li id=\"menu-item-8441\" class=\"menu-item menu-item-type-post_type menu-item-object-page menu-item-8441 awb-menu__li awb-menu__sub-li\"><a href=\"https:\/\/www.nationalpark-unteres-odertal.de\/pl\/80-lat-ochrony-przyrody-w-dolinie-dolnej-odry\/obszary-problemowe\/przemysl\/\" class=\"awb-menu__sub-a\"><span>Prze\u00admys\u0142<\/span><\/a><\/li><li id=\"menu-item-8439\" class=\"menu-item menu-item-type-post_type menu-item-object-page menu-item-8439 awb-menu__li awb-menu__sub-li\"><a href=\"https:\/\/www.nationalpark-unteres-odertal.de\/pl\/80-lat-ochrony-przyrody-w-dolinie-dolnej-odry\/obszary-problemowe\/lesnictwo\/\" class=\"awb-menu__sub-a\"><span>Le\u015bnic\u00adtwo<\/span><\/a><\/li><li id=\"menu-item-8442\" class=\"menu-item menu-item-type-post_type menu-item-object-page menu-item-8442 awb-menu__li awb-menu__sub-li\"><a href=\"https:\/\/www.nationalpark-unteres-odertal.de\/pl\/80-lat-ochrony-przyrody-w-dolinie-dolnej-odry\/obszary-problemowe\/rolnictwo\/\" class=\"awb-menu__sub-a\"><span>Rol\u00adnic\u00adtwo<\/span><\/a><\/li><li id=\"menu-item-8440\" class=\"menu-item menu-item-type-post_type menu-item-object-page menu-item-8440 awb-menu__li awb-menu__sub-li\"><a href=\"https:\/\/www.nationalpark-unteres-odertal.de\/pl\/80-lat-ochrony-przyrody-w-dolinie-dolnej-odry\/obszary-problemowe\/polowanie-wedkarstwo\/\" class=\"awb-menu__sub-a\"><span>My\u015bli\u00adstwo, rybo\u00ad\u0142\u00f3w\u00adstwo i w\u0119dkarstwo<\/span><\/a><\/li><li id=\"menu-item-8438\" class=\"menu-item menu-item-type-post_type menu-item-object-page menu-item-8438 awb-menu__li awb-menu__sub-li\"><a href=\"https:\/\/www.nationalpark-unteres-odertal.de\/pl\/80-lat-ochrony-przyrody-w-dolinie-dolnej-odry\/obszary-problemowe\/gospodarka-wodna\/\" class=\"awb-menu__sub-a\"><span>Gospo\u00addar\u00adka&nbsp;wodna<\/span><\/a><\/li><li id=\"menu-item-8443\" class=\"menu-item menu-item-type-post_type menu-item-object-page menu-item-8443 awb-menu__li awb-menu__sub-li\"><a href=\"https:\/\/www.nationalpark-unteres-odertal.de\/pl\/80-lat-ochrony-przyrody-w-dolinie-dolnej-odry\/obszary-problemowe\/turystyka\/\" class=\"awb-menu__sub-a\"><span>Tury\u00adsty\u00adka<\/span><\/a><\/li><\/ul><\/li><\/ul><\/nav><\/div><\/div><\/div><\/div>\n<div class=\"fusion-fullwidth fullwidth-box fusion-builder-row-2 fusion-flex-container nonhundred-percent-fullwidth non-hundred-percent-height-scrolling\" style=\"--awb-border-radius-top-left:0px;--awb-border-radius-top-right:0px;--awb-border-radius-bottom-right:0px;--awb-border-radius-bottom-left:0px;--awb-flex-wrap:wrap;\"><div class=\"fusion-builder-row fusion-row fusion-flex-align-items-flex-start fusion-flex-content-wrap\" style=\"max-width:1248px;margin-left: calc(-4% \/ 2 );margin-right: calc(-4% \/ 2 );\"><div class=\"fusion-layout-column fusion_builder_column fusion-builder-column-1 fusion_builder_column_1_1 1_1 fusion-flex-column\" style=\"--awb-bg-size:cover;--awb-width-large:100%;--awb-margin-top-large:0px;--awb-spacing-right-large:1.92%;--awb-margin-bottom-large:0px;--awb-spacing-left-large:1.92%;--awb-width-medium:100%;--awb-spacing-right-medium:1.92%;--awb-spacing-left-medium:1.92%;--awb-width-small:100%;--awb-spacing-right-small:1.92%;--awb-spacing-left-small:1.92%;\"><div class=\"fusion-column-wrapper fusion-flex-justify-content-flex-start fusion-content-layout-column\"><div class=\"fusion-text fusion-text-1 awb-text-cols fusion-text-columns-2\" style=\"--awb-columns:2;--awb-column-spacing:2em;--awb-column-min-width:400px;\"><p class=\"rtejustify\"><span class=\"fusion-dropcap dropcap\">P<\/span>roble\u00admem ochro\u00adny przy\u00adro\u00addy jest rywa\u00adli\u00adza\u00adcja o zie\u00admi\u0119 mi\u0119\u00addzy ni\u0105 a rol\u00adnic\u00adtwem. Oba maj\u0105 na celu ten sam obszar. Z tego powo\u00addu pozy\u00adski\u00adwa\u00adnie grun\u00adt\u00f3w na cele ochro\u00adny przy\u00adro\u00addy by\u0142o naj\u00adwa\u017c\u00adniej\u00adszym aspek\u00adtem zakro\u00adjo\u00adne\u00adgo na sze\u00adro\u00adk\u0105 ska\u00adl\u0119 pro\u00adjek\u00adtu ochro\u00adny przy\u00adro\u00addy o zna\u00adcze\u00adniu kra\u00adjo\u00adwym. W\u0142a\u00adsne tere\u00adny sto\u00adwa\u00adrzy\u00adsze\u00adnia, kt\u00f3\u00adre s\u0105 zazwy\u00adczaj ponow\u00adnie wynaj\u00admo\u00adwa\u00adne poprzed\u00adnim najem\u00adcom po wyga\u00ad\u015bni\u0119\u00adciu ist\u00adnie\u00adj\u0105\u00adcych um\u00f3w naj\u00admu, mog\u0105 by\u0107 zarz\u0105\u00addza\u00adne wy\u0142\u0105cz\u00adnie zgod\u00adnie z wymo\u00adga\u00admi ochro\u00adny przy\u00adro\u00addy. Doty\u00adcz\u0105 one na przy\u00adk\u0142ad naj\u00adwcze\u00ad\u015bniej\u00adszych dat u\u017cyt\u00adko\u00adwa\u00adnia i zag\u0119sz\u00adcze\u00adnia inwen\u00adta\u00adrza \u017cywe\u00adgo. Obsza\u00adry wyzna\u00adczo\u00adne lub pla\u00adno\u00adwa\u00adne przez kraj zwi\u0105z\u00adko\u00adwy Bran\u00adden\u00adbur\u00adgia jako obsza\u00adry dzi\u00adkiej przy\u00adro\u00addy maj\u0105 by\u0107 stop\u00adnio\u00adwo wyco\u00adfy\u00adwa\u00adne z u\u017cytkowania.<\/p>\n<p>Od 2000 roku kraj zwi\u0105z\u00adko\u00adwy Bran\u00adden\u00adbur\u00adgia sta\u00adra si\u0119 r\u00f3w\u00adno\u00admier\u00adnie roz\u00addzie\u00adli\u0107 zwi\u0105\u00adza\u00adne z tym ogra\u00adni\u00adcze\u00adnia u\u017cyt\u00adko\u00adwa\u00adnia mi\u0119\u00addzy gospo\u00addar\u00adstwa za pomo\u00adc\u0105 zak\u0142a\u00addo\u00adwej pro\u00adce\u00addu\u00adry sca\u00adla\u00adnia grunt\u00f3w.<\/p>\n<p class=\"rtejustify\">Spo\u00adry mi\u0119\u00addzy rol\u00adnic\u00adtwem a ochro\u00adn\u0105 przy\u00adro\u00addy, z kt\u00f3\u00adrych cz\u0119\u015b\u0107 by\u0142a insce\u00adni\u00adzo\u00adwa\u00adna w mediach, a cza\u00adsa\u00admi spro\u00adwa\u00addza\u00adna do regio\u00adnu z zewn\u0105trz, w du\u017cej mie\u00adrze ode\u00adsz\u0142y w prze\u00adsz\u0142o\u015b\u0107, ponie\u00adwa\u017c finan\u00adso\u00adwa\u00adnie wyga\u00ads\u0142o w 2000 roku i zwi\u0105\u00adza\u00adne z tym male\u00adj\u0105\u00adce szan\u00adse dla pa\u0144\u00adstwa Bran\u00adden\u00adbur\u00adgia wp\u0142y\u00adnie na leasing. Rela\u00adcje mi\u0119\u00addzy sto\u00adwa\u00adrzy\u00adsze\u00adniem jako naj\u00adwi\u0119k\u00adszym w\u0142a\u00ad\u015bci\u00adcie\u00adlem nie\u00adru\u00adcho\u00admo\u00ad\u015bci a dzier\u00ad\u017caw\u00adca\u00admi rol\u00adni\u00adczy\u00admi ule\u00adg\u0142y roz\u00adlu\u017a\u00adnie\u00adniu i unor\u00admo\u00adwa\u00adniu. Wyka\u00adza\u00adno, \u017ce mo\u017c\u00adli\u00adwe jest stop\u00adnio\u00adwe wdra\u00ad\u017ca\u00adnie wymo\u00adg\u00f3w ochro\u00adny przy\u00adro\u00addy zawar\u00adtych w og\u0142o\u00adsze\u00adniu o przy\u00adzna\u00adniu dota\u00adcji bez nad\u00admier\u00adne\u00adgo obci\u0105\u00ad\u017ca\u00adnia lokal\u00adne\u00adgo rol\u00adnic\u00adtwa. W ka\u017c\u00addym razie, ze wzgl\u0119\u00addu na ochro\u00adn\u0119 przy\u00adro\u00addy, \u017cad\u00adne gospo\u00addar\u00adstwo w regio\u00adnie nie musia\u00ad\u0142o by\u0107 zamy\u00adka\u00adne. Tak powin\u00adno pozo\u00adsta\u0107 w przysz\u0142o\u015bci.<\/p>\n<\/div><div class=\"fusion-separator fusion-full-width-sep\" style=\"align-self: center;margin-left: auto;margin-right: auto;margin-top:30px;width:100%;\"><\/div><div class=\"fusion-text fusion-text-2\">\n\t\t<style type=\"text\/css\">\n\t\t\t#gallery-1 {\n\t\t\t\tmargin: auto;\n\t\t\t}\n\t\t\t#gallery-1 .gallery-item {\n\t\t\t\tfloat: left;\n\t\t\t\tmargin-top: 10px;\n\t\t\t\ttext-align: center;\n\t\t\t\twidth: 25%;\n\t\t\t}\n\t\t\t#gallery-1 img {\n\t\t\t\tborder: 2px solid #cfcfcf;\n\t\t\t}\n\t\t\t#gallery-1 .gallery-caption {\n\t\t\t\tmargin-left: 0;\n\t\t\t}\n\t\t\t\/* see gallery_shortcode() in wp-includes\/media.php *\/\n\t\t<\/style>\n\t\t<div id=\"gallery-1\" class=\"gallery galleryid-8388 gallery-columns-4 gallery-size-medium\"><dl class=\"gallery-item\">\n\t\t\t<dt class=\"gallery-icon landscape\">\n\t\t\t\t<a data-rel=\"iLightbox[postimages]\" data-title=\"Bele kiszonki owini\u0119te foli\u0105 plastikow\u0105 w Criewen\" data-caption=\"Bele kiszonki owini\u0119te foli\u0105 plastikow\u0105 w Criewen\" href=\"https:\/\/www.nationalpark-unteres-odertal.de\/wp-content\/uploads\/silageballen-plastikfolie-nationalpark-bei-criewen-voessing.jpg\"><img decoding=\"async\" width=\"500\" height=\"333\" src=\"https:\/\/www.nationalpark-unteres-odertal.de\/wp-content\/uploads\/silageballen-plastikfolie-nationalpark-bei-criewen-voessing-500x333.jpg\" class=\"attachment-medium size-medium lazyload\" alt=\"Bele kiszonki owini\u0119te foli\u0105 plastikow\u0105 w Criewen\" aria-describedby=\"gallery-1-6985\" srcset=\"data:image\/svg+xml,%3Csvg%20xmlns%3D%27http%3A%2F%2Fwww.w3.org%2F2000%2Fsvg%27%20width%3D%271200%27%20height%3D%27800%27%20viewBox%3D%270%200%201200%20800%27%3E%3Crect%20width%3D%271200%27%20height%3D%27800%27%20fill-opacity%3D%220%22%2F%3E%3C%2Fsvg%3E\" data-orig-src=\"https:\/\/www.nationalpark-unteres-odertal.de\/wp-content\/uploads\/silageballen-plastikfolie-nationalpark-bei-criewen-voessing-500x333.jpg\" data-srcset=\"https:\/\/www.nationalpark-unteres-odertal.de\/wp-content\/uploads\/silageballen-plastikfolie-nationalpark-bei-criewen-voessing-200x133.jpg 200w, https:\/\/www.nationalpark-unteres-odertal.de\/wp-content\/uploads\/silageballen-plastikfolie-nationalpark-bei-criewen-voessing-400x267.jpg 400w, https:\/\/www.nationalpark-unteres-odertal.de\/wp-content\/uploads\/silageballen-plastikfolie-nationalpark-bei-criewen-voessing-500x333.jpg 500w, https:\/\/www.nationalpark-unteres-odertal.de\/wp-content\/uploads\/silageballen-plastikfolie-nationalpark-bei-criewen-voessing-600x400.jpg 600w, https:\/\/www.nationalpark-unteres-odertal.de\/wp-content\/uploads\/silageballen-plastikfolie-nationalpark-bei-criewen-voessing-800x533.jpg 800w, https:\/\/www.nationalpark-unteres-odertal.de\/wp-content\/uploads\/silageballen-plastikfolie-nationalpark-bei-criewen-voessing-1024x683.jpg 1024w, https:\/\/www.nationalpark-unteres-odertal.de\/wp-content\/uploads\/silageballen-plastikfolie-nationalpark-bei-criewen-voessing.jpg 1200w\" data-sizes=\"auto\"><\/a>\n\t\t\t<\/dt>\n\t\t\t\t<dd class=\"wp-caption-text gallery-caption\" id=\"gallery-1-6985\">\n\t\t\t\tBele kiszon\u00adki owi\u00adni\u0119\u00adte foli\u0105 pla\u00adsti\u00adko\u00adw\u0105 w Criewen&nbsp;<\/dd><\/dl><dl class=\"gallery-item\">\n\t\t\t<dt class=\"gallery-icon landscape\">\n\t\t\t\t<a data-rel=\"iLightbox[postimages]\" data-title=\"Byd\u0142o Galloway\" data-caption=\"Byd\u0142o Galloway\" href=\"https:\/\/www.nationalpark-unteres-odertal.de\/wp-content\/uploads\/galloways-voessing.jpg\"><img decoding=\"async\" width=\"500\" height=\"333\" src=\"https:\/\/www.nationalpark-unteres-odertal.de\/wp-content\/uploads\/galloways-voessing-500x333.jpg\" class=\"attachment-medium size-medium lazyload\" alt=\"Byd\u0142o Galloway\" aria-describedby=\"gallery-1-6403\" srcset=\"data:image\/svg+xml,%3Csvg%20xmlns%3D%27http%3A%2F%2Fwww.w3.org%2F2000%2Fsvg%27%20width%3D%271200%27%20height%3D%27800%27%20viewBox%3D%270%200%201200%20800%27%3E%3Crect%20width%3D%271200%27%20height%3D%27800%27%20fill-opacity%3D%220%22%2F%3E%3C%2Fsvg%3E\" data-orig-src=\"https:\/\/www.nationalpark-unteres-odertal.de\/wp-content\/uploads\/galloways-voessing-500x333.jpg\" data-srcset=\"https:\/\/www.nationalpark-unteres-odertal.de\/wp-content\/uploads\/galloways-voessing-200x133.jpg 200w, https:\/\/www.nationalpark-unteres-odertal.de\/wp-content\/uploads\/galloways-voessing-400x267.jpg 400w, https:\/\/www.nationalpark-unteres-odertal.de\/wp-content\/uploads\/galloways-voessing-500x333.jpg 500w, https:\/\/www.nationalpark-unteres-odertal.de\/wp-content\/uploads\/galloways-voessing-600x400.jpg 600w, https:\/\/www.nationalpark-unteres-odertal.de\/wp-content\/uploads\/galloways-voessing-800x533.jpg 800w, https:\/\/www.nationalpark-unteres-odertal.de\/wp-content\/uploads\/galloways-voessing-1024x683.jpg 1024w, https:\/\/www.nationalpark-unteres-odertal.de\/wp-content\/uploads\/galloways-voessing.jpg 1200w\" data-sizes=\"auto\"><\/a>\n\t\t\t<\/dt>\n\t\t\t\t<dd class=\"wp-caption-text gallery-caption\" id=\"gallery-1-6403\">\n\t\t\t\tByd\u0142o Galloway&nbsp;<\/dd><\/dl><dl class=\"gallery-item\">\n\t\t\t<dt class=\"gallery-icon landscape\">\n\t\t\t\t<a data-rel=\"iLightbox[postimages]\" data-title=\"Pasterz Meinhard M\u00f6bius ze swoim stadem owiec na suchej trawie w pobli\u017cu Mescherin\" data-caption=\"Pasterz Meinhard M\u00f6bius ze swoim stadem owiec na suchej trawie w pobli\u017cu Mescherin\" href=\"https:\/\/www.nationalpark-unteres-odertal.de\/wp-content\/uploads\/schaefer-meinhard-moebius-mit-seiner-schafherde-auf-den-trockenrasen-bei-mescherin-im-nationalpark-1-voessing.jpg\"><img decoding=\"async\" width=\"500\" height=\"333\" src=\"https:\/\/www.nationalpark-unteres-odertal.de\/wp-content\/uploads\/schaefer-meinhard-moebius-mit-seiner-schafherde-auf-den-trockenrasen-bei-mescherin-im-nationalpark-1-voessing-500x333.jpg\" class=\"attachment-medium size-medium lazyload\" alt=\"Pasterz Meinhard M\u00f6bius ze swoim stadem owiec na suchej trawie w pobli\u017cu Mescherin\" aria-describedby=\"gallery-1-6407\" srcset=\"data:image\/svg+xml,%3Csvg%20xmlns%3D%27http%3A%2F%2Fwww.w3.org%2F2000%2Fsvg%27%20width%3D%271200%27%20height%3D%27800%27%20viewBox%3D%270%200%201200%20800%27%3E%3Crect%20width%3D%271200%27%20height%3D%27800%27%20fill-opacity%3D%220%22%2F%3E%3C%2Fsvg%3E\" data-orig-src=\"https:\/\/www.nationalpark-unteres-odertal.de\/wp-content\/uploads\/schaefer-meinhard-moebius-mit-seiner-schafherde-auf-den-trockenrasen-bei-mescherin-im-nationalpark-1-voessing-500x333.jpg\" data-srcset=\"https:\/\/www.nationalpark-unteres-odertal.de\/wp-content\/uploads\/schaefer-meinhard-moebius-mit-seiner-schafherde-auf-den-trockenrasen-bei-mescherin-im-nationalpark-1-voessing-200x133.jpg 200w, https:\/\/www.nationalpark-unteres-odertal.de\/wp-content\/uploads\/schaefer-meinhard-moebius-mit-seiner-schafherde-auf-den-trockenrasen-bei-mescherin-im-nationalpark-1-voessing-400x267.jpg 400w, https:\/\/www.nationalpark-unteres-odertal.de\/wp-content\/uploads\/schaefer-meinhard-moebius-mit-seiner-schafherde-auf-den-trockenrasen-bei-mescherin-im-nationalpark-1-voessing-500x333.jpg 500w, https:\/\/www.nationalpark-unteres-odertal.de\/wp-content\/uploads\/schaefer-meinhard-moebius-mit-seiner-schafherde-auf-den-trockenrasen-bei-mescherin-im-nationalpark-1-voessing-600x400.jpg 600w, https:\/\/www.nationalpark-unteres-odertal.de\/wp-content\/uploads\/schaefer-meinhard-moebius-mit-seiner-schafherde-auf-den-trockenrasen-bei-mescherin-im-nationalpark-1-voessing-800x533.jpg 800w, https:\/\/www.nationalpark-unteres-odertal.de\/wp-content\/uploads\/schaefer-meinhard-moebius-mit-seiner-schafherde-auf-den-trockenrasen-bei-mescherin-im-nationalpark-1-voessing-1024x683.jpg 1024w, https:\/\/www.nationalpark-unteres-odertal.de\/wp-content\/uploads\/schaefer-meinhard-moebius-mit-seiner-schafherde-auf-den-trockenrasen-bei-mescherin-im-nationalpark-1-voessing.jpg 1200w\" data-sizes=\"auto\"><\/a>\n\t\t\t<\/dt>\n\t\t\t\t<dd class=\"wp-caption-text gallery-caption\" id=\"gallery-1-6407\">\n\t\t\t\tPasterz Mein\u00adhard M\u00f6bius ze swo\u00adim sta\u00addem owiec na suchej tra\u00adwie w pobli\u00ad\u017cu Mescherin&nbsp;<\/dd><\/dl><dl class=\"gallery-item\">\n\t\t\t<dt class=\"gallery-icon landscape\">\n\t\t\t\t<a data-rel=\"iLightbox[postimages]\" data-title=\"Kozy na \u201eg\u00f3rce idiot\u00f3w\u201d pod Felchow\" data-caption=\"Kozy na \u201eg\u00f3rce idiot\u00f3w\u201d pod Felchow\" href=\"https:\/\/www.nationalpark-unteres-odertal.de\/wp-content\/uploads\/ziegen-auf-dem-idiotenhuegel-bei-felchow-2020-2-voessing.jpg\"><img decoding=\"async\" width=\"500\" height=\"333\" src=\"https:\/\/www.nationalpark-unteres-odertal.de\/wp-content\/uploads\/ziegen-auf-dem-idiotenhuegel-bei-felchow-2020-2-voessing-500x333.jpg\" class=\"attachment-medium size-medium lazyload\" alt=\"Kozy na \u201eg\u00f3rce idiot\u00f3w\u201d pod Felchow\" aria-describedby=\"gallery-1-6409\" srcset=\"data:image\/svg+xml,%3Csvg%20xmlns%3D%27http%3A%2F%2Fwww.w3.org%2F2000%2Fsvg%27%20width%3D%271200%27%20height%3D%27800%27%20viewBox%3D%270%200%201200%20800%27%3E%3Crect%20width%3D%271200%27%20height%3D%27800%27%20fill-opacity%3D%220%22%2F%3E%3C%2Fsvg%3E\" data-orig-src=\"https:\/\/www.nationalpark-unteres-odertal.de\/wp-content\/uploads\/ziegen-auf-dem-idiotenhuegel-bei-felchow-2020-2-voessing-500x333.jpg\" data-srcset=\"https:\/\/www.nationalpark-unteres-odertal.de\/wp-content\/uploads\/ziegen-auf-dem-idiotenhuegel-bei-felchow-2020-2-voessing-200x133.jpg 200w, https:\/\/www.nationalpark-unteres-odertal.de\/wp-content\/uploads\/ziegen-auf-dem-idiotenhuegel-bei-felchow-2020-2-voessing-400x267.jpg 400w, https:\/\/www.nationalpark-unteres-odertal.de\/wp-content\/uploads\/ziegen-auf-dem-idiotenhuegel-bei-felchow-2020-2-voessing-500x333.jpg 500w, https:\/\/www.nationalpark-unteres-odertal.de\/wp-content\/uploads\/ziegen-auf-dem-idiotenhuegel-bei-felchow-2020-2-voessing-600x400.jpg 600w, https:\/\/www.nationalpark-unteres-odertal.de\/wp-content\/uploads\/ziegen-auf-dem-idiotenhuegel-bei-felchow-2020-2-voessing-800x533.jpg 800w, https:\/\/www.nationalpark-unteres-odertal.de\/wp-content\/uploads\/ziegen-auf-dem-idiotenhuegel-bei-felchow-2020-2-voessing-1024x683.jpg 1024w, https:\/\/www.nationalpark-unteres-odertal.de\/wp-content\/uploads\/ziegen-auf-dem-idiotenhuegel-bei-felchow-2020-2-voessing.jpg 1200w\" data-sizes=\"auto\"><\/a>\n\t\t\t<\/dt>\n\t\t\t\t<dd class=\"wp-caption-text gallery-caption\" id=\"gallery-1-6409\">\n\t\t\t\tKozy na \u201eg\u00f3r\u00adce idio\u00adt\u00f3w\u201d pod Felchow&nbsp;<\/dd><\/dl><br style=\"clear: both\">\n\t\t<\/div>\n\n<\/div><\/div><\/div><\/div><\/div>\n","protected":false},"excerpt":{"rendered":"","protected":false},"author":1,"featured_media":0,"parent":8361,"menu_order":0,"comment_status":"closed","ping_status":"closed","template":"","meta":{"wp_typography_post_enhancements_disabled":false,"_price":"","_stock":"","_tribe_ticket_header":"","_tribe_default_ticket_provider":"","_tribe_ticket_capacity":"0","_ticket_start_date":"","_ticket_end_date":"","_tribe_ticket_show_description":"","_tribe_ticket_show_not_going":false,"_tribe_ticket_use_global_stock":"","_tribe_ticket_global_stock_level":"","_global_stock_mode":"","_global_stock_cap":"","_tribe_rsvp_for_event":"","_tribe_ticket_going_count":"","_tribe_ticket_not_going_count":"","_tribe_tickets_list":"[]","_tribe_ticket_has_attendee_info_fields":false,"footnotes":""},"class_list":["post-8388","page","type-page","status-publish","hentry"],"yoast_head":"<title>Rolnictwo - Nationalpark Unteres Odertal<\/title>\n<meta name=\"robots\" content=\"index, follow, max-snippet:-1, max-image-preview:large, max-video-preview:-1\" \/>\n<link rel=\"canonical\" href=\"https:\/\/www.nationalpark-unteres-odertal.de\/pl\/80-lat-ochrony-przyrody-w-dolinie-dolnej-odry\/obszary-problemowe\/rolnictwo\/\" \/>\n<meta property=\"og:locale\" content=\"pl_PL\" \/>\n<meta property=\"og:type\" content=\"article\" \/>\n<meta property=\"og:title\" content=\"Rolnictwo - Nationalpark Unteres Odertal\" \/>\n<meta property=\"og:url\" content=\"https:\/\/www.nationalpark-unteres-odertal.de\/pl\/80-lat-ochrony-przyrody-w-dolinie-dolnej-odry\/obszary-problemowe\/rolnictwo\/\" \/>\n<meta property=\"og:site_name\" content=\"Nationalpark Unteres Odertal\" \/>\n<meta property=\"article:modified_time\" content=\"2021-11-04T15:10:03+00:00\" \/>\n<meta name=\"twitter:card\" content=\"summary_large_image\" \/>\n<script type=\"application\/ld+json\" class=\"yoast-schema-graph\">{\"@context\":\"https:\/\/schema.org\",\"@graph\":[{\"@type\":\"WebPage\",\"@id\":\"https:\/\/www.nationalpark-unteres-odertal.de\/pl\/80-lat-ochrony-przyrody-w-dolinie-dolnej-odry\/obszary-problemowe\/rolnictwo\/\",\"url\":\"https:\/\/www.nationalpark-unteres-odertal.de\/pl\/80-lat-ochrony-przyrody-w-dolinie-dolnej-odry\/obszary-problemowe\/rolnictwo\/\",\"name\":\"Rolnictwo - Nationalpark Unteres Odertal\",\"isPartOf\":{\"@id\":\"https:\/\/www.nationalpark-unteres-odertal.de\/pl\/#website\"},\"datePublished\":\"2009-02-05T20:02:34+00:00\",\"dateModified\":\"2021-11-04T15:10:03+00:00\",\"breadcrumb\":{\"@id\":\"https:\/\/www.nationalpark-unteres-odertal.de\/pl\/80-lat-ochrony-przyrody-w-dolinie-dolnej-odry\/obszary-problemowe\/rolnictwo\/#breadcrumb\"},\"inLanguage\":\"pl-PL\",\"potentialAction\":[{\"@type\":\"ReadAction\",\"target\":[\"https:\/\/www.nationalpark-unteres-odertal.de\/pl\/80-lat-ochrony-przyrody-w-dolinie-dolnej-odry\/obszary-problemowe\/rolnictwo\/\"]}]},{\"@type\":\"BreadcrumbList\",\"@id\":\"https:\/\/www.nationalpark-unteres-odertal.de\/pl\/80-lat-ochrony-przyrody-w-dolinie-dolnej-odry\/obszary-problemowe\/rolnictwo\/#breadcrumb\",\"itemListElement\":[{\"@type\":\"ListItem\",\"position\":1,\"name\":\"Strona g\u0142\u00f3wna\",\"item\":\"https:\/\/www.nationalpark-unteres-odertal.de\/pl\/\"},{\"@type\":\"ListItem\",\"position\":2,\"name\":\"80 lat ochrony przyrody w Dolinie Dolnej Odry\",\"item\":\"https:\/\/www.nationalpark-unteres-odertal.de\/pl\/80-lat-ochrony-przyrody-w-dolinie-dolnej-odry\/\"},{\"@type\":\"ListItem\",\"position\":3,\"name\":\"Obszary problemowe\",\"item\":\"https:\/\/www.nationalpark-unteres-odertal.de\/pl\/80-lat-ochrony-przyrody-w-dolinie-dolnej-odry\/obszary-problemowe\/\"},{\"@type\":\"ListItem\",\"position\":4,\"name\":\"Rolnictwo\"}]},{\"@type\":\"WebSite\",\"@id\":\"https:\/\/www.nationalpark-unteres-odertal.de\/pl\/#website\",\"url\":\"https:\/\/www.nationalpark-unteres-odertal.de\/pl\/\",\"name\":\"Nationalpark Unteres Odertal\",\"description\":\"Verein der Freunde des Deutsch-Polnischen Europa-Nationalparks Unteres Odertal e.V. &amp; Nationalparkstiftung Unteres Odertal\",\"publisher\":{\"@id\":\"https:\/\/www.nationalpark-unteres-odertal.de\/pl\/#organization\"},\"potentialAction\":[{\"@type\":\"SearchAction\",\"target\":{\"@type\":\"EntryPoint\",\"urlTemplate\":\"https:\/\/www.nationalpark-unteres-odertal.de\/pl\/?s={search_term_string}\"},\"query-input\":{\"@type\":\"PropertyValueSpecification\",\"valueRequired\":true,\"valueName\":\"search_term_string\"}}],\"inLanguage\":\"pl-PL\"},{\"@type\":\"Organization\",\"@id\":\"https:\/\/www.nationalpark-unteres-odertal.de\/pl\/#organization\",\"name\":\"Verein der Freunde des Deutsch-Polnischen Europa-Nationalparks Unteres Odertal e.V. & Nationalparkstiftung Unteres Odertal\",\"url\":\"https:\/\/www.nationalpark-unteres-odertal.de\/pl\/\",\"logo\":{\"@type\":\"ImageObject\",\"inLanguage\":\"pl-PL\",\"@id\":\"https:\/\/www.nationalpark-unteres-odertal.de\/pl\/#\/schema\/logo\/image\/\",\"url\":\"https:\/\/www.nationalpark-unteres-odertal.de\/wp-content\/uploads\/logos-google.png\",\"contentUrl\":\"https:\/\/www.nationalpark-unteres-odertal.de\/wp-content\/uploads\/logos-google.png\",\"width\":800,\"height\":344,\"caption\":\"Verein der Freunde des Deutsch-Polnischen Europa-Nationalparks Unteres Odertal e.V. & Nationalparkstiftung Unteres Odertal\"},\"image\":{\"@id\":\"https:\/\/www.nationalpark-unteres-odertal.de\/pl\/#\/schema\/logo\/image\/\"}}]}<\/script>","yoast_head_json":{"title":"Rolnictwo - Nationalpark Unteres Odertal","robots":{"index":"index","follow":"follow","max-snippet":"max-snippet:-1","max-image-preview":"max-image-preview:large","max-video-preview":"max-video-preview:-1"},"canonical":"https:\/\/www.nationalpark-unteres-odertal.de\/pl\/80-lat-ochrony-przyrody-w-dolinie-dolnej-odry\/obszary-problemowe\/rolnictwo\/","og_locale":"pl_PL","og_type":"article","og_title":"Rolnictwo - Nationalpark Unteres Odertal","og_url":"https:\/\/www.nationalpark-unteres-odertal.de\/pl\/80-lat-ochrony-przyrody-w-dolinie-dolnej-odry\/obszary-problemowe\/rolnictwo\/","og_site_name":"Nationalpark Unteres Odertal","article_modified_time":"2021-11-04T15:10:03+00:00","twitter_card":"summary_large_image","schema":{"@context":"https:\/\/schema.org","@graph":[{"@type":"WebPage","@id":"https:\/\/www.nationalpark-unteres-odertal.de\/pl\/80-lat-ochrony-przyrody-w-dolinie-dolnej-odry\/obszary-problemowe\/rolnictwo\/","url":"https:\/\/www.nationalpark-unteres-odertal.de\/pl\/80-lat-ochrony-przyrody-w-dolinie-dolnej-odry\/obszary-problemowe\/rolnictwo\/","name":"Rolnictwo - Nationalpark Unteres Odertal","isPartOf":{"@id":"https:\/\/www.nationalpark-unteres-odertal.de\/pl\/#website"},"datePublished":"2009-02-05T20:02:34+00:00","dateModified":"2021-11-04T15:10:03+00:00","breadcrumb":{"@id":"https:\/\/www.nationalpark-unteres-odertal.de\/pl\/80-lat-ochrony-przyrody-w-dolinie-dolnej-odry\/obszary-problemowe\/rolnictwo\/#breadcrumb"},"inLanguage":"pl-PL","potentialAction":[{"@type":"ReadAction","target":["https:\/\/www.nationalpark-unteres-odertal.de\/pl\/80-lat-ochrony-przyrody-w-dolinie-dolnej-odry\/obszary-problemowe\/rolnictwo\/"]}]},{"@type":"BreadcrumbList","@id":"https:\/\/www.nationalpark-unteres-odertal.de\/pl\/80-lat-ochrony-przyrody-w-dolinie-dolnej-odry\/obszary-problemowe\/rolnictwo\/#breadcrumb","itemListElement":[{"@type":"ListItem","position":1,"name":"Strona g\u0142\u00f3wna","item":"https:\/\/www.nationalpark-unteres-odertal.de\/pl\/"},{"@type":"ListItem","position":2,"name":"80 lat ochrony przyrody w Dolinie Dolnej Odry","item":"https:\/\/www.nationalpark-unteres-odertal.de\/pl\/80-lat-ochrony-przyrody-w-dolinie-dolnej-odry\/"},{"@type":"ListItem","position":3,"name":"Obszary problemowe","item":"https:\/\/www.nationalpark-unteres-odertal.de\/pl\/80-lat-ochrony-przyrody-w-dolinie-dolnej-odry\/obszary-problemowe\/"},{"@type":"ListItem","position":4,"name":"Rolnictwo"}]},{"@type":"WebSite","@id":"https:\/\/www.nationalpark-unteres-odertal.de\/pl\/#website","url":"https:\/\/www.nationalpark-unteres-odertal.de\/pl\/","name":"Nationalpark Unteres Odertal","description":"Verein der Freunde des Deutsch-Polnischen Europa-Nationalparks Unteres Odertal e.V. &amp; Nationalparkstiftung Unteres Odertal","publisher":{"@id":"https:\/\/www.nationalpark-unteres-odertal.de\/pl\/#organization"},"potentialAction":[{"@type":"SearchAction","target":{"@type":"EntryPoint","urlTemplate":"https:\/\/www.nationalpark-unteres-odertal.de\/pl\/?s={search_term_string}"},"query-input":{"@type":"PropertyValueSpecification","valueRequired":true,"valueName":"search_term_string"}}],"inLanguage":"pl-PL"},{"@type":"Organization","@id":"https:\/\/www.nationalpark-unteres-odertal.de\/pl\/#organization","name":"Verein der Freunde des Deutsch-Polnischen Europa-Nationalparks Unteres Odertal e.V. & Nationalparkstiftung Unteres Odertal","url":"https:\/\/www.nationalpark-unteres-odertal.de\/pl\/","logo":{"@type":"ImageObject","inLanguage":"pl-PL","@id":"https:\/\/www.nationalpark-unteres-odertal.de\/pl\/#\/schema\/logo\/image\/","url":"https:\/\/www.nationalpark-unteres-odertal.de\/wp-content\/uploads\/logos-google.png","contentUrl":"https:\/\/www.nationalpark-unteres-odertal.de\/wp-content\/uploads\/logos-google.png","width":800,"height":344,"caption":"Verein der Freunde des Deutsch-Polnischen Europa-Nationalparks Unteres Odertal e.V. & Nationalparkstiftung Unteres Odertal"},"image":{"@id":"https:\/\/www.nationalpark-unteres-odertal.de\/pl\/#\/schema\/logo\/image\/"}}]}},"_links":{"self":[{"href":"https:\/\/www.nationalpark-unteres-odertal.de\/pl\/wp-json\/wp\/v2\/pages\/8388","targetHints":{"allow":["GET"]}}],"collection":[{"href":"https:\/\/www.nationalpark-unteres-odertal.de\/pl\/wp-json\/wp\/v2\/pages"}],"about":[{"href":"https:\/\/www.nationalpark-unteres-odertal.de\/pl\/wp-json\/wp\/v2\/types\/page"}],"author":[{"embeddable":true,"href":"https:\/\/www.nationalpark-unteres-odertal.de\/pl\/wp-json\/wp\/v2\/users\/1"}],"replies":[{"embeddable":true,"href":"https:\/\/www.nationalpark-unteres-odertal.de\/pl\/wp-json\/wp\/v2\/comments?post=8388"}],"version-history":[{"count":1,"href":"https:\/\/www.nationalpark-unteres-odertal.de\/pl\/wp-json\/wp\/v2\/pages\/8388\/revisions"}],"predecessor-version":[{"id":9758,"href":"https:\/\/www.nationalpark-unteres-odertal.de\/pl\/wp-json\/wp\/v2\/pages\/8388\/revisions\/9758"}],"up":[{"embeddable":true,"href":"https:\/\/www.nationalpark-unteres-odertal.de\/pl\/wp-json\/wp\/v2\/pages\/8361"}],"wp:attachment":[{"href":"https:\/\/www.nationalpark-unteres-odertal.de\/pl\/wp-json\/wp\/v2\/media?parent=8388"}],"curies":[{"name":"wp","href":"https:\/\/api.w.org\/{rel}","templated":true}]}}