{"id":8402,"date":"2009-02-05T21:23:24","date_gmt":"2009-02-05T20:23:24","guid":{"rendered":"https:\/\/2021.nationalpark-unteres-odertal.de\/80-lat-ochrony-przyrody-w-dolinie-dolnej-odry\/obszary-problemowe\/gospodarka-wodna\/"},"modified":"2021-11-01T17:27:19","modified_gmt":"2021-11-01T16:27:19","slug":"gospodarka-wodna","status":"publish","type":"page","link":"https:\/\/www.nationalpark-unteres-odertal.de\/pl\/80-lat-ochrony-przyrody-w-dolinie-dolnej-odry\/obszary-problemowe\/gospodarka-wodna\/","title":{"rendered":"Gospodarka wodna"},"content":{"rendered":"<p><\/p><div class=\"fusion-fullwidth fullwidth-box fusion-builder-row-1 fusion-flex-container ganzoben nonhundred-percent-fullwidth non-hundred-percent-height-scrolling fusion-no-small-visibility\" style=\"--awb-border-radius-top-left:0px;--awb-border-radius-top-right:0px;--awb-border-radius-bottom-right:0px;--awb-border-radius-bottom-left:0px;--awb-padding-top:0px;--awb-margin-top:0px;--awb-margin-bottom:30px;--awb-flex-wrap:wrap;\"><div class=\"fusion-builder-row fusion-row fusion-flex-align-items-flex-start fusion-flex-content-wrap\" style=\"max-width:1248px;margin-left: calc(-4% \/ 2 );margin-right: calc(-4% \/ 2 );\"><div class=\"fusion-layout-column fusion_builder_column fusion-builder-column-0 fusion_builder_column_1_1 1_1 fusion-flex-column fusion-flex-align-self-flex-start\" style=\"--awb-bg-size:cover;--awb-width-large:100%;--awb-margin-top-large:0px;--awb-spacing-right-large:1.92%;--awb-margin-bottom-large:0px;--awb-spacing-left-large:1.92%;--awb-width-medium:100%;--awb-order-medium:0;--awb-spacing-right-medium:1.92%;--awb-spacing-left-medium:1.92%;--awb-width-small:100%;--awb-order-small:0;--awb-spacing-right-small:1.92%;--awb-spacing-left-small:1.92%;\"><div class=\"fusion-column-wrapper fusion-column-has-shadow fusion-flex-justify-content-flex-start fusion-content-layout-column\"><nav class=\"awb-menu awb-menu_row awb-menu_em-hover mobile-mode-collapse-to-button awb-menu_icons-left awb-menu_dc-yes mobile-trigger-fullwidth-off awb-menu_mobile-toggle awb-menu_indent-left mobile-size-full-absolute loading mega-menu-loading awb-menu_desktop awb-menu_dropdown awb-menu_expand-right awb-menu_transition-fade\" style=\"--awb-text-transform:none;--awb-min-height:1em;--awb-bg:#ffffff;--awb-border-radius-top-left:5px;--awb-border-radius-top-right:5px;--awb-border-radius-bottom-right:5px;--awb-border-radius-bottom-left:5px;--awb-gap:15px;--awb-align-items:center;--awb-items-padding-right:10px;--awb-items-padding-left:10px;--awb-border-color:#37731e;--awb-border-top:1px;--awb-border-right:1px;--awb-border-bottom:1px;--awb-border-left:1px;--awb-active-color:#000000;--awb-active-bg:#ffffff;--awb-active-border-top:1px;--awb-active-border-right:1px;--awb-active-border-bottom:1px;--awb-active-border-left:1px;--awb-active-border-color:#c00100;--awb-submenu-bg:#f7f7f7;--awb-submenu-border-radius-top-left:5px;--awb-submenu-border-radius-top-right:5px;--awb-submenu-border-radius-bottom-right:5px;--awb-submenu-border-radius-bottom-left:5px;--awb-submenu-active-bg:#e8e8e8;--awb-submenu-active-color:#37731e;--awb-submenu-space:5px;--awb-submenu-text-transform:none;--awb-main-justify-content:flex-start;--awb-mobile-justify:flex-start;--awb-mobile-caret-left:auto;--awb-mobile-caret-right:0;--awb-box-shadow:3px 3px 4px -1px #919191;;--awb-fusion-font-family-typography:inherit;--awb-fusion-font-style-typography:normal;--awb-fusion-font-weight-typography:400;--awb-fusion-font-family-submenu-typography:inherit;--awb-fusion-font-style-submenu-typography:normal;--awb-fusion-font-weight-submenu-typography:400;--awb-fusion-font-family-mobile-typography:inherit;--awb-fusion-font-style-mobile-typography:normal;--awb-fusion-font-weight-mobile-typography:400;\" aria-label=\"Naturschutz\" data-breakpoint=\"1024\" data-count=\"0\" data-transition-type=\"fade\" data-transition-time=\"300\" data-expand=\"right\"><button type=\"button\" class=\"awb-menu__m-toggle awb-menu__m-toggle_no-text\" aria-expanded=\"false\" aria-controls=\"menu-naturschutz\"><span class=\"awb-menu__m-toggle-inner\"><span class=\"collapsed-nav-text\"><span class=\"screen-reader-text\">Toggle Navigation<\/span><\/span><span class=\"awb-menu__m-collapse-icon awb-menu__m-collapse-icon_no-text\"><span class=\"awb-menu__m-collapse-icon-open awb-menu__m-collapse-icon-open_no-text fa-bars fas\"><\/span><span class=\"awb-menu__m-collapse-icon-close awb-menu__m-collapse-icon-close_no-text fa-times fas\"><\/span><\/span><\/span><\/button><ul id=\"menu-naturschutz-pl\" class=\"fusion-menu awb-menu__main-ul awb-menu__main-ul_row\"><li id=\"menu-item-8446\" class=\"menu-item menu-item-type-post_type menu-item-object-page menu-item-8446 awb-menu__li awb-menu__main-li awb-menu__main-li_regular\" data-item-id=\"8446\"><span class=\"awb-menu__main-background-default awb-menu__main-background-default_fade\"><\/span><span class=\"awb-menu__main-background-active awb-menu__main-background-active_fade\"><\/span><a href=\"https:\/\/www.nationalpark-unteres-odertal.de\/pl\/80-lat-ochrony-przyrody-w-dolinie-dolnej-odry\/projekt-parku-narodowego-i-pasa-nadbrzeznego\/\" class=\"awb-menu__main-a awb-menu__main-a_regular\"><span class=\"menu-text\">Pro\u00adjekt par\u00adku naro\u00addo\u00adwe\u00adgo i pasa nadbrze\u017cnego<\/span><\/a><\/li><li id=\"menu-item-8444\" class=\"menu-item menu-item-type-post_type menu-item-object-page menu-item-8444 awb-menu__li awb-menu__main-li awb-menu__main-li_regular\" data-item-id=\"8444\"><span class=\"awb-menu__main-background-default awb-menu__main-background-default_fade\"><\/span><span class=\"awb-menu__main-background-active awb-menu__main-background-active_fade\"><\/span><a href=\"https:\/\/www.nationalpark-unteres-odertal.de\/pl\/80-lat-ochrony-przyrody-w-dolinie-dolnej-odry\/oredownicy-ochrony-przyrody\/\" class=\"awb-menu__main-a awb-menu__main-a_regular\"><span class=\"menu-text\">Or\u0119\u00addow\u00adni\u00adcy ochro\u00adny przyrody<\/span><\/a><\/li><li id=\"menu-item-8445\" class=\"menu-item menu-item-type-post_type menu-item-object-page menu-item-8445 awb-menu__li awb-menu__main-li awb-menu__main-li_regular\" data-item-id=\"8445\"><span class=\"awb-menu__main-background-default awb-menu__main-background-default_fade\"><\/span><span class=\"awb-menu__main-background-active awb-menu__main-background-active_fade\"><\/span><a href=\"https:\/\/www.nationalpark-unteres-odertal.de\/pl\/80-lat-ochrony-przyrody-w-dolinie-dolnej-odry\/plan-utrzymania-i-rozwoju\/\" class=\"awb-menu__main-a awb-menu__main-a_regular\"><span class=\"menu-text\">Plan utrzy\u00adma\u00adnia i rozwoju<\/span><\/a><\/li><li id=\"menu-item-8437\" class=\"menu-item menu-item-type-post_type menu-item-object-page menu-item-has-children menu-item-8437 awb-menu__li awb-menu__main-li awb-menu__main-li_regular\" data-item-id=\"8437\"><span class=\"awb-menu__main-background-default awb-menu__main-background-default_fade\"><\/span><span class=\"awb-menu__main-background-active awb-menu__main-background-active_fade\"><\/span><a href=\"https:\/\/www.nationalpark-unteres-odertal.de\/pl\/80-lat-ochrony-przyrody-w-dolinie-dolnej-odry\/obszary-problemowe\/\" class=\"awb-menu__main-a awb-menu__main-a_regular\"><span class=\"menu-text\">Obsza\u00adry problemowe<\/span><span class=\"awb-menu__open-nav-submenu-hover\"><\/span><\/a><button type=\"button\" aria-label=\"Open submenu of Obszary problemowe\" aria-expanded=\"false\" class=\"awb-menu__open-nav-submenu_mobile awb-menu__open-nav-submenu_main\"><\/button><ul class=\"awb-menu__sub-ul awb-menu__sub-ul_main\"><li id=\"menu-item-8441\" class=\"menu-item menu-item-type-post_type menu-item-object-page menu-item-8441 awb-menu__li awb-menu__sub-li\"><a href=\"https:\/\/www.nationalpark-unteres-odertal.de\/pl\/80-lat-ochrony-przyrody-w-dolinie-dolnej-odry\/obszary-problemowe\/przemysl\/\" class=\"awb-menu__sub-a\"><span>Prze\u00admys\u0142<\/span><\/a><\/li><li id=\"menu-item-8439\" class=\"menu-item menu-item-type-post_type menu-item-object-page menu-item-8439 awb-menu__li awb-menu__sub-li\"><a href=\"https:\/\/www.nationalpark-unteres-odertal.de\/pl\/80-lat-ochrony-przyrody-w-dolinie-dolnej-odry\/obszary-problemowe\/lesnictwo\/\" class=\"awb-menu__sub-a\"><span>Le\u015bnic\u00adtwo<\/span><\/a><\/li><li id=\"menu-item-8442\" class=\"menu-item menu-item-type-post_type menu-item-object-page menu-item-8442 awb-menu__li awb-menu__sub-li\"><a href=\"https:\/\/www.nationalpark-unteres-odertal.de\/pl\/80-lat-ochrony-przyrody-w-dolinie-dolnej-odry\/obszary-problemowe\/rolnictwo\/\" class=\"awb-menu__sub-a\"><span>Rol\u00adnic\u00adtwo<\/span><\/a><\/li><li id=\"menu-item-8440\" class=\"menu-item menu-item-type-post_type menu-item-object-page menu-item-8440 awb-menu__li awb-menu__sub-li\"><a href=\"https:\/\/www.nationalpark-unteres-odertal.de\/pl\/80-lat-ochrony-przyrody-w-dolinie-dolnej-odry\/obszary-problemowe\/polowanie-wedkarstwo\/\" class=\"awb-menu__sub-a\"><span>My\u015bli\u00adstwo, rybo\u00ad\u0142\u00f3w\u00adstwo i w\u0119dkarstwo<\/span><\/a><\/li><li id=\"menu-item-8438\" class=\"menu-item menu-item-type-post_type menu-item-object-page menu-item-8438 awb-menu__li awb-menu__sub-li\"><a href=\"https:\/\/www.nationalpark-unteres-odertal.de\/pl\/80-lat-ochrony-przyrody-w-dolinie-dolnej-odry\/obszary-problemowe\/gospodarka-wodna\/\" class=\"awb-menu__sub-a\"><span>Gospo\u00addar\u00adka&nbsp;wodna<\/span><\/a><\/li><li id=\"menu-item-8443\" class=\"menu-item menu-item-type-post_type menu-item-object-page menu-item-8443 awb-menu__li awb-menu__sub-li\"><a href=\"https:\/\/www.nationalpark-unteres-odertal.de\/pl\/80-lat-ochrony-przyrody-w-dolinie-dolnej-odry\/obszary-problemowe\/turystyka\/\" class=\"awb-menu__sub-a\"><span>Tury\u00adsty\u00adka<\/span><\/a><\/li><\/ul><\/li><\/ul><\/nav><\/div><\/div><\/div><\/div>\n<div class=\"fusion-fullwidth fullwidth-box fusion-builder-row-2 fusion-flex-container nonhundred-percent-fullwidth non-hundred-percent-height-scrolling\" style=\"--awb-border-radius-top-left:0px;--awb-border-radius-top-right:0px;--awb-border-radius-bottom-right:0px;--awb-border-radius-bottom-left:0px;--awb-flex-wrap:wrap;\"><div class=\"fusion-builder-row fusion-row fusion-flex-align-items-flex-start fusion-flex-content-wrap\" style=\"max-width:1248px;margin-left: calc(-4% \/ 2 );margin-right: calc(-4% \/ 2 );\"><div class=\"fusion-layout-column fusion_builder_column fusion-builder-column-1 fusion_builder_column_1_1 1_1 fusion-flex-column\" style=\"--awb-bg-size:cover;--awb-width-large:100%;--awb-margin-top-large:0px;--awb-spacing-right-large:1.92%;--awb-margin-bottom-large:0px;--awb-spacing-left-large:1.92%;--awb-width-medium:100%;--awb-spacing-right-medium:1.92%;--awb-spacing-left-medium:1.92%;--awb-width-small:100%;--awb-spacing-right-small:1.92%;--awb-spacing-left-small:1.92%;\"><div class=\"fusion-column-wrapper fusion-flex-justify-content-flex-start fusion-content-layout-column\"><div class=\"fusion-text fusion-text-1 awb-text-cols fusion-text-columns-2\" style=\"--awb-columns:2;--awb-column-spacing:2em;--awb-column-min-width:400px;\"><p class=\"rtejustify\"><span class=\"fusion-dropcap dropcap\">N<\/span>a pocz\u0105t\u00adku XX wie\u00adku stwo\u00adrzo\u00adno funk\u00adcjo\u00adnu\u00adj\u0105\u00adcy do dzi\u015b sys\u00adtem wod\u00adny, kt\u00f3\u00adry mia\u0142 na celu popra\u00adw\u0119 jako\u00ad\u015bci wody zasi\u00adla\u00adj\u0105\u00adcej Ode\u00adrbruch, kt\u00f3\u00adry cier\u00adpia\u0142 z powo\u00addu wil\u00adgo\u00adci, kt\u00f3\u00adra nie odp\u0142y\u00adwa\u00ad\u0142a nawet po upra\u00adwie, zapew\u00adnie\u00adnie ca\u0142o\u00adrocz\u00adnej \u017ceglu\u00adgi pomi\u0119\u00addzy Ber\u00adli\u00adnem a Szcze\u00adci\u00adnem oraz opty\u00adma\u00adli\u00adza\u00adcj\u0119 sytu\u00adacji dla rol\u00adnic\u00adtwa. Mean\u00addru\u00adj\u0105\u00adcy wcze\u00ad\u015bniej Stro\u00admo\u00adder zosta\u0142 prze\u00adnie\u00adsio\u00adny na wschod\u00adni skraj doli\u00adny, pozo\u00adsta\u00ad\u0142e na zachod\u00adnim skra\u00adju sta\u00adro\u00adrze\u00adcza Odry i Welsy po\u0142\u0105\u00adczo\u00adno kil\u00adko\u00adma otwo\u00adra\u00admi z dro\u00adg\u0105 wod\u00adn\u0105 Hohen\u00adsa\u00adaten-Frie\u00addrich\u00adstha\u00adler, kt\u00f3\u00adra jest bez\u00adpo\u00ad\u015bred\u00adnio po\u0142\u0105\u00adczo\u00adna z Zacho\u00addem lub Ba\u0142\u00adty\u00adkiem Morze bez zam\u00adk\u00f3w. Pomi\u0119\u00addzy Hohen\u00adsa\u00adaten-Frie\u00addrich\u00adstha\u00adler Was\u00adser\u00adstra\u00ad\u00dfe na zacho\u00addzie i Stro\u00admo\u00adder na wscho\u00addzie zbu\u00addo\u00adwa\u00adno kil\u00adka na wz\u00f3r holen\u00adder\u00adski<a href=\"https:\/\/www.nationalpark-unteres-odertal.de\/pl\/park-narodowy-doliny-dolnej-odry\/typy-siedlisk\/poldery\/\"> Polde\u00adry<\/a>. W pobli\u00ad\u017cu Crie\u00adwen i Schwedt utwo\u00adrzo\u00adno pod\u00admo\u00adk\u0142e polde\u00adry, kt\u00f3\u00adre s\u0105 zale\u00adwa\u00adne jesie\u00adni\u0105 po otwar\u00adciu struk\u00adtur wlo\u00adto\u00adwych i wylo\u00adto\u00adwych zgod\u00adnie z pozio\u00admem wody Odry. W p\u00f3\u0142\u00adro\u00adczu zimo\u00adwym znacz\u00adna cz\u0119\u015b\u0107 tego wil\u00adgot\u00adne\u00adgo polde\u00adru (4720 ha) przez d\u0142u\u00adgi czas znaj\u00addu\u00adje si\u0119 pod&nbsp;wod\u0105.<\/p>\n<p class=\"rtejustify\">Wio\u00adsn\u0105 woda pocz\u0105t\u00adko\u00adwo sp\u0142y\u00adwa przez kon\u00adstruk\u00adcje odp\u0142y\u00adwo\u00adwe zgod\u00adnie ze spad\u00adkiem, a na koniec pozo\u00adsta\u00ad\u0142a cz\u0119\u015b\u0107 jest odpom\u00adpo\u00adwy\u00adwa\u00adna, co jest kosz\u00adtow\u00adne i ener\u00adgo\u00adch\u0142on\u00adne, naj\u00adpierw zamy\u00adka si\u0119 wlot, a p\u00f3\u017a\u00adniej tak\u00ad\u017ce odp\u0142yw, tak aby poziom wody na polde\u00adrze bywa znacz\u00adnie ni\u017c\u00adszy ni\u017c poziom wody lub opa\u00adda. Daje to rol\u00adni\u00adkom mo\u017c\u00adli\u00adwo\u015b\u0107 korzy\u00adsta\u00adnia z \u0142\u0105k i pastwisk ju\u017c w&nbsp;maju.<\/p>\n\n\t\t<style type=\"text\/css\">\n\t\t\t#gallery-1 {\n\t\t\t\tmargin: auto;\n\t\t\t}\n\t\t\t#gallery-1 .gallery-item {\n\t\t\t\tfloat: left;\n\t\t\t\tmargin-top: 10px;\n\t\t\t\ttext-align: center;\n\t\t\t\twidth: 100%;\n\t\t\t}\n\t\t\t#gallery-1 img {\n\t\t\t\tborder: 2px solid #cfcfcf;\n\t\t\t}\n\t\t\t#gallery-1 .gallery-caption {\n\t\t\t\tmargin-left: 0;\n\t\t\t}\n\t\t\t\/* see gallery_shortcode() in wp-includes\/media.php *\/\n\t\t<\/style>\n\t\t<div id=\"gallery-1\" class=\"gallery galleryid-8402 gallery-columns-1 gallery-size-large\"><dl class=\"gallery-item\">\n\t\t\t<dt class=\"gallery-icon landscape\">\n\t\t\t\t<a data-rel=\"iLightbox[postimages]\" data-title=\"Pompownia Schwedt\" data-caption=\"Pompownia Schwedt\" href=\"https:\/\/www.nationalpark-unteres-odertal.de\/wp-content\/uploads\/schwedter-pumpwerk-voessing.jpg\"><img decoding=\"async\" width=\"1024\" height=\"683\" src=\"https:\/\/www.nationalpark-unteres-odertal.de\/wp-content\/uploads\/schwedter-pumpwerk-voessing-1024x683.jpg\" class=\"attachment-large size-large lazyload\" alt=\"Pompownia Schwedt\" aria-describedby=\"gallery-1-6941\" srcset=\"data:image\/svg+xml,%3Csvg%20xmlns%3D%27http%3A%2F%2Fwww.w3.org%2F2000%2Fsvg%27%20width%3D%271200%27%20height%3D%27800%27%20viewBox%3D%270%200%201200%20800%27%3E%3Crect%20width%3D%271200%27%20height%3D%27800%27%20fill-opacity%3D%220%22%2F%3E%3C%2Fsvg%3E\" data-orig-src=\"https:\/\/www.nationalpark-unteres-odertal.de\/wp-content\/uploads\/schwedter-pumpwerk-voessing-1024x683.jpg\" data-srcset=\"https:\/\/www.nationalpark-unteres-odertal.de\/wp-content\/uploads\/schwedter-pumpwerk-voessing-200x133.jpg 200w, https:\/\/www.nationalpark-unteres-odertal.de\/wp-content\/uploads\/schwedter-pumpwerk-voessing-400x267.jpg 400w, https:\/\/www.nationalpark-unteres-odertal.de\/wp-content\/uploads\/schwedter-pumpwerk-voessing-500x333.jpg 500w, https:\/\/www.nationalpark-unteres-odertal.de\/wp-content\/uploads\/schwedter-pumpwerk-voessing-600x400.jpg 600w, https:\/\/www.nationalpark-unteres-odertal.de\/wp-content\/uploads\/schwedter-pumpwerk-voessing-800x533.jpg 800w, https:\/\/www.nationalpark-unteres-odertal.de\/wp-content\/uploads\/schwedter-pumpwerk-voessing-1024x683.jpg 1024w, https:\/\/www.nationalpark-unteres-odertal.de\/wp-content\/uploads\/schwedter-pumpwerk-voessing.jpg 1200w\" data-sizes=\"auto\"><\/a>\n\t\t\t<\/dt>\n\t\t\t\t<dd class=\"wp-caption-text gallery-caption\" id=\"gallery-1-6941\">\n\t\t\t\tPom\u00adpow\u00adnia Schwedt&nbsp;<\/dd><\/dl><br style=\"clear: both\">\n\t\t<\/div>\n\n<\/div><div class=\"fusion-separator fusion-full-width-sep\" style=\"align-self: center;margin-left: auto;margin-right: auto;margin-top:30px;width:100%;\"><\/div><div class=\"fusion-title title fusion-title-1 sep-underline sep-dotted fusion-title-text fusion-title-size-two\" style=\"--awb-font-size:30px;\"><h2 class=\"fusion-title-heading title-heading-left\" style=\"margin:0;font-size:1em;line-height:20px;\">Problematyczna gospodarka wodna<\/h2><\/div><div class=\"fusion-text fusion-text-2 awb-text-cols fusion-text-columns-2\" style=\"--awb-text-transform:none;--awb-columns:2;--awb-column-spacing:2em;--awb-column-min-width:400px;\">\n\t\t<style type=\"text\/css\">\n\t\t\t#gallery-2 {\n\t\t\t\tmargin: auto;\n\t\t\t}\n\t\t\t#gallery-2 .gallery-item {\n\t\t\t\tfloat: left;\n\t\t\t\tmargin-top: 10px;\n\t\t\t\ttext-align: center;\n\t\t\t\twidth: 100%;\n\t\t\t}\n\t\t\t#gallery-2 img {\n\t\t\t\tborder: 2px solid #cfcfcf;\n\t\t\t}\n\t\t\t#gallery-2 .gallery-caption {\n\t\t\t\tmargin-left: 0;\n\t\t\t}\n\t\t\t\/* see gallery_shortcode() in wp-includes\/media.php *\/\n\t\t<\/style>\n\t\t<div id=\"gallery-2\" class=\"gallery galleryid-8402 gallery-columns-1 gallery-size-large\"><dl class=\"gallery-item\">\n\t\t\t<dt class=\"gallery-icon landscape\">\n\t\t\t\t<a data-rel=\"iLightbox[postimages]\" data-title=\"Instalacja hydrotechniczna na polderze Fiddichower (10)\" data-caption=\"Instalacja hydrotechniczna na polderze Fiddichower (10)\" href=\"https:\/\/www.nationalpark-unteres-odertal.de\/wp-content\/uploads\/wasserbauliche-anlage-fiddichower-polder-10-1-voessing.jpg\"><img decoding=\"async\" width=\"1024\" height=\"683\" src=\"https:\/\/www.nationalpark-unteres-odertal.de\/wp-content\/uploads\/wasserbauliche-anlage-fiddichower-polder-10-1-voessing-1024x683.jpg\" class=\"attachment-large size-large lazyload\" alt=\"Instalacja hydrotechniczna na polderze Fiddichower (10)\" aria-describedby=\"gallery-2-9624\" srcset=\"data:image\/svg+xml,%3Csvg%20xmlns%3D%27http%3A%2F%2Fwww.w3.org%2F2000%2Fsvg%27%20width%3D%271200%27%20height%3D%27800%27%20viewBox%3D%270%200%201200%20800%27%3E%3Crect%20width%3D%271200%27%20height%3D%27800%27%20fill-opacity%3D%220%22%2F%3E%3C%2Fsvg%3E\" data-orig-src=\"https:\/\/www.nationalpark-unteres-odertal.de\/wp-content\/uploads\/wasserbauliche-anlage-fiddichower-polder-10-1-voessing-1024x683.jpg\" data-srcset=\"https:\/\/www.nationalpark-unteres-odertal.de\/wp-content\/uploads\/wasserbauliche-anlage-fiddichower-polder-10-1-voessing-200x133.jpg 200w, https:\/\/www.nationalpark-unteres-odertal.de\/wp-content\/uploads\/wasserbauliche-anlage-fiddichower-polder-10-1-voessing-400x267.jpg 400w, https:\/\/www.nationalpark-unteres-odertal.de\/wp-content\/uploads\/wasserbauliche-anlage-fiddichower-polder-10-1-voessing-500x333.jpg 500w, https:\/\/www.nationalpark-unteres-odertal.de\/wp-content\/uploads\/wasserbauliche-anlage-fiddichower-polder-10-1-voessing-600x400.jpg 600w, https:\/\/www.nationalpark-unteres-odertal.de\/wp-content\/uploads\/wasserbauliche-anlage-fiddichower-polder-10-1-voessing-800x533.jpg 800w, https:\/\/www.nationalpark-unteres-odertal.de\/wp-content\/uploads\/wasserbauliche-anlage-fiddichower-polder-10-1-voessing-1024x683.jpg 1024w, https:\/\/www.nationalpark-unteres-odertal.de\/wp-content\/uploads\/wasserbauliche-anlage-fiddichower-polder-10-1-voessing.jpg 1200w\" data-sizes=\"auto\"><\/a>\n\t\t\t<\/dt>\n\t\t\t\t<dd class=\"wp-caption-text gallery-caption\" id=\"gallery-2-9624\">\n\t\t\t\tInsta\u00adla\u00adcja hydro\u00adtech\u00adnicz\u00adna na polde\u00adrze Fid\u00addi\u00adcho\u00adwer (10)\n\t\t\t\t<\/dd><\/dl><br style=\"clear: both\">\n\t\t<\/div>\n\n<p class=\"rtejustify\">Z eko\u00adlo\u00adgicz\u00adne\u00adgo punk\u00adtu widze\u00adnia ta gospo\u00addar\u00adka wod\u00adna z lat 30. XX wie\u00adku sta\u00adno\u00adwi powa\u017c\u00adny pro\u00adblem, ponie\u00adwa\u017c wie\u00adle spo\u00ad\u0142ecz\u00adno\u00ad\u015bci zamiesz\u00adku\u00adj\u0105\u00adcych tere\u00adny zale\u00adwo\u00adwe, kt\u00f3\u00adre osie\u00addli\u00ad\u0142y si\u0119 tam zim\u0105 i wio\u00adsn\u0105, nagle tra\u00adci swo\u00adje sie\u00addli\u00adska po osu\u00adsze\u00adniu polde\u00adr\u00f3w. W szcze\u00adg\u00f3l\u00adno\u00ad\u015bci pta\u00adki, kt\u00f3\u00adre roz\u00adpo\u00adcz\u0119\u00ad\u0142y dzia\u00ad\u0142al\u00adno\u015b\u0107 l\u0119go\u00adw\u0105 na wy\u017c\u00adszych obsza\u00adrach polde\u00adru os\u0142o\u00adni\u0119\u00adte\u00adgo przed ota\u00adcza\u00adj\u0105\u00adc\u0105 wod\u0105, nagle sia\u00adda\u00adj\u0105 ze szpo\u00adna\u00admi na suchym l\u0105dzie, kt\u00f3\u00adry szyb\u00adko sta\u00adje si\u0119 ofia\u00adr\u0105 dra\u00adpie\u017c\u00adnych ssa\u00adk\u00f3w. Dla par\u00adku naro\u00addo\u00adwe\u00adgo na tere\u00adnach zale\u00adwo\u00adwych jest to sytu\u00adacja nie do utrzymania.<\/p>\n<p class=\"rtejustify\">W ko\u0144\u00adcu, pod sta\u00ad\u0142ym naci\u00adskiem Sto\u00adwa\u00adrzy\u00adsze\u00adnia Par\u00adk\u00f3w Naro\u00addo\u00adwych, admi\u00adni\u00adstra\u00adcja par\u00adku naro\u00addo\u00adwe\u00adgo prze\u00adsta\u00ad\u0142a co roku pom\u00adpo\u00adwa\u0107 przy\u00adnaj\u00admniej na polde\u00adrze Fid\u00addi\u00adchow (10) w 2015 roku. Jed\u00adnak struk\u00adtu\u00adry wlo\u00adto\u00adwe i wylo\u00adto\u00adwe s\u0105 nadal zamkni\u0119\u00adte na wio\u00adsn\u0119. Powin\u00adny jed\u00adnak pozo\u00adsta\u0107 otwar\u00adte przez ca\u0142y rok, jak wyma\u00adga nauko\u00adwe stu\u00addium wyko\u00adnal\u00adno\u00ad\u015bci zle\u00adco\u00adne przez sam rz\u0105d Bran\u00adden\u00adbur\u00adgii. To kolej\u00adny cel, kt\u00f3\u00adry Sto\u00adwa\u00adrzy\u00adsze\u00adnie Par\u00adk\u00f3w Naro\u00addo\u00adwych chce osi\u0105\u00adgn\u0105\u0107 od Admi\u00adni\u00adstra\u00adcji Par\u00adku Naro\u00addo\u00adwe\u00adgo. Ponad\u00adto w innym du\u017cym pod\u00admo\u00adk\u0142ym polde\u00adrze, Crie\u00adwen Schwed\u00adter Polder (A\/B), kon\u00adstruk\u00adcje wlo\u00adtu i wylo\u00adtu powin\u00adny by\u0107 zamy\u00adka\u00adne naj\u00adwcze\u00ad\u015bniej w dniu 31 maja ka\u017c\u00adde\u00adgo roku.  Jest to r\u00f3w\u00adnie\u017c wym\u00f3g wyni\u00adka\u00adj\u0105\u00adcy z nauko\u00adwe\u00adgo stu\u00addium wykonalno\u015bci.<\/p>\n<\/div><div class=\"fusion-separator fusion-full-width-sep\" style=\"align-self: center;margin-left: auto;margin-right: auto;margin-top:30px;width:100%;\"><\/div><div class=\"fusion-title title fusion-title-2 sep-underline sep-dotted fusion-title-text fusion-title-size-two\" style=\"--awb-font-size:30px;\"><h2 class=\"fusion-title-heading title-heading-left\" style=\"margin:0;font-size:1em;line-height:20px;\">Rolnictwo gospodarcze i rozw\u00f3j dzikiej przyrody w konflikcie<\/h2><\/div><div class=\"fusion-text fusion-text-3 awb-text-cols fusion-text-columns-2\" style=\"--awb-columns:2;--awb-column-spacing:2em;--awb-column-min-width:400px;\"><p class=\"rtejustify\">Je\u015bli 50 proc. par\u00adku naro\u00addo\u00adwe\u00adgo ma prze\u00adkszta\u0142\u00adci\u0107 si\u0119 w dzi\u00adkie tere\u00adny zgod\u00adnie z obo\u00adwi\u0105\u00adzu\u00adj\u0105\u00adcym sta\u00adnem praw\u00adnym, woda powin\u00adna mie\u0107 mo\u017c\u00adli\u00adwo\u015b\u0107 swo\u00adbod\u00adne\u00adgo dop\u0142y\u00adwu i odp\u0142y\u00adwu, w zale\u017c\u00adno\u00ad\u015bci od aktu\u00adal\u00adne\u00adgo sta\u00adnu Odry. W przy\u00adpad\u00adku obsza\u00adr\u00f3w rol\u00adni\u00adczych, kt\u00f3\u00adre powin\u00adny by\u0107 nadal upra\u00adwia\u00adne eks\u00adten\u00adsyw\u00adnie (stre\u00adfa II), nale\u00ad\u017cy zapew\u00adni\u0107 pewien (niski!) poziom wody w okre\u00adsie wege\u00adta\u00adcji, aby nadal mo\u017c\u00adna by\u0142o pro\u00adwa\u00addzi\u0107 upra\u00adw\u0119 eko\u00adno\u00admicz\u00adn\u0105. Jest to sto\u00adsun\u00adko\u00adwo \u0142atwe dla Polde\u00adru Fid\u00addi\u00adcho\u00adwer (10), kt\u00f3\u00adry ma sta\u0107 si\u0119 obsza\u00adrem ca\u0142\u00adko\u00adwi\u00adcie dzi\u00adkim, oraz Polde\u00adru Frie\u00addrich\u00adstha\u00adler (5\/6), kt\u00f3\u00adry ma sta\u0107 si\u0119 g\u0142\u00f3w\u00adnie obsza\u00adrem Stre\u00adfy II. Dla Crie\u00adwen Schwed\u00adter Polder (A \/ B), w kt\u00f3\u00adrym obsza\u00adry Stre\u00adfy I i Stre\u00adfy II s\u0105 ze sob\u0105 \u015bci\u00ad\u015ble powi\u0105\u00adza\u00adne, praw\u00addo\u00adpo\u00addob\u00adnie b\u0119dzie bar\u00addzo trud\u00adno stwo\u00adrzy\u0107 warun\u00adki wod\u00adne, kt\u00f3\u00adre odda\u00adj\u0105 spra\u00adwie\u00addli\u00adwo\u015b\u0107 dla rol\u00adnic\u00adtwa i roz\u00adwo\u00adju dzi\u00adkiej przyrody.<\/p>\n<\/div><div class=\"fusion-separator fusion-full-width-sep\" style=\"align-self: center;margin-left: auto;margin-right: auto;margin-top:30px;width:100%;\"><\/div><div class=\"fusion-title title fusion-title-3 sep-underline sep-dotted fusion-title-text fusion-title-size-two\" style=\"--awb-font-size:30px;\"><h2 class=\"fusion-title-heading title-heading-left\" style=\"margin:0;font-size:1em;line-height:20px;\">Hydrauliczne \u015brodki konserwacyjne<\/h2><\/div><div class=\"fusion-text fusion-text-4 awb-text-cols fusion-text-columns-2\" style=\"--awb-columns:2;--awb-column-spacing:2em;--awb-column-min-width:400px;\"><p>Nie bez zna\u00adcze\u00adnia s\u0105 r\u00f3w\u00adnie\u017c hydrau\u00adlicz\u00adne pra\u00adce kon\u00adser\u00adwa\u00adcyj\u00adne na fede\u00adral\u00adnych dro\u00adgach wod\u00adnych, w szcze\u00adg\u00f3l\u00adno\u00ad\u015bci na dro\u00adgach wod\u00adnych Stro\u00admo\u00adder i Hohen\u00adsa\u00adaten-Frie\u00addrich\u00adstha\u00adler. Po tak zwa\u00adnej powo\u00addzi stu\u00adle\u00adcia w 1997 roku wszyst\u00adkie wa\u0142y zosta\u00ad\u0142y boga\u00adto pod\u00adnie\u00adsio\u00adne i posze\u00adrzo\u00adne, na nowo wybu\u00addo\u00adwa\u00adno ostro\u00adgi i u\u0142o\u00ad\u017co\u00adno kamien\u00adne wa\u0142y. Wszyst\u00adkie kon\u00adstruk\u00adcje wlo\u00adto\u00adwe i wylo\u00adto\u00adwe zosta\u00ad\u0142y wyre\u00admon\u00adto\u00adwa\u00adne lub nawet prze\u00adbu\u00addo\u00adwa\u00adne. Wszyst\u00adkie sys\u00adte\u00admy hydro\u00adtech\u00adnicz\u00adne zosta\u00ad\u0142y teraz ponow\u00adnie udo\u00adsko\u00adna\u00adlo\u00adne zgod\u00adnie z obo\u00adwi\u0105\u00adzu\u00adj\u0105\u00adcy\u00admi nor\u00adma\u00admi. W\u0105t\u00adpli\u00adwe jest, czy ta powa\u017c\u00adna inter\u00adwen\u00adcja w jedy\u00adnym w Niem\u00adczech par\u00adku naro\u00addo\u00adwym na tere\u00adnach zale\u00adwo\u00adwych by\u0142a roz\u00ads\u0105d\u00adna i koniecz\u00adna. Z ofi\u00adcjal\u00adne\u00adgo powo\u00addu \u201eochro\u00adna prze\u00adciw\u00adpo\u00adwo\u00addzio\u00adwa\u201d nie by\u0142o dozwo\u00adlo\u00adne \u017cad\u00adne kon\u00adtra\u00adprze\u00adm\u00f3\u00adwie\u00adnie. W przy\u00adsz\u0142o\u00ad\u015bci dzia\u00ad\u0142a\u00adnia kon\u00adser\u00adwa\u00adcyj\u00adne b\u0119d\u0105 pole\u00adga\u00ad\u0142y na zna\u00adle\u00adzie\u00adniu w roz\u00admo\u00adwach z Fede\u00adral\u00adn\u0105 Admi\u00adni\u00adstra\u00adcj\u0105 Dr\u00f3g Wod\u00adnych form, kt\u00f3\u00adre pozwo\u00adl\u0105 na wyko\u00adrzy\u00adsta\u00adnie dr\u00f3g wod\u00adnych jako du\u017ce\u00adgo szla\u00adku \u017ceglu\u00adgo\u00adwe\u00adgo, a jed\u00adno\u00adcze\u00ad\u015bnie w jak naj\u00admniej\u00adszym stop\u00adniu zak\u0142\u00f3\u00adc\u0105 natu\u00adral\u00adn\u0105 r\u00f3w\u00adno\u00adwa\u00adg\u0119, tak jak powin\u00adno to by\u0107 w przy\u00adpad\u00adku kra\u00adjo\u00adwe\u00adgo park. Wci\u0105\u017c jest du\u017co pra\u00adcy (wsp\u00f3\u0142\u00adpra\u00adcy) do wyko\u00adna\u00adnia przez wszyst\u00adkich zaanga\u017cowanych.<\/p>\n\n\t\t<style type=\"text\/css\">\n\t\t\t#gallery-3 {\n\t\t\t\tmargin: auto;\n\t\t\t}\n\t\t\t#gallery-3 .gallery-item {\n\t\t\t\tfloat: left;\n\t\t\t\tmargin-top: 10px;\n\t\t\t\ttext-align: center;\n\t\t\t\twidth: 100%;\n\t\t\t}\n\t\t\t#gallery-3 img {\n\t\t\t\tborder: 2px solid #cfcfcf;\n\t\t\t}\n\t\t\t#gallery-3 .gallery-caption {\n\t\t\t\tmargin-left: 0;\n\t\t\t}\n\t\t\t\/* see gallery_shortcode() in wp-includes\/media.php *\/\n\t\t<\/style>\n\t\t<div id=\"gallery-3\" class=\"gallery galleryid-8402 gallery-columns-1 gallery-size-full\"><dl class=\"gallery-item\">\n\t\t\t<dt class=\"gallery-icon landscape\">\n\t\t\t\t<img decoding=\"async\" width=\"500\" height=\"313\" src=\"https:\/\/www.nationalpark-unteres-odertal.de\/wp-content\/uploads\/pumpwerk-berg.jpg\" class=\"attachment-full size-full lazyload\" alt=\"Przepompownia\" aria-describedby=\"gallery-3-6421\" srcset=\"data:image\/svg+xml,%3Csvg%20xmlns%3D%27http%3A%2F%2Fwww.w3.org%2F2000%2Fsvg%27%20width%3D%27500%27%20height%3D%27313%27%20viewBox%3D%270%200%20500%20313%27%3E%3Crect%20width%3D%27500%27%20height%3D%27313%27%20fill-opacity%3D%220%22%2F%3E%3C%2Fsvg%3E\" data-orig-src=\"https:\/\/www.nationalpark-unteres-odertal.de\/wp-content\/uploads\/pumpwerk-berg.jpg\" data-srcset=\"https:\/\/www.nationalpark-unteres-odertal.de\/wp-content\/uploads\/pumpwerk-berg-200x125.jpg 200w, https:\/\/www.nationalpark-unteres-odertal.de\/wp-content\/uploads\/pumpwerk-berg-400x250.jpg 400w, https:\/\/www.nationalpark-unteres-odertal.de\/wp-content\/uploads\/pumpwerk-berg.jpg 500w\" data-sizes=\"auto\">\n\t\t\t<\/dt>\n\t\t\t\t<dd class=\"wp-caption-text gallery-caption\" id=\"gallery-3-6421\">\n\t\t\t\tPrzepompownia&nbsp;<\/dd><\/dl><br style=\"clear: both\">\n\t\t<\/div>\n\n<\/div><\/div><\/div><\/div><\/div>\n","protected":false},"excerpt":{"rendered":"","protected":false},"author":1,"featured_media":0,"parent":8361,"menu_order":0,"comment_status":"closed","ping_status":"closed","template":"","meta":{"wp_typography_post_enhancements_disabled":false,"_price":"","_stock":"","_tribe_ticket_header":"","_tribe_default_ticket_provider":"","_tribe_ticket_capacity":"0","_ticket_start_date":"","_ticket_end_date":"","_tribe_ticket_show_description":"","_tribe_ticket_show_not_going":false,"_tribe_ticket_use_global_stock":"","_tribe_ticket_global_stock_level":"","_global_stock_mode":"","_global_stock_cap":"","_tribe_rsvp_for_event":"","_tribe_ticket_going_count":"","_tribe_ticket_not_going_count":"","_tribe_tickets_list":"[]","_tribe_ticket_has_attendee_info_fields":false,"footnotes":""},"class_list":["post-8402","page","type-page","status-publish","hentry"],"yoast_head":"<title>Gospodarka wodna - Nationalpark Unteres Odertal<\/title>\n<meta name=\"robots\" content=\"index, follow, max-snippet:-1, max-image-preview:large, max-video-preview:-1\" \/>\n<link rel=\"canonical\" href=\"https:\/\/www.nationalpark-unteres-odertal.de\/pl\/80-lat-ochrony-przyrody-w-dolinie-dolnej-odry\/obszary-problemowe\/gospodarka-wodna\/\" \/>\n<meta property=\"og:locale\" content=\"pl_PL\" \/>\n<meta property=\"og:type\" content=\"article\" \/>\n<meta property=\"og:title\" content=\"Gospodarka wodna - Nationalpark Unteres Odertal\" \/>\n<meta property=\"og:url\" content=\"https:\/\/www.nationalpark-unteres-odertal.de\/pl\/80-lat-ochrony-przyrody-w-dolinie-dolnej-odry\/obszary-problemowe\/gospodarka-wodna\/\" \/>\n<meta property=\"og:site_name\" content=\"Nationalpark Unteres Odertal\" \/>\n<meta property=\"article:modified_time\" content=\"2021-11-01T16:27:19+00:00\" \/>\n<meta name=\"twitter:card\" content=\"summary_large_image\" \/>\n<script type=\"application\/ld+json\" class=\"yoast-schema-graph\">{\"@context\":\"https:\/\/schema.org\",\"@graph\":[{\"@type\":\"WebPage\",\"@id\":\"https:\/\/www.nationalpark-unteres-odertal.de\/pl\/80-lat-ochrony-przyrody-w-dolinie-dolnej-odry\/obszary-problemowe\/gospodarka-wodna\/\",\"url\":\"https:\/\/www.nationalpark-unteres-odertal.de\/pl\/80-lat-ochrony-przyrody-w-dolinie-dolnej-odry\/obszary-problemowe\/gospodarka-wodna\/\",\"name\":\"Gospodarka wodna - Nationalpark Unteres Odertal\",\"isPartOf\":{\"@id\":\"https:\/\/www.nationalpark-unteres-odertal.de\/pl\/#website\"},\"datePublished\":\"2009-02-05T20:23:24+00:00\",\"dateModified\":\"2021-11-01T16:27:19+00:00\",\"breadcrumb\":{\"@id\":\"https:\/\/www.nationalpark-unteres-odertal.de\/pl\/80-lat-ochrony-przyrody-w-dolinie-dolnej-odry\/obszary-problemowe\/gospodarka-wodna\/#breadcrumb\"},\"inLanguage\":\"pl-PL\",\"potentialAction\":[{\"@type\":\"ReadAction\",\"target\":[\"https:\/\/www.nationalpark-unteres-odertal.de\/pl\/80-lat-ochrony-przyrody-w-dolinie-dolnej-odry\/obszary-problemowe\/gospodarka-wodna\/\"]}]},{\"@type\":\"BreadcrumbList\",\"@id\":\"https:\/\/www.nationalpark-unteres-odertal.de\/pl\/80-lat-ochrony-przyrody-w-dolinie-dolnej-odry\/obszary-problemowe\/gospodarka-wodna\/#breadcrumb\",\"itemListElement\":[{\"@type\":\"ListItem\",\"position\":1,\"name\":\"Strona g\u0142\u00f3wna\",\"item\":\"https:\/\/www.nationalpark-unteres-odertal.de\/pl\/\"},{\"@type\":\"ListItem\",\"position\":2,\"name\":\"80 lat ochrony przyrody w Dolinie Dolnej Odry\",\"item\":\"https:\/\/www.nationalpark-unteres-odertal.de\/pl\/80-lat-ochrony-przyrody-w-dolinie-dolnej-odry\/\"},{\"@type\":\"ListItem\",\"position\":3,\"name\":\"Obszary problemowe\",\"item\":\"https:\/\/www.nationalpark-unteres-odertal.de\/pl\/80-lat-ochrony-przyrody-w-dolinie-dolnej-odry\/obszary-problemowe\/\"},{\"@type\":\"ListItem\",\"position\":4,\"name\":\"Gospodarka wodna\"}]},{\"@type\":\"WebSite\",\"@id\":\"https:\/\/www.nationalpark-unteres-odertal.de\/pl\/#website\",\"url\":\"https:\/\/www.nationalpark-unteres-odertal.de\/pl\/\",\"name\":\"Nationalpark Unteres Odertal\",\"description\":\"Verein der Freunde des Deutsch-Polnischen Europa-Nationalparks Unteres Odertal e.V. &amp; Nationalparkstiftung Unteres Odertal\",\"publisher\":{\"@id\":\"https:\/\/www.nationalpark-unteres-odertal.de\/pl\/#organization\"},\"potentialAction\":[{\"@type\":\"SearchAction\",\"target\":{\"@type\":\"EntryPoint\",\"urlTemplate\":\"https:\/\/www.nationalpark-unteres-odertal.de\/pl\/?s={search_term_string}\"},\"query-input\":{\"@type\":\"PropertyValueSpecification\",\"valueRequired\":true,\"valueName\":\"search_term_string\"}}],\"inLanguage\":\"pl-PL\"},{\"@type\":\"Organization\",\"@id\":\"https:\/\/www.nationalpark-unteres-odertal.de\/pl\/#organization\",\"name\":\"Verein der Freunde des Deutsch-Polnischen Europa-Nationalparks Unteres Odertal e.V. & Nationalparkstiftung Unteres Odertal\",\"url\":\"https:\/\/www.nationalpark-unteres-odertal.de\/pl\/\",\"logo\":{\"@type\":\"ImageObject\",\"inLanguage\":\"pl-PL\",\"@id\":\"https:\/\/www.nationalpark-unteres-odertal.de\/pl\/#\/schema\/logo\/image\/\",\"url\":\"https:\/\/www.nationalpark-unteres-odertal.de\/wp-content\/uploads\/logos-google.png\",\"contentUrl\":\"https:\/\/www.nationalpark-unteres-odertal.de\/wp-content\/uploads\/logos-google.png\",\"width\":800,\"height\":344,\"caption\":\"Verein der Freunde des Deutsch-Polnischen Europa-Nationalparks Unteres Odertal e.V. & Nationalparkstiftung Unteres Odertal\"},\"image\":{\"@id\":\"https:\/\/www.nationalpark-unteres-odertal.de\/pl\/#\/schema\/logo\/image\/\"}}]}<\/script>","yoast_head_json":{"title":"Gospodarka wodna - Nationalpark Unteres Odertal","robots":{"index":"index","follow":"follow","max-snippet":"max-snippet:-1","max-image-preview":"max-image-preview:large","max-video-preview":"max-video-preview:-1"},"canonical":"https:\/\/www.nationalpark-unteres-odertal.de\/pl\/80-lat-ochrony-przyrody-w-dolinie-dolnej-odry\/obszary-problemowe\/gospodarka-wodna\/","og_locale":"pl_PL","og_type":"article","og_title":"Gospodarka wodna - Nationalpark Unteres Odertal","og_url":"https:\/\/www.nationalpark-unteres-odertal.de\/pl\/80-lat-ochrony-przyrody-w-dolinie-dolnej-odry\/obszary-problemowe\/gospodarka-wodna\/","og_site_name":"Nationalpark Unteres Odertal","article_modified_time":"2021-11-01T16:27:19+00:00","twitter_card":"summary_large_image","schema":{"@context":"https:\/\/schema.org","@graph":[{"@type":"WebPage","@id":"https:\/\/www.nationalpark-unteres-odertal.de\/pl\/80-lat-ochrony-przyrody-w-dolinie-dolnej-odry\/obszary-problemowe\/gospodarka-wodna\/","url":"https:\/\/www.nationalpark-unteres-odertal.de\/pl\/80-lat-ochrony-przyrody-w-dolinie-dolnej-odry\/obszary-problemowe\/gospodarka-wodna\/","name":"Gospodarka wodna - Nationalpark Unteres Odertal","isPartOf":{"@id":"https:\/\/www.nationalpark-unteres-odertal.de\/pl\/#website"},"datePublished":"2009-02-05T20:23:24+00:00","dateModified":"2021-11-01T16:27:19+00:00","breadcrumb":{"@id":"https:\/\/www.nationalpark-unteres-odertal.de\/pl\/80-lat-ochrony-przyrody-w-dolinie-dolnej-odry\/obszary-problemowe\/gospodarka-wodna\/#breadcrumb"},"inLanguage":"pl-PL","potentialAction":[{"@type":"ReadAction","target":["https:\/\/www.nationalpark-unteres-odertal.de\/pl\/80-lat-ochrony-przyrody-w-dolinie-dolnej-odry\/obszary-problemowe\/gospodarka-wodna\/"]}]},{"@type":"BreadcrumbList","@id":"https:\/\/www.nationalpark-unteres-odertal.de\/pl\/80-lat-ochrony-przyrody-w-dolinie-dolnej-odry\/obszary-problemowe\/gospodarka-wodna\/#breadcrumb","itemListElement":[{"@type":"ListItem","position":1,"name":"Strona g\u0142\u00f3wna","item":"https:\/\/www.nationalpark-unteres-odertal.de\/pl\/"},{"@type":"ListItem","position":2,"name":"80 lat ochrony przyrody w Dolinie Dolnej Odry","item":"https:\/\/www.nationalpark-unteres-odertal.de\/pl\/80-lat-ochrony-przyrody-w-dolinie-dolnej-odry\/"},{"@type":"ListItem","position":3,"name":"Obszary problemowe","item":"https:\/\/www.nationalpark-unteres-odertal.de\/pl\/80-lat-ochrony-przyrody-w-dolinie-dolnej-odry\/obszary-problemowe\/"},{"@type":"ListItem","position":4,"name":"Gospodarka wodna"}]},{"@type":"WebSite","@id":"https:\/\/www.nationalpark-unteres-odertal.de\/pl\/#website","url":"https:\/\/www.nationalpark-unteres-odertal.de\/pl\/","name":"Nationalpark Unteres Odertal","description":"Verein der Freunde des Deutsch-Polnischen Europa-Nationalparks Unteres Odertal e.V. &amp; Nationalparkstiftung Unteres Odertal","publisher":{"@id":"https:\/\/www.nationalpark-unteres-odertal.de\/pl\/#organization"},"potentialAction":[{"@type":"SearchAction","target":{"@type":"EntryPoint","urlTemplate":"https:\/\/www.nationalpark-unteres-odertal.de\/pl\/?s={search_term_string}"},"query-input":{"@type":"PropertyValueSpecification","valueRequired":true,"valueName":"search_term_string"}}],"inLanguage":"pl-PL"},{"@type":"Organization","@id":"https:\/\/www.nationalpark-unteres-odertal.de\/pl\/#organization","name":"Verein der Freunde des Deutsch-Polnischen Europa-Nationalparks Unteres Odertal e.V. & Nationalparkstiftung Unteres Odertal","url":"https:\/\/www.nationalpark-unteres-odertal.de\/pl\/","logo":{"@type":"ImageObject","inLanguage":"pl-PL","@id":"https:\/\/www.nationalpark-unteres-odertal.de\/pl\/#\/schema\/logo\/image\/","url":"https:\/\/www.nationalpark-unteres-odertal.de\/wp-content\/uploads\/logos-google.png","contentUrl":"https:\/\/www.nationalpark-unteres-odertal.de\/wp-content\/uploads\/logos-google.png","width":800,"height":344,"caption":"Verein der Freunde des Deutsch-Polnischen Europa-Nationalparks Unteres Odertal e.V. & Nationalparkstiftung Unteres Odertal"},"image":{"@id":"https:\/\/www.nationalpark-unteres-odertal.de\/pl\/#\/schema\/logo\/image\/"}}]}},"_links":{"self":[{"href":"https:\/\/www.nationalpark-unteres-odertal.de\/pl\/wp-json\/wp\/v2\/pages\/8402","targetHints":{"allow":["GET"]}}],"collection":[{"href":"https:\/\/www.nationalpark-unteres-odertal.de\/pl\/wp-json\/wp\/v2\/pages"}],"about":[{"href":"https:\/\/www.nationalpark-unteres-odertal.de\/pl\/wp-json\/wp\/v2\/types\/page"}],"author":[{"embeddable":true,"href":"https:\/\/www.nationalpark-unteres-odertal.de\/pl\/wp-json\/wp\/v2\/users\/1"}],"replies":[{"embeddable":true,"href":"https:\/\/www.nationalpark-unteres-odertal.de\/pl\/wp-json\/wp\/v2\/comments?post=8402"}],"version-history":[{"count":3,"href":"https:\/\/www.nationalpark-unteres-odertal.de\/pl\/wp-json\/wp\/v2\/pages\/8402\/revisions"}],"predecessor-version":[{"id":9631,"href":"https:\/\/www.nationalpark-unteres-odertal.de\/pl\/wp-json\/wp\/v2\/pages\/8402\/revisions\/9631"}],"up":[{"embeddable":true,"href":"https:\/\/www.nationalpark-unteres-odertal.de\/pl\/wp-json\/wp\/v2\/pages\/8361"}],"wp:attachment":[{"href":"https:\/\/www.nationalpark-unteres-odertal.de\/pl\/wp-json\/wp\/v2\/media?parent=8402"}],"curies":[{"name":"wp","href":"https:\/\/api.w.org\/{rel}","templated":true}]}}