{"id":9029,"date":"2012-10-08T21:37:13","date_gmt":"2012-10-08T19:37:13","guid":{"rendered":"https:\/\/2021.nationalpark-unteres-odertal.de\/duze-ssaki\/tury\/mieso-z-tura\/"},"modified":"2021-10-25T18:06:52","modified_gmt":"2021-10-25T16:06:52","slug":"mieso-z-tura","status":"publish","type":"page","link":"https:\/\/www.nationalpark-unteres-odertal.de\/pl\/duze-ssaki\/tury\/mieso-z-tura\/","title":{"rendered":"Mi\u0119so z&nbsp;tura"},"content":{"rendered":"<p><\/p><div class=\"fusion-fullwidth fullwidth-box fusion-builder-row-1 fusion-flex-container ganzoben nonhundred-percent-fullwidth non-hundred-percent-height-scrolling fusion-no-small-visibility\" style=\"--awb-border-radius-top-left:0px;--awb-border-radius-top-right:0px;--awb-border-radius-bottom-right:0px;--awb-border-radius-bottom-left:0px;--awb-padding-top:0px;--awb-margin-top:0px;--awb-margin-bottom:30px;--awb-flex-wrap:wrap;\"><div class=\"fusion-builder-row fusion-row fusion-flex-align-items-flex-start fusion-flex-content-wrap\" style=\"max-width:1248px;margin-left: calc(-4% \/ 2 );margin-right: calc(-4% \/ 2 );\"><div class=\"fusion-layout-column fusion_builder_column fusion-builder-column-0 fusion_builder_column_1_1 1_1 fusion-flex-column fusion-flex-align-self-flex-start\" style=\"--awb-bg-size:cover;--awb-width-large:100%;--awb-margin-top-large:0px;--awb-spacing-right-large:1.92%;--awb-margin-bottom-large:0px;--awb-spacing-left-large:1.92%;--awb-width-medium:100%;--awb-order-medium:0;--awb-spacing-right-medium:1.92%;--awb-spacing-left-medium:1.92%;--awb-width-small:100%;--awb-order-small:0;--awb-spacing-right-small:1.92%;--awb-spacing-left-small:1.92%;\"><div class=\"fusion-column-wrapper fusion-column-has-shadow fusion-flex-justify-content-flex-start fusion-content-layout-column\"><nav class=\"awb-menu awb-menu_row awb-menu_em-hover mobile-mode-collapse-to-button awb-menu_icons-left awb-menu_dc-yes mobile-trigger-fullwidth-off awb-menu_mobile-toggle awb-menu_indent-left mobile-size-full-absolute loading mega-menu-loading awb-menu_desktop awb-menu_dropdown awb-menu_expand-right awb-menu_transition-fade\" style=\"--awb-text-transform:none;--awb-min-height:1em;--awb-bg:#ffffff;--awb-border-radius-top-left:5px;--awb-border-radius-top-right:5px;--awb-border-radius-bottom-right:5px;--awb-border-radius-bottom-left:5px;--awb-gap:15px;--awb-align-items:center;--awb-items-padding-right:10px;--awb-items-padding-left:10px;--awb-border-color:#37731e;--awb-border-top:1px;--awb-border-right:1px;--awb-border-bottom:1px;--awb-border-left:1px;--awb-active-color:#000000;--awb-active-bg:#ffffff;--awb-active-border-top:1px;--awb-active-border-right:1px;--awb-active-border-bottom:1px;--awb-active-border-left:1px;--awb-active-border-color:#c00100;--awb-submenu-bg:#f7f7f7;--awb-submenu-border-radius-top-left:5px;--awb-submenu-border-radius-top-right:5px;--awb-submenu-border-radius-bottom-right:5px;--awb-submenu-border-radius-bottom-left:5px;--awb-submenu-active-bg:#e8e8e8;--awb-submenu-active-color:#37731e;--awb-submenu-space:5px;--awb-submenu-text-transform:none;--awb-main-justify-content:flex-start;--awb-mobile-justify:flex-start;--awb-mobile-caret-left:auto;--awb-mobile-caret-right:0;--awb-box-shadow:3px 3px 4px -1px #919191;;--awb-fusion-font-family-typography:inherit;--awb-fusion-font-style-typography:normal;--awb-fusion-font-weight-typography:400;--awb-fusion-font-family-submenu-typography:inherit;--awb-fusion-font-style-submenu-typography:normal;--awb-fusion-font-weight-submenu-typography:400;--awb-fusion-font-family-mobile-typography:inherit;--awb-fusion-font-style-mobile-typography:normal;--awb-fusion-font-weight-mobile-typography:400;\" aria-label=\"Gro\u00dfe S\u00e4uger\" data-breakpoint=\"0\" data-count=\"0\" data-transition-type=\"fade\" data-transition-time=\"300\" data-expand=\"right\"><ul id=\"menu-grosse-saeuger-pl\" class=\"fusion-menu awb-menu__main-ul awb-menu__main-ul_row\"><li id=\"menu-item-9064\" class=\"menu-item menu-item-type-post_type menu-item-object-page menu-item-has-children menu-item-9064 awb-menu__li awb-menu__main-li awb-menu__main-li_regular\" data-item-id=\"9064\"><span class=\"awb-menu__main-background-default awb-menu__main-background-default_fade\"><\/span><span class=\"awb-menu__main-background-active awb-menu__main-background-active_fade\"><\/span><a href=\"https:\/\/www.nationalpark-unteres-odertal.de\/pl\/duze-ssaki\/tury\/\" class=\"awb-menu__main-a awb-menu__main-a_regular\"><span class=\"menu-text\">Tury<\/span><span class=\"awb-menu__open-nav-submenu-hover\"><\/span><\/a><button type=\"button\" aria-label=\"Open submenu of Tury\" aria-expanded=\"false\" class=\"awb-menu__open-nav-submenu_mobile awb-menu__open-nav-submenu_main\"><\/button><ul class=\"awb-menu__sub-ul awb-menu__sub-ul_main\"><li id=\"menu-item-9065\" class=\"menu-item menu-item-type-post_type menu-item-object-page menu-item-9065 awb-menu__li awb-menu__sub-li\"><a href=\"https:\/\/www.nationalpark-unteres-odertal.de\/pl\/duze-ssaki\/tury\/mieso-z-tura\/\" class=\"awb-menu__sub-a\"><span>Mi\u0119\u00adso z&nbsp;tura<\/span><\/a><\/li><\/ul><\/li><li id=\"menu-item-9062\" class=\"menu-item menu-item-type-post_type menu-item-object-page menu-item-9062 awb-menu__li awb-menu__main-li awb-menu__main-li_regular\" data-item-id=\"9062\"><span class=\"awb-menu__main-background-default awb-menu__main-background-default_fade\"><\/span><span class=\"awb-menu__main-background-active awb-menu__main-background-active_fade\"><\/span><a href=\"https:\/\/www.nationalpark-unteres-odertal.de\/pl\/duze-ssaki\/bizon\/\" class=\"awb-menu__main-a awb-menu__main-a_regular\"><span class=\"menu-text\">Bizon<\/span><\/a><\/li><li id=\"menu-item-9066\" class=\"menu-item menu-item-type-post_type menu-item-object-page menu-item-9066 awb-menu__li awb-menu__main-li awb-menu__main-li_regular\" data-item-id=\"9066\"><span class=\"awb-menu__main-background-default awb-menu__main-background-default_fade\"><\/span><span class=\"awb-menu__main-background-active awb-menu__main-background-active_fade\"><\/span><a href=\"https:\/\/www.nationalpark-unteres-odertal.de\/pl\/duze-ssaki\/wodny-bawol\/\" class=\"awb-menu__main-a awb-menu__main-a_regular\"><span class=\"menu-text\">Wod\u00adny&nbsp;baw\u00f3\u0142<\/span><\/a><\/li><li id=\"menu-item-9063\" class=\"menu-item menu-item-type-post_type menu-item-object-page menu-item-9063 awb-menu__li awb-menu__main-li awb-menu__main-li_regular\" data-item-id=\"9063\"><span class=\"awb-menu__main-background-default awb-menu__main-background-default_fade\"><\/span><span class=\"awb-menu__main-background-active awb-menu__main-background-active_fade\"><\/span><a href=\"https:\/\/www.nationalpark-unteres-odertal.de\/pl\/duze-ssaki\/dzikie-konie\/\" class=\"awb-menu__main-a awb-menu__main-a_regular\"><span class=\"menu-text\">Dzi\u00adkie&nbsp;konie<\/span><\/a><\/li><\/ul><\/nav><\/div><\/div><\/div><\/div>\n<div class=\"fusion-fullwidth fullwidth-box fusion-builder-row-2 fusion-flex-container nonhundred-percent-fullwidth non-hundred-percent-height-scrolling\" style=\"--awb-border-radius-top-left:0px;--awb-border-radius-top-right:0px;--awb-border-radius-bottom-right:0px;--awb-border-radius-bottom-left:0px;--awb-flex-wrap:wrap;\"><div class=\"fusion-builder-row fusion-row fusion-flex-align-items-flex-start fusion-flex-content-wrap\" style=\"max-width:1248px;margin-left: calc(-4% \/ 2 );margin-right: calc(-4% \/ 2 );\"><div class=\"fusion-layout-column fusion_builder_column fusion-builder-column-1 fusion_builder_column_1_2 1_2 fusion-flex-column\" style=\"--awb-bg-size:cover;--awb-width-large:50%;--awb-margin-top-large:0px;--awb-spacing-right-large:3.84%;--awb-margin-bottom-large:20px;--awb-spacing-left-large:3.84%;--awb-width-medium:50%;--awb-order-medium:0;--awb-spacing-right-medium:3.84%;--awb-spacing-left-medium:3.84%;--awb-width-small:100%;--awb-order-small:0;--awb-spacing-right-small:1.92%;--awb-spacing-left-small:1.92%;\"><div class=\"fusion-column-wrapper fusion-column-has-shadow fusion-flex-justify-content-flex-start fusion-content-layout-column\"><div class=\"fusion-text fusion-text-1 awb-text-cols fusion-text-columns-2\" style=\"--awb-columns:2;--awb-column-spacing:2em;--awb-column-min-width:400px;\"><p><span class=\"fusion-dropcap dropcap\">H<\/span>odow\u00adla naszych zwie\u00adrz\u0105t to po\u0142\u0105\u00adcze\u00adnie ochro\u00adny przy\u00adro\u00addy i rol\u00adnic\u00adtwa. Wie\u00adrzy\u00admy, \u017ce przy\u00adsz\u0142o\u015b\u0107 rol\u00adnic\u00adtwa musi le\u017ce\u0107 w takich for\u00admach hodowli.<\/p>\n<p>Sta\u00addo nasze\u00adgo sto\u00adwa\u00adrzy\u00adsze\u00adnia w oko\u00adli\u00adcach Luno\u00adwa na po\u0142u\u00addniu par\u00adku naro\u00addo\u00adwe\u00adgo powin\u00adno nadal rosn\u0105\u0107. Nad\u00adwy\u017c\u00adki zwie\u00adrz\u0105t, na przy\u00adk\u0142ad m\u0142o\u00adde byki, i tak musz\u0105 zosta\u0107 usu\u00adni\u0119\u00adte, a nie ka\u017c\u00addy m\u0142o\u00addy byk nada\u00adje si\u0119 na buha\u00adja hodow\u00adla\u00adne\u00adgo. Do ubo\u00adju zwie\u00adrz\u0119\u00adta s\u0105 roz\u00adstrze\u00adli\u00adwa\u00adne bez\u00adstre\u00adso\u00adwo na tere\u00adnie i w ma\u0142ym, zna\u00adjo\u00admym<a href=\"http:\/\/www.fleischerei-kuenkel.de\" target=\"_blank\" rel=\"noopener\"> Rze\u017a\u00adnia w \u0141uno\u00adwie<\/a> prze\u00adtwo\u00adrzo\u00adne i pako\u00adwa\u00adne pr\u00f3\u017cniowo.<\/p>\n<p>Je\u015bli spodo\u00adba ci si\u0119 to mi\u0119\u00adso, pomo\u00ad\u017cesz r\u00f3w\u00adnie\u017c w dal\u00adszej hodow\u00adli tura i wie\u00adlu rzad\u00adkim gatun\u00adkom owa\u00add\u00f3w i pta\u00adk\u00f3w, kt\u00f3\u00adre ponow\u00adnie dosta\u00adn\u0105 szan\u00ads\u0119 na pra\u00adwie natu\u00adral\u00adnych pastwiskach.<\/p>\n<\/div><\/div><\/div><div class=\"fusion-layout-column fusion_builder_column fusion-builder-column-2 fusion_builder_column_1_2 1_2 fusion-flex-column\" style=\"--awb-bg-size:cover;--awb-width-large:50%;--awb-margin-top-large:0px;--awb-spacing-right-large:3.84%;--awb-margin-bottom-large:20px;--awb-spacing-left-large:3.84%;--awb-width-medium:50%;--awb-order-medium:0;--awb-spacing-right-medium:3.84%;--awb-spacing-left-medium:3.84%;--awb-width-small:100%;--awb-order-small:0;--awb-spacing-right-small:1.92%;--awb-spacing-left-small:1.92%;\"><div class=\"fusion-column-wrapper fusion-column-has-shadow fusion-flex-justify-content-flex-start fusion-content-layout-column\"><div class=\"fusion-title title fusion-title-1 sep-underline sep-dotted fusion-title-text fusion-title-size-two\" style=\"--awb-font-size:30px;\"><h2 class=\"fusion-title-heading title-heading-left\" style=\"margin:0;font-size:1em;line-height:20px;\">A co mo\u017cesz kupi\u0107?<\/h2><\/div><div class=\"fusion-text fusion-text-2\"><p><img decoding=\"async\" class=\"lazyload alignright size-full wp-image-3734\" src=\"https:\/\/www.nationalpark-unteres-odertal.de\/wp-content\/uploads\/logo-auerochse-250.jpg\" data-orig-src=\"https:\/\/www.nationalpark-unteres-odertal.de\/wp-content\/uploads\/logo-auerochse-250.jpg\" alt=\"Logo \u017cubr\" width=\"250\" height=\"250\" srcset=\"data:image\/svg+xml,%3Csvg%20xmlns%3D%27http%3A%2F%2Fwww.w3.org%2F2000%2Fsvg%27%20width%3D%27250%27%20height%3D%27250%27%20viewBox%3D%270%200%20250%20250%27%3E%3Crect%20width%3D%27250%27%20height%3D%27250%27%20fill-opacity%3D%220%22%2F%3E%3C%2Fsvg%3E\" data-srcset=\"https:\/\/www.nationalpark-unteres-odertal.de\/wp-content\/uploads\/logo-auerochse-250-66x66.jpg 66w, https:\/\/www.nationalpark-unteres-odertal.de\/wp-content\/uploads\/logo-auerochse-250-150x150.jpg 150w, https:\/\/www.nationalpark-unteres-odertal.de\/wp-content\/uploads\/logo-auerochse-250-200x200.jpg 200w, https:\/\/www.nationalpark-unteres-odertal.de\/wp-content\/uploads\/logo-auerochse-250.jpg 250w\" data-sizes=\"auto\" data-orig-sizes=\"(max-width: 250px) 100vw, 250px\">Mo\u017cesz zam\u00f3\u00adwi\u0107 u nas pacz\u00adki, kt\u00f3\u00adre zazwy\u00adczaj zawie\u00adra\u00adj\u0105 pie\u00adcze\u00adnie (udziec, \u017ceber\u00adka), mi\u0119\u00adso z nogi, gulasz, rola\u00addy, mi\u0119\u00adso mie\u00adlo\u00adne i zup\u0119. Wszyst\u00adkie poje\u00addyn\u00adcze sztu\u00adki s\u0105 pako\u00adwa\u00adne pr\u00f3\u017c\u00adnio\u00adwo. Cena za pakiet wyno\u00adsi 55,00&nbsp;\u20ac lub 100,00&nbsp;\u20ac. Filet sprze\u00adda\u00adwa\u00adny jest osob\u00adno jako ca\u0142e sztu\u00adki w cenie 55&nbsp;\u20ac\/kg (sztu\u00adka ok. 1,5&nbsp;kg).<\/p>\n<\/div><\/div><\/div><div class=\"fusion-layout-column fusion_builder_column fusion-builder-column-3 fusion_builder_column_1_1 1_1 fusion-flex-column\" style=\"--awb-bg-size:cover;--awb-width-large:100%;--awb-margin-top-large:0px;--awb-spacing-right-large:1.92%;--awb-margin-bottom-large:0px;--awb-spacing-left-large:1.92%;--awb-width-medium:100%;--awb-spacing-right-medium:1.92%;--awb-spacing-left-medium:1.92%;--awb-width-small:100%;--awb-spacing-right-small:1.92%;--awb-spacing-left-small:1.92%;\"><div class=\"fusion-column-wrapper fusion-flex-justify-content-flex-start fusion-content-layout-column\"><div class=\"fusion-separator fusion-full-width-sep\" style=\"align-self: center;margin-left: auto;margin-right: auto;margin-top:30px;width:100%;\"><\/div><\/div><\/div><div class=\"fusion-layout-column fusion_builder_column fusion-builder-column-4 fusion_builder_column_2_3 2_3 fusion-flex-column\" style=\"--awb-bg-size:cover;--awb-width-large:66.666666666667%;--awb-margin-top-large:0px;--awb-spacing-right-large:2.88%;--awb-margin-bottom-large:20px;--awb-spacing-left-large:2.88%;--awb-width-medium:66.666666666667%;--awb-order-medium:0;--awb-spacing-right-medium:2.88%;--awb-spacing-left-medium:2.88%;--awb-width-small:100%;--awb-order-small:0;--awb-spacing-right-small:1.92%;--awb-spacing-left-small:1.92%;\"><div class=\"fusion-column-wrapper fusion-column-has-shadow fusion-flex-justify-content-flex-start fusion-content-layout-column\"><div class=\"fusion-text fusion-text-3\"><p>Aby\u015b mia\u0142 poj\u0119\u00adcie o tym, co znaj\u00addu\u00adje si\u0119 w opa\u00adko\u00adwa\u00adniach mi\u0119\u00adsa, oto lista cen jed\u00adnost\u00adko\u00adwych. Nie\u00adste\u00adty ze wzgl\u0119\u00add\u00f3w orga\u00adni\u00adza\u00adcyj\u00adnych zazwy\u00adczaj nie jeste\u00ad\u015bmy w sta\u00adnie indy\u00adwi\u00addu\u00adal\u00adnie zesta\u00adwia\u0107 pakiet\u00f3w.<\/p>\n<\/div><\/div><\/div><div class=\"fusion-layout-column fusion_builder_column fusion-builder-column-5 fusion_builder_column_1_3 1_3 fusion-flex-column\" style=\"--awb-bg-size:cover;--awb-width-large:33.333333333333%;--awb-margin-top-large:0px;--awb-spacing-right-large:5.76%;--awb-margin-bottom-large:20px;--awb-spacing-left-large:5.76%;--awb-width-medium:33.333333333333%;--awb-order-medium:0;--awb-spacing-right-medium:5.76%;--awb-spacing-left-medium:5.76%;--awb-width-small:100%;--awb-order-small:0;--awb-spacing-right-small:1.92%;--awb-spacing-left-small:1.92%;\"><div class=\"fusion-column-wrapper fusion-column-has-shadow fusion-flex-justify-content-flex-start fusion-content-layout-column\"><\/div><\/div><div class=\"fusion-layout-column fusion_builder_column fusion-builder-column-6 fusion_builder_column_2_3 2_3 fusion-flex-column\" style=\"--awb-bg-size:cover;--awb-width-large:66.666666666667%;--awb-margin-top-large:0px;--awb-spacing-right-large:2.88%;--awb-margin-bottom-large:20px;--awb-spacing-left-large:2.88%;--awb-width-medium:66.666666666667%;--awb-order-medium:0;--awb-spacing-right-medium:2.88%;--awb-spacing-left-medium:2.88%;--awb-width-small:100%;--awb-order-small:0;--awb-spacing-right-small:1.92%;--awb-spacing-left-small:1.92%;\"><div class=\"fusion-column-wrapper fusion-column-has-shadow fusion-flex-justify-content-flex-start fusion-content-layout-column\">\n<div class=\"table-1\">\n<table width=\"100%\">\n<thead>\n<tr>\n<th style=\"font-size: 18px;\" align=\"left\">Sztu\u00adka<\/th>\n<th style=\"font-size: 18px;\" align=\"left\">Dzia\u0142\u00adka<\/th>\n<th style=\"font-size: 18px;\" align=\"left\">Cena<\/th>\n<\/tr>\n<\/thead>\n<tbody>\n<tr>\n<td align=\"left\">Stek<\/td>\n<td align=\"left\">na kg<\/td>\n<td align=\"left\">25,00&nbsp;\u20ac<\/td>\n<\/tr>\n<tr>\n<td align=\"left\">Pie\u00adcze\u0144, fa\u0142\u00adszy\u00adwy filet, goto\u00adwa\u00adna wo\u0142o\u00adwi\u00adna, pie\u00adcze\u0144 z \u0142opa\u00adty, rolady<\/td>\n<td align=\"left\">na kg<\/td>\n<td align=\"left\">20,00&nbsp;\u20ac<\/td>\n<\/tr>\n<tr>\n<td align=\"left\">Gulasz, mi\u0119\u00adso, mielone<\/td>\n<td align=\"left\">na kg<\/td>\n<td align=\"left\">15,00&nbsp;\u20ac<\/td>\n<\/tr>\n<tr>\n<td align=\"left\">Pla\u00adstry n\u00f3g, w\u0105tr\u00f3b\u00adka, zupa mi\u0119\u00adsna, ser\u00adce, ner\u00adka,&nbsp;ogon<\/td>\n<td align=\"left\">na kg<\/td>\n<td align=\"left\">10,00&nbsp;\u20ac<\/td>\n<\/tr>\n<tr>\n<td align=\"left\">Bokwurst, gril\u00adlo\u00adwa\u00adna kie\u0142basa<\/td>\n<td align=\"left\">na kg<\/td>\n<td align=\"left\">10,00&nbsp;\u20ac<\/td>\n<\/tr>\n<tr>\n<td align=\"left\">Sala\u00admi<\/td>\n<td align=\"left\">na kg<\/td>\n<td align=\"left\">28,00&nbsp;\u20ac<\/td>\n<\/tr>\n<\/tbody>\n<\/table>\n<\/div>\n<div class=\"fusion-separator fusion-full-width-sep\" style=\"align-self: center;margin-left: auto;margin-right: auto;margin-top:30px;width:100%;\"><\/div><div class=\"fusion-text fusion-text-4\"><p>Je\u015bli chcesz kupi\u0107 mi\u0119\u00adso z nasze\u00adgo tura do swo\u00adjej kuch\u00adni, napisz nam swo\u00adje \u017cycze\u00adnia na e\u2011mail<a href=\"mailto:auerochsenfleisch_aus@lunow.org\"> auerochsenfleisch_aus@lunow.org<\/a> lub wejd\u017a na nasz\u0105 stro\u00adn\u0119 \u201ePark Naro\u00addo\u00adwy Mi\u0119\u00adso z Doli\u00adny Dol\u00adnej Odry\u201d za pomo\u00adc\u0105 przy\u00adci\u00adsku po pra\u00adwej stronie.<\/p>\n<p>W listo\u00adpa\u00addzie zn\u00f3w b\u0119dzie\u00admy mor\u00addo\u00adwa\u0107. Two\u00adje zam\u00f3\u00adwie\u00adnia zosta\u00adn\u0105 dostar\u00adczo\u00adne w kolej\u00adno\u00ad\u015bci, w jakiej zosta\u00ad\u0142y otrzymane.<\/p>\n<p>Ale naj\u00adlep\u00adsz\u0105 rze\u00adcz\u0105 jest, \u017ceby\u00ad\u015bmy Ci\u0119 wymie\u00adni\u00adli. Wszyst\u00adkie wymie\u00adnio\u00adne zain\u00adte\u00adre\u00adso\u00adwa\u00adne stro\u00adny przed ka\u017c\u00addym ubo\u00adjem s\u0105 pyta\u00adne o ich pro\u015b\u00adby o zam\u00f3\u00adwie\u00adnie. U\u017cy\u00adwa\u00admy Two\u00adich danych tyl\u00adko w tym&nbsp;celu.<\/p>\n<p><em><strong>Smacz\u00adne\u00adgo!<\/strong><\/em><\/p>\n<\/div><\/div><\/div><div class=\"fusion-layout-column fusion_builder_column fusion-builder-column-7 fusion_builder_column_1_3 1_3 fusion-flex-column\" style=\"--awb-bg-size:cover;--awb-width-large:33.333333333333%;--awb-margin-top-large:0px;--awb-spacing-right-large:5.76%;--awb-margin-bottom-large:20px;--awb-spacing-left-large:5.76%;--awb-width-medium:33.333333333333%;--awb-order-medium:0;--awb-spacing-right-medium:5.76%;--awb-spacing-left-medium:5.76%;--awb-width-small:100%;--awb-order-small:0;--awb-spacing-right-small:1.92%;--awb-spacing-left-small:1.92%;\"><div class=\"fusion-column-wrapper fusion-column-has-shadow fusion-flex-justify-content-flex-start fusion-content-layout-column\"><div class=\"fusion-content-boxes content-boxes columns row fusion-columns-1 fusion-columns-total-1 fusion-content-boxes-1 content-boxes-icon-with-title content-left\" style=\"--awb-backgroundcolor:#ededed;--awb-hover-accent-color:#c00100;--awb-circle-hover-accent-color:#c00100;--awb-item-margin-bottom:40px;\" data-animationoffset=\"top-into-view\"><div style=\"--awb-backgroundcolor:#ededed;\" class=\"fusion-column content-box-column content-box-column content-box-column-1 col-lg-12 col-md-12 col-sm-12 fusion-content-box-hover content-box-column-last content-box-column-last-in-row\"><div class=\"col content-box-wrapper content-wrapper-background link-area-link-icon icon-hover-animation-fade\" data-animationoffset=\"top-into-view\"><div class=\"heading heading-with-icon icon-left\"><div class=\"icon\"><i style=\"border-color:#212934;border-width:0px;background-color:#c00100;box-sizing:content-box;height:40px;width:40px;line-height:40px;border-radius:50%;font-size:20px;\" aria-hidden=\"true\" class=\"fontawesome-icon fa-utensils fas circle-yes\"><\/i><\/div><h2 class=\"content-box-heading\" style=\"--h2_typography-font-size:24px;line-height:29px;\">Mi\u0119so z tura z Lunowa<\/h2><\/div><div class=\"fusion-clearfix\"><\/div><div class=\"content-container\">\n<ul>\n<li>jest to mi\u0119\u00adso ze zwie\u00adrz\u0105t hodo\u00adwa\u00adnych przez ca\u0142y rok na zewn\u0105trz,<\/li>\n<li>miesz\u00adka\u00adj\u0105\u00adcych na du\u017cym pastwi\u00adsku na skra\u00adju par\u00adku narodowego,<\/li>\n<li>rosn\u0105 powo\u00adli, bez paszy tre\u00ad\u015bci\u00adwej i bez lek\u00f3w zapobiegawczych.<\/li>\n<\/ul>\n<\/div><\/div><\/div><div class=\"fusion-clearfix\"><\/div><\/div><div class=\"fusion-separator fusion-full-width-sep\" style=\"align-self: center;margin-left: auto;margin-right: auto;margin-top:30px;width:100%;\"><\/div><div style=\"text-align:center;\"><a class=\"fusion-button button-flat fusion-button-default-size button-default fusion-button-default button-1 fusion-button-span-yes fusion-button-default-type\" target=\"_blank\" rel=\"noopener noreferrer\" href=\"https:\/\/auerochsenfleisch.de\/\"><span class=\"fusion-button-icon-divider button-icon-divider-left\"><i class=\"fa-external-link-alt fas\" aria-hidden=\"true\"><\/i><\/span><span class=\"fusion-button-text fusion-button-text-left\">Zam\u00f3w stro\u00adn\u0119 inter\u00adne\u00adto\u00adw\u0105 \u201cMi\u0119\u00adso Par\u00adku Narodowego\u201d<\/span><\/a><\/div><div class=\"fusion-separator fusion-full-width-sep\" style=\"align-self: center;margin-left: auto;margin-right: auto;margin-top:30px;width:100%;\"><\/div><div style=\"text-align:center;\"><a class=\"fusion-button button-flat fusion-button-default-size button-default fusion-button-default button-2 fusion-button-span-yes fusion-button-default-type\" target=\"lightbox\" rel=\"iLightbox\" href=\"https:\/\/www.nationalpark-unteres-odertal.de\/wp-content\/uploads\/faltblatt-tiere-im-nationalpark-unteres-odertal-1.pdf\"><span class=\"fusion-button-icon-divider button-icon-divider-left\"><i class=\"fa-file-pdf fas\" aria-hidden=\"true\"><\/i><\/span><span class=\"fusion-button-text fusion-button-text-left\">Ulot\u00adka \u201cZwie\u00adrz\u0119\u00adta w Par\u00adku Naro\u00addo\u00adwym Doli\u00adny Dol\u00adnej Odry\u201d (plik&nbsp;PDF)<\/span><\/a><\/div><\/div><\/div><\/div><\/div>\n","protected":false},"excerpt":{"rendered":"","protected":false},"author":1,"featured_media":0,"parent":9019,"menu_order":0,"comment_status":"closed","ping_status":"closed","template":"","meta":{"wp_typography_post_enhancements_disabled":false,"_price":"","_stock":"","_tribe_ticket_header":"","_tribe_default_ticket_provider":"","_tribe_ticket_capacity":"0","_ticket_start_date":"","_ticket_end_date":"","_tribe_ticket_show_description":"","_tribe_ticket_show_not_going":false,"_tribe_ticket_use_global_stock":"","_tribe_ticket_global_stock_level":"","_global_stock_mode":"","_global_stock_cap":"","_tribe_rsvp_for_event":"","_tribe_ticket_going_count":"","_tribe_ticket_not_going_count":"","_tribe_tickets_list":"[]","_tribe_ticket_has_attendee_info_fields":false,"footnotes":""},"class_list":["post-9029","page","type-page","status-publish","hentry"],"yoast_head":"<title>Mi\u0119so z tura - Nationalpark Unteres Odertal<\/title>\n<meta name=\"robots\" content=\"index, follow, max-snippet:-1, max-image-preview:large, max-video-preview:-1\" \/>\n<link rel=\"canonical\" href=\"https:\/\/www.nationalpark-unteres-odertal.de\/pl\/duze-ssaki\/tury\/mieso-z-tura\/\" \/>\n<meta property=\"og:locale\" content=\"pl_PL\" \/>\n<meta property=\"og:type\" content=\"article\" \/>\n<meta property=\"og:title\" content=\"Mi\u0119so z tura - Nationalpark Unteres Odertal\" \/>\n<meta property=\"og:url\" content=\"https:\/\/www.nationalpark-unteres-odertal.de\/pl\/duze-ssaki\/tury\/mieso-z-tura\/\" \/>\n<meta property=\"og:site_name\" content=\"Nationalpark Unteres Odertal\" \/>\n<meta property=\"article:modified_time\" content=\"2021-10-25T16:06:52+00:00\" \/>\n<meta property=\"og:image\" content=\"https:\/\/www.nationalpark-unteres-odertal.de\/wp-content\/uploads\/logo-auerochse-250.jpg\" \/>\n<meta name=\"twitter:card\" content=\"summary_large_image\" \/>\n<script type=\"application\/ld+json\" class=\"yoast-schema-graph\">{\"@context\":\"https:\/\/schema.org\",\"@graph\":[{\"@type\":\"WebPage\",\"@id\":\"https:\/\/www.nationalpark-unteres-odertal.de\/pl\/duze-ssaki\/tury\/mieso-z-tura\/\",\"url\":\"https:\/\/www.nationalpark-unteres-odertal.de\/pl\/duze-ssaki\/tury\/mieso-z-tura\/\",\"name\":\"Mi\u0119so z tura - Nationalpark Unteres Odertal\",\"isPartOf\":{\"@id\":\"https:\/\/www.nationalpark-unteres-odertal.de\/pl\/#website\"},\"primaryImageOfPage\":{\"@id\":\"https:\/\/www.nationalpark-unteres-odertal.de\/pl\/duze-ssaki\/tury\/mieso-z-tura\/#primaryimage\"},\"image\":{\"@id\":\"https:\/\/www.nationalpark-unteres-odertal.de\/pl\/duze-ssaki\/tury\/mieso-z-tura\/#primaryimage\"},\"thumbnailUrl\":\"https:\/\/www.nationalpark-unteres-odertal.de\/wp-content\/uploads\/logo-auerochse-250.jpg\",\"datePublished\":\"2012-10-08T19:37:13+00:00\",\"dateModified\":\"2021-10-25T16:06:52+00:00\",\"breadcrumb\":{\"@id\":\"https:\/\/www.nationalpark-unteres-odertal.de\/pl\/duze-ssaki\/tury\/mieso-z-tura\/#breadcrumb\"},\"inLanguage\":\"pl-PL\",\"potentialAction\":[{\"@type\":\"ReadAction\",\"target\":[\"https:\/\/www.nationalpark-unteres-odertal.de\/pl\/duze-ssaki\/tury\/mieso-z-tura\/\"]}]},{\"@type\":\"ImageObject\",\"inLanguage\":\"pl-PL\",\"@id\":\"https:\/\/www.nationalpark-unteres-odertal.de\/pl\/duze-ssaki\/tury\/mieso-z-tura\/#primaryimage\",\"url\":\"https:\/\/www.nationalpark-unteres-odertal.de\/wp-content\/uploads\/logo-auerochse-250.jpg\",\"contentUrl\":\"https:\/\/www.nationalpark-unteres-odertal.de\/wp-content\/uploads\/logo-auerochse-250.jpg\"},{\"@type\":\"BreadcrumbList\",\"@id\":\"https:\/\/www.nationalpark-unteres-odertal.de\/pl\/duze-ssaki\/tury\/mieso-z-tura\/#breadcrumb\",\"itemListElement\":[{\"@type\":\"ListItem\",\"position\":1,\"name\":\"Strona g\u0142\u00f3wna\",\"item\":\"https:\/\/www.nationalpark-unteres-odertal.de\/pl\/\"},{\"@type\":\"ListItem\",\"position\":2,\"name\":\"Du\u017ce ssaki\",\"item\":\"https:\/\/www.nationalpark-unteres-odertal.de\/pl\/duze-ssaki\/\"},{\"@type\":\"ListItem\",\"position\":3,\"name\":\"Tury\",\"item\":\"https:\/\/www.nationalpark-unteres-odertal.de\/pl\/duze-ssaki\/tury\/\"},{\"@type\":\"ListItem\",\"position\":4,\"name\":\"Mi\u0119so z tura\"}]},{\"@type\":\"WebSite\",\"@id\":\"https:\/\/www.nationalpark-unteres-odertal.de\/pl\/#website\",\"url\":\"https:\/\/www.nationalpark-unteres-odertal.de\/pl\/\",\"name\":\"Nationalpark Unteres Odertal\",\"description\":\"Verein der Freunde des Deutsch-Polnischen Europa-Nationalparks Unteres Odertal e.V. &amp; Nationalparkstiftung Unteres Odertal\",\"publisher\":{\"@id\":\"https:\/\/www.nationalpark-unteres-odertal.de\/pl\/#organization\"},\"potentialAction\":[{\"@type\":\"SearchAction\",\"target\":{\"@type\":\"EntryPoint\",\"urlTemplate\":\"https:\/\/www.nationalpark-unteres-odertal.de\/pl\/?s={search_term_string}\"},\"query-input\":{\"@type\":\"PropertyValueSpecification\",\"valueRequired\":true,\"valueName\":\"search_term_string\"}}],\"inLanguage\":\"pl-PL\"},{\"@type\":\"Organization\",\"@id\":\"https:\/\/www.nationalpark-unteres-odertal.de\/pl\/#organization\",\"name\":\"Verein der Freunde des Deutsch-Polnischen Europa-Nationalparks Unteres Odertal e.V. & Nationalparkstiftung Unteres Odertal\",\"url\":\"https:\/\/www.nationalpark-unteres-odertal.de\/pl\/\",\"logo\":{\"@type\":\"ImageObject\",\"inLanguage\":\"pl-PL\",\"@id\":\"https:\/\/www.nationalpark-unteres-odertal.de\/pl\/#\/schema\/logo\/image\/\",\"url\":\"https:\/\/www.nationalpark-unteres-odertal.de\/wp-content\/uploads\/logos-google.png\",\"contentUrl\":\"https:\/\/www.nationalpark-unteres-odertal.de\/wp-content\/uploads\/logos-google.png\",\"width\":800,\"height\":344,\"caption\":\"Verein der Freunde des Deutsch-Polnischen Europa-Nationalparks Unteres Odertal e.V. & Nationalparkstiftung Unteres Odertal\"},\"image\":{\"@id\":\"https:\/\/www.nationalpark-unteres-odertal.de\/pl\/#\/schema\/logo\/image\/\"}}]}<\/script>","yoast_head_json":{"title":"Mi\u0119so z tura - Nationalpark Unteres Odertal","robots":{"index":"index","follow":"follow","max-snippet":"max-snippet:-1","max-image-preview":"max-image-preview:large","max-video-preview":"max-video-preview:-1"},"canonical":"https:\/\/www.nationalpark-unteres-odertal.de\/pl\/duze-ssaki\/tury\/mieso-z-tura\/","og_locale":"pl_PL","og_type":"article","og_title":"Mi\u0119so z tura - Nationalpark Unteres Odertal","og_url":"https:\/\/www.nationalpark-unteres-odertal.de\/pl\/duze-ssaki\/tury\/mieso-z-tura\/","og_site_name":"Nationalpark Unteres Odertal","article_modified_time":"2021-10-25T16:06:52+00:00","og_image":[{"url":"https:\/\/www.nationalpark-unteres-odertal.de\/wp-content\/uploads\/logo-auerochse-250.jpg","type":"","width":"","height":""}],"twitter_card":"summary_large_image","schema":{"@context":"https:\/\/schema.org","@graph":[{"@type":"WebPage","@id":"https:\/\/www.nationalpark-unteres-odertal.de\/pl\/duze-ssaki\/tury\/mieso-z-tura\/","url":"https:\/\/www.nationalpark-unteres-odertal.de\/pl\/duze-ssaki\/tury\/mieso-z-tura\/","name":"Mi\u0119so z tura - Nationalpark Unteres Odertal","isPartOf":{"@id":"https:\/\/www.nationalpark-unteres-odertal.de\/pl\/#website"},"primaryImageOfPage":{"@id":"https:\/\/www.nationalpark-unteres-odertal.de\/pl\/duze-ssaki\/tury\/mieso-z-tura\/#primaryimage"},"image":{"@id":"https:\/\/www.nationalpark-unteres-odertal.de\/pl\/duze-ssaki\/tury\/mieso-z-tura\/#primaryimage"},"thumbnailUrl":"https:\/\/www.nationalpark-unteres-odertal.de\/wp-content\/uploads\/logo-auerochse-250.jpg","datePublished":"2012-10-08T19:37:13+00:00","dateModified":"2021-10-25T16:06:52+00:00","breadcrumb":{"@id":"https:\/\/www.nationalpark-unteres-odertal.de\/pl\/duze-ssaki\/tury\/mieso-z-tura\/#breadcrumb"},"inLanguage":"pl-PL","potentialAction":[{"@type":"ReadAction","target":["https:\/\/www.nationalpark-unteres-odertal.de\/pl\/duze-ssaki\/tury\/mieso-z-tura\/"]}]},{"@type":"ImageObject","inLanguage":"pl-PL","@id":"https:\/\/www.nationalpark-unteres-odertal.de\/pl\/duze-ssaki\/tury\/mieso-z-tura\/#primaryimage","url":"https:\/\/www.nationalpark-unteres-odertal.de\/wp-content\/uploads\/logo-auerochse-250.jpg","contentUrl":"https:\/\/www.nationalpark-unteres-odertal.de\/wp-content\/uploads\/logo-auerochse-250.jpg"},{"@type":"BreadcrumbList","@id":"https:\/\/www.nationalpark-unteres-odertal.de\/pl\/duze-ssaki\/tury\/mieso-z-tura\/#breadcrumb","itemListElement":[{"@type":"ListItem","position":1,"name":"Strona g\u0142\u00f3wna","item":"https:\/\/www.nationalpark-unteres-odertal.de\/pl\/"},{"@type":"ListItem","position":2,"name":"Du\u017ce ssaki","item":"https:\/\/www.nationalpark-unteres-odertal.de\/pl\/duze-ssaki\/"},{"@type":"ListItem","position":3,"name":"Tury","item":"https:\/\/www.nationalpark-unteres-odertal.de\/pl\/duze-ssaki\/tury\/"},{"@type":"ListItem","position":4,"name":"Mi\u0119so z tura"}]},{"@type":"WebSite","@id":"https:\/\/www.nationalpark-unteres-odertal.de\/pl\/#website","url":"https:\/\/www.nationalpark-unteres-odertal.de\/pl\/","name":"Nationalpark Unteres Odertal","description":"Verein der Freunde des Deutsch-Polnischen Europa-Nationalparks Unteres Odertal e.V. &amp; Nationalparkstiftung Unteres Odertal","publisher":{"@id":"https:\/\/www.nationalpark-unteres-odertal.de\/pl\/#organization"},"potentialAction":[{"@type":"SearchAction","target":{"@type":"EntryPoint","urlTemplate":"https:\/\/www.nationalpark-unteres-odertal.de\/pl\/?s={search_term_string}"},"query-input":{"@type":"PropertyValueSpecification","valueRequired":true,"valueName":"search_term_string"}}],"inLanguage":"pl-PL"},{"@type":"Organization","@id":"https:\/\/www.nationalpark-unteres-odertal.de\/pl\/#organization","name":"Verein der Freunde des Deutsch-Polnischen Europa-Nationalparks Unteres Odertal e.V. & Nationalparkstiftung Unteres Odertal","url":"https:\/\/www.nationalpark-unteres-odertal.de\/pl\/","logo":{"@type":"ImageObject","inLanguage":"pl-PL","@id":"https:\/\/www.nationalpark-unteres-odertal.de\/pl\/#\/schema\/logo\/image\/","url":"https:\/\/www.nationalpark-unteres-odertal.de\/wp-content\/uploads\/logos-google.png","contentUrl":"https:\/\/www.nationalpark-unteres-odertal.de\/wp-content\/uploads\/logos-google.png","width":800,"height":344,"caption":"Verein der Freunde des Deutsch-Polnischen Europa-Nationalparks Unteres Odertal e.V. & Nationalparkstiftung Unteres Odertal"},"image":{"@id":"https:\/\/www.nationalpark-unteres-odertal.de\/pl\/#\/schema\/logo\/image\/"}}]}},"_links":{"self":[{"href":"https:\/\/www.nationalpark-unteres-odertal.de\/pl\/wp-json\/wp\/v2\/pages\/9029","targetHints":{"allow":["GET"]}}],"collection":[{"href":"https:\/\/www.nationalpark-unteres-odertal.de\/pl\/wp-json\/wp\/v2\/pages"}],"about":[{"href":"https:\/\/www.nationalpark-unteres-odertal.de\/pl\/wp-json\/wp\/v2\/types\/page"}],"author":[{"embeddable":true,"href":"https:\/\/www.nationalpark-unteres-odertal.de\/pl\/wp-json\/wp\/v2\/users\/1"}],"replies":[{"embeddable":true,"href":"https:\/\/www.nationalpark-unteres-odertal.de\/pl\/wp-json\/wp\/v2\/comments?post=9029"}],"version-history":[{"count":0,"href":"https:\/\/www.nationalpark-unteres-odertal.de\/pl\/wp-json\/wp\/v2\/pages\/9029\/revisions"}],"up":[{"embeddable":true,"href":"https:\/\/www.nationalpark-unteres-odertal.de\/pl\/wp-json\/wp\/v2\/pages\/9019"}],"wp:attachment":[{"href":"https:\/\/www.nationalpark-unteres-odertal.de\/pl\/wp-json\/wp\/v2\/media?parent=9029"}],"curies":[{"name":"wp","href":"https:\/\/api.w.org\/{rel}","templated":true}]}}