

{"id":9038,"date":"2009-06-21T17:22:59","date_gmt":"2009-06-21T15:22:59","guid":{"rendered":"https:\/\/2021.nationalpark-unteres-odertal.de\/duze-ssaki\/wodny-bawol\/"},"modified":"2021-11-02T16:01:23","modified_gmt":"2021-11-02T15:01:23","slug":"wodny-bawol","status":"publish","type":"page","link":"https:\/\/www.nationalpark-unteres-odertal.de\/pl\/duze-ssaki\/wodny-bawol\/","title":{"rendered":"Wodny baw\u00f3\u0142"},"content":{"rendered":"<p><\/p><div class=\"fusion-fullwidth fullwidth-box fusion-builder-row-1 fusion-flex-container ganzoben nonhundred-percent-fullwidth non-hundred-percent-height-scrolling fusion-no-small-visibility\" style=\"--awb-border-radius-top-left:0px;--awb-border-radius-top-right:0px;--awb-border-radius-bottom-right:0px;--awb-border-radius-bottom-left:0px;--awb-padding-top:0px;--awb-margin-top:0px;--awb-margin-bottom:30px;--awb-flex-wrap:wrap;\"><div class=\"fusion-builder-row fusion-row fusion-flex-align-items-flex-start fusion-flex-content-wrap\" style=\"max-width:1248px;margin-left: calc(-4% \/ 2 );margin-right: calc(-4% \/ 2 );\"><div class=\"fusion-layout-column fusion_builder_column fusion-builder-column-0 fusion_builder_column_1_1 1_1 fusion-flex-column fusion-flex-align-self-flex-start\" style=\"--awb-bg-size:cover;--awb-width-large:100%;--awb-margin-top-large:0px;--awb-spacing-right-large:1.92%;--awb-margin-bottom-large:0px;--awb-spacing-left-large:1.92%;--awb-width-medium:100%;--awb-order-medium:0;--awb-spacing-right-medium:1.92%;--awb-spacing-left-medium:1.92%;--awb-width-small:100%;--awb-order-small:0;--awb-spacing-right-small:1.92%;--awb-spacing-left-small:1.92%;\"><div class=\"fusion-column-wrapper fusion-column-has-shadow fusion-flex-justify-content-flex-start fusion-content-layout-column\"><nav class=\"awb-menu awb-menu_row awb-menu_em-hover mobile-mode-collapse-to-button awb-menu_icons-left awb-menu_dc-yes mobile-trigger-fullwidth-off awb-menu_mobile-toggle awb-menu_indent-left mobile-size-full-absolute loading mega-menu-loading awb-menu_desktop awb-menu_dropdown awb-menu_expand-right awb-menu_transition-fade\" style=\"--awb-text-transform:none;--awb-min-height:1em;--awb-bg:#ffffff;--awb-border-radius-top-left:5px;--awb-border-radius-top-right:5px;--awb-border-radius-bottom-right:5px;--awb-border-radius-bottom-left:5px;--awb-gap:15px;--awb-align-items:center;--awb-items-padding-right:10px;--awb-items-padding-left:10px;--awb-border-color:#37731e;--awb-border-top:1px;--awb-border-right:1px;--awb-border-bottom:1px;--awb-border-left:1px;--awb-active-color:#000000;--awb-active-bg:#ffffff;--awb-active-border-top:1px;--awb-active-border-right:1px;--awb-active-border-bottom:1px;--awb-active-border-left:1px;--awb-active-border-color:#c00100;--awb-submenu-bg:#f7f7f7;--awb-submenu-border-radius-top-left:5px;--awb-submenu-border-radius-top-right:5px;--awb-submenu-border-radius-bottom-right:5px;--awb-submenu-border-radius-bottom-left:5px;--awb-submenu-active-bg:#e8e8e8;--awb-submenu-active-color:#37731e;--awb-submenu-space:5px;--awb-submenu-text-transform:none;--awb-main-justify-content:flex-start;--awb-mobile-justify:flex-start;--awb-mobile-caret-left:auto;--awb-mobile-caret-right:0;--awb-box-shadow:3px 3px 4px -1px #919191;;--awb-fusion-font-family-typography:inherit;--awb-fusion-font-style-typography:normal;--awb-fusion-font-weight-typography:400;--awb-fusion-font-family-submenu-typography:inherit;--awb-fusion-font-style-submenu-typography:normal;--awb-fusion-font-weight-submenu-typography:400;--awb-fusion-font-family-mobile-typography:inherit;--awb-fusion-font-style-mobile-typography:normal;--awb-fusion-font-weight-mobile-typography:400;\" aria-label=\"Gro\u00dfe S\u00e4uger\" data-breakpoint=\"0\" data-count=\"0\" data-transition-type=\"fade\" data-transition-time=\"300\" data-expand=\"right\"><ul id=\"menu-grosse-saeuger-pl\" class=\"fusion-menu awb-menu__main-ul awb-menu__main-ul_row\"><li id=\"menu-item-9064\" class=\"menu-item menu-item-type-post_type menu-item-object-page menu-item-has-children menu-item-9064 awb-menu__li awb-menu__main-li awb-menu__main-li_regular\" data-item-id=\"9064\"><span class=\"awb-menu__main-background-default awb-menu__main-background-default_fade\"><\/span><span class=\"awb-menu__main-background-active awb-menu__main-background-active_fade\"><\/span><a href=\"https:\/\/www.nationalpark-unteres-odertal.de\/pl\/duze-ssaki\/tury\/\" class=\"awb-menu__main-a awb-menu__main-a_regular\"><span class=\"menu-text\">Tury<\/span><span class=\"awb-menu__open-nav-submenu-hover\"><\/span><\/a><button type=\"button\" aria-label=\"Open submenu of Tury\" aria-expanded=\"false\" class=\"awb-menu__open-nav-submenu_mobile awb-menu__open-nav-submenu_main\"><\/button><ul class=\"awb-menu__sub-ul awb-menu__sub-ul_main\"><li id=\"menu-item-9065\" class=\"menu-item menu-item-type-post_type menu-item-object-page menu-item-9065 awb-menu__li awb-menu__sub-li\"><a href=\"https:\/\/www.nationalpark-unteres-odertal.de\/pl\/duze-ssaki\/tury\/mieso-z-tura\/\" class=\"awb-menu__sub-a\"><span>Mi\u0119\u00adso z&nbsp;tura<\/span><\/a><\/li><\/ul><\/li><li id=\"menu-item-9062\" class=\"menu-item menu-item-type-post_type menu-item-object-page menu-item-9062 awb-menu__li awb-menu__main-li awb-menu__main-li_regular\" data-item-id=\"9062\"><span class=\"awb-menu__main-background-default awb-menu__main-background-default_fade\"><\/span><span class=\"awb-menu__main-background-active awb-menu__main-background-active_fade\"><\/span><a href=\"https:\/\/www.nationalpark-unteres-odertal.de\/pl\/duze-ssaki\/bizon\/\" class=\"awb-menu__main-a awb-menu__main-a_regular\"><span class=\"menu-text\">Bizon<\/span><\/a><\/li><li id=\"menu-item-9066\" class=\"menu-item menu-item-type-post_type menu-item-object-page menu-item-9066 awb-menu__li awb-menu__main-li awb-menu__main-li_regular\" data-item-id=\"9066\"><span class=\"awb-menu__main-background-default awb-menu__main-background-default_fade\"><\/span><span class=\"awb-menu__main-background-active awb-menu__main-background-active_fade\"><\/span><a href=\"https:\/\/www.nationalpark-unteres-odertal.de\/pl\/duze-ssaki\/wodny-bawol\/\" class=\"awb-menu__main-a awb-menu__main-a_regular\"><span class=\"menu-text\">Wod\u00adny&nbsp;baw\u00f3\u0142<\/span><\/a><\/li><li id=\"menu-item-9063\" class=\"menu-item menu-item-type-post_type menu-item-object-page menu-item-9063 awb-menu__li awb-menu__main-li awb-menu__main-li_regular\" data-item-id=\"9063\"><span class=\"awb-menu__main-background-default awb-menu__main-background-default_fade\"><\/span><span class=\"awb-menu__main-background-active awb-menu__main-background-active_fade\"><\/span><a href=\"https:\/\/www.nationalpark-unteres-odertal.de\/pl\/duze-ssaki\/dzikie-konie\/\" class=\"awb-menu__main-a awb-menu__main-a_regular\"><span class=\"menu-text\">Dzi\u00adkie&nbsp;konie<\/span><\/a><\/li><\/ul><\/nav><\/div><\/div><\/div><\/div>\n<div class=\"fusion-fullwidth fullwidth-box fusion-builder-row-2 fusion-flex-container nonhundred-percent-fullwidth non-hundred-percent-height-scrolling\" style=\"--awb-border-radius-top-left:0px;--awb-border-radius-top-right:0px;--awb-border-radius-bottom-right:0px;--awb-border-radius-bottom-left:0px;--awb-flex-wrap:wrap;\"><div class=\"fusion-builder-row fusion-row fusion-flex-align-items-flex-start fusion-flex-content-wrap\" style=\"max-width:1248px;margin-left: calc(-4% \/ 2 );margin-right: calc(-4% \/ 2 );\"><div class=\"fusion-layout-column fusion_builder_column fusion-builder-column-1 fusion_builder_column_1_1 1_1 fusion-flex-column\" style=\"--awb-bg-size:cover;--awb-width-large:100%;--awb-margin-top-large:0px;--awb-spacing-right-large:1.92%;--awb-margin-bottom-large:0px;--awb-spacing-left-large:1.92%;--awb-width-medium:100%;--awb-spacing-right-medium:1.92%;--awb-spacing-left-medium:1.92%;--awb-width-small:100%;--awb-spacing-right-small:1.92%;--awb-spacing-left-small:1.92%;\"><div class=\"fusion-column-wrapper fusion-flex-justify-content-flex-start fusion-content-layout-column\"><div class=\"fusion-text fusion-text-1 awb-text-cols fusion-text-columns-2\" style=\"--awb-text-transform:none;--awb-columns:2;--awb-column-spacing:2em;--awb-column-min-width:400px;\"><p class=\"rtejustify\"><span class=\"fusion-dropcap dropcap\">B<\/span>aw\u00f3\u0142 wod\u00adny nie by\u0142y postrze\u00adga\u00adne jako dzi\u00adkie zwie\u00adrz\u0119\u00adta w Euro\u00adpie od ponad 100 000 lat. Z odle\u00adg\u0142ej epo\u00adki przed ostat\u00adni\u0105 epo\u00adk\u0105 lodow\u00adco\u00adw\u0105 ist\u00adnie\u00adj\u0105 dowo\u00addy na wymar\u00ad\u0142y obec\u00adnie euro\u00adpej\u00adski bawo\u00ad\u0142y wod\u00adne (<em>Buba\u00adlus mur\u00adren\u00adsis<\/em>) z Morza \u015ar\u00f3d\u00adziem\u00adne\u00adgo i Doli\u00adny&nbsp;Renu.<\/p>\n<p class=\"rtejustify\">Po ostat\u00adniej epo\u00adce lodow\u00adco\u00adwej bawo\u00ad\u0142y wod\u00adne zna\u00adle\u00adzio\u00adno w du\u017cej cz\u0119\u00ad\u015bci Azji Po\u0142u\u00addnio\u00adwej i Po\u0142u\u00addnio\u00adwo-Wschod\u00adniej, by\u0107 mo\u017ce tak\u00ad\u017ce w Mezo\u00adpo\u00adta\u00admii. Dzi\u015b w Indiach, Bhu\u00adta\u00adnie, Nepa\u00adlu i Taj\u00adlan\u00addii pozo\u00adsta\u00ad\u0142y tyl\u00adko nie\u00adwiel\u00adkie popu\u00adla\u00adcje tych dzi\u00adkich zwierz\u0105t.<\/p>\n<p class=\"rtejustify\">Ponad 5000 lat temu bawo\u00ad\u0142y wod\u00adne zosta\u00ad\u0142y udo\u00admo\u00adwio\u00adne w co naj\u00admniej dw\u00f3ch r\u00f3\u017c\u00adnych loka\u00adli\u00adza\u00adcjach, Indiach i po\u0142u\u00addnio\u00adwych Chi\u00adnach. Ich potom\u00adko\u00adwie, domo\u00adwe bawo\u00ad\u0142y wod\u00adne, s\u0105 obec\u00adnie trzy\u00adma\u00adne na du\u017cych obsza\u00adrach Azji Po\u0142u\u00addnio\u00adwej i p\u00f3\u0142\u00adnoc\u00adnej Ame\u00adry\u00adki Po\u0142u\u00addnio\u00adwej. Bawo\u00ad\u0142y domo\u00adwe \u017cyj\u0105 r\u00f3w\u00adnie\u017c w Euro\u00adpie. Zosta\u00ad\u0142y wpro\u00adwa\u00addzo\u00adne we wcze\u00adsnym \u015bre\u00addnio\u00adwie\u00adczu, oko\u00ad\u0142o 1300 lat temu. Bawo\u00ad\u0142y domo\u00adwe \u017cyj\u0105\u00adce w Euro\u00adpie wywo\u00addz\u0105 si\u0119 od bawo\u00ad\u0142\u00f3w indyj\u00adskich. Wyst\u0119\u00adpu\u00adj\u0105 g\u0142\u00f3w\u00adnie na Ba\u0142\u00adka\u00adnach i we W\u0142o\u00adszech. Tam dostar\u00adcza\u00adj\u0105 mle\u00adko do popu\u00adlar\u00adne\u00adgo sera mozzarella.<\/p>\n<p class=\"rtejustify\">Bawo\u00ad\u0142y wod\u00adne to zwie\u00adrz\u0119\u00adta oszcz\u0119d\u00adne. Mo\u017cesz u\u017cy\u0107 paszy gor\u00adszej jako\u00ad\u015bci ni\u017c byd\u0142o domo\u00adwe, kt\u00f3\u00adre\u00adgo nor\u00admal\u00adnie u\u017cy\u00adwa\u00admy. Przede wszyst\u00adkim jed\u00adnak mog\u0105 two\u00adrzy\u0107 sie\u00addli\u00adska, kt\u00f3\u00adrych byd\u0142o domo\u00adwe uni\u00adka\u00ad\u0142o\u00adby: mokra\u00add\u0142a, tere\u00adny bagien\u00adne, tere\u00adny bagien\u00adne. Bawo\u00ad\u0142y wod\u00adne s\u0105 dobre w p\u0142y\u00adwa\u00adniu i lubi\u0105 prze\u00adby\u00adwa\u0107 w wodzie. S\u0105 wra\u017c\u00adli\u00adwe na cie\u00adp\u0142o, ponie\u00adwa\u017c maj\u0105 tyl\u00adko nie\u00adwiel\u00adk\u0105 licz\u00adb\u0119 gru\u00adczo\u00ad\u0142\u00f3w poto\u00adwych. Kro\u00adwy Buf\u00adfa\u00adlo mog\u0105 rodzi\u0107 i zdro\u00adwo wycho\u00adwy\u00adwa\u0107 cie\u00adl\u0119\u00adta na pastwi\u00adsku, gdy jest \u015bnieg. Byki mog\u0105 wa\u017cy\u0107 do 1000&nbsp;kg, kro\u00adwy do 700&nbsp;kg.<\/p>\n<p class=\"rtejustify\">W par\u00adku naro\u00addo\u00adwym bawo\u00ad\u0142y wod\u00adne nie s\u0105 wypusz\u00adcza\u00adne na wol\u00adno\u015b\u0107 ani trzy\u00adma\u00adne jako sub\u00adsty\u00adtut dzi\u00adkiej for\u00admy, kt\u00f3\u00adra od daw\u00adna wymar\u00ad\u0142a. Gdzie\u00adkol\u00adwiek si\u0119 wypa\u00adsa\u00adj\u0105, zast\u0119\u00adpu\u00adj\u0105 byd\u0142o domo\u00adwe. Cz\u0119\u015b\u0107 par\u00adku naro\u00addo\u00adwe\u00adgo musi by\u0107 nadal zarz\u0105\u00addza\u00adna. W ten spo\u00ads\u00f3b kra\u00adjo\u00adbraz jest otwar\u00adty i upo\u00adrz\u0105d\u00adko\u00adwa\u00adny. Sie\u00addli\u00adska dla r\u00f3\u017c\u00adnych gatun\u00adk\u00f3w s\u0105 w ten spo\u00ads\u00f3b wol\u00adne lub two\u00adrzo\u00adne. Tutaj spraw\u00addzi\u00admy, czy dzia\u00ad\u0142a to lepiej z bawo\u00ad\u0142em wod\u00adnym ni\u017c z byd\u0142em trzy\u00adma\u00adnym w inny spos\u00f3b.<\/p>\n<p class=\"rtejustify\">Gospo\u00addar\u00adstwo Wol\u00adfgang Deh\u00adnert z Gartz\/Odra utrzy\u00admu\u00adje sta\u00addo licz\u0105\u00adce oko\u00ad\u0142o 100 bawo\u00ad\u0142\u00f3w wod\u00adnych na u\u017cyt\u00adkach zie\u00adlo\u00adnych mi\u0119\u00addzy Frie\u00addrich\u00adsthal i Gartz\/Odra.<\/p>\n<p class=\"rtejustify\">Sta\u00addo bawo\u00ad\u0142\u00f3w wod\u00adnych mo\u017c\u00adna zwy\u00adkle zna\u00adle\u017a\u0107 na polde\u00adrze Frie\u00addrich\u00adstha\u00adler (5\/6), na wsch\u00f3d od Bun\u00addes\u00adstra\u00ad\u00dfe 2 mi\u0119\u00addzy Frie\u00addrich\u00adsthal i Gartz\/Oder (patrz mapa). Latem zwie\u00adrz\u0119\u00adta trzy\u00adma\u00adne s\u0105 r\u00f3w\u00adnie\u017c na Polde\u00adrze Fid\u00addi\u00adcho\u00adwer (10), tj. na polde\u00adrze pomi\u0119\u00addzy Hohen\u00adsa\u00adaten-Frie\u00addrich\u00adstha\u00adler Was\u00adser\u00adstra\u00ad\u00dfe i Strom lub w r\u00f3\u017c\u00adnych miejscach.<\/p>\n<\/div><div class=\"fusion-separator fusion-full-width-sep\" style=\"align-self: center;margin-left: auto;margin-right: auto;margin-top:30px;width:100%;\"><\/div><div class=\"fusion-text fusion-text-2\">\n\t\t<style type=\"text\/css\">\n\t\t\t#gallery-1 {\n\t\t\t\tmargin: auto;\n\t\t\t}\n\t\t\t#gallery-1 .gallery-item {\n\t\t\t\tfloat: left;\n\t\t\t\tmargin-top: 10px;\n\t\t\t\ttext-align: center;\n\t\t\t\twidth: 20%;\n\t\t\t}\n\t\t\t#gallery-1 img {\n\t\t\t\tborder: 2px solid #cfcfcf;\n\t\t\t}\n\t\t\t#gallery-1 .gallery-caption {\n\t\t\t\tmargin-left: 0;\n\t\t\t}\n\t\t\t\/* see gallery_shortcode() in wp-includes\/media.php *\/\n\t\t<\/style>\n\t\t<div id=\"gallery-1\" class=\"gallery galleryid-9038 gallery-columns-5 gallery-size-medium\"><dl class=\"gallery-item\">\n\t\t\t<dt class=\"gallery-icon landscape\">\n\t\t\t\t<a data-rel=\"iLightbox[postimages]\" data-title=\"Dziki baw\u00f3\u0142 wodny (Arni) w Assam, Indie\" data-caption=\"Dziki baw\u00f3\u0142 wodny (Arni) w Assam, Indie\" href=\"https:\/\/www.nationalpark-unteres-odertal.de\/wp-content\/uploads\/wilder-wasserbueffel-arni-im-kaziranga-nationalpark-indien-2016-voessing.jpg\"><img decoding=\"async\" width=\"500\" height=\"333\" src=\"https:\/\/www.nationalpark-unteres-odertal.de\/wp-content\/uploads\/wilder-wasserbueffel-arni-im-kaziranga-nationalpark-indien-2016-voessing-500x333.jpg\" class=\"attachment-medium size-medium lazyload\" alt=\"Dziki baw\u00f3\u0142 wodny (Arni) w Assam, Indie\" aria-describedby=\"gallery-1-6909\" srcset=\"data:image\/svg+xml,%3Csvg%20xmlns%3D%27http%3A%2F%2Fwww.w3.org%2F2000%2Fsvg%27%20width%3D%271200%27%20height%3D%27800%27%20viewBox%3D%270%200%201200%20800%27%3E%3Crect%20width%3D%271200%27%20height%3D%27800%27%20fill-opacity%3D%220%22%2F%3E%3C%2Fsvg%3E\" data-orig-src=\"https:\/\/www.nationalpark-unteres-odertal.de\/wp-content\/uploads\/wilder-wasserbueffel-arni-im-kaziranga-nationalpark-indien-2016-voessing-500x333.jpg\" data-srcset=\"https:\/\/www.nationalpark-unteres-odertal.de\/wp-content\/uploads\/wilder-wasserbueffel-arni-im-kaziranga-nationalpark-indien-2016-voessing-200x133.jpg 200w, https:\/\/www.nationalpark-unteres-odertal.de\/wp-content\/uploads\/wilder-wasserbueffel-arni-im-kaziranga-nationalpark-indien-2016-voessing-400x267.jpg 400w, https:\/\/www.nationalpark-unteres-odertal.de\/wp-content\/uploads\/wilder-wasserbueffel-arni-im-kaziranga-nationalpark-indien-2016-voessing-500x333.jpg 500w, https:\/\/www.nationalpark-unteres-odertal.de\/wp-content\/uploads\/wilder-wasserbueffel-arni-im-kaziranga-nationalpark-indien-2016-voessing-600x400.jpg 600w, https:\/\/www.nationalpark-unteres-odertal.de\/wp-content\/uploads\/wilder-wasserbueffel-arni-im-kaziranga-nationalpark-indien-2016-voessing-800x533.jpg 800w, https:\/\/www.nationalpark-unteres-odertal.de\/wp-content\/uploads\/wilder-wasserbueffel-arni-im-kaziranga-nationalpark-indien-2016-voessing-1024x683.jpg 1024w, https:\/\/www.nationalpark-unteres-odertal.de\/wp-content\/uploads\/wilder-wasserbueffel-arni-im-kaziranga-nationalpark-indien-2016-voessing.jpg 1200w\" data-sizes=\"auto\"><\/a>\n\t\t\t<\/dt>\n\t\t\t\t<dd class=\"wp-caption-text gallery-caption\" id=\"gallery-1-6909\">\n\t\t\t\tDzi\u00adki baw\u00f3\u0142 wod\u00adny (Arni) w Assam, Indie&nbsp;<\/dd><\/dl><dl class=\"gallery-item\">\n\t\t\t<dt class=\"gallery-icon landscape\">\n\t\t\t\t<a data-rel=\"iLightbox[postimages]\" data-title=\"Baw\u00f3\u0142 wodny w Birmie\" data-caption=\"Baw\u00f3\u0142 wodny w Birmie\" href=\"https:\/\/www.nationalpark-unteres-odertal.de\/wp-content\/uploads\/hauswasserbueffel-in-burma-2016-1-voessing.jpg\"><img decoding=\"async\" width=\"500\" height=\"333\" src=\"https:\/\/www.nationalpark-unteres-odertal.de\/wp-content\/uploads\/hauswasserbueffel-in-burma-2016-1-voessing-500x333.jpg\" class=\"attachment-medium size-medium lazyload\" alt=\"Baw\u00f3\u0142 wodny w Birmie\" aria-describedby=\"gallery-1-6325\" srcset=\"data:image\/svg+xml,%3Csvg%20xmlns%3D%27http%3A%2F%2Fwww.w3.org%2F2000%2Fsvg%27%20width%3D%271200%27%20height%3D%27800%27%20viewBox%3D%270%200%201200%20800%27%3E%3Crect%20width%3D%271200%27%20height%3D%27800%27%20fill-opacity%3D%220%22%2F%3E%3C%2Fsvg%3E\" data-orig-src=\"https:\/\/www.nationalpark-unteres-odertal.de\/wp-content\/uploads\/hauswasserbueffel-in-burma-2016-1-voessing-500x333.jpg\" data-srcset=\"https:\/\/www.nationalpark-unteres-odertal.de\/wp-content\/uploads\/hauswasserbueffel-in-burma-2016-1-voessing-200x133.jpg 200w, https:\/\/www.nationalpark-unteres-odertal.de\/wp-content\/uploads\/hauswasserbueffel-in-burma-2016-1-voessing-400x267.jpg 400w, https:\/\/www.nationalpark-unteres-odertal.de\/wp-content\/uploads\/hauswasserbueffel-in-burma-2016-1-voessing-500x333.jpg 500w, https:\/\/www.nationalpark-unteres-odertal.de\/wp-content\/uploads\/hauswasserbueffel-in-burma-2016-1-voessing-600x400.jpg 600w, https:\/\/www.nationalpark-unteres-odertal.de\/wp-content\/uploads\/hauswasserbueffel-in-burma-2016-1-voessing-800x533.jpg 800w, https:\/\/www.nationalpark-unteres-odertal.de\/wp-content\/uploads\/hauswasserbueffel-in-burma-2016-1-voessing-1024x683.jpg 1024w, https:\/\/www.nationalpark-unteres-odertal.de\/wp-content\/uploads\/hauswasserbueffel-in-burma-2016-1-voessing.jpg 1200w\" data-sizes=\"auto\"><\/a>\n\t\t\t<\/dt>\n\t\t\t\t<dd class=\"wp-caption-text gallery-caption\" id=\"gallery-1-6325\">\n\t\t\t\tBaw\u00f3\u0142 wod\u00adny w Birmie&nbsp;<\/dd><\/dl><dl class=\"gallery-item\">\n\t\t\t<dt class=\"gallery-icon landscape\">\n\t\t\t\t<a data-rel=\"iLightbox[postimages]\" data-title=\"Baw\u00f3\u0142 wodny w Parku Narodowym Doliny Dolnej Odry\" data-caption=\"Baw\u00f3\u0142 wodny w parku narodowym\" href=\"https:\/\/www.nationalpark-unteres-odertal.de\/wp-content\/uploads\/wasserbueffel-mutterkuhherde-im-nationalpark-unteres-odertal-friedrichthaler-polder-5-6-1-voessing.jpg\"><img decoding=\"async\" width=\"500\" height=\"333\" src=\"https:\/\/www.nationalpark-unteres-odertal.de\/wp-content\/uploads\/wasserbueffel-mutterkuhherde-im-nationalpark-unteres-odertal-friedrichthaler-polder-5-6-1-voessing-500x333.jpg\" class=\"attachment-medium size-medium lazyload\" alt=\"Baw\u00f3\u0142 wodny w Parku Narodowym Doliny Dolnej Odry\" aria-describedby=\"gallery-1-6327\" srcset=\"data:image\/svg+xml,%3Csvg%20xmlns%3D%27http%3A%2F%2Fwww.w3.org%2F2000%2Fsvg%27%20width%3D%271200%27%20height%3D%27800%27%20viewBox%3D%270%200%201200%20800%27%3E%3Crect%20width%3D%271200%27%20height%3D%27800%27%20fill-opacity%3D%220%22%2F%3E%3C%2Fsvg%3E\" data-orig-src=\"https:\/\/www.nationalpark-unteres-odertal.de\/wp-content\/uploads\/wasserbueffel-mutterkuhherde-im-nationalpark-unteres-odertal-friedrichthaler-polder-5-6-1-voessing-500x333.jpg\" data-srcset=\"https:\/\/www.nationalpark-unteres-odertal.de\/wp-content\/uploads\/wasserbueffel-mutterkuhherde-im-nationalpark-unteres-odertal-friedrichthaler-polder-5-6-1-voessing-200x133.jpg 200w, https:\/\/www.nationalpark-unteres-odertal.de\/wp-content\/uploads\/wasserbueffel-mutterkuhherde-im-nationalpark-unteres-odertal-friedrichthaler-polder-5-6-1-voessing-400x267.jpg 400w, https:\/\/www.nationalpark-unteres-odertal.de\/wp-content\/uploads\/wasserbueffel-mutterkuhherde-im-nationalpark-unteres-odertal-friedrichthaler-polder-5-6-1-voessing-500x333.jpg 500w, https:\/\/www.nationalpark-unteres-odertal.de\/wp-content\/uploads\/wasserbueffel-mutterkuhherde-im-nationalpark-unteres-odertal-friedrichthaler-polder-5-6-1-voessing-600x400.jpg 600w, https:\/\/www.nationalpark-unteres-odertal.de\/wp-content\/uploads\/wasserbueffel-mutterkuhherde-im-nationalpark-unteres-odertal-friedrichthaler-polder-5-6-1-voessing-800x533.jpg 800w, https:\/\/www.nationalpark-unteres-odertal.de\/wp-content\/uploads\/wasserbueffel-mutterkuhherde-im-nationalpark-unteres-odertal-friedrichthaler-polder-5-6-1-voessing-1024x683.jpg 1024w, https:\/\/www.nationalpark-unteres-odertal.de\/wp-content\/uploads\/wasserbueffel-mutterkuhherde-im-nationalpark-unteres-odertal-friedrichthaler-polder-5-6-1-voessing.jpg 1200w\" data-sizes=\"auto\"><\/a>\n\t\t\t<\/dt>\n\t\t\t\t<dd class=\"wp-caption-text gallery-caption\" id=\"gallery-1-6327\">\n\t\t\t\tBaw\u00f3\u0142 wod\u00adny w par\u00adku narodowym&nbsp;<\/dd><\/dl><dl class=\"gallery-item\">\n\t\t\t<dt class=\"gallery-icon landscape\">\n\t\t\t\t<a data-rel=\"iLightbox[postimages]\" data-title=\"Stado bawo\u0142\u00f3w wodnych kr\u00f3w&nbsp;mamek\" data-caption=\"Stado bawo\u0142\u00f3w wodnych kr\u00f3w mamek\" href=\"https:\/\/www.nationalpark-unteres-odertal.de\/wp-content\/uploads\/wasserbueffel-mutterkuhherde-im-nationalpark-unteres-odertal-friedrichthaler-polder-5-6-2-voessing-1.jpg\"><img decoding=\"async\" width=\"500\" height=\"333\" src=\"https:\/\/www.nationalpark-unteres-odertal.de\/wp-content\/uploads\/wasserbueffel-mutterkuhherde-im-nationalpark-unteres-odertal-friedrichthaler-polder-5-6-2-voessing-1-500x333.jpg\" class=\"attachment-medium size-medium lazyload\" alt=\"Stado bawo\u0142\u00f3w wodnych kr\u00f3w mamek\" aria-describedby=\"gallery-1-6329\" srcset=\"data:image\/svg+xml,%3Csvg%20xmlns%3D%27http%3A%2F%2Fwww.w3.org%2F2000%2Fsvg%27%20width%3D%271200%27%20height%3D%27800%27%20viewBox%3D%270%200%201200%20800%27%3E%3Crect%20width%3D%271200%27%20height%3D%27800%27%20fill-opacity%3D%220%22%2F%3E%3C%2Fsvg%3E\" data-orig-src=\"https:\/\/www.nationalpark-unteres-odertal.de\/wp-content\/uploads\/wasserbueffel-mutterkuhherde-im-nationalpark-unteres-odertal-friedrichthaler-polder-5-6-2-voessing-1-500x333.jpg\" data-srcset=\"https:\/\/www.nationalpark-unteres-odertal.de\/wp-content\/uploads\/wasserbueffel-mutterkuhherde-im-nationalpark-unteres-odertal-friedrichthaler-polder-5-6-2-voessing-1-200x133.jpg 200w, https:\/\/www.nationalpark-unteres-odertal.de\/wp-content\/uploads\/wasserbueffel-mutterkuhherde-im-nationalpark-unteres-odertal-friedrichthaler-polder-5-6-2-voessing-1-400x267.jpg 400w, https:\/\/www.nationalpark-unteres-odertal.de\/wp-content\/uploads\/wasserbueffel-mutterkuhherde-im-nationalpark-unteres-odertal-friedrichthaler-polder-5-6-2-voessing-1-500x333.jpg 500w, https:\/\/www.nationalpark-unteres-odertal.de\/wp-content\/uploads\/wasserbueffel-mutterkuhherde-im-nationalpark-unteres-odertal-friedrichthaler-polder-5-6-2-voessing-1-600x400.jpg 600w, https:\/\/www.nationalpark-unteres-odertal.de\/wp-content\/uploads\/wasserbueffel-mutterkuhherde-im-nationalpark-unteres-odertal-friedrichthaler-polder-5-6-2-voessing-1-800x533.jpg 800w, https:\/\/www.nationalpark-unteres-odertal.de\/wp-content\/uploads\/wasserbueffel-mutterkuhherde-im-nationalpark-unteres-odertal-friedrichthaler-polder-5-6-2-voessing-1-1024x683.jpg 1024w, https:\/\/www.nationalpark-unteres-odertal.de\/wp-content\/uploads\/wasserbueffel-mutterkuhherde-im-nationalpark-unteres-odertal-friedrichthaler-polder-5-6-2-voessing-1.jpg 1200w\" data-sizes=\"auto\"><\/a>\n\t\t\t<\/dt>\n\t\t\t\t<dd class=\"wp-caption-text gallery-caption\" id=\"gallery-1-6329\">\n\t\t\t\tSta\u00addo bawo\u00ad\u0142\u00f3w wod\u00adnych kr\u00f3w&nbsp;mamek&nbsp;<\/dd><\/dl><dl class=\"gallery-item\">\n\t\t\t<dt class=\"gallery-icon landscape\">\n\t\t\t\t<a data-rel=\"iLightbox[postimages]\" data-title=\"Stado bawo\u0142\u00f3w wodnych\" data-caption=\"Stado bawo\u0142\u00f3w wodnych\" href=\"https:\/\/www.nationalpark-unteres-odertal.de\/wp-content\/uploads\/wasserbueffelbullen-im-grossen-gartzer-bruch-2021-1-voessing.jpg\"><img decoding=\"async\" width=\"500\" height=\"333\" src=\"https:\/\/www.nationalpark-unteres-odertal.de\/wp-content\/uploads\/wasserbueffelbullen-im-grossen-gartzer-bruch-2021-1-voessing-500x333.jpg\" class=\"attachment-medium size-medium lazyload\" alt=\"Stado bawo\u0142\u00f3w wodnych\" aria-describedby=\"gallery-1-6333\" srcset=\"data:image\/svg+xml,%3Csvg%20xmlns%3D%27http%3A%2F%2Fwww.w3.org%2F2000%2Fsvg%27%20width%3D%271200%27%20height%3D%27800%27%20viewBox%3D%270%200%201200%20800%27%3E%3Crect%20width%3D%271200%27%20height%3D%27800%27%20fill-opacity%3D%220%22%2F%3E%3C%2Fsvg%3E\" data-orig-src=\"https:\/\/www.nationalpark-unteres-odertal.de\/wp-content\/uploads\/wasserbueffelbullen-im-grossen-gartzer-bruch-2021-1-voessing-500x333.jpg\" data-srcset=\"https:\/\/www.nationalpark-unteres-odertal.de\/wp-content\/uploads\/wasserbueffelbullen-im-grossen-gartzer-bruch-2021-1-voessing-200x133.jpg 200w, https:\/\/www.nationalpark-unteres-odertal.de\/wp-content\/uploads\/wasserbueffelbullen-im-grossen-gartzer-bruch-2021-1-voessing-400x267.jpg 400w, https:\/\/www.nationalpark-unteres-odertal.de\/wp-content\/uploads\/wasserbueffelbullen-im-grossen-gartzer-bruch-2021-1-voessing-500x333.jpg 500w, https:\/\/www.nationalpark-unteres-odertal.de\/wp-content\/uploads\/wasserbueffelbullen-im-grossen-gartzer-bruch-2021-1-voessing-600x400.jpg 600w, https:\/\/www.nationalpark-unteres-odertal.de\/wp-content\/uploads\/wasserbueffelbullen-im-grossen-gartzer-bruch-2021-1-voessing-800x533.jpg 800w, https:\/\/www.nationalpark-unteres-odertal.de\/wp-content\/uploads\/wasserbueffelbullen-im-grossen-gartzer-bruch-2021-1-voessing-1024x683.jpg 1024w, https:\/\/www.nationalpark-unteres-odertal.de\/wp-content\/uploads\/wasserbueffelbullen-im-grossen-gartzer-bruch-2021-1-voessing.jpg 1200w\" data-sizes=\"auto\"><\/a>\n\t\t\t<\/dt>\n\t\t\t\t<dd class=\"wp-caption-text gallery-caption\" id=\"gallery-1-6333\">\n\t\t\t\tSta\u00addo bawo\u00ad\u0142\u00f3w wodnych&nbsp;<\/dd><\/dl><br style=\"clear: both\"><dl class=\"gallery-item\">\n\t\t\t<dt class=\"gallery-icon landscape\">\n\t\t\t\t<a data-rel=\"iLightbox[postimages]\" data-title=\"Baw\u00f3\u0142 na pastwisku\" data-caption=\"Baw\u00f3\u0142 na pastwisku\" href=\"https:\/\/www.nationalpark-unteres-odertal.de\/wp-content\/uploads\/wasserbueffelbullen-im-grossen-gartzer-bruch-2021-2-voessing.jpg\"><img decoding=\"async\" width=\"500\" height=\"333\" src=\"https:\/\/www.nationalpark-unteres-odertal.de\/wp-content\/uploads\/wasserbueffelbullen-im-grossen-gartzer-bruch-2021-2-voessing-500x333.jpg\" class=\"attachment-medium size-medium lazyload\" alt=\"Baw\u00f3\u0142 na pastwisku\" aria-describedby=\"gallery-1-6335\" srcset=\"data:image\/svg+xml,%3Csvg%20xmlns%3D%27http%3A%2F%2Fwww.w3.org%2F2000%2Fsvg%27%20width%3D%271200%27%20height%3D%27800%27%20viewBox%3D%270%200%201200%20800%27%3E%3Crect%20width%3D%271200%27%20height%3D%27800%27%20fill-opacity%3D%220%22%2F%3E%3C%2Fsvg%3E\" data-orig-src=\"https:\/\/www.nationalpark-unteres-odertal.de\/wp-content\/uploads\/wasserbueffelbullen-im-grossen-gartzer-bruch-2021-2-voessing-500x333.jpg\" data-srcset=\"https:\/\/www.nationalpark-unteres-odertal.de\/wp-content\/uploads\/wasserbueffelbullen-im-grossen-gartzer-bruch-2021-2-voessing-200x133.jpg 200w, https:\/\/www.nationalpark-unteres-odertal.de\/wp-content\/uploads\/wasserbueffelbullen-im-grossen-gartzer-bruch-2021-2-voessing-400x267.jpg 400w, https:\/\/www.nationalpark-unteres-odertal.de\/wp-content\/uploads\/wasserbueffelbullen-im-grossen-gartzer-bruch-2021-2-voessing-500x333.jpg 500w, https:\/\/www.nationalpark-unteres-odertal.de\/wp-content\/uploads\/wasserbueffelbullen-im-grossen-gartzer-bruch-2021-2-voessing-600x400.jpg 600w, https:\/\/www.nationalpark-unteres-odertal.de\/wp-content\/uploads\/wasserbueffelbullen-im-grossen-gartzer-bruch-2021-2-voessing-800x533.jpg 800w, https:\/\/www.nationalpark-unteres-odertal.de\/wp-content\/uploads\/wasserbueffelbullen-im-grossen-gartzer-bruch-2021-2-voessing-1024x683.jpg 1024w, https:\/\/www.nationalpark-unteres-odertal.de\/wp-content\/uploads\/wasserbueffelbullen-im-grossen-gartzer-bruch-2021-2-voessing.jpg 1200w\" data-sizes=\"auto\"><\/a>\n\t\t\t<\/dt>\n\t\t\t\t<dd class=\"wp-caption-text gallery-caption\" id=\"gallery-1-6335\">\n\t\t\t\tBaw\u00f3\u0142 na pastwisku&nbsp;<\/dd><\/dl><dl class=\"gallery-item\">\n\t\t\t<dt class=\"gallery-icon landscape\">\n\t\t\t\t<a data-rel=\"iLightbox[postimages]\" data-title=\"Wodny baw\u00f3\u0142\" data-caption=\"Wodny baw\u00f3\u0142\" href=\"https:\/\/www.nationalpark-unteres-odertal.de\/wp-content\/uploads\/wb-av1-berg.jpg\"><img decoding=\"async\" width=\"500\" height=\"333\" src=\"https:\/\/www.nationalpark-unteres-odertal.de\/wp-content\/uploads\/wb-av1-berg-500x333.jpg\" class=\"attachment-medium size-medium lazyload\" alt=\"Wodny baw\u00f3\u0142\" aria-describedby=\"gallery-1-6337\" srcset=\"data:image\/svg+xml,%3Csvg%20xmlns%3D%27http%3A%2F%2Fwww.w3.org%2F2000%2Fsvg%27%20width%3D%271200%27%20height%3D%27800%27%20viewBox%3D%270%200%201200%20800%27%3E%3Crect%20width%3D%271200%27%20height%3D%27800%27%20fill-opacity%3D%220%22%2F%3E%3C%2Fsvg%3E\" data-orig-src=\"https:\/\/www.nationalpark-unteres-odertal.de\/wp-content\/uploads\/wb-av1-berg-500x333.jpg\" data-srcset=\"https:\/\/www.nationalpark-unteres-odertal.de\/wp-content\/uploads\/wb-av1-berg-200x133.jpg 200w, https:\/\/www.nationalpark-unteres-odertal.de\/wp-content\/uploads\/wb-av1-berg-400x267.jpg 400w, https:\/\/www.nationalpark-unteres-odertal.de\/wp-content\/uploads\/wb-av1-berg-500x333.jpg 500w, https:\/\/www.nationalpark-unteres-odertal.de\/wp-content\/uploads\/wb-av1-berg-600x400.jpg 600w, https:\/\/www.nationalpark-unteres-odertal.de\/wp-content\/uploads\/wb-av1-berg-800x533.jpg 800w, https:\/\/www.nationalpark-unteres-odertal.de\/wp-content\/uploads\/wb-av1-berg-1024x683.jpg 1024w, https:\/\/www.nationalpark-unteres-odertal.de\/wp-content\/uploads\/wb-av1-berg.jpg 1200w\" data-sizes=\"auto\"><\/a>\n\t\t\t<\/dt>\n\t\t\t\t<dd class=\"wp-caption-text gallery-caption\" id=\"gallery-1-6337\">\n\t\t\t\tWod\u00adny&nbsp;baw\u00f3\u0142&nbsp;<\/dd><\/dl><dl class=\"gallery-item\">\n\t\t\t<dt class=\"gallery-icon landscape\">\n\t\t\t\t<a data-rel=\"iLightbox[postimages]\" data-title=\"Baw\u00f3\u0142 z bliska\" data-caption=\"Baw\u00f3\u0142 z bliska\" href=\"https:\/\/www.nationalpark-unteres-odertal.de\/wp-content\/uploads\/wb-av3-berg.jpg\"><img decoding=\"async\" width=\"500\" height=\"333\" src=\"https:\/\/www.nationalpark-unteres-odertal.de\/wp-content\/uploads\/wb-av3-berg-500x333.jpg\" class=\"attachment-medium size-medium lazyload\" alt=\"Baw\u00f3\u0142 z bliska\" aria-describedby=\"gallery-1-6339\" srcset=\"data:image\/svg+xml,%3Csvg%20xmlns%3D%27http%3A%2F%2Fwww.w3.org%2F2000%2Fsvg%27%20width%3D%271200%27%20height%3D%27800%27%20viewBox%3D%270%200%201200%20800%27%3E%3Crect%20width%3D%271200%27%20height%3D%27800%27%20fill-opacity%3D%220%22%2F%3E%3C%2Fsvg%3E\" data-orig-src=\"https:\/\/www.nationalpark-unteres-odertal.de\/wp-content\/uploads\/wb-av3-berg-500x333.jpg\" data-srcset=\"https:\/\/www.nationalpark-unteres-odertal.de\/wp-content\/uploads\/wb-av3-berg-200x133.jpg 200w, https:\/\/www.nationalpark-unteres-odertal.de\/wp-content\/uploads\/wb-av3-berg-400x267.jpg 400w, https:\/\/www.nationalpark-unteres-odertal.de\/wp-content\/uploads\/wb-av3-berg-500x333.jpg 500w, https:\/\/www.nationalpark-unteres-odertal.de\/wp-content\/uploads\/wb-av3-berg-600x400.jpg 600w, https:\/\/www.nationalpark-unteres-odertal.de\/wp-content\/uploads\/wb-av3-berg-800x533.jpg 800w, https:\/\/www.nationalpark-unteres-odertal.de\/wp-content\/uploads\/wb-av3-berg-1024x683.jpg 1024w, https:\/\/www.nationalpark-unteres-odertal.de\/wp-content\/uploads\/wb-av3-berg.jpg 1200w\" data-sizes=\"auto\"><\/a>\n\t\t\t<\/dt>\n\t\t\t\t<dd class=\"wp-caption-text gallery-caption\" id=\"gallery-1-6339\">\n\t\t\t\tBaw\u00f3\u0142 z bliska&nbsp;<\/dd><\/dl><dl class=\"gallery-item\">\n\t\t\t<dt class=\"gallery-icon landscape\">\n\t\t\t\t<a data-rel=\"iLightbox[postimages]\" data-title=\"Baw\u00f3\u0142 wodny z m\u0142odym zwierz\u0119ciem\" data-caption=\"Baw\u00f3\u0142 wodny z m\u0142odym zwierz\u0119ciem\" href=\"https:\/\/www.nationalpark-unteres-odertal.de\/wp-content\/uploads\/wb-av4-berg.jpg\"><img decoding=\"async\" width=\"500\" height=\"333\" src=\"https:\/\/www.nationalpark-unteres-odertal.de\/wp-content\/uploads\/wb-av4-berg-500x333.jpg\" class=\"attachment-medium size-medium lazyload\" alt=\"Baw\u00f3\u0142 wodny z m\u0142odym zwierz\u0119ciem\" aria-describedby=\"gallery-1-6341\" srcset=\"data:image\/svg+xml,%3Csvg%20xmlns%3D%27http%3A%2F%2Fwww.w3.org%2F2000%2Fsvg%27%20width%3D%271200%27%20height%3D%27800%27%20viewBox%3D%270%200%201200%20800%27%3E%3Crect%20width%3D%271200%27%20height%3D%27800%27%20fill-opacity%3D%220%22%2F%3E%3C%2Fsvg%3E\" data-orig-src=\"https:\/\/www.nationalpark-unteres-odertal.de\/wp-content\/uploads\/wb-av4-berg-500x333.jpg\" data-srcset=\"https:\/\/www.nationalpark-unteres-odertal.de\/wp-content\/uploads\/wb-av4-berg-200x133.jpg 200w, https:\/\/www.nationalpark-unteres-odertal.de\/wp-content\/uploads\/wb-av4-berg-400x267.jpg 400w, https:\/\/www.nationalpark-unteres-odertal.de\/wp-content\/uploads\/wb-av4-berg-500x333.jpg 500w, https:\/\/www.nationalpark-unteres-odertal.de\/wp-content\/uploads\/wb-av4-berg-600x400.jpg 600w, https:\/\/www.nationalpark-unteres-odertal.de\/wp-content\/uploads\/wb-av4-berg-800x533.jpg 800w, https:\/\/www.nationalpark-unteres-odertal.de\/wp-content\/uploads\/wb-av4-berg-1024x683.jpg 1024w, https:\/\/www.nationalpark-unteres-odertal.de\/wp-content\/uploads\/wb-av4-berg.jpg 1200w\" data-sizes=\"auto\"><\/a>\n\t\t\t<\/dt>\n\t\t\t\t<dd class=\"wp-caption-text gallery-caption\" id=\"gallery-1-6341\">\n\t\t\t\tBaw\u00f3\u0142 wod\u00adny z m\u0142o\u00addym zwierz\u0119ciem&nbsp;<\/dd><\/dl><dl class=\"gallery-item\">\n\t\t\t<dt class=\"gallery-icon landscape\">\n\t\t\t\t<a data-rel=\"iLightbox[postimages]\" data-title=\"Baw\u00f3\u0142 z bliska\" data-caption=\"Baw\u00f3\u0142 z bliska\" href=\"https:\/\/www.nationalpark-unteres-odertal.de\/wp-content\/uploads\/wb-av5-berg.jpg\"><img decoding=\"async\" width=\"500\" height=\"333\" src=\"https:\/\/www.nationalpark-unteres-odertal.de\/wp-content\/uploads\/wb-av5-berg-500x333.jpg\" class=\"attachment-medium size-medium lazyload\" alt=\"Baw\u00f3\u0142 z bliska\" aria-describedby=\"gallery-1-6343\" srcset=\"data:image\/svg+xml,%3Csvg%20xmlns%3D%27http%3A%2F%2Fwww.w3.org%2F2000%2Fsvg%27%20width%3D%271200%27%20height%3D%27800%27%20viewBox%3D%270%200%201200%20800%27%3E%3Crect%20width%3D%271200%27%20height%3D%27800%27%20fill-opacity%3D%220%22%2F%3E%3C%2Fsvg%3E\" data-orig-src=\"https:\/\/www.nationalpark-unteres-odertal.de\/wp-content\/uploads\/wb-av5-berg-500x333.jpg\" data-srcset=\"https:\/\/www.nationalpark-unteres-odertal.de\/wp-content\/uploads\/wb-av5-berg-200x133.jpg 200w, https:\/\/www.nationalpark-unteres-odertal.de\/wp-content\/uploads\/wb-av5-berg-400x267.jpg 400w, https:\/\/www.nationalpark-unteres-odertal.de\/wp-content\/uploads\/wb-av5-berg-500x333.jpg 500w, https:\/\/www.nationalpark-unteres-odertal.de\/wp-content\/uploads\/wb-av5-berg-600x400.jpg 600w, https:\/\/www.nationalpark-unteres-odertal.de\/wp-content\/uploads\/wb-av5-berg-800x533.jpg 800w, https:\/\/www.nationalpark-unteres-odertal.de\/wp-content\/uploads\/wb-av5-berg-1024x683.jpg 1024w, https:\/\/www.nationalpark-unteres-odertal.de\/wp-content\/uploads\/wb-av5-berg.jpg 1200w\" data-sizes=\"auto\"><\/a>\n\t\t\t<\/dt>\n\t\t\t\t<dd class=\"wp-caption-text gallery-caption\" id=\"gallery-1-6343\">\n\t\t\t\tBaw\u00f3\u0142 z bliska&nbsp;<\/dd><\/dl><br style=\"clear: both\">\n\t\t<\/div>\n\n<\/div><div class=\"fusion-text fusion-text-3\">\n\n\t\t\t\t<div id=\"map_ol3js_1\" class=\"map undefined\" data-map_name=\"undefined\" data-map=\"map_ol3js_1\" style=\"width:100%; max-width:100%; height:450px; display:block; overflow:hidden;border:2px solid grey;\">\n\t\t\t\t  <div id=\"map_ol3js_1_popup\" class=\"ol-popup\">\n\t\t\t\t\t<a href=\"#\" id=\"map_ol3js_1_popup-closer\" class=\"ol-popup-closer\"><\/a>\n\t\t\t\t\t<div id=\"map_ol3js_1_popup-content\"><\/div>\n\t\t\t\t  <\/div>\n\t\t\t\t<\/div>\n\t\t\t\n\t\t\t\t<link rel=\"stylesheet\" href=\"https:\/\/www.nationalpark-unteres-odertal.de\/wp-content\/plugins\/osm\/js\/OL\/7.1.0\/ol.css?ver=7.1.0\" type=\"text\/css\">\n\t\t\t\t<link rel=\"stylesheet\" href=\"https:\/\/www.nationalpark-unteres-odertal.de\/wp-content\/plugins\/osm\/css\/osm_map_v3.css?ver=1.0.0\" type=\"text\/css\">\n\t\t\t\t<link rel=\"stylesheet\" href=\"https:\/\/www.nationalpark-unteres-odertal.de\/wp-content\/plugins\/osm\/css\/osm_map.css?ver=1.0.0\" type=\"text\/css\">\n\t\t\t\t<!-- The line below is only needed for old environments like Internet Explorer and Android 4.x -->\n                                <script src=\"https:\/\/www.nationalpark-unteres-odertal.de\/wp-content\/plugins\/osm\/js\/polyfill\/v2\/polyfill.min.js?features=requestAnimationFrame,Element.prototype.classList,URL\"><\/script>\n\n\t\t\t\t<script src=\"https:\/\/www.nationalpark-unteres-odertal.de\/wp-content\/plugins\/osm\/js\/OL\/7.1.0\/ol.js?ver=7.1.0\" type=\"text\/javascript\"><\/script>\n\t\t\t\t<script src=\"https:\/\/www.nationalpark-unteres-odertal.de\/wp-content\/plugins\/osm\/js\/osm-v3-plugin-lib.js?ver=1.0.0\" type=\"text\/javascript\"><\/script>\n\t\t\t\t<script src=\"https:\/\/www.nationalpark-unteres-odertal.de\/wp-content\/plugins\/osm\/js\/osm-metabox-events.js?ver=1.0.0\" type=\"text\/javascript\"><\/script>\n\t\t\t\t<script src=\"https:\/\/www.nationalpark-unteres-odertal.de\/wp-content\/plugins\/osm\/js\/osm-startup-lib.js\" type=\"text\/javascript\"><\/script>\n\t\t\t\t<script type=\"text\/javascript\">\n\t\t\t\t\ttranslations['openlayer'] = \"open layer\";\n\t\t\t\t\ttranslations['openlayerAtStartup'] = \"open layer at startup\";\n\t\t\t\t\ttranslations['generateLink'] = \"link to this map with opened layers\";\n\t\t\t\t\ttranslations['shortDescription'] = \"short description\";\n\t\t\t\t\ttranslations['generatedShortCode'] = \"to get a text control link paste this code in your wordpress editor\";\n\t\t\t\t\ttranslations['closeLayer'] = \"close layer\";\n\t\t\t\t\ttranslations['cantGenerateLink'] = \"put this string in the existing map short code to control this map\";\n\t\t\t  <\/script>\n\n\n\t\t\t  <script type=\"text\/javascript\">\n\t\t\t  vectorM['map_ol3js_1'] = [];\n\t        \n        var raster = getTileLayer(\"osm\",\"NoKey\");\t\t\t\n\n\t\t\t  var map_ol3js_1 = new ol.Map({\n\t\t\t\tinteractions: ol.interaction.defaults.defaults({mouseWheelZoom:false}),\n\t\t\t\tlayers: [raster],\n\t\t\t\ttarget: \"map_ol3js_1\",\n\t\t\t\tview: new ol.View({\n\t\t\t\t  center: ol.proj.transform([-345.6416,53.1681], \"EPSG:4326\", \"EPSG:3857\"),\n\t\t\t\t  zoom: 13\n\t\t\t\t})\n\t\t\t  });\n\t\t\t  \n    var style0 = {\n      \"Point\": [new ol.style.Style({\n\n          image: new ol.style.Icon({\n            anchor: [0.5, 41],\n            anchorXUnits: \"fraction\",\n            anchorYUnits: \"pixels\",\n            opacity: 0.75,\n            src: \"https:\/\/www.nationalpark-unteres-odertal.de\/wp-content\/plugins\/osm\/icons\/mic_red_pinother_02.png\"\n          })\n      })],\n\n      \"LineString\": [new ol.style.Style({\n        stroke: new ol.style.Stroke({\n          color: \"red\",\n          width: 8\n        })\n      })],\n      \"MultiLineString\": [new ol.style.Style({\n        stroke: new ol.style.Stroke({\n          color: \"red\",\n          width: 4\n        })\n      })]\n    };\n\t\t  vectorL0 = new ol.layer.Vector({\n\n\t\t\tsource: new ol.source.Vector({\n\t\t  url:\"..\/..\/..\/..\/wp-content\/uploads\/koppeln_oegmbh-wasserbueffel-pl.kml\",\n\t\t\t  format: new ol.format.KML({ showPointNames: false})\n\t\t\t}),\n         zIndex: 92\n\t\t  });map_ol3js_1.addLayer(vectorL0);addControls2Map(map_ol3js_1,0,0,3,1,5,6,7,0,1);\nosm_addPopupClickhandler(map_ol3js_1,  \"map_ol3js_1\"); \nosm_addMouseHover(map_ol3js_1); <\/script>\n<\/div><\/div><\/div><\/div><\/div>\n","protected":false},"excerpt":{"rendered":"","protected":false},"author":1,"featured_media":0,"parent":9012,"menu_order":0,"comment_status":"closed","ping_status":"closed","template":"","meta":{"wp_typography_post_enhancements_disabled":false,"_price":"","_stock":"","_tribe_ticket_header":"","_tribe_default_ticket_provider":"","_tribe_ticket_capacity":"0","_ticket_start_date":"","_ticket_end_date":"","_tribe_ticket_show_description":"","_tribe_ticket_show_not_going":false,"_tribe_ticket_use_global_stock":"","_tribe_ticket_global_stock_level":"","_global_stock_mode":"","_global_stock_cap":"","_tribe_rsvp_for_event":"","_tribe_ticket_going_count":"","_tribe_ticket_not_going_count":"","_tribe_tickets_list":"[]","_tribe_ticket_has_attendee_info_fields":false,"footnotes":""},"class_list":["post-9038","page","type-page","status-publish","hentry"],"yoast_head":"<title>Wodny baw\u00f3\u0142 - Nationalpark Unteres Odertal<\/title>\n<meta name=\"robots\" content=\"index, follow, max-snippet:-1, max-image-preview:large, max-video-preview:-1\" \/>\n<link rel=\"canonical\" href=\"https:\/\/www.nationalpark-unteres-odertal.de\/pl\/duze-ssaki\/wodny-bawol\/\" \/>\n<meta property=\"og:locale\" content=\"pl_PL\" \/>\n<meta property=\"og:type\" content=\"article\" \/>\n<meta property=\"og:title\" content=\"Wodny baw\u00f3\u0142 - Nationalpark Unteres Odertal\" \/>\n<meta property=\"og:url\" content=\"https:\/\/www.nationalpark-unteres-odertal.de\/pl\/duze-ssaki\/wodny-bawol\/\" \/>\n<meta property=\"og:site_name\" content=\"Nationalpark Unteres Odertal\" \/>\n<meta property=\"article:modified_time\" content=\"2021-11-02T15:01:23+00:00\" \/>\n<meta name=\"twitter:card\" content=\"summary_large_image\" \/>\n<script type=\"application\/ld+json\" class=\"yoast-schema-graph\">{\"@context\":\"https:\/\/schema.org\",\"@graph\":[{\"@type\":\"WebPage\",\"@id\":\"https:\/\/www.nationalpark-unteres-odertal.de\/pl\/duze-ssaki\/wodny-bawol\/\",\"url\":\"https:\/\/www.nationalpark-unteres-odertal.de\/pl\/duze-ssaki\/wodny-bawol\/\",\"name\":\"Wodny baw\u00f3\u0142 - Nationalpark Unteres Odertal\",\"isPartOf\":{\"@id\":\"https:\/\/www.nationalpark-unteres-odertal.de\/pl\/#website\"},\"datePublished\":\"2009-06-21T15:22:59+00:00\",\"dateModified\":\"2021-11-02T15:01:23+00:00\",\"breadcrumb\":{\"@id\":\"https:\/\/www.nationalpark-unteres-odertal.de\/pl\/duze-ssaki\/wodny-bawol\/#breadcrumb\"},\"inLanguage\":\"pl-PL\",\"potentialAction\":[{\"@type\":\"ReadAction\",\"target\":[\"https:\/\/www.nationalpark-unteres-odertal.de\/pl\/duze-ssaki\/wodny-bawol\/\"]}]},{\"@type\":\"BreadcrumbList\",\"@id\":\"https:\/\/www.nationalpark-unteres-odertal.de\/pl\/duze-ssaki\/wodny-bawol\/#breadcrumb\",\"itemListElement\":[{\"@type\":\"ListItem\",\"position\":1,\"name\":\"Strona g\u0142\u00f3wna\",\"item\":\"https:\/\/www.nationalpark-unteres-odertal.de\/pl\/\"},{\"@type\":\"ListItem\",\"position\":2,\"name\":\"Du\u017ce ssaki\",\"item\":\"https:\/\/www.nationalpark-unteres-odertal.de\/pl\/duze-ssaki\/\"},{\"@type\":\"ListItem\",\"position\":3,\"name\":\"Wodny baw\u00f3\u0142\"}]},{\"@type\":\"WebSite\",\"@id\":\"https:\/\/www.nationalpark-unteres-odertal.de\/pl\/#website\",\"url\":\"https:\/\/www.nationalpark-unteres-odertal.de\/pl\/\",\"name\":\"Nationalpark Unteres Odertal\",\"description\":\"Verein der Freunde des Deutsch-Polnischen Europa-Nationalparks Unteres Odertal e.V. &amp; Nationalparkstiftung Unteres Odertal\",\"publisher\":{\"@id\":\"https:\/\/www.nationalpark-unteres-odertal.de\/pl\/#organization\"},\"potentialAction\":[{\"@type\":\"SearchAction\",\"target\":{\"@type\":\"EntryPoint\",\"urlTemplate\":\"https:\/\/www.nationalpark-unteres-odertal.de\/pl\/?s={search_term_string}\"},\"query-input\":{\"@type\":\"PropertyValueSpecification\",\"valueRequired\":true,\"valueName\":\"search_term_string\"}}],\"inLanguage\":\"pl-PL\"},{\"@type\":\"Organization\",\"@id\":\"https:\/\/www.nationalpark-unteres-odertal.de\/pl\/#organization\",\"name\":\"Verein der Freunde des Deutsch-Polnischen Europa-Nationalparks Unteres Odertal e.V. & Nationalparkstiftung Unteres Odertal\",\"url\":\"https:\/\/www.nationalpark-unteres-odertal.de\/pl\/\",\"logo\":{\"@type\":\"ImageObject\",\"inLanguage\":\"pl-PL\",\"@id\":\"https:\/\/www.nationalpark-unteres-odertal.de\/pl\/#\/schema\/logo\/image\/\",\"url\":\"https:\/\/www.nationalpark-unteres-odertal.de\/wp-content\/uploads\/logos-google.png\",\"contentUrl\":\"https:\/\/www.nationalpark-unteres-odertal.de\/wp-content\/uploads\/logos-google.png\",\"width\":800,\"height\":344,\"caption\":\"Verein der Freunde des Deutsch-Polnischen Europa-Nationalparks Unteres Odertal e.V. & Nationalparkstiftung Unteres Odertal\"},\"image\":{\"@id\":\"https:\/\/www.nationalpark-unteres-odertal.de\/pl\/#\/schema\/logo\/image\/\"}}]}<\/script>","yoast_head_json":{"title":"Wodny baw\u00f3\u0142 - Nationalpark Unteres Odertal","robots":{"index":"index","follow":"follow","max-snippet":"max-snippet:-1","max-image-preview":"max-image-preview:large","max-video-preview":"max-video-preview:-1"},"canonical":"https:\/\/www.nationalpark-unteres-odertal.de\/pl\/duze-ssaki\/wodny-bawol\/","og_locale":"pl_PL","og_type":"article","og_title":"Wodny baw\u00f3\u0142 - Nationalpark Unteres Odertal","og_url":"https:\/\/www.nationalpark-unteres-odertal.de\/pl\/duze-ssaki\/wodny-bawol\/","og_site_name":"Nationalpark Unteres Odertal","article_modified_time":"2021-11-02T15:01:23+00:00","twitter_card":"summary_large_image","schema":{"@context":"https:\/\/schema.org","@graph":[{"@type":"WebPage","@id":"https:\/\/www.nationalpark-unteres-odertal.de\/pl\/duze-ssaki\/wodny-bawol\/","url":"https:\/\/www.nationalpark-unteres-odertal.de\/pl\/duze-ssaki\/wodny-bawol\/","name":"Wodny baw\u00f3\u0142 - Nationalpark Unteres Odertal","isPartOf":{"@id":"https:\/\/www.nationalpark-unteres-odertal.de\/pl\/#website"},"datePublished":"2009-06-21T15:22:59+00:00","dateModified":"2021-11-02T15:01:23+00:00","breadcrumb":{"@id":"https:\/\/www.nationalpark-unteres-odertal.de\/pl\/duze-ssaki\/wodny-bawol\/#breadcrumb"},"inLanguage":"pl-PL","potentialAction":[{"@type":"ReadAction","target":["https:\/\/www.nationalpark-unteres-odertal.de\/pl\/duze-ssaki\/wodny-bawol\/"]}]},{"@type":"BreadcrumbList","@id":"https:\/\/www.nationalpark-unteres-odertal.de\/pl\/duze-ssaki\/wodny-bawol\/#breadcrumb","itemListElement":[{"@type":"ListItem","position":1,"name":"Strona g\u0142\u00f3wna","item":"https:\/\/www.nationalpark-unteres-odertal.de\/pl\/"},{"@type":"ListItem","position":2,"name":"Du\u017ce ssaki","item":"https:\/\/www.nationalpark-unteres-odertal.de\/pl\/duze-ssaki\/"},{"@type":"ListItem","position":3,"name":"Wodny baw\u00f3\u0142"}]},{"@type":"WebSite","@id":"https:\/\/www.nationalpark-unteres-odertal.de\/pl\/#website","url":"https:\/\/www.nationalpark-unteres-odertal.de\/pl\/","name":"Nationalpark Unteres Odertal","description":"Verein der Freunde des Deutsch-Polnischen Europa-Nationalparks Unteres Odertal e.V. &amp; Nationalparkstiftung Unteres Odertal","publisher":{"@id":"https:\/\/www.nationalpark-unteres-odertal.de\/pl\/#organization"},"potentialAction":[{"@type":"SearchAction","target":{"@type":"EntryPoint","urlTemplate":"https:\/\/www.nationalpark-unteres-odertal.de\/pl\/?s={search_term_string}"},"query-input":{"@type":"PropertyValueSpecification","valueRequired":true,"valueName":"search_term_string"}}],"inLanguage":"pl-PL"},{"@type":"Organization","@id":"https:\/\/www.nationalpark-unteres-odertal.de\/pl\/#organization","name":"Verein der Freunde des Deutsch-Polnischen Europa-Nationalparks Unteres Odertal e.V. & Nationalparkstiftung Unteres Odertal","url":"https:\/\/www.nationalpark-unteres-odertal.de\/pl\/","logo":{"@type":"ImageObject","inLanguage":"pl-PL","@id":"https:\/\/www.nationalpark-unteres-odertal.de\/pl\/#\/schema\/logo\/image\/","url":"https:\/\/www.nationalpark-unteres-odertal.de\/wp-content\/uploads\/logos-google.png","contentUrl":"https:\/\/www.nationalpark-unteres-odertal.de\/wp-content\/uploads\/logos-google.png","width":800,"height":344,"caption":"Verein der Freunde des Deutsch-Polnischen Europa-Nationalparks Unteres Odertal e.V. & Nationalparkstiftung Unteres Odertal"},"image":{"@id":"https:\/\/www.nationalpark-unteres-odertal.de\/pl\/#\/schema\/logo\/image\/"}}]}},"_links":{"self":[{"href":"https:\/\/www.nationalpark-unteres-odertal.de\/pl\/wp-json\/wp\/v2\/pages\/9038","targetHints":{"allow":["GET"]}}],"collection":[{"href":"https:\/\/www.nationalpark-unteres-odertal.de\/pl\/wp-json\/wp\/v2\/pages"}],"about":[{"href":"https:\/\/www.nationalpark-unteres-odertal.de\/pl\/wp-json\/wp\/v2\/types\/page"}],"author":[{"embeddable":true,"href":"https:\/\/www.nationalpark-unteres-odertal.de\/pl\/wp-json\/wp\/v2\/users\/1"}],"replies":[{"embeddable":true,"href":"https:\/\/www.nationalpark-unteres-odertal.de\/pl\/wp-json\/wp\/v2\/comments?post=9038"}],"version-history":[{"count":1,"href":"https:\/\/www.nationalpark-unteres-odertal.de\/pl\/wp-json\/wp\/v2\/pages\/9038\/revisions"}],"predecessor-version":[{"id":9701,"href":"https:\/\/www.nationalpark-unteres-odertal.de\/pl\/wp-json\/wp\/v2\/pages\/9038\/revisions\/9701"}],"up":[{"embeddable":true,"href":"https:\/\/www.nationalpark-unteres-odertal.de\/pl\/wp-json\/wp\/v2\/pages\/9012"}],"wp:attachment":[{"href":"https:\/\/www.nationalpark-unteres-odertal.de\/pl\/wp-json\/wp\/v2\/media?parent=9038"}],"curies":[{"name":"wp","href":"https:\/\/api.w.org\/{rel}","templated":true}]}}