

{"id":9044,"date":"2012-06-16T21:58:01","date_gmt":"2012-06-16T19:58:01","guid":{"rendered":"https:\/\/2021.nationalpark-unteres-odertal.de\/duze-ssaki\/dzikie-konie\/"},"modified":"2021-11-02T16:01:03","modified_gmt":"2021-11-02T15:01:03","slug":"dzikie-konie","status":"publish","type":"page","link":"https:\/\/www.nationalpark-unteres-odertal.de\/pl\/duze-ssaki\/dzikie-konie\/","title":{"rendered":"Dzikie konie"},"content":{"rendered":"<p><\/p><div class=\"fusion-fullwidth fullwidth-box fusion-builder-row-1 fusion-flex-container ganzoben nonhundred-percent-fullwidth non-hundred-percent-height-scrolling fusion-no-small-visibility\" style=\"--awb-border-radius-top-left:0px;--awb-border-radius-top-right:0px;--awb-border-radius-bottom-right:0px;--awb-border-radius-bottom-left:0px;--awb-padding-top:0px;--awb-margin-top:0px;--awb-margin-bottom:30px;--awb-flex-wrap:wrap;\"><div class=\"fusion-builder-row fusion-row fusion-flex-align-items-flex-start fusion-flex-content-wrap\" style=\"max-width:1248px;margin-left: calc(-4% \/ 2 );margin-right: calc(-4% \/ 2 );\"><div class=\"fusion-layout-column fusion_builder_column fusion-builder-column-0 fusion_builder_column_1_1 1_1 fusion-flex-column fusion-flex-align-self-flex-start\" style=\"--awb-bg-size:cover;--awb-width-large:100%;--awb-margin-top-large:0px;--awb-spacing-right-large:1.92%;--awb-margin-bottom-large:0px;--awb-spacing-left-large:1.92%;--awb-width-medium:100%;--awb-order-medium:0;--awb-spacing-right-medium:1.92%;--awb-spacing-left-medium:1.92%;--awb-width-small:100%;--awb-order-small:0;--awb-spacing-right-small:1.92%;--awb-spacing-left-small:1.92%;\"><div class=\"fusion-column-wrapper fusion-column-has-shadow fusion-flex-justify-content-flex-start fusion-content-layout-column\"><nav class=\"awb-menu awb-menu_row awb-menu_em-hover mobile-mode-collapse-to-button awb-menu_icons-left awb-menu_dc-yes mobile-trigger-fullwidth-off awb-menu_mobile-toggle awb-menu_indent-left mobile-size-full-absolute loading mega-menu-loading awb-menu_desktop awb-menu_dropdown awb-menu_expand-right awb-menu_transition-fade\" style=\"--awb-text-transform:none;--awb-min-height:1em;--awb-bg:#ffffff;--awb-border-radius-top-left:5px;--awb-border-radius-top-right:5px;--awb-border-radius-bottom-right:5px;--awb-border-radius-bottom-left:5px;--awb-gap:15px;--awb-align-items:center;--awb-items-padding-right:10px;--awb-items-padding-left:10px;--awb-border-color:#37731e;--awb-border-top:1px;--awb-border-right:1px;--awb-border-bottom:1px;--awb-border-left:1px;--awb-active-color:#000000;--awb-active-bg:#ffffff;--awb-active-border-top:1px;--awb-active-border-right:1px;--awb-active-border-bottom:1px;--awb-active-border-left:1px;--awb-active-border-color:#c00100;--awb-submenu-bg:#f7f7f7;--awb-submenu-border-radius-top-left:5px;--awb-submenu-border-radius-top-right:5px;--awb-submenu-border-radius-bottom-right:5px;--awb-submenu-border-radius-bottom-left:5px;--awb-submenu-active-bg:#e8e8e8;--awb-submenu-active-color:#37731e;--awb-submenu-space:5px;--awb-submenu-text-transform:none;--awb-main-justify-content:flex-start;--awb-mobile-justify:flex-start;--awb-mobile-caret-left:auto;--awb-mobile-caret-right:0;--awb-box-shadow:3px 3px 4px -1px #919191;;--awb-fusion-font-family-typography:inherit;--awb-fusion-font-style-typography:normal;--awb-fusion-font-weight-typography:400;--awb-fusion-font-family-submenu-typography:inherit;--awb-fusion-font-style-submenu-typography:normal;--awb-fusion-font-weight-submenu-typography:400;--awb-fusion-font-family-mobile-typography:inherit;--awb-fusion-font-style-mobile-typography:normal;--awb-fusion-font-weight-mobile-typography:400;\" aria-label=\"Gro\u00dfe S\u00e4uger\" data-breakpoint=\"0\" data-count=\"0\" data-transition-type=\"fade\" data-transition-time=\"300\" data-expand=\"right\"><ul id=\"menu-grosse-saeuger-pl\" class=\"fusion-menu awb-menu__main-ul awb-menu__main-ul_row\"><li id=\"menu-item-9064\" class=\"menu-item menu-item-type-post_type menu-item-object-page menu-item-has-children menu-item-9064 awb-menu__li awb-menu__main-li awb-menu__main-li_regular\" data-item-id=\"9064\"><span class=\"awb-menu__main-background-default awb-menu__main-background-default_fade\"><\/span><span class=\"awb-menu__main-background-active awb-menu__main-background-active_fade\"><\/span><a href=\"https:\/\/www.nationalpark-unteres-odertal.de\/pl\/duze-ssaki\/tury\/\" class=\"awb-menu__main-a awb-menu__main-a_regular\"><span class=\"menu-text\">Tury<\/span><span class=\"awb-menu__open-nav-submenu-hover\"><\/span><\/a><button type=\"button\" aria-label=\"Open submenu of Tury\" aria-expanded=\"false\" class=\"awb-menu__open-nav-submenu_mobile awb-menu__open-nav-submenu_main\"><\/button><ul class=\"awb-menu__sub-ul awb-menu__sub-ul_main\"><li id=\"menu-item-9065\" class=\"menu-item menu-item-type-post_type menu-item-object-page menu-item-9065 awb-menu__li awb-menu__sub-li\"><a href=\"https:\/\/www.nationalpark-unteres-odertal.de\/pl\/duze-ssaki\/tury\/mieso-z-tura\/\" class=\"awb-menu__sub-a\"><span>Mi\u0119\u00adso z&nbsp;tura<\/span><\/a><\/li><\/ul><\/li><li id=\"menu-item-9062\" class=\"menu-item menu-item-type-post_type menu-item-object-page menu-item-9062 awb-menu__li awb-menu__main-li awb-menu__main-li_regular\" data-item-id=\"9062\"><span class=\"awb-menu__main-background-default awb-menu__main-background-default_fade\"><\/span><span class=\"awb-menu__main-background-active awb-menu__main-background-active_fade\"><\/span><a href=\"https:\/\/www.nationalpark-unteres-odertal.de\/pl\/duze-ssaki\/bizon\/\" class=\"awb-menu__main-a awb-menu__main-a_regular\"><span class=\"menu-text\">Bizon<\/span><\/a><\/li><li id=\"menu-item-9066\" class=\"menu-item menu-item-type-post_type menu-item-object-page menu-item-9066 awb-menu__li awb-menu__main-li awb-menu__main-li_regular\" data-item-id=\"9066\"><span class=\"awb-menu__main-background-default awb-menu__main-background-default_fade\"><\/span><span class=\"awb-menu__main-background-active awb-menu__main-background-active_fade\"><\/span><a href=\"https:\/\/www.nationalpark-unteres-odertal.de\/pl\/duze-ssaki\/wodny-bawol\/\" class=\"awb-menu__main-a awb-menu__main-a_regular\"><span class=\"menu-text\">Wod\u00adny&nbsp;baw\u00f3\u0142<\/span><\/a><\/li><li id=\"menu-item-9063\" class=\"menu-item menu-item-type-post_type menu-item-object-page menu-item-9063 awb-menu__li awb-menu__main-li awb-menu__main-li_regular\" data-item-id=\"9063\"><span class=\"awb-menu__main-background-default awb-menu__main-background-default_fade\"><\/span><span class=\"awb-menu__main-background-active awb-menu__main-background-active_fade\"><\/span><a href=\"https:\/\/www.nationalpark-unteres-odertal.de\/pl\/duze-ssaki\/dzikie-konie\/\" class=\"awb-menu__main-a awb-menu__main-a_regular\"><span class=\"menu-text\">Dzi\u00adkie&nbsp;konie<\/span><\/a><\/li><\/ul><\/nav><\/div><\/div><\/div><\/div>\n<br>\n<div class=\"fusion-fullwidth fullwidth-box fusion-builder-row-2 fusion-flex-container nonhundred-percent-fullwidth non-hundred-percent-height-scrolling\" style=\"--awb-border-radius-top-left:0px;--awb-border-radius-top-right:0px;--awb-border-radius-bottom-right:0px;--awb-border-radius-bottom-left:0px;--awb-flex-wrap:wrap;\"><div class=\"fusion-builder-row fusion-row fusion-flex-align-items-flex-start fusion-flex-content-wrap\" style=\"max-width:1248px;margin-left: calc(-4% \/ 2 );margin-right: calc(-4% \/ 2 );\"><div class=\"fusion-layout-column fusion_builder_column fusion-builder-column-1 fusion_builder_column_1_1 1_1 fusion-flex-column\" style=\"--awb-bg-size:cover;--awb-width-large:100%;--awb-margin-top-large:0px;--awb-spacing-right-large:1.92%;--awb-margin-bottom-large:0px;--awb-spacing-left-large:1.92%;--awb-width-medium:100%;--awb-spacing-right-medium:1.92%;--awb-spacing-left-medium:1.92%;--awb-width-small:100%;--awb-spacing-right-small:1.92%;--awb-spacing-left-small:1.92%;\"><div class=\"fusion-column-wrapper fusion-flex-justify-content-flex-start fusion-content-layout-column\"><div class=\"fusion-text fusion-text-1 awb-text-cols fusion-text-columns-2\" style=\"--awb-columns:2;--awb-column-spacing:2em;--awb-column-min-width:400px;\"><p class=\"rtejustify\"><span class=\"fusion-dropcap dropcap\">P<\/span>ier\u00adwot\u00adnie, opr\u00f3cz saren i dzi\u00adk\u00f3w, na Odrze, podob\u00adnie jak w du\u017cej cz\u0119\u00ad\u015bci Euro\u00adpy, byto\u00adwa\u00ad\u0142y tak\u00ad\u017ce \u0142osie, jele\u00adnie, b\u00f3br, \u017cubry, tury i dzi\u00adkie konie. Kie\u00addy\u015b pomo\u00adg\u0142e\u015b ukszta\u0142\u00adto\u00adwa\u0107 kra\u00adjo\u00adbra\u00adzy, kt\u00f3\u00adre dzi\u015b zna\u00admy tyl\u00adko w ludz\u00adkiej posta\u00adci. Przy ca\u0142o\u00adrocz\u00adnym wypa\u00adsie nie\u00adwiel\u00adkiej licz\u00adby du\u017cych ro\u015bli\u00adno\u00ad\u017cer\u00adc\u00f3w pr\u00f3\u00adbu\u00adje si\u0119 zbli\u00ad\u017cy\u0107 do pier\u00adwot\u00adne\u00adgo cha\u00adrak\u00adte\u00adru kra\u00adjo\u00adbra\u00adzu. Przy\u00adro\u00adda powin\u00adna tu m\u00f3c roz\u00adwi\u00adja\u0107 si\u0119 tak swo\u00adbod\u00adnie, jak to tyl\u00adko mo\u017c\u00adli\u00adwe, nie wyma\u00adga\u00adj\u0105c z g\u00f3ry zapla\u00adno\u00adwa\u00adne\u00adgo rezul\u00adta\u00adtu, ide\u00adal\u00adne\u00adgo uzu\u00adpe\u0142\u00adnie\u00adnia ochro\u00adny pro\u00adce\u00ads\u00f3w w par\u00adku naro\u00addo\u00adwym. Ca\u0142o\u00adrocz\u00adny wypas ma r\u00f3w\u00adnie\u017c sens z eko\u00adno\u00admicz\u00adne\u00adgo punk\u00adtu widzenia.<\/p>\n<\/div><div class=\"fusion-separator fusion-full-width-sep\" style=\"align-self: center;margin-left: auto;margin-right: auto;margin-top:30px;width:100%;\"><\/div><\/div><\/div><div class=\"fusion-layout-column fusion_builder_column fusion-builder-column-2 fusion_builder_column_1_2 1_2 fusion-flex-column\" style=\"--awb-bg-size:cover;--awb-width-large:50%;--awb-margin-top-large:0px;--awb-spacing-right-large:3.84%;--awb-margin-bottom-large:20px;--awb-spacing-left-large:3.84%;--awb-width-medium:50%;--awb-order-medium:0;--awb-spacing-right-medium:3.84%;--awb-spacing-left-medium:3.84%;--awb-width-small:100%;--awb-order-small:0;--awb-spacing-right-small:1.92%;--awb-spacing-left-small:1.92%;\"><div class=\"fusion-column-wrapper fusion-column-has-shadow fusion-flex-justify-content-flex-start fusion-content-layout-column\"><div class=\"fusion-title title fusion-title-1 sep-underline sep-dotted fusion-title-text fusion-title-size-two\" style=\"--awb-font-size:30px;\"><h2 class=\"fusion-title-heading title-heading-left\" style=\"margin:0;font-size:1em;line-height:20px;\">Konik<\/h2><\/div><div class=\"fusion-text fusion-text-2\">\n\t\t<style type=\"text\/css\">\n\t\t\t#gallery-1 {\n\t\t\t\tmargin: auto;\n\t\t\t}\n\t\t\t#gallery-1 .gallery-item {\n\t\t\t\tfloat: left;\n\t\t\t\tmargin-top: 10px;\n\t\t\t\ttext-align: center;\n\t\t\t\twidth: 50%;\n\t\t\t}\n\t\t\t#gallery-1 img {\n\t\t\t\tborder: 2px solid #cfcfcf;\n\t\t\t}\n\t\t\t#gallery-1 .gallery-caption {\n\t\t\t\tmargin-left: 0;\n\t\t\t}\n\t\t\t\/* see gallery_shortcode() in wp-includes\/media.php *\/\n\t\t<\/style>\n\t\t<div id=\"gallery-1\" class=\"gallery galleryid-9044 gallery-columns-2 gallery-size-medium\"><dl class=\"gallery-item\">\n\t\t\t<dt class=\"gallery-icon landscape\">\n\t\t\t\t<a data-rel=\"iLightbox[postimages]\" data-title=\"Koniki w Parku Narodowym Doliny Dolnej Odry\" data-caption=\"Koniki w Parku Narodowym Doliny Dolnej Odry\" href=\"https:\/\/www.nationalpark-unteres-odertal.de\/wp-content\/uploads\/koniks-auf-einem-trockenrasen-bei-gelmersdorf-2021-2-voessing.jpg\"><img decoding=\"async\" width=\"500\" height=\"333\" src=\"https:\/\/www.nationalpark-unteres-odertal.de\/wp-content\/uploads\/koniks-auf-einem-trockenrasen-bei-gelmersdorf-2021-2-voessing-500x333.jpg\" class=\"attachment-medium size-medium lazyload\" alt=\"Koniki w Parku Narodowym Doliny Dolnej Odry\" aria-describedby=\"gallery-1-6349\" srcset=\"data:image\/svg+xml,%3Csvg%20xmlns%3D%27http%3A%2F%2Fwww.w3.org%2F2000%2Fsvg%27%20width%3D%271200%27%20height%3D%27800%27%20viewBox%3D%270%200%201200%20800%27%3E%3Crect%20width%3D%271200%27%20height%3D%27800%27%20fill-opacity%3D%220%22%2F%3E%3C%2Fsvg%3E\" data-orig-src=\"https:\/\/www.nationalpark-unteres-odertal.de\/wp-content\/uploads\/koniks-auf-einem-trockenrasen-bei-gelmersdorf-2021-2-voessing-500x333.jpg\" data-srcset=\"https:\/\/www.nationalpark-unteres-odertal.de\/wp-content\/uploads\/koniks-auf-einem-trockenrasen-bei-gelmersdorf-2021-2-voessing-200x133.jpg 200w, https:\/\/www.nationalpark-unteres-odertal.de\/wp-content\/uploads\/koniks-auf-einem-trockenrasen-bei-gelmersdorf-2021-2-voessing-400x267.jpg 400w, https:\/\/www.nationalpark-unteres-odertal.de\/wp-content\/uploads\/koniks-auf-einem-trockenrasen-bei-gelmersdorf-2021-2-voessing-500x333.jpg 500w, https:\/\/www.nationalpark-unteres-odertal.de\/wp-content\/uploads\/koniks-auf-einem-trockenrasen-bei-gelmersdorf-2021-2-voessing-600x400.jpg 600w, https:\/\/www.nationalpark-unteres-odertal.de\/wp-content\/uploads\/koniks-auf-einem-trockenrasen-bei-gelmersdorf-2021-2-voessing-800x533.jpg 800w, https:\/\/www.nationalpark-unteres-odertal.de\/wp-content\/uploads\/koniks-auf-einem-trockenrasen-bei-gelmersdorf-2021-2-voessing-1024x683.jpg 1024w, https:\/\/www.nationalpark-unteres-odertal.de\/wp-content\/uploads\/koniks-auf-einem-trockenrasen-bei-gelmersdorf-2021-2-voessing.jpg 1200w\" data-sizes=\"auto\"><\/a>\n\t\t\t<\/dt>\n\t\t\t\t<dd class=\"wp-caption-text gallery-caption\" id=\"gallery-1-6349\">\n\t\t\t\tKoni\u00adki w Par\u00adku Naro\u00addo\u00adwym Doli\u00adny Dol\u00adnej&nbsp;Odry&nbsp;<\/dd><\/dl><dl class=\"gallery-item\">\n\t\t\t<dt class=\"gallery-icon landscape\">\n\t\t\t\t<a data-rel=\"iLightbox[postimages]\" data-title=\"Koniks na suchym trawniku w pobli\u017cu Gellmersdorf\" data-caption=\"Koniks na suchym trawniku w pobli\u017cu Gellmersdorf\" href=\"https:\/\/www.nationalpark-unteres-odertal.de\/wp-content\/uploads\/koniks-auf-einem-trockenrasen-bei-gelmersdorf-2021-4-voessing-1.jpg\"><img decoding=\"async\" width=\"500\" height=\"333\" src=\"https:\/\/www.nationalpark-unteres-odertal.de\/wp-content\/uploads\/koniks-auf-einem-trockenrasen-bei-gelmersdorf-2021-4-voessing-1-500x333.jpg\" class=\"attachment-medium size-medium lazyload\" alt=\"Koniks na suchym trawniku w pobli\u017cu Gellmersdorf\" aria-describedby=\"gallery-1-6353\" srcset=\"data:image\/svg+xml,%3Csvg%20xmlns%3D%27http%3A%2F%2Fwww.w3.org%2F2000%2Fsvg%27%20width%3D%271200%27%20height%3D%27800%27%20viewBox%3D%270%200%201200%20800%27%3E%3Crect%20width%3D%271200%27%20height%3D%27800%27%20fill-opacity%3D%220%22%2F%3E%3C%2Fsvg%3E\" data-orig-src=\"https:\/\/www.nationalpark-unteres-odertal.de\/wp-content\/uploads\/koniks-auf-einem-trockenrasen-bei-gelmersdorf-2021-4-voessing-1-500x333.jpg\" data-srcset=\"https:\/\/www.nationalpark-unteres-odertal.de\/wp-content\/uploads\/koniks-auf-einem-trockenrasen-bei-gelmersdorf-2021-4-voessing-1-200x133.jpg 200w, https:\/\/www.nationalpark-unteres-odertal.de\/wp-content\/uploads\/koniks-auf-einem-trockenrasen-bei-gelmersdorf-2021-4-voessing-1-400x267.jpg 400w, https:\/\/www.nationalpark-unteres-odertal.de\/wp-content\/uploads\/koniks-auf-einem-trockenrasen-bei-gelmersdorf-2021-4-voessing-1-500x333.jpg 500w, https:\/\/www.nationalpark-unteres-odertal.de\/wp-content\/uploads\/koniks-auf-einem-trockenrasen-bei-gelmersdorf-2021-4-voessing-1-600x400.jpg 600w, https:\/\/www.nationalpark-unteres-odertal.de\/wp-content\/uploads\/koniks-auf-einem-trockenrasen-bei-gelmersdorf-2021-4-voessing-1-800x533.jpg 800w, https:\/\/www.nationalpark-unteres-odertal.de\/wp-content\/uploads\/koniks-auf-einem-trockenrasen-bei-gelmersdorf-2021-4-voessing-1-1024x683.jpg 1024w, https:\/\/www.nationalpark-unteres-odertal.de\/wp-content\/uploads\/koniks-auf-einem-trockenrasen-bei-gelmersdorf-2021-4-voessing-1.jpg 1200w\" data-sizes=\"auto\"><\/a>\n\t\t\t<\/dt>\n\t\t\t\t<dd class=\"wp-caption-text gallery-caption\" id=\"gallery-1-6353\">\n\t\t\t\tKoniks na suchym traw\u00adni\u00adku w pobli\u00ad\u017cu Gellmersdorf&nbsp;<\/dd><\/dl><br style=\"clear: both\">\n\t\t<\/div>\n\n<\/div><div class=\"fusion-separator fusion-full-width-sep\" style=\"align-self: center;margin-left: auto;margin-right: auto;margin-top:10px;width:100%;\"><\/div><div class=\"fusion-text fusion-text-3\"><p class=\"rtejustify\">Do ko\u0144\u00adca XVIII wie\u00adku w Euro\u00adpie \u015arod\u00adko\u00adwej wyst\u0119\u00adpo\u00adwa\u00ad\u0142y tak\u00ad\u017ce dzi\u00adkie konie,<strong> Tar\u00adpa\u00adny<\/strong>. Dzi\u015b nie mo\u017c\u00adna ju\u017c wyja\u00ad\u015bni\u0107, czy tar\u00adpa\u00adny by\u0142y praw\u00addzi\u00adwy\u00admi dzi\u00adki\u00admi zwie\u00adrz\u0119\u00adta\u00admi, czy \u2013 podob\u00adnie jak mustan\u00adgi w Ame\u00adry\u00adce \u2013 wra\u00adca\u00adj\u0105 do dzi\u00adkich wcze\u00adsnych zwie\u00adrz\u0105t domo\u00adwych. Oko\u00ad\u0142o 1780 r. ostat\u00adnie tar\u00adpa\u00adny z\u0142o\u00adwio\u00adno w oko\u00adli\u00adcach Bia\u00ad\u0142o\u00adwie\u00ad\u017cy i prze\u00adwie\u00adzio\u00adno do rezer\u00adwa\u00adtu przy\u00adro\u00addy. W 1806 roku zwie\u00adrz\u0119\u00adta te tra\u00adfi\u00ad\u0142y do oko\u00adlicz\u00adnych rol\u00adni\u00adk\u00f3w. Mie\u00adsza\u00adli si\u0119 tam z inny\u00admi ko\u0144\u00admi domo\u00adwy\u00admi. W 1936 r. Tade\u00adusz Vetu\u00adla\u00adni wyse\u00adlek\u00adcjo\u00adno\u00adwa\u0142 zwie\u00adrz\u0119\u00adta z potom\u00adk\u00f3w tych zwie\u00adrz\u0105t, aby wyho\u00addo\u00adwa\u0107 konie, kt\u00f3\u00adre powin\u00adny jak naj\u00adbar\u00addziej zbli\u00ad\u017cy\u0107 si\u0119 do Tar\u00adpa\u00adna. To<strong> Konik<\/strong> powsta\u0142.<\/p>\n<p class=\"rtejustify\">Mniej wi\u0119\u00adcej w tym samym cza\u00adsie bra\u00adcia Heck w Niem\u00adczech zacz\u0119\u00adli hodo\u00adwa\u0107 konia, kt\u00f3\u00adry mia\u0142 przy\u00adpo\u00admi\u00adna\u0107 tar\u00adpa\u00adna, krzy\u00ad\u017cu\u00adj\u0105c kuce D\u00fcl\u00admen, Gotland i islandz\u00adkie, konie Prze\u00adwal\u00adskie\u00adgo i Koni\u00adki. Ponie\u00adwa\u017c obie linie hodow\u00adla\u00adne by\u0142y w mi\u0119\u00addzy\u00adcza\u00adsie cz\u0119\u00adsto krzy\u00ad\u017co\u00adwa\u00adne, trud\u00adno je dzi\u015b roz\u00adr\u00f3\u017c\u00adni\u0107. Wsp\u00f3l\u00adny\u00admi cecha\u00admi dzi\u00adsiej\u00adszych koni, podob\u00adny\u00admi do ich dzi\u00adkich krew\u00adnia\u00adk\u00f3w, jest sza\u00adro-\u017c\u00f3\u0142\u00adta umasz\u00adcze\u00adnie i ciem\u00adna linia w\u0119go\u00adrza na grzbie\u00adcie. Cz\u0119\u00adsto na nogach znaj\u00addu\u00adj\u0105 si\u0119 r\u00f3w\u00adnie\u017c przej\u00ad\u015bcia dla pie\u00adszych. B\u0105d\u017a na pastwi\u00adsku na suchym polde\u00adrze mi\u0119\u00addzy Luno\u00adwem a Stol\u00adzen\u00adha\u00adgen<a href=\"https:\/\/www.nationalpark-unteres-odertal.de\/pl\/duze-ssaki\/tury\/\"> \u017bubr<\/a> (Heck byd\u0142o) i tar\u00adpa\u00adny (Koniks) trzy\u00adma\u00adne razem. Wyko\u00adnu\u00adj\u0105 r\u00f3\u017c\u00adne zada\u00adnia w eko\u00adsys\u00adte\u00admie pastwi\u00adsko\u00adwym. Obo\u00adje jedz\u0105 ina\u00adczej i ina\u00adczej. Na przy\u00adk\u0142ad konie mog\u0105 odgry\u017a\u0107 \u0142ody\u00adgi tu\u017c nad zie\u00admi\u0105, pod\u00adczas gdy byd\u0142o odgry\u00adza im pokarm j\u0119zy\u00adkiem. Konie i byd\u0142o maj\u0105 zatem r\u00f3\u017c\u00adny wp\u0142yw na ro\u015blin\u00adno\u015b\u0107. Two\u00adrzy to boga\u00adt\u0105 mozai\u00adk\u0119 r\u00f3\u017c\u00adnych zbio\u00adro\u00adwisk ro\u015blinnych.<\/p>\n<\/div><\/div><\/div><div class=\"fusion-layout-column fusion_builder_column fusion-builder-column-3 fusion_builder_column_1_2 1_2 fusion-flex-column\" style=\"--awb-bg-size:cover;--awb-width-large:50%;--awb-margin-top-large:0px;--awb-spacing-right-large:3.84%;--awb-margin-bottom-large:20px;--awb-spacing-left-large:3.84%;--awb-width-medium:50%;--awb-order-medium:0;--awb-spacing-right-medium:3.84%;--awb-spacing-left-medium:3.84%;--awb-width-small:100%;--awb-order-small:0;--awb-spacing-right-small:1.92%;--awb-spacing-left-small:1.92%;\"><div class=\"fusion-column-wrapper fusion-column-has-shadow fusion-flex-justify-content-flex-start fusion-content-layout-column\"><div class=\"fusion-title title fusion-title-2 sep-underline sep-dotted fusion-title-text fusion-title-size-two\" style=\"--awb-font-size:30px;\"><h2 class=\"fusion-title-heading title-heading-left\" style=\"margin:0;font-size:1em;line-height:20px;\">Kucyk Exmoor<\/h2><\/div><div class=\"fusion-text fusion-text-4\">\n\t\t<style type=\"text\/css\">\n\t\t\t#gallery-2 {\n\t\t\t\tmargin: auto;\n\t\t\t}\n\t\t\t#gallery-2 .gallery-item {\n\t\t\t\tfloat: left;\n\t\t\t\tmargin-top: 10px;\n\t\t\t\ttext-align: center;\n\t\t\t\twidth: 50%;\n\t\t\t}\n\t\t\t#gallery-2 img {\n\t\t\t\tborder: 2px solid #cfcfcf;\n\t\t\t}\n\t\t\t#gallery-2 .gallery-caption {\n\t\t\t\tmargin-left: 0;\n\t\t\t}\n\t\t\t\/* see gallery_shortcode() in wp-includes\/media.php *\/\n\t\t<\/style>\n\t\t<div id=\"gallery-2\" class=\"gallery galleryid-9044 gallery-columns-2 gallery-size-medium\"><dl class=\"gallery-item\">\n\t\t\t<dt class=\"gallery-icon landscape\">\n\t\t\t\t<a data-rel=\"iLightbox[postimages]\" data-title=\"Kucyk Exmoor\" data-caption=\"Kucyk Exmoor\" href=\"https:\/\/www.nationalpark-unteres-odertal.de\/wp-content\/uploads\/exmoor-pony.jpg\"><img decoding=\"async\" width=\"500\" height=\"333\" src=\"https:\/\/www.nationalpark-unteres-odertal.de\/wp-content\/uploads\/exmoor-pony-500x333.jpg\" class=\"attachment-medium size-medium lazyload\" alt=\"Kucyk Exmoor\" aria-describedby=\"gallery-2-6357\" srcset=\"data:image\/svg+xml,%3Csvg%20xmlns%3D%27http%3A%2F%2Fwww.w3.org%2F2000%2Fsvg%27%20width%3D%271200%27%20height%3D%27800%27%20viewBox%3D%270%200%201200%20800%27%3E%3Crect%20width%3D%271200%27%20height%3D%27800%27%20fill-opacity%3D%220%22%2F%3E%3C%2Fsvg%3E\" data-orig-src=\"https:\/\/www.nationalpark-unteres-odertal.de\/wp-content\/uploads\/exmoor-pony-500x333.jpg\" data-srcset=\"https:\/\/www.nationalpark-unteres-odertal.de\/wp-content\/uploads\/exmoor-pony-200x133.jpg 200w, https:\/\/www.nationalpark-unteres-odertal.de\/wp-content\/uploads\/exmoor-pony-400x267.jpg 400w, https:\/\/www.nationalpark-unteres-odertal.de\/wp-content\/uploads\/exmoor-pony-500x333.jpg 500w, https:\/\/www.nationalpark-unteres-odertal.de\/wp-content\/uploads\/exmoor-pony-600x400.jpg 600w, https:\/\/www.nationalpark-unteres-odertal.de\/wp-content\/uploads\/exmoor-pony-800x533.jpg 800w, https:\/\/www.nationalpark-unteres-odertal.de\/wp-content\/uploads\/exmoor-pony-1024x683.jpg 1024w, https:\/\/www.nationalpark-unteres-odertal.de\/wp-content\/uploads\/exmoor-pony.jpg 1200w\" data-sizes=\"auto\"><\/a>\n\t\t\t<\/dt>\n\t\t\t\t<dd class=\"wp-caption-text gallery-caption\" id=\"gallery-2-6357\">\n\t\t\t\tKucyk Exmoor&nbsp;<\/dd><\/dl><dl class=\"gallery-item\">\n\t\t\t<dt class=\"gallery-icon landscape\">\n\t\t\t\t<a data-rel=\"iLightbox[postimages]\" data-title=\"Kucyk Exmoor ze \u017arebakiem\" data-caption=\"Kucyk Exmoor ze \u017arebakiem\" href=\"https:\/\/www.nationalpark-unteres-odertal.de\/wp-content\/uploads\/exmoor-mit-fohlen-berg.jpg\"><img decoding=\"async\" width=\"500\" height=\"333\" src=\"https:\/\/www.nationalpark-unteres-odertal.de\/wp-content\/uploads\/exmoor-mit-fohlen-berg-500x333.jpg\" class=\"attachment-medium size-medium lazyload\" alt=\"Kucyk Exmoor ze \u017arebakiem\" aria-describedby=\"gallery-2-6355\" srcset=\"data:image\/svg+xml,%3Csvg%20xmlns%3D%27http%3A%2F%2Fwww.w3.org%2F2000%2Fsvg%27%20width%3D%271200%27%20height%3D%27800%27%20viewBox%3D%270%200%201200%20800%27%3E%3Crect%20width%3D%271200%27%20height%3D%27800%27%20fill-opacity%3D%220%22%2F%3E%3C%2Fsvg%3E\" data-orig-src=\"https:\/\/www.nationalpark-unteres-odertal.de\/wp-content\/uploads\/exmoor-mit-fohlen-berg-500x333.jpg\" data-srcset=\"https:\/\/www.nationalpark-unteres-odertal.de\/wp-content\/uploads\/exmoor-mit-fohlen-berg-200x133.jpg 200w, https:\/\/www.nationalpark-unteres-odertal.de\/wp-content\/uploads\/exmoor-mit-fohlen-berg-400x267.jpg 400w, https:\/\/www.nationalpark-unteres-odertal.de\/wp-content\/uploads\/exmoor-mit-fohlen-berg-500x333.jpg 500w, https:\/\/www.nationalpark-unteres-odertal.de\/wp-content\/uploads\/exmoor-mit-fohlen-berg-600x400.jpg 600w, https:\/\/www.nationalpark-unteres-odertal.de\/wp-content\/uploads\/exmoor-mit-fohlen-berg-800x533.jpg 800w, https:\/\/www.nationalpark-unteres-odertal.de\/wp-content\/uploads\/exmoor-mit-fohlen-berg-1024x683.jpg 1024w, https:\/\/www.nationalpark-unteres-odertal.de\/wp-content\/uploads\/exmoor-mit-fohlen-berg.jpg 1200w\" data-sizes=\"auto\"><\/a>\n\t\t\t<\/dt>\n\t\t\t\t<dd class=\"wp-caption-text gallery-caption\" id=\"gallery-2-6355\">\n\t\t\t\tKucyk Exmo\u00ador ze \u017arebakiem&nbsp;<\/dd><\/dl><br style=\"clear: both\">\n\t\t<\/div>\n\n<\/div><div class=\"fusion-separator fusion-full-width-sep\" style=\"align-self: center;margin-left: auto;margin-right: auto;margin-top:10px;width:100%;\"><\/div><div class=\"fusion-text fusion-text-5\"><p class=\"rtejustify\">Wygl\u0105d kucy\u00adk\u00f3w Exmo\u00ador nadal bar\u00addzo przy\u00adpo\u00admi\u00adna wymar\u00ad\u0142e\u00adgo lub wymar\u00ad\u0142e\u00adgo dzi\u00adkie\u00adgo konia wester\u00adno\u00adwe\u00adgo,<strong> Tar\u00adpan<\/strong> nazy\u00adwa. Jest uwa\u00ad\u017ca\u00adny za naj\u00adbar\u00addziej dzie\u00adwi\u00adcze\u00adgo i dzi\u00adkie\u00adgo konia przy\u00adpo\u00admi\u00adna\u00adj\u0105\u00adce\u00adgo konia na Wyspach Bry\u00adtyj\u00adskich. Nie\u00adkt\u00f3\u00adre sta\u00adda nadal swo\u00adbod\u00adnie w\u0119dru\u00adj\u0105 po wrzo\u00adso\u00adwi\u00adskach po\u0142u\u00addnio\u00adwo-zachod\u00adniej Anglii. Dla\u00adte\u00adgo spro\u00adwa\u00addzi\u00adli\u00ad\u015bmy je do doli\u00adny dol\u00adnej Odry, kt\u00f3\u00adra sil\u00adnie cha\u00adrak\u00adte\u00adry\u00adzu\u00adje si\u0119 niski\u00admi tor\u00adfo\u00adwi\u00adska\u00admi. Kuce Exmo\u00ador nie s\u0105 trzy\u00adma\u00adne na wol\u00adno\u00ad\u015bci w doli\u00adnie dol\u00adnej Odry ani nie s\u0105 trzy\u00adma\u00adne we w\u0142a\u00adsnych sta\u00addach, ale raczej socja\u00adli\u00adzo\u00adwa\u00adne z rasa\u00admi raso\u00adwy\u00admi<a href=\"https:\/\/www.nationalpark-unteres-odertal.de\/pl\/duze-ssaki\/tury\/\"> \u017bubr<\/a>, tak zwa\u00adne byd\u0142o Heck, nie tyl\u00adko ze wzgl\u0119\u00addu na ich odmien\u00adne zacho\u00adwa\u00adnie \u017cywie\u00adnio\u00adwe w por\u00f3w\u00adna\u00adniu z byd\u0142em podob\u00adnym do byd\u0142a. Razem konie i byd\u0142o pas\u0105 si\u0119 na dzi\u00adkich pastwi\u00adskach lepiej i w spo\u00ads\u00f3b bar\u00addziej zr\u00f3w\u00adno\u00adwa\u00ad\u017co\u00adny ni\u017c w oddziel\u00adnych sta\u00addach. W rze\u00adczy\u00adwi\u00adsto\u00ad\u015bci konie i byd\u0142o uni\u00adka\u00adj\u0105 si\u0119 nawza\u00adjem na roz\u00adle\u00adg\u0142ych pastwi\u00adskach i two\u00adrz\u0105 oddziel\u00adne gru\u00adpy. Moc\u00adne kucy\u00adki Exmo\u00ador s\u0105 r\u00f3w\u00adnie\u017c odpor\u00adne, latem i zim\u0105 na pastwi\u00adsku, gdzie rodz\u0105 \u017are\u00adbi\u0119\u00adta i s\u0105 chro\u00adnio\u00adne g\u0119stym zimo\u00adwym futrem. Podob\u00adnie jak \u201etur\u201d, kucy\u00adki Exmo\u00ador s\u0105 r\u00f3w\u00adnie\u017c kar\u00admio\u00adne zim\u0105 sia\u00adnem rekla\u00admo\u00adwa\u00adnym na naszej w\u0142a\u00adsnej zie\u00admi. Potom\u00adstwo z pew\u00adno\u00ad\u015bci\u0105 mo\u017c\u00adna sprze\u00adda\u0107 na tar\u00adgu koni. Aspek\u00adty eko\u00adno\u00admicz\u00adne nie decy\u00addu\u00adj\u0105 jed\u00adnak o utrzy\u00adma\u00adniu kucy\u00adk\u00f3w Exmoor.<\/p>\n<\/div><\/div><\/div><div class=\"fusion-layout-column fusion_builder_column fusion-builder-column-4 fusion_builder_column_1_1 1_1 fusion-flex-column\" style=\"--awb-bg-size:cover;--awb-width-large:100%;--awb-margin-top-large:0px;--awb-spacing-right-large:1.92%;--awb-margin-bottom-large:20px;--awb-spacing-left-large:1.92%;--awb-width-medium:100%;--awb-order-medium:0;--awb-spacing-right-medium:1.92%;--awb-spacing-left-medium:1.92%;--awb-width-small:100%;--awb-order-small:0;--awb-spacing-right-small:1.92%;--awb-spacing-left-small:1.92%;\"><div class=\"fusion-column-wrapper fusion-column-has-shadow fusion-flex-justify-content-flex-start fusion-content-layout-column\"><div class=\"fusion-title title fusion-title-3 sep-underline sep-dotted fusion-title-text fusion-title-size-two\" style=\"--awb-font-size:30px;\"><h2 class=\"fusion-title-heading title-heading-left\" style=\"margin:0;font-size:1em;line-height:20px;\">Mapa pastwisk dzikich koni<\/h2><\/div><div class=\"fusion-text fusion-text-6\">\n\n\t\t\t\t<div id=\"map_ol3js_1\" class=\"map undefined\" data-map_name=\"undefined\" data-map=\"map_ol3js_1\" style=\"width:100%; max-width:100%; height:550px; display:block; overflow:hidden;border:2px solid grey;\">\n\t\t\t\t  <div id=\"map_ol3js_1_popup\" class=\"ol-popup\">\n\t\t\t\t\t<a href=\"#\" id=\"map_ol3js_1_popup-closer\" class=\"ol-popup-closer\"><\/a>\n\t\t\t\t\t<div id=\"map_ol3js_1_popup-content\"><\/div>\n\t\t\t\t  <\/div>\n\t\t\t\t<\/div>\n\t\t\t\n\t\t\t\t<link rel=\"stylesheet\" href=\"https:\/\/www.nationalpark-unteres-odertal.de\/wp-content\/plugins\/osm\/js\/OL\/7.1.0\/ol.css?ver=7.1.0\" type=\"text\/css\">\n\t\t\t\t<link rel=\"stylesheet\" href=\"https:\/\/www.nationalpark-unteres-odertal.de\/wp-content\/plugins\/osm\/css\/osm_map_v3.css?ver=1.0.0\" type=\"text\/css\">\n\t\t\t\t<link rel=\"stylesheet\" href=\"https:\/\/www.nationalpark-unteres-odertal.de\/wp-content\/plugins\/osm\/css\/osm_map.css?ver=1.0.0\" type=\"text\/css\">\n\t\t\t\t<!-- The line below is only needed for old environments like Internet Explorer and Android 4.x -->\n                                <script src=\"https:\/\/www.nationalpark-unteres-odertal.de\/wp-content\/plugins\/osm\/js\/polyfill\/v2\/polyfill.min.js?features=requestAnimationFrame,Element.prototype.classList,URL\"><\/script>\n\n\t\t\t\t<script src=\"https:\/\/www.nationalpark-unteres-odertal.de\/wp-content\/plugins\/osm\/js\/OL\/7.1.0\/ol.js?ver=7.1.0\" type=\"text\/javascript\"><\/script>\n\t\t\t\t<script src=\"https:\/\/www.nationalpark-unteres-odertal.de\/wp-content\/plugins\/osm\/js\/osm-v3-plugin-lib.js?ver=1.0.0\" type=\"text\/javascript\"><\/script>\n\t\t\t\t<script src=\"https:\/\/www.nationalpark-unteres-odertal.de\/wp-content\/plugins\/osm\/js\/osm-metabox-events.js?ver=1.0.0\" type=\"text\/javascript\"><\/script>\n\t\t\t\t<script src=\"https:\/\/www.nationalpark-unteres-odertal.de\/wp-content\/plugins\/osm\/js\/osm-startup-lib.js\" type=\"text\/javascript\"><\/script>\n\t\t\t\t<script type=\"text\/javascript\">\n\t\t\t\t\ttranslations['openlayer'] = \"open layer\";\n\t\t\t\t\ttranslations['openlayerAtStartup'] = \"open layer at startup\";\n\t\t\t\t\ttranslations['generateLink'] = \"link to this map with opened layers\";\n\t\t\t\t\ttranslations['shortDescription'] = \"short description\";\n\t\t\t\t\ttranslations['generatedShortCode'] = \"to get a text control link paste this code in your wordpress editor\";\n\t\t\t\t\ttranslations['closeLayer'] = \"close layer\";\n\t\t\t\t\ttranslations['cantGenerateLink'] = \"put this string in the existing map short code to control this map\";\n\t\t\t  <\/script>\n\n\n\t\t\t  <script type=\"text\/javascript\">\n\t\t\t  vectorM['map_ol3js_1'] = [];\n\t        \n        var raster = getTileLayer(\"osm\",\"NoKey\");\t\t\t\n\n\t\t\t  var map_ol3js_1 = new ol.Map({\n\t\t\t\tinteractions: ol.interaction.defaults.defaults({mouseWheelZoom:false}),\n\t\t\t\tlayers: [raster],\n\t\t\t\ttarget: \"map_ol3js_1\",\n\t\t\t\tview: new ol.View({\n\t\t\t\t  center: ol.proj.transform([14.1063,52.9337], \"EPSG:4326\", \"EPSG:3857\"),\n\t\t\t\t  zoom: 13\n\t\t\t\t})\n\t\t\t  });\n\t\t\t  \n    var style0 = {\n      \"Point\": [new ol.style.Style({\n\n          image: new ol.style.Icon({\n            anchor: [0.5, 41],\n            anchorXUnits: \"fraction\",\n            anchorYUnits: \"pixels\",\n            opacity: 0.75,\n            src: \"https:\/\/www.nationalpark-unteres-odertal.de\/wp-content\/plugins\/osm\/icons\/mic_blue_pinother_02.png\"\n          })\n      })],\n\n      \"LineString\": [new ol.style.Style({\n        stroke: new ol.style.Stroke({\n          color: \"#000000\",\n          width: 8\n        })\n      })],\n      \"MultiLineString\": [new ol.style.Style({\n        stroke: new ol.style.Stroke({\n          color: \"#000000\",\n          width: 4\n        })\n      })]\n    };\n\t\t  vectorL0 = new ol.layer.Vector({\n\n\t\t\tsource: new ol.source.Vector({\n\t\t  url:\"..\/..\/..\/..\/wp-content\/uploads\/koppeln_oegmbh-pferde-pl.kml\",\n\t\t\t  format: new ol.format.KML({ showPointNames: false})\n\t\t\t}),\n         zIndex: 92\n\t\t  });map_ol3js_1.addLayer(vectorL0);addControls2Map(map_ol3js_1,0,0,3,1,5,6,7,0,1);\nosm_addPopupClickhandler(map_ol3js_1,  \"map_ol3js_1\"); \nosm_addMouseHover(map_ol3js_1); <\/script>\n<\/div><\/div><\/div><\/div><\/div>\n","protected":false},"excerpt":{"rendered":"","protected":false},"author":1,"featured_media":0,"parent":9012,"menu_order":0,"comment_status":"closed","ping_status":"closed","template":"","meta":{"wp_typography_post_enhancements_disabled":false,"_price":"","_stock":"","_tribe_ticket_header":"","_tribe_default_ticket_provider":"","_tribe_ticket_capacity":"0","_ticket_start_date":"","_ticket_end_date":"","_tribe_ticket_show_description":"","_tribe_ticket_show_not_going":false,"_tribe_ticket_use_global_stock":"","_tribe_ticket_global_stock_level":"","_global_stock_mode":"","_global_stock_cap":"","_tribe_rsvp_for_event":"","_tribe_ticket_going_count":"","_tribe_ticket_not_going_count":"","_tribe_tickets_list":"[]","_tribe_ticket_has_attendee_info_fields":false,"footnotes":""},"class_list":["post-9044","page","type-page","status-publish","hentry"],"yoast_head":"<title>Dzikie konie - Nationalpark Unteres Odertal<\/title>\n<meta name=\"robots\" content=\"index, follow, max-snippet:-1, max-image-preview:large, max-video-preview:-1\" \/>\n<link rel=\"canonical\" href=\"https:\/\/www.nationalpark-unteres-odertal.de\/pl\/duze-ssaki\/dzikie-konie\/\" \/>\n<meta property=\"og:locale\" content=\"pl_PL\" \/>\n<meta property=\"og:type\" content=\"article\" \/>\n<meta property=\"og:title\" content=\"Dzikie konie - Nationalpark Unteres Odertal\" \/>\n<meta property=\"og:url\" content=\"https:\/\/www.nationalpark-unteres-odertal.de\/pl\/duze-ssaki\/dzikie-konie\/\" \/>\n<meta property=\"og:site_name\" content=\"Nationalpark Unteres Odertal\" \/>\n<meta property=\"article:modified_time\" content=\"2021-11-02T15:01:03+00:00\" \/>\n<meta name=\"twitter:card\" content=\"summary_large_image\" \/>\n<script type=\"application\/ld+json\" class=\"yoast-schema-graph\">{\"@context\":\"https:\/\/schema.org\",\"@graph\":[{\"@type\":\"WebPage\",\"@id\":\"https:\/\/www.nationalpark-unteres-odertal.de\/pl\/duze-ssaki\/dzikie-konie\/\",\"url\":\"https:\/\/www.nationalpark-unteres-odertal.de\/pl\/duze-ssaki\/dzikie-konie\/\",\"name\":\"Dzikie konie - Nationalpark Unteres Odertal\",\"isPartOf\":{\"@id\":\"https:\/\/www.nationalpark-unteres-odertal.de\/pl\/#website\"},\"datePublished\":\"2012-06-16T19:58:01+00:00\",\"dateModified\":\"2021-11-02T15:01:03+00:00\",\"breadcrumb\":{\"@id\":\"https:\/\/www.nationalpark-unteres-odertal.de\/pl\/duze-ssaki\/dzikie-konie\/#breadcrumb\"},\"inLanguage\":\"pl-PL\",\"potentialAction\":[{\"@type\":\"ReadAction\",\"target\":[\"https:\/\/www.nationalpark-unteres-odertal.de\/pl\/duze-ssaki\/dzikie-konie\/\"]}]},{\"@type\":\"BreadcrumbList\",\"@id\":\"https:\/\/www.nationalpark-unteres-odertal.de\/pl\/duze-ssaki\/dzikie-konie\/#breadcrumb\",\"itemListElement\":[{\"@type\":\"ListItem\",\"position\":1,\"name\":\"Strona g\u0142\u00f3wna\",\"item\":\"https:\/\/www.nationalpark-unteres-odertal.de\/pl\/\"},{\"@type\":\"ListItem\",\"position\":2,\"name\":\"Du\u017ce ssaki\",\"item\":\"https:\/\/www.nationalpark-unteres-odertal.de\/pl\/duze-ssaki\/\"},{\"@type\":\"ListItem\",\"position\":3,\"name\":\"Dzikie konie\"}]},{\"@type\":\"WebSite\",\"@id\":\"https:\/\/www.nationalpark-unteres-odertal.de\/pl\/#website\",\"url\":\"https:\/\/www.nationalpark-unteres-odertal.de\/pl\/\",\"name\":\"Nationalpark Unteres Odertal\",\"description\":\"Verein der Freunde des Deutsch-Polnischen Europa-Nationalparks Unteres Odertal e.V. &amp; Nationalparkstiftung Unteres Odertal\",\"publisher\":{\"@id\":\"https:\/\/www.nationalpark-unteres-odertal.de\/pl\/#organization\"},\"potentialAction\":[{\"@type\":\"SearchAction\",\"target\":{\"@type\":\"EntryPoint\",\"urlTemplate\":\"https:\/\/www.nationalpark-unteres-odertal.de\/pl\/?s={search_term_string}\"},\"query-input\":{\"@type\":\"PropertyValueSpecification\",\"valueRequired\":true,\"valueName\":\"search_term_string\"}}],\"inLanguage\":\"pl-PL\"},{\"@type\":\"Organization\",\"@id\":\"https:\/\/www.nationalpark-unteres-odertal.de\/pl\/#organization\",\"name\":\"Verein der Freunde des Deutsch-Polnischen Europa-Nationalparks Unteres Odertal e.V. & Nationalparkstiftung Unteres Odertal\",\"url\":\"https:\/\/www.nationalpark-unteres-odertal.de\/pl\/\",\"logo\":{\"@type\":\"ImageObject\",\"inLanguage\":\"pl-PL\",\"@id\":\"https:\/\/www.nationalpark-unteres-odertal.de\/pl\/#\/schema\/logo\/image\/\",\"url\":\"https:\/\/www.nationalpark-unteres-odertal.de\/wp-content\/uploads\/logos-google.png\",\"contentUrl\":\"https:\/\/www.nationalpark-unteres-odertal.de\/wp-content\/uploads\/logos-google.png\",\"width\":800,\"height\":344,\"caption\":\"Verein der Freunde des Deutsch-Polnischen Europa-Nationalparks Unteres Odertal e.V. & Nationalparkstiftung Unteres Odertal\"},\"image\":{\"@id\":\"https:\/\/www.nationalpark-unteres-odertal.de\/pl\/#\/schema\/logo\/image\/\"}}]}<\/script>","yoast_head_json":{"title":"Dzikie konie - Nationalpark Unteres Odertal","robots":{"index":"index","follow":"follow","max-snippet":"max-snippet:-1","max-image-preview":"max-image-preview:large","max-video-preview":"max-video-preview:-1"},"canonical":"https:\/\/www.nationalpark-unteres-odertal.de\/pl\/duze-ssaki\/dzikie-konie\/","og_locale":"pl_PL","og_type":"article","og_title":"Dzikie konie - Nationalpark Unteres Odertal","og_url":"https:\/\/www.nationalpark-unteres-odertal.de\/pl\/duze-ssaki\/dzikie-konie\/","og_site_name":"Nationalpark Unteres Odertal","article_modified_time":"2021-11-02T15:01:03+00:00","twitter_card":"summary_large_image","schema":{"@context":"https:\/\/schema.org","@graph":[{"@type":"WebPage","@id":"https:\/\/www.nationalpark-unteres-odertal.de\/pl\/duze-ssaki\/dzikie-konie\/","url":"https:\/\/www.nationalpark-unteres-odertal.de\/pl\/duze-ssaki\/dzikie-konie\/","name":"Dzikie konie - Nationalpark Unteres Odertal","isPartOf":{"@id":"https:\/\/www.nationalpark-unteres-odertal.de\/pl\/#website"},"datePublished":"2012-06-16T19:58:01+00:00","dateModified":"2021-11-02T15:01:03+00:00","breadcrumb":{"@id":"https:\/\/www.nationalpark-unteres-odertal.de\/pl\/duze-ssaki\/dzikie-konie\/#breadcrumb"},"inLanguage":"pl-PL","potentialAction":[{"@type":"ReadAction","target":["https:\/\/www.nationalpark-unteres-odertal.de\/pl\/duze-ssaki\/dzikie-konie\/"]}]},{"@type":"BreadcrumbList","@id":"https:\/\/www.nationalpark-unteres-odertal.de\/pl\/duze-ssaki\/dzikie-konie\/#breadcrumb","itemListElement":[{"@type":"ListItem","position":1,"name":"Strona g\u0142\u00f3wna","item":"https:\/\/www.nationalpark-unteres-odertal.de\/pl\/"},{"@type":"ListItem","position":2,"name":"Du\u017ce ssaki","item":"https:\/\/www.nationalpark-unteres-odertal.de\/pl\/duze-ssaki\/"},{"@type":"ListItem","position":3,"name":"Dzikie konie"}]},{"@type":"WebSite","@id":"https:\/\/www.nationalpark-unteres-odertal.de\/pl\/#website","url":"https:\/\/www.nationalpark-unteres-odertal.de\/pl\/","name":"Nationalpark Unteres Odertal","description":"Verein der Freunde des Deutsch-Polnischen Europa-Nationalparks Unteres Odertal e.V. &amp; Nationalparkstiftung Unteres Odertal","publisher":{"@id":"https:\/\/www.nationalpark-unteres-odertal.de\/pl\/#organization"},"potentialAction":[{"@type":"SearchAction","target":{"@type":"EntryPoint","urlTemplate":"https:\/\/www.nationalpark-unteres-odertal.de\/pl\/?s={search_term_string}"},"query-input":{"@type":"PropertyValueSpecification","valueRequired":true,"valueName":"search_term_string"}}],"inLanguage":"pl-PL"},{"@type":"Organization","@id":"https:\/\/www.nationalpark-unteres-odertal.de\/pl\/#organization","name":"Verein der Freunde des Deutsch-Polnischen Europa-Nationalparks Unteres Odertal e.V. & Nationalparkstiftung Unteres Odertal","url":"https:\/\/www.nationalpark-unteres-odertal.de\/pl\/","logo":{"@type":"ImageObject","inLanguage":"pl-PL","@id":"https:\/\/www.nationalpark-unteres-odertal.de\/pl\/#\/schema\/logo\/image\/","url":"https:\/\/www.nationalpark-unteres-odertal.de\/wp-content\/uploads\/logos-google.png","contentUrl":"https:\/\/www.nationalpark-unteres-odertal.de\/wp-content\/uploads\/logos-google.png","width":800,"height":344,"caption":"Verein der Freunde des Deutsch-Polnischen Europa-Nationalparks Unteres Odertal e.V. & Nationalparkstiftung Unteres Odertal"},"image":{"@id":"https:\/\/www.nationalpark-unteres-odertal.de\/pl\/#\/schema\/logo\/image\/"}}]}},"_links":{"self":[{"href":"https:\/\/www.nationalpark-unteres-odertal.de\/pl\/wp-json\/wp\/v2\/pages\/9044","targetHints":{"allow":["GET"]}}],"collection":[{"href":"https:\/\/www.nationalpark-unteres-odertal.de\/pl\/wp-json\/wp\/v2\/pages"}],"about":[{"href":"https:\/\/www.nationalpark-unteres-odertal.de\/pl\/wp-json\/wp\/v2\/types\/page"}],"author":[{"embeddable":true,"href":"https:\/\/www.nationalpark-unteres-odertal.de\/pl\/wp-json\/wp\/v2\/users\/1"}],"replies":[{"embeddable":true,"href":"https:\/\/www.nationalpark-unteres-odertal.de\/pl\/wp-json\/wp\/v2\/comments?post=9044"}],"version-history":[{"count":1,"href":"https:\/\/www.nationalpark-unteres-odertal.de\/pl\/wp-json\/wp\/v2\/pages\/9044\/revisions"}],"predecessor-version":[{"id":9699,"href":"https:\/\/www.nationalpark-unteres-odertal.de\/pl\/wp-json\/wp\/v2\/pages\/9044\/revisions\/9699"}],"up":[{"embeddable":true,"href":"https:\/\/www.nationalpark-unteres-odertal.de\/pl\/wp-json\/wp\/v2\/pages\/9012"}],"wp:attachment":[{"href":"https:\/\/www.nationalpark-unteres-odertal.de\/pl\/wp-json\/wp\/v2\/media?parent=9044"}],"curies":[{"name":"wp","href":"https:\/\/api.w.org\/{rel}","templated":true}]}}