{"id":9157,"date":"2008-12-27T20:39:35","date_gmt":"2008-12-27T19:39:35","guid":{"rendered":"https:\/\/2021.nationalpark-unteres-odertal.de\/sucha-trawa\/"},"modified":"2021-11-04T15:47:46","modified_gmt":"2021-11-04T14:47:46","slug":"sucha-trawa","status":"publish","type":"page","link":"https:\/\/www.nationalpark-unteres-odertal.de\/pl\/park-narodowy-doliny-dolnej-odry\/typy-siedlisk\/sucha-trawa\/","title":{"rendered":"Sucha trawa"},"content":{"rendered":"<p><\/p><div class=\"fusion-fullwidth fullwidth-box fusion-builder-row-1 fusion-flex-container ganzoben nonhundred-percent-fullwidth non-hundred-percent-height-scrolling fusion-no-small-visibility\" style=\"--awb-border-radius-top-left:0px;--awb-border-radius-top-right:0px;--awb-border-radius-bottom-right:0px;--awb-border-radius-bottom-left:0px;--awb-padding-top:0px;--awb-margin-top:0px;--awb-margin-bottom:30px;--awb-flex-wrap:wrap;\"><div class=\"fusion-builder-row fusion-row fusion-flex-align-items-flex-start fusion-flex-content-wrap\" style=\"max-width:1248px;margin-left: calc(-4% \/ 2 );margin-right: calc(-4% \/ 2 );\"><div class=\"fusion-layout-column fusion_builder_column fusion-builder-column-0 fusion_builder_column_1_1 1_1 fusion-flex-column fusion-flex-align-self-flex-start\" style=\"--awb-bg-size:cover;--awb-width-large:100%;--awb-margin-top-large:0px;--awb-spacing-right-large:1.92%;--awb-margin-bottom-large:0px;--awb-spacing-left-large:1.92%;--awb-width-medium:100%;--awb-order-medium:0;--awb-spacing-right-medium:1.92%;--awb-spacing-left-medium:1.92%;--awb-width-small:100%;--awb-order-small:0;--awb-spacing-right-small:1.92%;--awb-spacing-left-small:1.92%;\"><div class=\"fusion-column-wrapper fusion-column-has-shadow fusion-flex-justify-content-flex-start fusion-content-layout-column\"><nav class=\"awb-menu awb-menu_row awb-menu_em-hover mobile-mode-collapse-to-button awb-menu_icons-left awb-menu_dc-yes mobile-trigger-fullwidth-off awb-menu_mobile-toggle awb-menu_indent-left mobile-size-full-absolute loading mega-menu-loading awb-menu_desktop awb-menu_dropdown awb-menu_expand-right awb-menu_transition-fade fusion-no-small-visibility\" style=\"--awb-text-transform:none;--awb-min-height:1em;--awb-bg:#ffffff;--awb-border-radius-top-left:5px;--awb-border-radius-top-right:5px;--awb-border-radius-bottom-right:5px;--awb-border-radius-bottom-left:5px;--awb-gap:15px;--awb-align-items:center;--awb-items-padding-right:10px;--awb-items-padding-left:10px;--awb-border-color:#37731e;--awb-border-top:1px;--awb-border-right:1px;--awb-border-bottom:1px;--awb-border-left:1px;--awb-active-color:#000000;--awb-active-bg:#ffffff;--awb-active-border-top:1px;--awb-active-border-right:1px;--awb-active-border-bottom:1px;--awb-active-border-left:1px;--awb-active-border-color:#c00100;--awb-submenu-bg:#f7f7f7;--awb-submenu-border-radius-top-left:5px;--awb-submenu-border-radius-top-right:5px;--awb-submenu-border-radius-bottom-right:5px;--awb-submenu-border-radius-bottom-left:5px;--awb-submenu-active-bg:#e8e8e8;--awb-submenu-active-color:#37731e;--awb-submenu-space:5px;--awb-submenu-text-transform:none;--awb-main-justify-content:flex-start;--awb-mobile-justify:flex-start;--awb-mobile-caret-left:auto;--awb-mobile-caret-right:0;--awb-box-shadow:3px 3px 4px -1px #919191;;--awb-fusion-font-family-typography:inherit;--awb-fusion-font-style-typography:normal;--awb-fusion-font-weight-typography:400;--awb-fusion-font-family-submenu-typography:inherit;--awb-fusion-font-style-submenu-typography:normal;--awb-fusion-font-weight-submenu-typography:400;--awb-fusion-font-family-mobile-typography:inherit;--awb-fusion-font-style-mobile-typography:normal;--awb-fusion-font-weight-mobile-typography:400;\" aria-label=\"Nationalpark\" data-breakpoint=\"0\" data-count=\"0\" data-transition-type=\"fade\" data-transition-time=\"300\" data-expand=\"right\"><ul id=\"menu-nationalpark-pl\" class=\"fusion-menu awb-menu__main-ul awb-menu__main-ul_row\"><li id=\"menu-item-9237\" class=\"menu-item menu-item-type-post_type menu-item-object-page menu-item-has-children menu-item-9237 awb-menu__li awb-menu__main-li awb-menu__main-li_regular\" data-item-id=\"9237\"><span class=\"awb-menu__main-background-default awb-menu__main-background-default_fade\"><\/span><span class=\"awb-menu__main-background-active awb-menu__main-background-active_fade\"><\/span><a href=\"https:\/\/www.nationalpark-unteres-odertal.de\/pl\/park-narodowy-doliny-dolnej-odry\/typy-siedlisk\/\" class=\"awb-menu__main-a awb-menu__main-a_regular\"><span class=\"menu-text\">Typy sie\u00addlisk<\/span><span class=\"awb-menu__open-nav-submenu-hover\"><\/span><\/a><button type=\"button\" aria-label=\"Open submenu of Typy siedlisk\" aria-expanded=\"false\" class=\"awb-menu__open-nav-submenu_mobile awb-menu__open-nav-submenu_main\"><\/button><ul class=\"awb-menu__sub-ul awb-menu__sub-ul_main\"><li id=\"menu-item-9238\" class=\"menu-item menu-item-type-post_type menu-item-object-page menu-item-9238 awb-menu__li awb-menu__sub-li\"><a href=\"https:\/\/www.nationalpark-unteres-odertal.de\/pl\/park-narodowy-doliny-dolnej-odry\/typy-siedlisk\/las\/\" class=\"awb-menu__sub-a\"><span>Las<\/span><\/a><\/li><li id=\"menu-item-9243\" class=\"menu-item menu-item-type-post_type menu-item-object-page menu-item-9243 awb-menu__li awb-menu__sub-li\"><a href=\"https:\/\/www.nationalpark-unteres-odertal.de\/pl\/park-narodowy-doliny-dolnej-odry\/typy-siedlisk\/sucha-trawa\/\" class=\"awb-menu__sub-a\"><span>Sucha tra\u00adwa<\/span><\/a><\/li><li id=\"menu-item-9239\" class=\"menu-item menu-item-type-post_type menu-item-object-page menu-item-has-children menu-item-9239 awb-menu__li awb-menu__sub-li\"><a href=\"https:\/\/www.nationalpark-unteres-odertal.de\/pl\/park-narodowy-doliny-dolnej-odry\/typy-siedlisk\/poldery\/\" class=\"awb-menu__sub-a\"><span>Polde\u00adry<\/span><span class=\"awb-menu__open-nav-submenu-hover\"><\/span><\/a><button type=\"button\" aria-label=\"Open submenu of Poldery\" aria-expanded=\"false\" class=\"awb-menu__open-nav-submenu_mobile awb-menu__open-nav-submenu_sub\"><\/button><ul class=\"awb-menu__sub-ul awb-menu__sub-ul_grand\"><li id=\"menu-item-9240\" class=\"menu-item menu-item-type-post_type menu-item-object-page menu-item-9240 awb-menu__li awb-menu__sub-li\"><a href=\"https:\/\/www.nationalpark-unteres-odertal.de\/pl\/park-narodowy-doliny-dolnej-odry\/typy-siedlisk\/poldery\/mokry-polder\/\" class=\"awb-menu__sub-a\"><span>Mokry polder<\/span><\/a><\/li><li id=\"menu-item-9241\" class=\"menu-item menu-item-type-post_type menu-item-object-page menu-item-9241 awb-menu__li awb-menu__sub-li\"><a href=\"https:\/\/www.nationalpark-unteres-odertal.de\/pl\/park-narodowy-doliny-dolnej-odry\/typy-siedlisk\/poldery\/suchy-polder\/\" class=\"awb-menu__sub-a\"><span>Suchy polder<\/span><\/a><\/li><\/ul><\/li><li id=\"menu-item-9242\" class=\"menu-item menu-item-type-post_type menu-item-object-page menu-item-9242 awb-menu__li awb-menu__sub-li\"><a href=\"https:\/\/www.nationalpark-unteres-odertal.de\/pl\/park-narodowy-doliny-dolnej-odry\/typy-siedlisk\/rozlewiska-starorzecza-baseny\/\" class=\"awb-menu__sub-a\"><span>Roz\u00adle\u00adwi\u00adska \u2013 sta\u00adro\u00adrze\u00adcza \u2013 baseny<\/span><\/a><\/li><\/ul><\/li><li id=\"menu-item-9387\" class=\"menu-item menu-item-type-post_type menu-item-object-page menu-item-9387 awb-menu__li awb-menu__main-li awb-menu__main-li_regular\" data-item-id=\"9387\"><span class=\"awb-menu__main-background-default awb-menu__main-background-default_fade\"><\/span><span class=\"awb-menu__main-background-active awb-menu__main-background-active_fade\"><\/span><a href=\"https:\/\/www.nationalpark-unteres-odertal.de\/pl\/park-narodowy-doliny-dolnej-odry\/flora\/\" class=\"awb-menu__main-a awb-menu__main-a_regular\"><span class=\"menu-text\">Flo\u00adra<\/span><\/a><\/li><li id=\"menu-item-9233\" class=\"menu-item menu-item-type-post_type menu-item-object-page menu-item-has-children menu-item-9233 awb-menu__li awb-menu__main-li awb-menu__main-li_regular\" data-item-id=\"9233\"><span class=\"awb-menu__main-background-default awb-menu__main-background-default_fade\"><\/span><span class=\"awb-menu__main-background-active awb-menu__main-background-active_fade\"><\/span><a href=\"https:\/\/www.nationalpark-unteres-odertal.de\/pl\/park-narodowy-doliny-dolnej-odry\/dzikiej-przyrody\/\" class=\"awb-menu__main-a awb-menu__main-a_regular\"><span class=\"menu-text\">Dzi\u00adkiej przyrody<\/span><span class=\"awb-menu__open-nav-submenu-hover\"><\/span><\/a><button type=\"button\" aria-label=\"Open submenu of Dzikiej przyrody\" aria-expanded=\"false\" class=\"awb-menu__open-nav-submenu_mobile awb-menu__open-nav-submenu_main\"><\/button><ul class=\"awb-menu__sub-ul awb-menu__sub-ul_main\"><li id=\"menu-item-9234\" class=\"menu-item menu-item-type-post_type menu-item-object-page menu-item-9234 awb-menu__li awb-menu__sub-li\"><a href=\"https:\/\/www.nationalpark-unteres-odertal.de\/pl\/park-narodowy-doliny-dolnej-odry\/dzikiej-przyrody\/migracja-ptakow\/\" class=\"awb-menu__sub-a\"><span>Migra\u00adcja ptak\u00f3w<\/span><\/a><\/li><\/ul><\/li><li id=\"menu-item-9236\" class=\"menu-item menu-item-type-post_type menu-item-object-page menu-item-9236 awb-menu__li awb-menu__main-li awb-menu__main-li_regular\" data-item-id=\"9236\"><span class=\"awb-menu__main-background-default awb-menu__main-background-default_fade\"><\/span><span class=\"awb-menu__main-background-active awb-menu__main-background-active_fade\"><\/span><a href=\"https:\/\/www.nationalpark-unteres-odertal.de\/pl\/park-narodowy-doliny-dolnej-odry\/karty\/\" class=\"awb-menu__main-a awb-menu__main-a_regular\"><span class=\"menu-text\">Kar\u00adty<\/span><\/a><\/li><\/ul><\/nav><\/div><\/div><\/div><\/div>\n<div class=\"fusion-fullwidth fullwidth-box fusion-builder-row-2 fusion-flex-container nonhundred-percent-fullwidth non-hundred-percent-height-scrolling\" style=\"--awb-border-radius-top-left:0px;--awb-border-radius-top-right:0px;--awb-border-radius-bottom-right:0px;--awb-border-radius-bottom-left:0px;--awb-flex-wrap:wrap;\"><div class=\"fusion-builder-row fusion-row fusion-flex-align-items-flex-start fusion-flex-content-wrap\" style=\"max-width:1248px;margin-left: calc(-4% \/ 2 );margin-right: calc(-4% \/ 2 );\"><div class=\"fusion-layout-column fusion_builder_column fusion-builder-column-1 fusion_builder_column_1_1 1_1 fusion-flex-column\" style=\"--awb-bg-size:cover;--awb-width-large:100%;--awb-margin-top-large:0px;--awb-spacing-right-large:1.92%;--awb-margin-bottom-large:0px;--awb-spacing-left-large:1.92%;--awb-width-medium:100%;--awb-spacing-right-medium:1.92%;--awb-spacing-left-medium:1.92%;--awb-width-small:100%;--awb-spacing-right-small:1.92%;--awb-spacing-left-small:1.92%;\"><div class=\"fusion-column-wrapper fusion-flex-justify-content-flex-start fusion-content-layout-column\"><div class=\"fusion-text fusion-text-1 awb-text-cols fusion-text-columns-2\" style=\"--awb-columns:2;--awb-column-spacing:2em;--awb-column-min-width:400px;\"><p class=\"rtejustify\"><span class=\"fusion-dropcap dropcap\">S<\/span>uche mura\u00adwy w doli\u00adnie dol\u00adnej Odry s\u0105 powro\u00adtem do dzia\u00ad\u0142al\u00adno\u00ad\u015bci gospo\u00addar\u00adczej cz\u0142o\u00adwie\u00adka. Poja\u00adwi\u00ad\u0142y si\u0119, gdy pastwi\u00adska powsta\u00ad\u0142y w p\u00f3\u017a\u00adnym \u015bre\u00addnio\u00adwie\u00adczu, cz\u0119\u00adsto po wyle\u00adsie\u00adniu na zbo\u00adczach doli\u00adny lub na skra\u00adju doli\u00adny Odry. Pomi\u00admo histo\u00adrii jego powsta\u00adnia, na kt\u00f3\u00adr\u0105 du\u017cy wp\u0142yw mia\u0142 cz\u0142o\u00adwiek, odnaj\u00addu\u00adje\u00admy tu nie\u00adzwy\u00adkle boga\u00adte i cie\u00adka\u00adwe sie\u00addli\u00adska, kt\u00f3\u00adre s\u0105 domem dla wie\u00adlu, zw\u0142asz\u00adcza flo\u00adry\u00adstycz\u00adnych rary\u00adta\u00ads\u00f3w. Mura\u00adwy kse\u00adro\u00adter\u00admicz\u00adne s\u0105 podzie\u00adlo\u00adne wed\u0142ug gleb na mura\u00adwy kse\u00adro\u00adter\u00admicz\u00adne na mura\u00adwach napia\u00adsko\u00adwych i ste\u00adpo\u00adwe na gle\u00adbach gliniastych.<\/p>\n<\/div><div class=\"fusion-separator fusion-full-width-sep\" style=\"align-self: center;margin-left: auto;margin-right: auto;margin-top:30px;width:100%;\"><\/div><div class=\"fusion-text fusion-text-2\">\n\t\t<style type=\"text\/css\">\n\t\t\t#gallery-1 {\n\t\t\t\tmargin: auto;\n\t\t\t}\n\t\t\t#gallery-1 .gallery-item {\n\t\t\t\tfloat: left;\n\t\t\t\tmargin-top: 10px;\n\t\t\t\ttext-align: center;\n\t\t\t\twidth: 33%;\n\t\t\t}\n\t\t\t#gallery-1 img {\n\t\t\t\tborder: 2px solid #cfcfcf;\n\t\t\t}\n\t\t\t#gallery-1 .gallery-caption {\n\t\t\t\tmargin-left: 0;\n\t\t\t}\n\t\t\t\/* see gallery_shortcode() in wp-includes\/media.php *\/\n\t\t<\/style>\n\t\t<div id=\"gallery-1\" class=\"gallery galleryid-9157 gallery-columns-3 gallery-size-medium\"><dl class=\"gallery-item\">\n\t\t\t<dt class=\"gallery-icon landscape\">\n\t\t\t\t<a data-rel=\"iLightbox[postimages]\" data-title=\"Sucha trawa\" data-caption=\"Sucha trawa\" href=\"https:\/\/www.nationalpark-unteres-odertal.de\/wp-content\/uploads\/trockenrasen-im-nationalpark-unteres-odertal-blutke.jpg\"><img decoding=\"async\" width=\"500\" height=\"333\" src=\"https:\/\/www.nationalpark-unteres-odertal.de\/wp-content\/uploads\/trockenrasen-im-nationalpark-unteres-odertal-blutke-500x333.jpg\" class=\"attachment-medium size-medium lazyload\" alt=\"Sucha trawa\" aria-describedby=\"gallery-1-6201\" srcset=\"data:image\/svg+xml,%3Csvg%20xmlns%3D%27http%3A%2F%2Fwww.w3.org%2F2000%2Fsvg%27%20width%3D%271200%27%20height%3D%27800%27%20viewBox%3D%270%200%201200%20800%27%3E%3Crect%20width%3D%271200%27%20height%3D%27800%27%20fill-opacity%3D%220%22%2F%3E%3C%2Fsvg%3E\" data-orig-src=\"https:\/\/www.nationalpark-unteres-odertal.de\/wp-content\/uploads\/trockenrasen-im-nationalpark-unteres-odertal-blutke-500x333.jpg\" data-srcset=\"https:\/\/www.nationalpark-unteres-odertal.de\/wp-content\/uploads\/trockenrasen-im-nationalpark-unteres-odertal-blutke-200x133.jpg 200w, https:\/\/www.nationalpark-unteres-odertal.de\/wp-content\/uploads\/trockenrasen-im-nationalpark-unteres-odertal-blutke-400x267.jpg 400w, https:\/\/www.nationalpark-unteres-odertal.de\/wp-content\/uploads\/trockenrasen-im-nationalpark-unteres-odertal-blutke-500x333.jpg 500w, https:\/\/www.nationalpark-unteres-odertal.de\/wp-content\/uploads\/trockenrasen-im-nationalpark-unteres-odertal-blutke-600x400.jpg 600w, https:\/\/www.nationalpark-unteres-odertal.de\/wp-content\/uploads\/trockenrasen-im-nationalpark-unteres-odertal-blutke-768x512.jpg 768w, https:\/\/www.nationalpark-unteres-odertal.de\/wp-content\/uploads\/trockenrasen-im-nationalpark-unteres-odertal-blutke-800x533.jpg 800w, https:\/\/www.nationalpark-unteres-odertal.de\/wp-content\/uploads\/trockenrasen-im-nationalpark-unteres-odertal-blutke-1024x683.jpg 1024w, https:\/\/www.nationalpark-unteres-odertal.de\/wp-content\/uploads\/trockenrasen-im-nationalpark-unteres-odertal-blutke.jpg 1200w\" data-sizes=\"auto\"><\/a>\n\t\t\t<\/dt>\n\t\t\t\t<dd class=\"wp-caption-text gallery-caption\" id=\"gallery-1-6201\">\n\t\t\t\tSucha&nbsp;trawa&nbsp;<\/dd><\/dl><dl class=\"gallery-item\">\n\t\t\t<dt class=\"gallery-icon landscape\">\n\t\t\t\t<a data-rel=\"iLightbox[postimages]\" data-title=\"Sucha trawa z wrzosem\" data-caption=\"Sucha trawa z wrzosem\" href=\"https:\/\/www.nationalpark-unteres-odertal.de\/wp-content\/uploads\/trockenrasen-mit-heide-migdalska.jpg\"><img decoding=\"async\" width=\"500\" height=\"333\" src=\"https:\/\/www.nationalpark-unteres-odertal.de\/wp-content\/uploads\/trockenrasen-mit-heide-migdalska-500x333.jpg\" class=\"attachment-medium size-medium lazyload\" alt=\"Sucha trawa z wrzosem\" aria-describedby=\"gallery-1-6203\" srcset=\"data:image\/svg+xml,%3Csvg%20xmlns%3D%27http%3A%2F%2Fwww.w3.org%2F2000%2Fsvg%27%20width%3D%271200%27%20height%3D%27800%27%20viewBox%3D%270%200%201200%20800%27%3E%3Crect%20width%3D%271200%27%20height%3D%27800%27%20fill-opacity%3D%220%22%2F%3E%3C%2Fsvg%3E\" data-orig-src=\"https:\/\/www.nationalpark-unteres-odertal.de\/wp-content\/uploads\/trockenrasen-mit-heide-migdalska-500x333.jpg\" data-srcset=\"https:\/\/www.nationalpark-unteres-odertal.de\/wp-content\/uploads\/trockenrasen-mit-heide-migdalska-200x133.jpg 200w, https:\/\/www.nationalpark-unteres-odertal.de\/wp-content\/uploads\/trockenrasen-mit-heide-migdalska-400x267.jpg 400w, https:\/\/www.nationalpark-unteres-odertal.de\/wp-content\/uploads\/trockenrasen-mit-heide-migdalska-500x333.jpg 500w, https:\/\/www.nationalpark-unteres-odertal.de\/wp-content\/uploads\/trockenrasen-mit-heide-migdalska-600x400.jpg 600w, https:\/\/www.nationalpark-unteres-odertal.de\/wp-content\/uploads\/trockenrasen-mit-heide-migdalska-768x512.jpg 768w, https:\/\/www.nationalpark-unteres-odertal.de\/wp-content\/uploads\/trockenrasen-mit-heide-migdalska-800x533.jpg 800w, https:\/\/www.nationalpark-unteres-odertal.de\/wp-content\/uploads\/trockenrasen-mit-heide-migdalska-1024x683.jpg 1024w, https:\/\/www.nationalpark-unteres-odertal.de\/wp-content\/uploads\/trockenrasen-mit-heide-migdalska.jpg 1200w\" data-sizes=\"auto\"><\/a>\n\t\t\t<\/dt>\n\t\t\t\t<dd class=\"wp-caption-text gallery-caption\" id=\"gallery-1-6203\">\n\t\t\t\tSucha tra\u00adwa z wrzosem&nbsp;<\/dd><\/dl><dl class=\"gallery-item\">\n\t\t\t<dt class=\"gallery-icon landscape\">\n\t\t\t\t<a data-rel=\"iLightbox[postimages]\" data-title=\"Kolorowa \u0142\u0105ka dzikich kwiat\u00f3w\" data-caption=\"Kolorowa \u0142\u0105ka dzikich kwiat\u00f3w\" href=\"https:\/\/www.nationalpark-unteres-odertal.de\/wp-content\/uploads\/bunte-wildblumenwiese-migdalska.jpg\"><img decoding=\"async\" width=\"500\" height=\"333\" src=\"https:\/\/www.nationalpark-unteres-odertal.de\/wp-content\/uploads\/bunte-wildblumenwiese-migdalska-500x333.jpg\" class=\"attachment-medium size-medium lazyload\" alt=\"Kolorowa \u0142\u0105ka dzikich kwiat\u00f3w\" aria-describedby=\"gallery-1-6191\" srcset=\"data:image\/svg+xml,%3Csvg%20xmlns%3D%27http%3A%2F%2Fwww.w3.org%2F2000%2Fsvg%27%20width%3D%271200%27%20height%3D%27800%27%20viewBox%3D%270%200%201200%20800%27%3E%3Crect%20width%3D%271200%27%20height%3D%27800%27%20fill-opacity%3D%220%22%2F%3E%3C%2Fsvg%3E\" data-orig-src=\"https:\/\/www.nationalpark-unteres-odertal.de\/wp-content\/uploads\/bunte-wildblumenwiese-migdalska-500x333.jpg\" data-srcset=\"https:\/\/www.nationalpark-unteres-odertal.de\/wp-content\/uploads\/bunte-wildblumenwiese-migdalska-200x133.jpg 200w, https:\/\/www.nationalpark-unteres-odertal.de\/wp-content\/uploads\/bunte-wildblumenwiese-migdalska-400x267.jpg 400w, https:\/\/www.nationalpark-unteres-odertal.de\/wp-content\/uploads\/bunte-wildblumenwiese-migdalska-500x333.jpg 500w, https:\/\/www.nationalpark-unteres-odertal.de\/wp-content\/uploads\/bunte-wildblumenwiese-migdalska-600x400.jpg 600w, https:\/\/www.nationalpark-unteres-odertal.de\/wp-content\/uploads\/bunte-wildblumenwiese-migdalska-768x512.jpg 768w, https:\/\/www.nationalpark-unteres-odertal.de\/wp-content\/uploads\/bunte-wildblumenwiese-migdalska-800x533.jpg 800w, https:\/\/www.nationalpark-unteres-odertal.de\/wp-content\/uploads\/bunte-wildblumenwiese-migdalska-1024x683.jpg 1024w, https:\/\/www.nationalpark-unteres-odertal.de\/wp-content\/uploads\/bunte-wildblumenwiese-migdalska.jpg 1200w\" data-sizes=\"auto\"><\/a>\n\t\t\t<\/dt>\n\t\t\t\t<dd class=\"wp-caption-text gallery-caption\" id=\"gallery-1-6191\">\n\t\t\t\tKolo\u00adro\u00adwa \u0142\u0105ka dzi\u00adkich kwiat\u00f3w&nbsp;<\/dd><\/dl><br style=\"clear: both\">\n\t\t<\/div>\n\n<\/div><div class=\"fusion-separator fusion-full-width-sep\" style=\"align-self: center;margin-left: auto;margin-right: auto;margin-top:30px;width:100%;\"><\/div><div class=\"fusion-title title fusion-title-1 sep-underline sep-dotted fusion-title-text fusion-title-size-two\" style=\"--awb-font-size:30px;\"><h2 class=\"fusion-title-heading title-heading-left\" style=\"margin:0;font-size:1em;line-height:20px;\">Suchy trawnik piaskowy<\/h2><\/div><div class=\"fusion-text fusion-text-3 awb-text-cols fusion-text-columns-2\" style=\"--awb-columns:2;--awb-column-spacing:2em;--awb-column-min-width:400px;\"><p>Suche mura\u00adwy napia\u00adsko\u00adwe s\u0105 sze\u00adro\u00adko roz\u00adpo\u00adwszech\u00adnio\u00adne w ca\u0142ej doli\u00adnie dol\u00adnej Odry, nawet na wy\u017cej po\u0142o\u00ad\u017co\u00adnych miej\u00adscach w rze\u00adczy\u00adwi\u00adstej tera\u00adsie zale\u00adwo\u00adwej doli\u00adny rzecz\u00adnej, co na pierw\u00adszy rzut oka mo\u017ce dzi\u00adwi\u0107. W wyni\u00adku dyna\u00admi\u00adki r\u00f3w\u00adnin zale\u00adwo\u00adwych i ich wza\u00adjem\u00adne\u00adgo oddzia\u00ad\u0142y\u00adwa\u00adnia mi\u0119\u00addzy sedy\u00admen\u00adta\u00adcj\u0105 a ero\u00adzj\u0105, na osa\u00addach piasz\u00adczy\u00adstych na tere\u00adnie polde\u00adru wyst\u0119\u00adpu\u00adj\u0105 tak\u00ad\u017ce mura\u00adwy napia\u00adsko\u00adwe, na kt\u00f3\u00adrych wyst\u0119\u00adpu\u00adj\u0105 \u017c\u00f3\u0142\u00adte kwia\u00adto\u00adsta\u00adny lepi\u0119\u017c\u00adni\u00adka fil\u00adco\u00adwe\u00adgo (<em>Peta\u00adsi\u00adtes spu\u00adrius<\/em>) wyr\u00f3\u017c\u00adnia\u00adj\u0105 si\u0119. P\u00f3\u017a\u00adniej kwit\u00adnie tu sze\u00adreg drob\u00adnych, rzad\u00adkich gatun\u00adk\u00f3w roga\u00adtek (<em>cera\u00adstium dub<\/em>, <em>cera\u00adstium palens<\/em>, <em>Cera\u00adstium bra\u00adchy\u00adpe\u00adta\u00adlum<\/em>). W lecie wyst\u0119\u00adpu\u00adje sre\u00adbrzy\u00adsta tra\u00adwa (<em>Cory\u00adne\u00adpho\u00adrus cane\u00adscens<\/em>) i muchy tatar\u00adskiej (<em>Tata\u00adri\u00adca Sile\u00adne<\/em>) przed. Kie\u00addy te miej\u00adsca zasty\u00adga\u00adj\u0105, roz\u00adwi\u00adja si\u0119 traw\u00adnik z go\u017a\u00addzi\u00adk\u00f3w wrzosowych.<\/p>\n<p>Na wy\u017cy\u00adnach wyst\u0119\u00adpu\u00adj\u0105 r\u00f3\u017c\u00adne rodza\u00adje muraw napia\u00adsko\u00adwych, na kt\u00f3\u00adrych wyst\u0119\u00adpu\u00adj\u0105 gatun\u00adki kostrze\u00adwy (<em>Festu\u00adca tra\u00adchy\u00adphyl\u00adla<\/em>, <em>Festu\u00adca psam\u00admo\u00adphi\u00adla<\/em>, <em>Festu\u00adca pole\u00adsi\u00adca<\/em>) odgry\u00adwa\u00adj\u0105 g\u0142\u00f3w\u00adn\u0105 rol\u0119 w\u015br\u00f3d gatun\u00adk\u00f3w traw. Ist\u00adnie\u00adj\u0105 r\u00f3w\u00adnie\u017c r\u00f3\u017c\u00adne gatun\u00adki i pod\u00adga\u00adtun\u00adki traw pie\u00adrza\u00adstych (<em>Sti\u00adpa joan\u00adnis<\/em>, <em>Sti\u00adpa bory\u00adsthe\u00adni\u00adca<\/em>) i ofe\u00adru\u00adj\u0105 wspa\u00adnia\u00ad\u0142y widok wcze\u00adsnym latem dzi\u0119\u00adki swo\u00adim d\u0142u\u00adgim, w\u0142o\u00adcha\u00adtym dasz\u00adkom. Rzad\u00adkie zio\u00ad\u0142a, takie jak dwa gatun\u00adki og\u00f3r\u00adka (<em>Sile\u00adne oti\u00adtes<\/em> oraz<em> Silen chlo\u00adran\u00adtha<\/em>), jastrz\u0105b \u017cmii (<em>Hie\u00adra\u00adcium echio\u00adides<\/em>), go\u017a\u00addzik kar\u00adtu\u00adz\u00f3w (<em>Dian\u00adthus car\u00adthu\u00adsia\u00adno\u00adrum<\/em>), \u017c\u00f3\u0142\u00adta siat\u00adka z\u0119b\u00f3w (<em>Orthan\u00adtha lutea<\/em>), dzwo\u00adnek sybe\u00adryj\u00adski (<em>Dzwo\u00adnek sibi\u00adri\u00adca<\/em>) i wie\u00adle innych uzu\u00adpe\u0142\u00adnia obraz i zazna\u00adcza poszcze\u00adg\u00f3l\u00adne skojarzenia.<\/p>\n<\/div><div class=\"fusion-separator fusion-full-width-sep\" style=\"align-self: center;margin-left: auto;margin-right: auto;margin-top:30px;width:100%;\"><\/div><div class=\"fusion-text fusion-text-4\">\n\t\t<style type=\"text\/css\">\n\t\t\t#gallery-2 {\n\t\t\t\tmargin: auto;\n\t\t\t}\n\t\t\t#gallery-2 .gallery-item {\n\t\t\t\tfloat: left;\n\t\t\t\tmargin-top: 10px;\n\t\t\t\ttext-align: center;\n\t\t\t\twidth: 25%;\n\t\t\t}\n\t\t\t#gallery-2 img {\n\t\t\t\tborder: 2px solid #cfcfcf;\n\t\t\t}\n\t\t\t#gallery-2 .gallery-caption {\n\t\t\t\tmargin-left: 0;\n\t\t\t}\n\t\t\t\/* see gallery_shortcode() in wp-includes\/media.php *\/\n\t\t<\/style>\n\t\t<div id=\"gallery-2\" class=\"gallery galleryid-9157 gallery-columns-4 gallery-size-thumbnail\"><dl class=\"gallery-item\">\n\t\t\t<dt class=\"gallery-icon portrait\">\n\t\t\t\t<a data-rel=\"iLightbox[postimages]\" data-title=\"Trawa z pi\u00f3r na wzg\u00f3rzu Geesower\" data-caption=\"Trawa z pi\u00f3r na wzg\u00f3rzu Geesower\" href=\"https:\/\/www.nationalpark-unteres-odertal.de\/wp-content\/uploads\/federgras-1994-trockenrasen-geesower-huegel-unteres-odertal-b-grimm.jpg\"><img decoding=\"async\" width=\"150\" height=\"150\" src=\"https:\/\/www.nationalpark-unteres-odertal.de\/wp-content\/uploads\/federgras-1994-trockenrasen-geesower-huegel-unteres-odertal-b-grimm-150x150.jpg\" class=\"attachment-thumbnail size-thumbnail lazyload\" alt=\"Trawa z pi\u00f3r na wzg\u00f3rzu Geesower\" aria-describedby=\"gallery-2-6195\" srcset=\"data:image\/svg+xml,%3Csvg%20xmlns%3D%27http%3A%2F%2Fwww.w3.org%2F2000%2Fsvg%27%20width%3D%27600%27%20height%3D%27930%27%20viewBox%3D%270%200%20600%20930%27%3E%3Crect%20width%3D%27600%27%20height%3D%27930%27%20fill-opacity%3D%220%22%2F%3E%3C%2Fsvg%3E\" data-orig-src=\"https:\/\/www.nationalpark-unteres-odertal.de\/wp-content\/uploads\/federgras-1994-trockenrasen-geesower-huegel-unteres-odertal-b-grimm-150x150.jpg\" data-srcset=\"https:\/\/www.nationalpark-unteres-odertal.de\/wp-content\/uploads\/federgras-1994-trockenrasen-geesower-huegel-unteres-odertal-b-grimm-66x66.jpg 66w, https:\/\/www.nationalpark-unteres-odertal.de\/wp-content\/uploads\/federgras-1994-trockenrasen-geesower-huegel-unteres-odertal-b-grimm-150x150.jpg 150w\" data-sizes=\"auto\"><\/a>\n\t\t\t<\/dt>\n\t\t\t\t<dd class=\"wp-caption-text gallery-caption\" id=\"gallery-2-6195\">\n\t\t\t\tTra\u00adwa z pi\u00f3r na wzg\u00f3\u00adrzu Geesower&nbsp;<\/dd><\/dl><dl class=\"gallery-item\">\n\t\t\t<dt class=\"gallery-icon portrait\">\n\t\t\t\t<a data-rel=\"iLightbox[postimages]\" data-title=\"Sza\u0142wia \u0142\u0105kowa\" data-caption=\"Sza\u0142wia \u0142\u0105kowa\" href=\"https:\/\/www.nationalpark-unteres-odertal.de\/wp-content\/uploads\/wiesensalbei-grimm.jpg\"><img decoding=\"async\" width=\"150\" height=\"150\" src=\"https:\/\/www.nationalpark-unteres-odertal.de\/wp-content\/uploads\/wiesensalbei-grimm-150x150.jpg\" class=\"attachment-thumbnail size-thumbnail lazyload\" alt=\"Sza\u0142wia \u0142\u0105kowa\" aria-describedby=\"gallery-2-6205\" srcset=\"data:image\/svg+xml,%3Csvg%20xmlns%3D%27http%3A%2F%2Fwww.w3.org%2F2000%2Fsvg%27%20width%3D%27600%27%20height%3D%27930%27%20viewBox%3D%270%200%20600%20930%27%3E%3Crect%20width%3D%27600%27%20height%3D%27930%27%20fill-opacity%3D%220%22%2F%3E%3C%2Fsvg%3E\" data-orig-src=\"https:\/\/www.nationalpark-unteres-odertal.de\/wp-content\/uploads\/wiesensalbei-grimm-150x150.jpg\" data-srcset=\"https:\/\/www.nationalpark-unteres-odertal.de\/wp-content\/uploads\/wiesensalbei-grimm-66x66.jpg 66w, https:\/\/www.nationalpark-unteres-odertal.de\/wp-content\/uploads\/wiesensalbei-grimm-150x150.jpg 150w\" data-sizes=\"auto\"><\/a>\n\t\t\t<\/dt>\n\t\t\t\t<dd class=\"wp-caption-text gallery-caption\" id=\"gallery-2-6205\">\n\t\t\t\tSza\u0142\u00adwia \u0142\u0105kowa&nbsp;<\/dd><\/dl><dl class=\"gallery-item\">\n\t\t\t<dt class=\"gallery-icon landscape\">\n\t\t\t\t<a data-rel=\"iLightbox[postimages]\" data-title=\"Goryczka krzy\u017cowa\" data-caption=\"goryczka krzy\u017cowa\" href=\"https:\/\/www.nationalpark-unteres-odertal.de\/wp-content\/uploads\/kreuz-enzian-blutke.jpg\"><img decoding=\"async\" width=\"150\" height=\"150\" src=\"https:\/\/www.nationalpark-unteres-odertal.de\/wp-content\/uploads\/kreuz-enzian-blutke-150x150.jpg\" class=\"attachment-thumbnail size-thumbnail lazyload\" alt=\"goryczka krzy\u017cowa\" aria-describedby=\"gallery-2-6199\" srcset=\"data:image\/svg+xml,%3Csvg%20xmlns%3D%27http%3A%2F%2Fwww.w3.org%2F2000%2Fsvg%27%20width%3D%271200%27%20height%3D%27800%27%20viewBox%3D%270%200%201200%20800%27%3E%3Crect%20width%3D%271200%27%20height%3D%27800%27%20fill-opacity%3D%220%22%2F%3E%3C%2Fsvg%3E\" data-orig-src=\"https:\/\/www.nationalpark-unteres-odertal.de\/wp-content\/uploads\/kreuz-enzian-blutke-150x150.jpg\" data-srcset=\"https:\/\/www.nationalpark-unteres-odertal.de\/wp-content\/uploads\/kreuz-enzian-blutke-66x66.jpg 66w, https:\/\/www.nationalpark-unteres-odertal.de\/wp-content\/uploads\/kreuz-enzian-blutke-150x150.jpg 150w\" data-sizes=\"auto\"><\/a>\n\t\t\t<\/dt>\n\t\t\t\t<dd class=\"wp-caption-text gallery-caption\" id=\"gallery-2-6199\">\n\t\t\t\tgorycz\u00adka krzy\u017cowa&nbsp;<\/dd><\/dl><dl class=\"gallery-item\">\n\t\t\t<dt class=\"gallery-icon landscape\">\n\t\t\t\t<a data-rel=\"iLightbox[postimages]\" data-title=\"Krwistoczerwony dzi\u00f3b \u017curawi\" data-caption=\"Krwistoczerwony dzi\u00f3b \u017curawi\" href=\"https:\/\/www.nationalpark-unteres-odertal.de\/wp-content\/uploads\/blutroter-storchschnabel-grimm.jpg\"><img decoding=\"async\" width=\"150\" height=\"150\" src=\"https:\/\/www.nationalpark-unteres-odertal.de\/wp-content\/uploads\/blutroter-storchschnabel-grimm-150x150.jpg\" class=\"attachment-thumbnail size-thumbnail lazyload\" alt=\"Krwistoczerwony dzi\u00f3b \u017curawi\" aria-describedby=\"gallery-2-6187\" srcset=\"data:image\/svg+xml,%3Csvg%20xmlns%3D%27http%3A%2F%2Fwww.w3.org%2F2000%2Fsvg%27%20width%3D%271200%27%20height%3D%27800%27%20viewBox%3D%270%200%201200%20800%27%3E%3Crect%20width%3D%271200%27%20height%3D%27800%27%20fill-opacity%3D%220%22%2F%3E%3C%2Fsvg%3E\" data-orig-src=\"https:\/\/www.nationalpark-unteres-odertal.de\/wp-content\/uploads\/blutroter-storchschnabel-grimm-150x150.jpg\" data-srcset=\"https:\/\/www.nationalpark-unteres-odertal.de\/wp-content\/uploads\/blutroter-storchschnabel-grimm-66x66.jpg 66w, https:\/\/www.nationalpark-unteres-odertal.de\/wp-content\/uploads\/blutroter-storchschnabel-grimm-150x150.jpg 150w\" data-sizes=\"auto\"><\/a>\n\t\t\t<\/dt>\n\t\t\t\t<dd class=\"wp-caption-text gallery-caption\" id=\"gallery-2-6187\">\n\t\t\t\tKrwi\u00adsto\u00adczer\u00adwo\u00adny dzi\u00f3b \u017curawi&nbsp;<\/dd><\/dl><br style=\"clear: both\">\n\t\t<\/div>\n\n<\/div><div class=\"fusion-separator fusion-full-width-sep\" style=\"align-self: center;margin-left: auto;margin-right: auto;margin-top:30px;width:100%;\"><\/div><div class=\"fusion-title title fusion-title-2 sep-underline sep-dotted fusion-title-text fusion-title-size-two\" style=\"--awb-font-size:30px;\"><h2 class=\"fusion-title-heading title-heading-left\" style=\"margin:0;font-size:1em;line-height:20px;\">Sucha \u0142\u0105ka stepowa<\/h2><\/div><div class=\"fusion-text fusion-text-5 awb-text-cols fusion-text-columns-2\" style=\"--awb-columns:2;--awb-column-spacing:2em;--awb-column-min-width:400px;\"><p>Szcze\u00adg\u00f3l\u00adnie wa\u017c\u00adne pod wzgl\u0119\u00addem flo\u00adry i ochro\u00adny przy\u00adro\u00addy s\u0105 suche mura\u00adwy ste\u00adpo\u00adwe w par\u00adku naro\u00addo\u00adwym. Pod\u00adczas gdy step z pi\u00f3r tra\u00adw\u0105 z tra\u00adw\u0105 szy\u00add\u0142a (<em>Sti\u00adpa capil\u00adla\u00adta<\/em>) nadal daje sto\u00adsun\u00adko\u00adwo mono\u00adton\u00adny obraz, \u0142\u0105ko\u00adwe ste\u00adpy w pobli\u00ad\u017cu Geesow, Gartz, St\u00fctz\u00adkow, Gel\u00adl\u00admers\u00addorf, Stol\u00adpe czy Stol\u00adzen\u00adha\u00adgen mo\u017c\u00adna por\u00f3w\u00adna\u0107 bar\u00addziej z dzi\u00adko kwit\u00adn\u0105\u00adcy\u00admi ogro\u00adda\u00admi ni\u017c ze zwy\u00adk\u0142y\u00admi zbio\u00adro\u00adwi\u00adska\u00admi ro\u015blinnymi.<\/p>\n<p>Jasno\u00adnie\u00adbie\u00adskie kwia\u00adty fio\u00adle\u00adtu szorst\u00adko\u00adw\u0142o\u00adse\u00adgo (<em>alt\u00f3w\u00adka<\/em>) sil\u00adny kon\u00adtrast do \u017c\u00f3\u0142\u00adtych podu\u00adszek z kwia\u00adt\u00f3w pi\u0119\u00adcior\u00adni\u00adka pia\u00adsko\u00adwe\u00adgo (<em>Poten\u00adtil\u00adla are\u00adna<\/em>), co wkr\u00f3t\u00adce zosta\u00adnie wspar\u00adte sil\u00adny\u00admi bia\u00ad\u0142y\u00admi kwia\u00adta\u00admi Zawil\u00adca Wiel\u00adkie\u00adgo (<em>Ane\u00admo\u00adne sylve\u00adstris<\/em>) i pi\u0119\u00adcior\u00adnik bia\u00ad\u0142y (<em>Poten\u00adtil\u00adla alba<\/em>) s\u0105 prze\u00adpla\u00adta\u00adne. R\u00f3w\u00adno\u00adle\u00adgle z roz\u00adwo\u00adjem domi\u00adnu\u00adj\u0105\u00adcych bli\u017a\u00adni\u0105t pie\u00adrza\u00adstych (<em>Bra\u00adchy\u00adpo\u00addium pin\u00adna\u00adtum<\/em>) lub \u0142ad\u00adna trz\u0119\u00ads\u0105\u00adca si\u0119 tra\u00adwa (Bri\u00adza media) otwie\u00adra\u00adj\u0105 kwia\u00adto\u00adsta\u00adny lilii tra\u00adwia\u00adstych (<em>Anthe\u00adri\u00adcum ramo\u00adsum<\/em>), nie\u00adbie\u00adskie wie\u00ad\u017ce sza\u0142\u00adwii \u0142\u0105ko\u00adwej (<em>Sza\u0142\u00adwia \u0142\u0105ko\u00adwa<\/em>), kolo\u00adro\u00adwe pla\u00admy kwia\u00adto\u00adwe gatun\u00adku koni\u00adczy\u00adny (<em>Tri\u00adfo\u00adlium mon\u00adta\u00adnum<\/em>, <em>Tri\u00adfo\u00adlium alpe\u00adstre<\/em>) lub ciem\u00adno\u00adnie\u00adbie\u00adskie kwia\u00adty Wiel\u00adkiej Brau\u00adnel\u00adle (<em>Pru\u00adnel\u00adla wiel\u00adko\u00adkwia\u00adto\u00adwa<\/em>). D\u0142u\u00adgie \u0142ody\u00adgi z fio\u00adle\u00adto\u00adwy\u00admi kwia\u00adto\u00adsta\u00adna\u00admi skor\u00adzo\u00adne\u00adry (<em>Skor\u00adzo\u00adne\u00adra pur\u00adpu\u00adro\u00adwa<\/em>) s\u0105 w kil\u00adku miej\u00adscach poprzez r\u00f3\u017co\u00adwe do czer\u00adwo\u00adnych k\u0119p\u00adki kwia\u00adt\u00f3w stor\u00adczy\u00adka tr\u00f3j\u00adz\u0119b\u00adne\u00adgo (<em>Stor\u00adczyk tr\u00f3j\u00adz\u0119b\u00adny<\/em>) doda\u00adny. Rzad\u00adkie gatun\u00adki korze\u00adni let\u00adnich (<em>Oro\u00adban\u00adche vul\u00adga\u00adris<\/em> oraz<em> Oro\u00adban\u00adche lutea<\/em>), kt\u00f3\u00adre s\u0105 przy\u00adwi\u0105\u00adza\u00adne do nie\u00adkt\u00f3\u00adrych gatun\u00adk\u00f3w \u017cywi\u00adcie\u00adli jako pe\u0142\u00adne paso\u00ad\u017cy\u00adty. Ist\u00adnie\u00adje Oro\u00adbran\u00adche lutea B. tyl\u00adko tam, gdzie sierp lucer\u00adny (<em>Medi\u00adca\u00adgo fal\u00adca\u00adta<\/em>) ro\u015bnie. Zaczy\u00adna\u00adj\u0105 si\u0119 r\u00f3w\u00adnie\u017c r\u00f3\u017c\u00adne rodza\u00adje dzwon\u00adk\u00f3w (<em>Cam\u00adpa\u00adnu\u00adla glo\u00adme\u00adra\u00adta<\/em>, <em>dzwo\u00adnek szyj\u00adki maci\u00adcy<\/em>, <em>Dzwo\u00adnek bono\u00adnien\u00adsis<\/em>) o kwia\u00adto\u00adwych kwia\u00adtach, kt\u00f3\u00adre cz\u0119\u00adsto utrzy\u00admu\u00adj\u0105 si\u0119 do p\u00f3\u017a\u00adnej jesie\u00adni. Na brze\u00adgach krza\u00adk\u00f3w cz\u0119\u00adsto rosn\u0105 maso\u00adwo gru\u00adpy kwia\u00adto\u00adwe krwi\u00adsto\u00adczer\u00adwo\u00adne\u00adgo dzio\u00adba (<em>Gera\u00adnium san\u00adgu\u00adineum<\/em>).<\/p>\n<p>Z ciem\u00adno\u00adnie\u00adbie\u00adski\u00admi sku\u00adpi\u00adska\u00admi kwia\u00adt\u00f3w gorycz\u00adka krzy\u00ad\u017co\u00adwa (<em>Gen\u00adtia\u00adna cru\u00adcia\u00adta<\/em>) kwia\u00adto\u00adwy \u015bro\u00addek lata i pro\u00adwa\u00addzi do jesien\u00adnej flo\u00adry. Nast\u0119p\u00adnie poszcze\u00adg\u00f3l\u00adne cz\u0119\u00ad\u015bci sto\u00adku wygl\u0105\u00adda\u00adj\u0105 na \u017c\u00f3\u0142\u00adto, gdy kwia\u00adto\u00adsta\u00adny z\u0142o\u00adto\u00adw\u0142o\u00adse\u00adgo astra (<em>aster lino\u00adzy\u00adrys<\/em>) lub naw\u0142o\u0107 zwy\u00adczaj\u00adna (<em>Soli\u00adda\u00adgo vir\u00adgau\u00adrea<\/em>), kt\u00f3\u00adre s\u0105 nast\u0119p\u00adnie cz\u0119\u00adsto pobie\u00adra\u00adne z korze\u00adnia jele\u00adnia (<em>Peu\u00adce\u00adda\u00adnum cerva\u00adria<\/em>) g\u00f3ru\u00adj\u0105 nad nimi. Ale to tyl\u00adko nie\u00adwiel\u00adka cz\u0119\u015b\u0107 bio\u00adr\u00f3\u017c\u00adno\u00adrod\u00adno\u00ad\u015bci tych miejsc.<\/p>\n<\/div><div class=\"fusion-separator fusion-full-width-sep\" style=\"align-self: center;margin-left: auto;margin-right: auto;margin-top:30px;width:100%;\"><\/div><div class=\"fusion-text fusion-text-6\">\n\t\t<style type=\"text\/css\">\n\t\t\t#gallery-3 {\n\t\t\t\tmargin: auto;\n\t\t\t}\n\t\t\t#gallery-3 .gallery-item {\n\t\t\t\tfloat: left;\n\t\t\t\tmargin-top: 10px;\n\t\t\t\ttext-align: center;\n\t\t\t\twidth: 25%;\n\t\t\t}\n\t\t\t#gallery-3 img {\n\t\t\t\tborder: 2px solid #cfcfcf;\n\t\t\t}\n\t\t\t#gallery-3 .gallery-caption {\n\t\t\t\tmargin-left: 0;\n\t\t\t}\n\t\t\t\/* see gallery_shortcode() in wp-includes\/media.php *\/\n\t\t<\/style>\n\t\t<div id=\"gallery-3\" class=\"gallery galleryid-9157 gallery-columns-4 gallery-size-thumbnail\"><dl class=\"gallery-item\">\n\t\t\t<dt class=\"gallery-icon landscape\">\n\t\t\t\t<a data-rel=\"iLightbox[postimages]\" data-title=\"\u017b\u00f3\u0142ty aron\" data-caption=\"\u017b\u00f3\u0142ty aron\" href=\"https:\/\/www.nationalpark-unteres-odertal.de\/wp-content\/uploads\/gelbe-sommerwurz-orobanche-lutea-zimmermann.jpg\"><img decoding=\"async\" width=\"150\" height=\"150\" src=\"https:\/\/www.nationalpark-unteres-odertal.de\/wp-content\/uploads\/gelbe-sommerwurz-orobanche-lutea-zimmermann-150x150.jpg\" class=\"attachment-thumbnail size-thumbnail lazyload\" alt=\"\u017b\u00f3\u0142ty aron\" aria-describedby=\"gallery-3-6197\" srcset=\"data:image\/svg+xml,%3Csvg%20xmlns%3D%27http%3A%2F%2Fwww.w3.org%2F2000%2Fsvg%27%20width%3D%271200%27%20height%3D%27800%27%20viewBox%3D%270%200%201200%20800%27%3E%3Crect%20width%3D%271200%27%20height%3D%27800%27%20fill-opacity%3D%220%22%2F%3E%3C%2Fsvg%3E\" data-orig-src=\"https:\/\/www.nationalpark-unteres-odertal.de\/wp-content\/uploads\/gelbe-sommerwurz-orobanche-lutea-zimmermann-150x150.jpg\" data-srcset=\"https:\/\/www.nationalpark-unteres-odertal.de\/wp-content\/uploads\/gelbe-sommerwurz-orobanche-lutea-zimmermann-66x66.jpg 66w, https:\/\/www.nationalpark-unteres-odertal.de\/wp-content\/uploads\/gelbe-sommerwurz-orobanche-lutea-zimmermann-150x150.jpg 150w\" data-sizes=\"auto\"><\/a>\n\t\t\t<\/dt>\n\t\t\t\t<dd class=\"wp-caption-text gallery-caption\" id=\"gallery-3-6197\">\n\t\t\t\t\u017b\u00f3\u0142\u00adty&nbsp;aron&nbsp;<\/dd><\/dl><dl class=\"gallery-item\">\n\t\t\t<dt class=\"gallery-icon portrait\">\n\t\t\t\t<a data-rel=\"iLightbox[postimages]\" data-title=\"K\u0119pki dzwonek\" data-caption=\"K\u0119pki dzwonek\" href=\"https:\/\/www.nationalpark-unteres-odertal.de\/wp-content\/uploads\/bueschel-glockenblume-1996-trockenrasen-geesower-huegel-b-grimm.jpg\"><img decoding=\"async\" width=\"150\" height=\"150\" src=\"https:\/\/www.nationalpark-unteres-odertal.de\/wp-content\/uploads\/bueschel-glockenblume-1996-trockenrasen-geesower-huegel-b-grimm-150x150.jpg\" class=\"attachment-thumbnail size-thumbnail lazyload\" alt=\"K\u0119pki dzwonek\" aria-describedby=\"gallery-3-6189\" srcset=\"data:image\/svg+xml,%3Csvg%20xmlns%3D%27http%3A%2F%2Fwww.w3.org%2F2000%2Fsvg%27%20width%3D%27600%27%20height%3D%27930%27%20viewBox%3D%270%200%20600%20930%27%3E%3Crect%20width%3D%27600%27%20height%3D%27930%27%20fill-opacity%3D%220%22%2F%3E%3C%2Fsvg%3E\" data-orig-src=\"https:\/\/www.nationalpark-unteres-odertal.de\/wp-content\/uploads\/bueschel-glockenblume-1996-trockenrasen-geesower-huegel-b-grimm-150x150.jpg\" data-srcset=\"https:\/\/www.nationalpark-unteres-odertal.de\/wp-content\/uploads\/bueschel-glockenblume-1996-trockenrasen-geesower-huegel-b-grimm-66x66.jpg 66w, https:\/\/www.nationalpark-unteres-odertal.de\/wp-content\/uploads\/bueschel-glockenblume-1996-trockenrasen-geesower-huegel-b-grimm-150x150.jpg 150w\" data-sizes=\"auto\"><\/a>\n\t\t\t<\/dt>\n\t\t\t\t<dd class=\"wp-caption-text gallery-caption\" id=\"gallery-3-6189\">\n\t\t\t\tK\u0119p\u00adki dzwonek&nbsp;<\/dd><\/dl><dl class=\"gallery-item\">\n\t\t\t<dt class=\"gallery-icon landscape\">\n\t\t\t\t<a data-rel=\"iLightbox[postimages]\" data-title=\"Pszenica przepi\u00f3rczaka\" data-caption=\"Pszenica przepi\u00f3rczaka\" href=\"https:\/\/www.nationalpark-unteres-odertal.de\/wp-content\/uploads\/acker-wachtelweizen-blutke.jpg\"><img decoding=\"async\" width=\"150\" height=\"150\" src=\"https:\/\/www.nationalpark-unteres-odertal.de\/wp-content\/uploads\/acker-wachtelweizen-blutke-150x150.jpg\" class=\"attachment-thumbnail size-thumbnail lazyload\" alt=\"Pszenica przepi\u00f3rczaka\" aria-describedby=\"gallery-3-6185\" srcset=\"data:image\/svg+xml,%3Csvg%20xmlns%3D%27http%3A%2F%2Fwww.w3.org%2F2000%2Fsvg%27%20width%3D%271200%27%20height%3D%27800%27%20viewBox%3D%270%200%201200%20800%27%3E%3Crect%20width%3D%271200%27%20height%3D%27800%27%20fill-opacity%3D%220%22%2F%3E%3C%2Fsvg%3E\" data-orig-src=\"https:\/\/www.nationalpark-unteres-odertal.de\/wp-content\/uploads\/acker-wachtelweizen-blutke-150x150.jpg\" data-srcset=\"https:\/\/www.nationalpark-unteres-odertal.de\/wp-content\/uploads\/acker-wachtelweizen-blutke-66x66.jpg 66w, https:\/\/www.nationalpark-unteres-odertal.de\/wp-content\/uploads\/acker-wachtelweizen-blutke-150x150.jpg 150w\" data-sizes=\"auto\"><\/a>\n\t\t\t<\/dt>\n\t\t\t\t<dd class=\"wp-caption-text gallery-caption\" id=\"gallery-3-6185\">\n\t\t\t\tPsze\u00adni\u00adca przepi\u00f3rczaka&nbsp;<\/dd><\/dl><dl class=\"gallery-item\">\n\t\t\t<dt class=\"gallery-icon portrait\">\n\t\t\t\t<a data-rel=\"iLightbox[postimages]\" data-title=\"Storczyk tr\u00f3jz\u0119bny\" data-caption=\"Storczyk tr\u00f3jz\u0119bny\" href=\"https:\/\/www.nationalpark-unteres-odertal.de\/wp-content\/uploads\/dreizaehniges-knabenkraut-1995-trockenrasen-geesower-huegel-b-grimm.jpg\"><img decoding=\"async\" width=\"150\" height=\"150\" src=\"https:\/\/www.nationalpark-unteres-odertal.de\/wp-content\/uploads\/dreizaehniges-knabenkraut-1995-trockenrasen-geesower-huegel-b-grimm-150x150.jpg\" class=\"attachment-thumbnail size-thumbnail lazyload\" alt=\"Storczyk tr\u00f3jz\u0119bny\" aria-describedby=\"gallery-3-6193\" srcset=\"data:image\/svg+xml,%3Csvg%20xmlns%3D%27http%3A%2F%2Fwww.w3.org%2F2000%2Fsvg%27%20width%3D%27600%27%20height%3D%27930%27%20viewBox%3D%270%200%20600%20930%27%3E%3Crect%20width%3D%27600%27%20height%3D%27930%27%20fill-opacity%3D%220%22%2F%3E%3C%2Fsvg%3E\" data-orig-src=\"https:\/\/www.nationalpark-unteres-odertal.de\/wp-content\/uploads\/dreizaehniges-knabenkraut-1995-trockenrasen-geesower-huegel-b-grimm-150x150.jpg\" data-srcset=\"https:\/\/www.nationalpark-unteres-odertal.de\/wp-content\/uploads\/dreizaehniges-knabenkraut-1995-trockenrasen-geesower-huegel-b-grimm-66x66.jpg 66w, https:\/\/www.nationalpark-unteres-odertal.de\/wp-content\/uploads\/dreizaehniges-knabenkraut-1995-trockenrasen-geesower-huegel-b-grimm-150x150.jpg 150w\" data-sizes=\"auto\"><\/a>\n\t\t\t<\/dt>\n\t\t\t\t<dd class=\"wp-caption-text gallery-caption\" id=\"gallery-3-6193\">\n\t\t\t\tStor\u00adczyk tr\u00f3jz\u0119bny&nbsp;<\/dd><\/dl><br style=\"clear: both\">\n\t\t<\/div>\n\n<\/div><div class=\"fusion-separator fusion-full-width-sep\" style=\"align-self: center;margin-left: auto;margin-right: auto;margin-top:30px;width:100%;\"><\/div><div class=\"fusion-text fusion-text-7 awb-text-cols fusion-text-columns-2\" style=\"--awb-text-transform:none;--awb-columns:2;--awb-column-spacing:2em;--awb-column-min-width:400px;\"><p>Gatun\u00adki ro\u015blin w par\u00adku naro\u00addo\u00adwym, kt\u00f3\u00adre s\u0105 w wi\u0119k\u00adszo\u00ad\u015bci zagro\u00ad\u017co\u00adne wygi\u00adni\u0119\u00adciem, mo\u017c\u00adna spo\u00adtka\u0107 r\u00f3w\u00adnie\u017c na mura\u00adwach kse\u00adro\u00adter\u00admicz\u00adnych. Park naro\u00addo\u00adwy ma tu szcze\u00adg\u00f3l\u00adn\u0105 odpo\u00adwie\u00addzial\u00adno\u015b\u0107 flo\u00adry\u00adstycz\u00adn\u0105. Jed\u00adnak pie\u00adl\u0119\u00adgna\u00adcja suche\u00adgo traw\u00adni\u00adka nie jest \u0142atwa i kosz\u00adtow\u00adna. W wie\u00adlu miej\u00adscach zanie\u00addba\u00adne, czy\u00adli suche traw\u00adni\u00adki, kt\u00f3\u00adre nie s\u0105 ju\u017c wypa\u00adsa\u00adne, s\u0105 zagro\u00ad\u017co\u00adne przez krza\u00adki, a tak\u00ad\u017ce dotkni\u0119\u00adte. Aby zmie\u00adni\u0107 stan rze\u00adczy na lep\u00adsze, nale\u00ad\u017cy naj\u00adpierw zapew\u00adni\u0107 wypas zgod\u00adny z ochro\u00adn\u0105 przy\u00adro\u00addy. Wraz z tym\u00adcza\u00adso\u00adwym prze\u00adnie\u00adsie\u00adniem w\u0142a\u00adsno\u00ad\u015bci w ramach kor\u00adpo\u00adra\u00adcyj\u00adnej kon\u00adso\u00adli\u00adda\u00adcji grun\u00adt\u00f3w w 2013 r., prak\u00adtycz\u00adnie wszyst\u00adkie muraw\u00adki kse\u00adro\u00adter\u00admicz\u00adne w par\u00adku naro\u00addo\u00adwym sta\u00ad\u0142y si\u0119 w\u0142a\u00adsno\u00ad\u015bci\u0105 sto\u00adwa\u00adrzy\u00adsze\u00adnia par\u00adk\u00f3w naro\u00addo\u00adwych. Umo\u017c\u00adli\u00adwi\u00ad\u0142o to Sto\u00adwa\u00adrzy\u00adsze\u00adniu Par\u00adk\u00f3w Naro\u00addo\u00adwych wdro\u00ad\u017ce\u00adnie sp\u00f3j\u00adnej i zr\u00f3w\u00adno\u00adwa\u00ad\u017co\u00adnej kon\u00adcep\u00adcji zarz\u0105\u00addza\u00adnia. Od tego cza\u00adsu wszyst\u00adkie mura\u00adwy kse\u00adro\u00adter\u00admicz\u00adne zosta\u00ad\u0142y wydzier\u00ad\u017ca\u00adwio\u00adne paste\u00adrzo\u00adwi na nie\u00adwiel\u00adk\u0105 dzier\u00ad\u017ca\u00adw\u0119. Kil\u00adka obsza\u00adr\u00f3w jest r\u00f3w\u00adnie\u017c wypa\u00adsa\u00adnych przez os\u0142y lub lek\u00adkie konie, takie jak Koni\u00adki. Wypa\u00adsa\u00adnie byd\u0142a lek\u00adkie\u00adgo jest r\u00f3w\u00adnie\u017c mo\u017c\u00adli\u00adwe i zosta\u00ad\u0142o prze\u00adte\u00adsto\u00adwa\u00adne. Alpa\u00adki obcych (<em>Pacos Vicu\u00adgna<\/em>), ponie\u00adwa\u017c nie wyrz\u0105\u00addza\u00adj\u0105 \u017cad\u00adnych szk\u00f3d ani nawet eura\u00adzja\u00adtyc\u00adkich p\u00f3\u0142\u00ados\u0142\u00f3w jak ona\u00adge\u00adry (<em>Equ\u00adus hemio\u00adnus<\/em>).<\/p>\n<p>Od cza\u00adsu ci\u0105\u00adg\u0142e\u00adgo wypa\u00adsu popra\u00adwi\u0142 si\u0119 stan muraw kse\u00adro\u00adter\u00admicz\u00adnych. Naj\u00adpierw jed\u00adnak trze\u00adba by\u0142o prze\u00adpro\u00adwa\u00addzi\u0107 zabie\u00adgi odkrza\u00adcza\u00adnia, kt\u00f3\u00adre pocz\u0105t\u00adko\u00adwo by\u0142y r\u00f3w\u00adnie\u017c wspie\u00adra\u00adne przez David Natu\u00adre Con\u00adse\u00adrva\u00adtion Foun\u00adda\u00adtion. R\u00f3w\u00adnie\u017c wolon\u00adta\u00adriu\u00adsze sto\u00adwa\u00adrzy\u00adsze\u00adnia ochro\u00adny przy\u00adro\u00addy Schwedt\/O. s\u0105 tu zawsze aktyw\u00adne, na przy\u00adk\u0142ad w g\u00f3rach M\u00fcl\u00adler iw H\u00f6llengrund.<\/p>\n<p>Od wie\u00adlu lat wypr\u00f3\u00adbo\u00adwa\u00adno r\u00f3w\u00adnie\u017c p\u0142o\u00admie\u0144. Wio\u00adsn\u0105 nad\u00admiar tra\u00adwy jest wypa\u00adla\u00adny w kon\u00adtro\u00adlo\u00adwa\u00adny spo\u00ads\u00f3b. Jest to natu\u00adral\u00adny pro\u00adces na wol\u00adno\u00ad\u015bci i mo\u017ce by\u0107 spo\u00adwo\u00addo\u00adwa\u00adny ude\u00adrze\u00adnia\u00admi pio\u00adru\u00adn\u00f3w. Po zimo\u00adwym \u201ep\u0142o\u00admie\u00adnie\u00adniu\u201d \u015bwie\u00ad\u017ca zie\u00adle\u0144 mo\u017ce lepiej wstrze\u00adli\u0107 si\u0119 w chwa\u00adsty. Jest jed\u00adnak bar\u00addzo z\u0142o\u00ad\u017co\u00adny, wyma\u00adga d\u0142u\u00adgich przy\u00adgo\u00adto\u00adwa\u0144 i dobrej wsp\u00f3\u0142\u00adpra\u00adcy z miej\u00adsco\u00adw\u0105 stra\u00ad\u017c\u0105 po\u017car\u00adn\u0105. Pierw\u00adsze suk\u00adce\u00adsy mo\u017c\u00adna ju\u017c zaob\u00adser\u00adwo\u00adwa\u0107 na spa\u00adlo\u00adnych tere\u00adnach stor\u00adczy\u00adko\u00adwa\u00adtych (<em>Orchis mili\u00adta\u00adris<\/em>) znacz\u00adnie wzros\u0142a.<\/p>\n<p>Pie\u00adl\u0119\u00adgna\u00adcja suche\u00adgo traw\u00adni\u00adka jest przed\u00admio\u00adtem zain\u00adte\u00adre\u00adso\u00adwa\u00adnia Aka\u00adde\u00admii Bran\u00adden\u00adbur\u00adskiej, kt\u00f3\u00adra regu\u00adlar\u00adnie orga\u00adni\u00adzu\u00adje kon\u00adfe\u00adren\u00adcje na ten temat. Wyk\u0142a\u00addy tu poda\u00adne odb\u0119\u00add\u0105 si\u0119 w:<a href=\"https:\/\/www.nationalpark-unteres-odertal.de\/pl\/publikacje\/rocznik-parku-narodowego\/\"> Rocz\u00adnik Par\u00adku Naro\u00addo\u00adwe\u00adgo Doli\u00adna Dol\u00adnej Odry<\/a> wydany.<\/p>\n<\/div><div class=\"fusion-separator fusion-full-width-sep\" style=\"align-self: center;margin-left: auto;margin-right: auto;margin-top:30px;width:100%;\"><\/div><style type=\"text\/css\">.reading-box-container-1 .element-bottomshadow:before,.reading-box-container-1 .element-bottomshadow:after{opacity:0.7;}<\/style><div class=\"fusion-reading-box-container reading-box-container-1\" style=\"--awb-title-color:#212934;--awb-margin-top:0px;--awb-margin-bottom:20px;\"><div class=\"reading-box\" style=\"background-color:#f9f9fb;border-width:1px;border-color:rgba(226,226,226,0);border-left-width:3px;border-left-color:var(--primary_color);border-style:solid;\"><h2>Dalsza lektura<\/h2><div class=\"reading-box-additional fusion-reading-box-additional\">\n<p>Wi\u0119\u00adcej infor\u00adma\u00adcji na temat suchej tra\u00adwy mo\u017c\u00adna zna\u00adle\u017a\u0107 w ksi\u0105\u017c\u00adce \u201e<a href=\"https:\/\/www.nationalpark-unteres-odertal.de\/pl\/publikation\/der-internationalpark-unteres-odertal-ein-werk-und-wanderbuch\/\">Mi\u0119\u00addzy\u00adna\u00adro\u00addo\u00adwy Park Unte\u00adres Ode\u00adrtal \u2013 ksi\u0105\u017c\u00adka o pra\u00adcy i w\u0119dr\u00f3w\u00adkach<\/a>\u201d (V\u00d6SSING 1998, Stapp Ver\u00adlag Ber\u00adlin, s. 39&nbsp;f).<\/p>\n<\/div><div class=\"fusion-clearfix\"><\/div><\/div><\/div><\/div><\/div><\/div><\/div>\n","protected":false},"excerpt":{"rendered":"","protected":false},"author":1,"featured_media":0,"parent":9178,"menu_order":0,"comment_status":"closed","ping_status":"closed","template":"","meta":{"wp_typography_post_enhancements_disabled":false,"_price":"","_stock":"","_tribe_ticket_header":"","_tribe_default_ticket_provider":"","_tribe_ticket_capacity":"0","_ticket_start_date":"","_ticket_end_date":"","_tribe_ticket_show_description":"","_tribe_ticket_show_not_going":false,"_tribe_ticket_use_global_stock":"","_tribe_ticket_global_stock_level":"","_global_stock_mode":"","_global_stock_cap":"","_tribe_rsvp_for_event":"","_tribe_ticket_going_count":"","_tribe_ticket_not_going_count":"","_tribe_tickets_list":"[]","_tribe_ticket_has_attendee_info_fields":false,"footnotes":""},"class_list":["post-9157","page","type-page","status-publish","hentry"],"yoast_head":"<title>Sucha trawa - Nationalpark Unteres Odertal<\/title>\n<meta name=\"robots\" content=\"index, follow, max-snippet:-1, max-image-preview:large, max-video-preview:-1\" \/>\n<link rel=\"canonical\" href=\"https:\/\/www.nationalpark-unteres-odertal.de\/pl\/park-narodowy-doliny-dolnej-odry\/typy-siedlisk\/sucha-trawa\/\" \/>\n<meta property=\"og:locale\" content=\"pl_PL\" \/>\n<meta property=\"og:type\" content=\"article\" \/>\n<meta property=\"og:title\" content=\"Sucha trawa - Nationalpark Unteres Odertal\" \/>\n<meta property=\"og:url\" content=\"https:\/\/www.nationalpark-unteres-odertal.de\/pl\/park-narodowy-doliny-dolnej-odry\/typy-siedlisk\/sucha-trawa\/\" \/>\n<meta property=\"og:site_name\" content=\"Nationalpark Unteres Odertal\" \/>\n<meta property=\"article:modified_time\" content=\"2021-11-04T14:47:46+00:00\" \/>\n<meta name=\"twitter:card\" content=\"summary_large_image\" \/>\n<script type=\"application\/ld+json\" class=\"yoast-schema-graph\">{\"@context\":\"https:\/\/schema.org\",\"@graph\":[{\"@type\":\"WebPage\",\"@id\":\"https:\/\/www.nationalpark-unteres-odertal.de\/pl\/park-narodowy-doliny-dolnej-odry\/typy-siedlisk\/sucha-trawa\/\",\"url\":\"https:\/\/www.nationalpark-unteres-odertal.de\/pl\/park-narodowy-doliny-dolnej-odry\/typy-siedlisk\/sucha-trawa\/\",\"name\":\"Sucha trawa - Nationalpark Unteres Odertal\",\"isPartOf\":{\"@id\":\"https:\/\/www.nationalpark-unteres-odertal.de\/pl\/#website\"},\"datePublished\":\"2008-12-27T19:39:35+00:00\",\"dateModified\":\"2021-11-04T14:47:46+00:00\",\"breadcrumb\":{\"@id\":\"https:\/\/www.nationalpark-unteres-odertal.de\/pl\/park-narodowy-doliny-dolnej-odry\/typy-siedlisk\/sucha-trawa\/#breadcrumb\"},\"inLanguage\":\"pl-PL\",\"potentialAction\":[{\"@type\":\"ReadAction\",\"target\":[\"https:\/\/www.nationalpark-unteres-odertal.de\/pl\/park-narodowy-doliny-dolnej-odry\/typy-siedlisk\/sucha-trawa\/\"]}]},{\"@type\":\"BreadcrumbList\",\"@id\":\"https:\/\/www.nationalpark-unteres-odertal.de\/pl\/park-narodowy-doliny-dolnej-odry\/typy-siedlisk\/sucha-trawa\/#breadcrumb\",\"itemListElement\":[{\"@type\":\"ListItem\",\"position\":1,\"name\":\"Strona g\u0142\u00f3wna\",\"item\":\"https:\/\/www.nationalpark-unteres-odertal.de\/pl\/\"},{\"@type\":\"ListItem\",\"position\":2,\"name\":\"Park Narodowy Doliny Dolnej Odry\",\"item\":\"https:\/\/www.nationalpark-unteres-odertal.de\/pl\/park-narodowy-doliny-dolnej-odry\/\"},{\"@type\":\"ListItem\",\"position\":3,\"name\":\"Typy siedlisk\",\"item\":\"https:\/\/www.nationalpark-unteres-odertal.de\/pl\/park-narodowy-doliny-dolnej-odry\/typy-siedlisk\/\"},{\"@type\":\"ListItem\",\"position\":4,\"name\":\"Sucha trawa\"}]},{\"@type\":\"WebSite\",\"@id\":\"https:\/\/www.nationalpark-unteres-odertal.de\/pl\/#website\",\"url\":\"https:\/\/www.nationalpark-unteres-odertal.de\/pl\/\",\"name\":\"Nationalpark Unteres Odertal\",\"description\":\"Verein der Freunde des Deutsch-Polnischen Europa-Nationalparks Unteres Odertal e.V. &amp; Nationalparkstiftung Unteres Odertal\",\"publisher\":{\"@id\":\"https:\/\/www.nationalpark-unteres-odertal.de\/pl\/#organization\"},\"potentialAction\":[{\"@type\":\"SearchAction\",\"target\":{\"@type\":\"EntryPoint\",\"urlTemplate\":\"https:\/\/www.nationalpark-unteres-odertal.de\/pl\/?s={search_term_string}\"},\"query-input\":{\"@type\":\"PropertyValueSpecification\",\"valueRequired\":true,\"valueName\":\"search_term_string\"}}],\"inLanguage\":\"pl-PL\"},{\"@type\":\"Organization\",\"@id\":\"https:\/\/www.nationalpark-unteres-odertal.de\/pl\/#organization\",\"name\":\"Verein der Freunde des Deutsch-Polnischen Europa-Nationalparks Unteres Odertal e.V. & Nationalparkstiftung Unteres Odertal\",\"url\":\"https:\/\/www.nationalpark-unteres-odertal.de\/pl\/\",\"logo\":{\"@type\":\"ImageObject\",\"inLanguage\":\"pl-PL\",\"@id\":\"https:\/\/www.nationalpark-unteres-odertal.de\/pl\/#\/schema\/logo\/image\/\",\"url\":\"https:\/\/www.nationalpark-unteres-odertal.de\/wp-content\/uploads\/logos-google.png\",\"contentUrl\":\"https:\/\/www.nationalpark-unteres-odertal.de\/wp-content\/uploads\/logos-google.png\",\"width\":800,\"height\":344,\"caption\":\"Verein der Freunde des Deutsch-Polnischen Europa-Nationalparks Unteres Odertal e.V. & Nationalparkstiftung Unteres Odertal\"},\"image\":{\"@id\":\"https:\/\/www.nationalpark-unteres-odertal.de\/pl\/#\/schema\/logo\/image\/\"}}]}<\/script>","yoast_head_json":{"title":"Sucha trawa - Nationalpark Unteres Odertal","robots":{"index":"index","follow":"follow","max-snippet":"max-snippet:-1","max-image-preview":"max-image-preview:large","max-video-preview":"max-video-preview:-1"},"canonical":"https:\/\/www.nationalpark-unteres-odertal.de\/pl\/park-narodowy-doliny-dolnej-odry\/typy-siedlisk\/sucha-trawa\/","og_locale":"pl_PL","og_type":"article","og_title":"Sucha trawa - Nationalpark Unteres Odertal","og_url":"https:\/\/www.nationalpark-unteres-odertal.de\/pl\/park-narodowy-doliny-dolnej-odry\/typy-siedlisk\/sucha-trawa\/","og_site_name":"Nationalpark Unteres Odertal","article_modified_time":"2021-11-04T14:47:46+00:00","twitter_card":"summary_large_image","schema":{"@context":"https:\/\/schema.org","@graph":[{"@type":"WebPage","@id":"https:\/\/www.nationalpark-unteres-odertal.de\/pl\/park-narodowy-doliny-dolnej-odry\/typy-siedlisk\/sucha-trawa\/","url":"https:\/\/www.nationalpark-unteres-odertal.de\/pl\/park-narodowy-doliny-dolnej-odry\/typy-siedlisk\/sucha-trawa\/","name":"Sucha trawa - Nationalpark Unteres Odertal","isPartOf":{"@id":"https:\/\/www.nationalpark-unteres-odertal.de\/pl\/#website"},"datePublished":"2008-12-27T19:39:35+00:00","dateModified":"2021-11-04T14:47:46+00:00","breadcrumb":{"@id":"https:\/\/www.nationalpark-unteres-odertal.de\/pl\/park-narodowy-doliny-dolnej-odry\/typy-siedlisk\/sucha-trawa\/#breadcrumb"},"inLanguage":"pl-PL","potentialAction":[{"@type":"ReadAction","target":["https:\/\/www.nationalpark-unteres-odertal.de\/pl\/park-narodowy-doliny-dolnej-odry\/typy-siedlisk\/sucha-trawa\/"]}]},{"@type":"BreadcrumbList","@id":"https:\/\/www.nationalpark-unteres-odertal.de\/pl\/park-narodowy-doliny-dolnej-odry\/typy-siedlisk\/sucha-trawa\/#breadcrumb","itemListElement":[{"@type":"ListItem","position":1,"name":"Strona g\u0142\u00f3wna","item":"https:\/\/www.nationalpark-unteres-odertal.de\/pl\/"},{"@type":"ListItem","position":2,"name":"Park Narodowy Doliny Dolnej Odry","item":"https:\/\/www.nationalpark-unteres-odertal.de\/pl\/park-narodowy-doliny-dolnej-odry\/"},{"@type":"ListItem","position":3,"name":"Typy siedlisk","item":"https:\/\/www.nationalpark-unteres-odertal.de\/pl\/park-narodowy-doliny-dolnej-odry\/typy-siedlisk\/"},{"@type":"ListItem","position":4,"name":"Sucha trawa"}]},{"@type":"WebSite","@id":"https:\/\/www.nationalpark-unteres-odertal.de\/pl\/#website","url":"https:\/\/www.nationalpark-unteres-odertal.de\/pl\/","name":"Nationalpark Unteres Odertal","description":"Verein der Freunde des Deutsch-Polnischen Europa-Nationalparks Unteres Odertal e.V. &amp; Nationalparkstiftung Unteres Odertal","publisher":{"@id":"https:\/\/www.nationalpark-unteres-odertal.de\/pl\/#organization"},"potentialAction":[{"@type":"SearchAction","target":{"@type":"EntryPoint","urlTemplate":"https:\/\/www.nationalpark-unteres-odertal.de\/pl\/?s={search_term_string}"},"query-input":{"@type":"PropertyValueSpecification","valueRequired":true,"valueName":"search_term_string"}}],"inLanguage":"pl-PL"},{"@type":"Organization","@id":"https:\/\/www.nationalpark-unteres-odertal.de\/pl\/#organization","name":"Verein der Freunde des Deutsch-Polnischen Europa-Nationalparks Unteres Odertal e.V. & Nationalparkstiftung Unteres Odertal","url":"https:\/\/www.nationalpark-unteres-odertal.de\/pl\/","logo":{"@type":"ImageObject","inLanguage":"pl-PL","@id":"https:\/\/www.nationalpark-unteres-odertal.de\/pl\/#\/schema\/logo\/image\/","url":"https:\/\/www.nationalpark-unteres-odertal.de\/wp-content\/uploads\/logos-google.png","contentUrl":"https:\/\/www.nationalpark-unteres-odertal.de\/wp-content\/uploads\/logos-google.png","width":800,"height":344,"caption":"Verein der Freunde des Deutsch-Polnischen Europa-Nationalparks Unteres Odertal e.V. & Nationalparkstiftung Unteres Odertal"},"image":{"@id":"https:\/\/www.nationalpark-unteres-odertal.de\/pl\/#\/schema\/logo\/image\/"}}]}},"_links":{"self":[{"href":"https:\/\/www.nationalpark-unteres-odertal.de\/pl\/wp-json\/wp\/v2\/pages\/9157","targetHints":{"allow":["GET"]}}],"collection":[{"href":"https:\/\/www.nationalpark-unteres-odertal.de\/pl\/wp-json\/wp\/v2\/pages"}],"about":[{"href":"https:\/\/www.nationalpark-unteres-odertal.de\/pl\/wp-json\/wp\/v2\/types\/page"}],"author":[{"embeddable":true,"href":"https:\/\/www.nationalpark-unteres-odertal.de\/pl\/wp-json\/wp\/v2\/users\/1"}],"replies":[{"embeddable":true,"href":"https:\/\/www.nationalpark-unteres-odertal.de\/pl\/wp-json\/wp\/v2\/comments?post=9157"}],"version-history":[{"count":1,"href":"https:\/\/www.nationalpark-unteres-odertal.de\/pl\/wp-json\/wp\/v2\/pages\/9157\/revisions"}],"predecessor-version":[{"id":9747,"href":"https:\/\/www.nationalpark-unteres-odertal.de\/pl\/wp-json\/wp\/v2\/pages\/9157\/revisions\/9747"}],"up":[{"embeddable":true,"href":"https:\/\/www.nationalpark-unteres-odertal.de\/pl\/wp-json\/wp\/v2\/pages\/9178"}],"wp:attachment":[{"href":"https:\/\/www.nationalpark-unteres-odertal.de\/pl\/wp-json\/wp\/v2\/media?parent=9157"}],"curies":[{"name":"wp","href":"https:\/\/api.w.org\/{rel}","templated":true}]}}