{"id":9210,"date":"2008-12-28T20:22:39","date_gmt":"2008-12-28T19:22:39","guid":{"rendered":"https:\/\/2021.nationalpark-unteres-odertal.de\/park-narodowy-doliny-dolnej-odry\/typy-siedlisk\/las\/"},"modified":"2021-11-04T15:46:16","modified_gmt":"2021-11-04T14:46:16","slug":"las","status":"publish","type":"page","link":"https:\/\/www.nationalpark-unteres-odertal.de\/pl\/park-narodowy-doliny-dolnej-odry\/typy-siedlisk\/las\/","title":{"rendered":"Las"},"content":{"rendered":"<p><\/p><div class=\"fusion-fullwidth fullwidth-box fusion-builder-row-1 fusion-flex-container ganzoben nonhundred-percent-fullwidth non-hundred-percent-height-scrolling fusion-no-small-visibility\" style=\"--awb-border-radius-top-left:0px;--awb-border-radius-top-right:0px;--awb-border-radius-bottom-right:0px;--awb-border-radius-bottom-left:0px;--awb-padding-top:0px;--awb-margin-top:0px;--awb-margin-bottom:30px;--awb-flex-wrap:wrap;\"><div class=\"fusion-builder-row fusion-row fusion-flex-align-items-flex-start fusion-flex-content-wrap\" style=\"max-width:1248px;margin-left: calc(-4% \/ 2 );margin-right: calc(-4% \/ 2 );\"><div class=\"fusion-layout-column fusion_builder_column fusion-builder-column-0 fusion_builder_column_1_1 1_1 fusion-flex-column fusion-flex-align-self-flex-start\" style=\"--awb-bg-size:cover;--awb-width-large:100%;--awb-margin-top-large:0px;--awb-spacing-right-large:1.92%;--awb-margin-bottom-large:0px;--awb-spacing-left-large:1.92%;--awb-width-medium:100%;--awb-order-medium:0;--awb-spacing-right-medium:1.92%;--awb-spacing-left-medium:1.92%;--awb-width-small:100%;--awb-order-small:0;--awb-spacing-right-small:1.92%;--awb-spacing-left-small:1.92%;\"><div class=\"fusion-column-wrapper fusion-column-has-shadow fusion-flex-justify-content-flex-start fusion-content-layout-column\"><nav class=\"awb-menu awb-menu_row awb-menu_em-hover mobile-mode-collapse-to-button awb-menu_icons-left awb-menu_dc-yes mobile-trigger-fullwidth-off awb-menu_mobile-toggle awb-menu_indent-left mobile-size-full-absolute loading mega-menu-loading awb-menu_desktop awb-menu_dropdown awb-menu_expand-right awb-menu_transition-fade fusion-no-small-visibility\" style=\"--awb-text-transform:none;--awb-min-height:1em;--awb-bg:#ffffff;--awb-border-radius-top-left:5px;--awb-border-radius-top-right:5px;--awb-border-radius-bottom-right:5px;--awb-border-radius-bottom-left:5px;--awb-gap:15px;--awb-align-items:center;--awb-items-padding-right:10px;--awb-items-padding-left:10px;--awb-border-color:#37731e;--awb-border-top:1px;--awb-border-right:1px;--awb-border-bottom:1px;--awb-border-left:1px;--awb-active-color:#000000;--awb-active-bg:#ffffff;--awb-active-border-top:1px;--awb-active-border-right:1px;--awb-active-border-bottom:1px;--awb-active-border-left:1px;--awb-active-border-color:#c00100;--awb-submenu-bg:#f7f7f7;--awb-submenu-border-radius-top-left:5px;--awb-submenu-border-radius-top-right:5px;--awb-submenu-border-radius-bottom-right:5px;--awb-submenu-border-radius-bottom-left:5px;--awb-submenu-active-bg:#e8e8e8;--awb-submenu-active-color:#37731e;--awb-submenu-space:5px;--awb-submenu-text-transform:none;--awb-main-justify-content:flex-start;--awb-mobile-justify:flex-start;--awb-mobile-caret-left:auto;--awb-mobile-caret-right:0;--awb-box-shadow:3px 3px 4px -1px #919191;;--awb-fusion-font-family-typography:inherit;--awb-fusion-font-style-typography:normal;--awb-fusion-font-weight-typography:400;--awb-fusion-font-family-submenu-typography:inherit;--awb-fusion-font-style-submenu-typography:normal;--awb-fusion-font-weight-submenu-typography:400;--awb-fusion-font-family-mobile-typography:inherit;--awb-fusion-font-style-mobile-typography:normal;--awb-fusion-font-weight-mobile-typography:400;\" aria-label=\"Nationalpark\" data-breakpoint=\"0\" data-count=\"0\" data-transition-type=\"fade\" data-transition-time=\"300\" data-expand=\"right\"><ul id=\"menu-nationalpark-pl\" class=\"fusion-menu awb-menu__main-ul awb-menu__main-ul_row\"><li id=\"menu-item-9237\" class=\"menu-item menu-item-type-post_type menu-item-object-page menu-item-has-children menu-item-9237 awb-menu__li awb-menu__main-li awb-menu__main-li_regular\" data-item-id=\"9237\"><span class=\"awb-menu__main-background-default awb-menu__main-background-default_fade\"><\/span><span class=\"awb-menu__main-background-active awb-menu__main-background-active_fade\"><\/span><a href=\"https:\/\/www.nationalpark-unteres-odertal.de\/pl\/park-narodowy-doliny-dolnej-odry\/typy-siedlisk\/\" class=\"awb-menu__main-a awb-menu__main-a_regular\"><span class=\"menu-text\">Typy sie\u00addlisk<\/span><span class=\"awb-menu__open-nav-submenu-hover\"><\/span><\/a><button type=\"button\" aria-label=\"Open submenu of Typy siedlisk\" aria-expanded=\"false\" class=\"awb-menu__open-nav-submenu_mobile awb-menu__open-nav-submenu_main\"><\/button><ul class=\"awb-menu__sub-ul awb-menu__sub-ul_main\"><li id=\"menu-item-9238\" class=\"menu-item menu-item-type-post_type menu-item-object-page menu-item-9238 awb-menu__li awb-menu__sub-li\"><a href=\"https:\/\/www.nationalpark-unteres-odertal.de\/pl\/park-narodowy-doliny-dolnej-odry\/typy-siedlisk\/las\/\" class=\"awb-menu__sub-a\"><span>Las<\/span><\/a><\/li><li id=\"menu-item-9243\" class=\"menu-item menu-item-type-post_type menu-item-object-page menu-item-9243 awb-menu__li awb-menu__sub-li\"><a href=\"https:\/\/www.nationalpark-unteres-odertal.de\/pl\/park-narodowy-doliny-dolnej-odry\/typy-siedlisk\/sucha-trawa\/\" class=\"awb-menu__sub-a\"><span>Sucha tra\u00adwa<\/span><\/a><\/li><li id=\"menu-item-9239\" class=\"menu-item menu-item-type-post_type menu-item-object-page menu-item-has-children menu-item-9239 awb-menu__li awb-menu__sub-li\"><a href=\"https:\/\/www.nationalpark-unteres-odertal.de\/pl\/park-narodowy-doliny-dolnej-odry\/typy-siedlisk\/poldery\/\" class=\"awb-menu__sub-a\"><span>Polde\u00adry<\/span><span class=\"awb-menu__open-nav-submenu-hover\"><\/span><\/a><button type=\"button\" aria-label=\"Open submenu of Poldery\" aria-expanded=\"false\" class=\"awb-menu__open-nav-submenu_mobile awb-menu__open-nav-submenu_sub\"><\/button><ul class=\"awb-menu__sub-ul awb-menu__sub-ul_grand\"><li id=\"menu-item-9240\" class=\"menu-item menu-item-type-post_type menu-item-object-page menu-item-9240 awb-menu__li awb-menu__sub-li\"><a href=\"https:\/\/www.nationalpark-unteres-odertal.de\/pl\/park-narodowy-doliny-dolnej-odry\/typy-siedlisk\/poldery\/mokry-polder\/\" class=\"awb-menu__sub-a\"><span>Mokry polder<\/span><\/a><\/li><li id=\"menu-item-9241\" class=\"menu-item menu-item-type-post_type menu-item-object-page menu-item-9241 awb-menu__li awb-menu__sub-li\"><a href=\"https:\/\/www.nationalpark-unteres-odertal.de\/pl\/park-narodowy-doliny-dolnej-odry\/typy-siedlisk\/poldery\/suchy-polder\/\" class=\"awb-menu__sub-a\"><span>Suchy polder<\/span><\/a><\/li><\/ul><\/li><li id=\"menu-item-9242\" class=\"menu-item menu-item-type-post_type menu-item-object-page menu-item-9242 awb-menu__li awb-menu__sub-li\"><a href=\"https:\/\/www.nationalpark-unteres-odertal.de\/pl\/park-narodowy-doliny-dolnej-odry\/typy-siedlisk\/rozlewiska-starorzecza-baseny\/\" class=\"awb-menu__sub-a\"><span>Roz\u00adle\u00adwi\u00adska \u2013 sta\u00adro\u00adrze\u00adcza \u2013 baseny<\/span><\/a><\/li><\/ul><\/li><li id=\"menu-item-9387\" class=\"menu-item menu-item-type-post_type menu-item-object-page menu-item-9387 awb-menu__li awb-menu__main-li awb-menu__main-li_regular\" data-item-id=\"9387\"><span class=\"awb-menu__main-background-default awb-menu__main-background-default_fade\"><\/span><span class=\"awb-menu__main-background-active awb-menu__main-background-active_fade\"><\/span><a href=\"https:\/\/www.nationalpark-unteres-odertal.de\/pl\/park-narodowy-doliny-dolnej-odry\/flora\/\" class=\"awb-menu__main-a awb-menu__main-a_regular\"><span class=\"menu-text\">Flo\u00adra<\/span><\/a><\/li><li id=\"menu-item-9233\" class=\"menu-item menu-item-type-post_type menu-item-object-page menu-item-has-children menu-item-9233 awb-menu__li awb-menu__main-li awb-menu__main-li_regular\" data-item-id=\"9233\"><span class=\"awb-menu__main-background-default awb-menu__main-background-default_fade\"><\/span><span class=\"awb-menu__main-background-active awb-menu__main-background-active_fade\"><\/span><a href=\"https:\/\/www.nationalpark-unteres-odertal.de\/pl\/park-narodowy-doliny-dolnej-odry\/dzikiej-przyrody\/\" class=\"awb-menu__main-a awb-menu__main-a_regular\"><span class=\"menu-text\">Dzi\u00adkiej przyrody<\/span><span class=\"awb-menu__open-nav-submenu-hover\"><\/span><\/a><button type=\"button\" aria-label=\"Open submenu of Dzikiej przyrody\" aria-expanded=\"false\" class=\"awb-menu__open-nav-submenu_mobile awb-menu__open-nav-submenu_main\"><\/button><ul class=\"awb-menu__sub-ul awb-menu__sub-ul_main\"><li id=\"menu-item-9234\" class=\"menu-item menu-item-type-post_type menu-item-object-page menu-item-9234 awb-menu__li awb-menu__sub-li\"><a href=\"https:\/\/www.nationalpark-unteres-odertal.de\/pl\/park-narodowy-doliny-dolnej-odry\/dzikiej-przyrody\/migracja-ptakow\/\" class=\"awb-menu__sub-a\"><span>Migra\u00adcja ptak\u00f3w<\/span><\/a><\/li><\/ul><\/li><li id=\"menu-item-9236\" class=\"menu-item menu-item-type-post_type menu-item-object-page menu-item-9236 awb-menu__li awb-menu__main-li awb-menu__main-li_regular\" data-item-id=\"9236\"><span class=\"awb-menu__main-background-default awb-menu__main-background-default_fade\"><\/span><span class=\"awb-menu__main-background-active awb-menu__main-background-active_fade\"><\/span><a href=\"https:\/\/www.nationalpark-unteres-odertal.de\/pl\/park-narodowy-doliny-dolnej-odry\/karty\/\" class=\"awb-menu__main-a awb-menu__main-a_regular\"><span class=\"menu-text\">Kar\u00adty<\/span><\/a><\/li><\/ul><\/nav><\/div><\/div><\/div><\/div>\n<div class=\"fusion-fullwidth fullwidth-box fusion-builder-row-2 fusion-flex-container nonhundred-percent-fullwidth non-hundred-percent-height-scrolling\" style=\"--awb-border-radius-top-left:0px;--awb-border-radius-top-right:0px;--awb-border-radius-bottom-right:0px;--awb-border-radius-bottom-left:0px;--awb-flex-wrap:wrap;\"><div class=\"fusion-builder-row fusion-row fusion-flex-align-items-flex-start fusion-flex-content-wrap\" style=\"max-width:1248px;margin-left: calc(-4% \/ 2 );margin-right: calc(-4% \/ 2 );\"><div class=\"fusion-layout-column fusion_builder_column fusion-builder-column-1 fusion_builder_column_1_1 1_1 fusion-flex-column\" style=\"--awb-bg-size:cover;--awb-width-large:100%;--awb-margin-top-large:0px;--awb-spacing-right-large:1.92%;--awb-margin-bottom-large:0px;--awb-spacing-left-large:1.92%;--awb-width-medium:100%;--awb-spacing-right-medium:1.92%;--awb-spacing-left-medium:1.92%;--awb-width-small:100%;--awb-spacing-right-small:1.92%;--awb-spacing-left-small:1.92%;\"><div class=\"fusion-column-wrapper fusion-flex-justify-content-flex-start fusion-content-layout-column\"><div class=\"fusion-text fusion-text-1 awb-text-cols fusion-text-columns-2\" style=\"--awb-text-transform:none;--awb-columns:2;--awb-column-spacing:2em;--awb-column-min-width:400px;\"><p><span class=\"fusion-dropcap dropcap\">L<\/span>asy odgry\u00adwa\u00adj\u0105 w Par\u00adku Naro\u00addo\u00adwym Doli\u00adny Dol\u00adnej Odry pod wzgl\u0119\u00addem powierzch\u00adni tyl\u00adko nie\u00adwiel\u00adk\u0105 rol\u0119. Opr\u00f3cz pozo\u00adsta\u00ad\u0142o\u00ad\u015bci \u0142\u0119g\u00f3w li\u015bcia\u00adstych i igla\u00adstych na tere\u00adnie polde\u00adr\u00f3w, na zbo\u00adczach doli\u00adny Odry, czy\u00adli na sta\u00adrych bocz\u00adnych more\u00adnach doli\u00adny Odry, wyst\u0119\u00adpu\u00adj\u0105 nie\u00adzwy\u00adk\u0142e lasy zbo\u00adczo\u00adwe. Ponie\u00adwa\u017c s\u0105 one trud\u00adne do wyko\u00adrzy\u00adsta\u00adnia w le\u015bnic\u00adtwie ze wzgl\u0119\u00addu na ich stro\u00adme po\u0142o\u00ad\u017ce\u00adnie na zbo\u00adczu wzg\u00f3\u00adrza i s\u0105 trud\u00adno dost\u0119p\u00adne, s\u0105 w sta\u00adnie zbli\u00ad\u017co\u00adnym do natu\u00adral\u00adne\u00adgo i w momen\u00adcie za\u0142o\u00ad\u017ce\u00adnia par\u00adku naro\u00addo\u00adwe\u00adgo (1995) zosta\u00ad\u0142y w du\u017cej mie\u00adrze w\u0142\u0105\u00adczo\u00adne do stre\u00adfy ochron\u00adnej I (rezer\u00adwat ca\u0142kowity).<\/p>\n<p>Ozna\u00adcza to, \u017ce le\u015bnic\u00adtwo zosta\u00ad\u0142o tu zatrzy\u00adma\u00adne, a drze\u00adwa rosn\u0105, ale mog\u0105 te\u017c spa\u015b\u0107 i pozo\u00adsta\u0107 tam, gdzie chc\u0105. To tutaj roz\u00adwi\u00adja si\u0119 praw\u00addzi\u00adwa dzicz, a dzi\u00adko\u015b\u0107 mo\u017ce by\u0107 nie\u00adbez\u00adpiecz\u00adna. Zde\u00adcy\u00addo\u00adwa\u00adnie odra\u00addza\u00admy w\u0119dr\u00f3w\u00adki po tych lasach w przy\u00adpad\u00adku&nbsp;burzy.<\/p>\n<p>Na tych dzi\u00adkich tere\u00adnach zatrzy\u00admu\u00adje si\u0119 r\u00f3w\u00adnie\u017c polo\u00adwa\u00adnie. Nad\u00admier\u00adne popu\u00adla\u00adcje zwie\u00adrzy\u00adny kopyt\u00adnej (dzik, sar\u00adna, jele\u0144) s\u0105 zbie\u00adra\u00adne tyl\u00adko w lasach na zbo\u00adczach wzg\u00f3rz pod\u00adczas jed\u00adne\u00adgo lub dw\u00f3ch polo\u00adwa\u0144 p\u0119dzo\u00adnych rocz\u00adnie, aby unik\u00adn\u0105\u0107 uszko\u00addze\u0144 zwie\u00adrzy\u00adny na oko\u00adlicz\u00adnych polach, ale tak\u00ad\u017ce aby umo\u017c\u00adli\u00adwi\u0107 szko\u00addy wyszczer\u00adbia\u00adj\u0105\u00adce w lesie i w ten spo\u00ads\u00f3b natu\u00adral\u00adna rege\u00adne\u00adra\u00adcja. Nie nazy\u00adwa\u00admy tego<a href=\"https:\/\/www.nationalpark-unteres-odertal.de\/pl\/80-lat-ochrony-przyrody-w-dolinie-dolnej-odry\/obszary-problemowe\/polowanie-wedkarstwo\/\"> polo\u00adwa\u00adnie<\/a>, ale regu\u00adla\u00adcja dzi\u00adkiej przy\u00adro\u00addy. Jest to koniecz\u00adne a\u017c do natu\u00adral\u00adnie wyst\u0119\u00adpu\u00adj\u0105\u00adcych dra\u00adpie\u017c\u00adni\u00adk\u00f3w, takich jak wilk (<em>Canis lupus<\/em>), Ry\u015b (R<em>y\u015b ry\u015b<\/em>) i nied\u017a\u00adwied\u017a (<em>Ursus arc\u00adtos<\/em>) zn\u00f3w zado\u00admo\u00adwi\u00ad\u0142y si\u0119 i mog\u0105 prze\u00adj\u0105\u0107 swo\u00adj\u0105 rol\u0119 w eko\u00adsys\u00adte\u00admie. Dopie\u00adro wte\u00addy mo\u017c\u00adna zatrzy\u00adma\u0107 polo\u00adwa\u00adnie. Wilk ju\u017c tam jest, dzie\u00adsi\u0105t\u00adku\u00adj\u0105c przede wszyst\u00adkim sar\u00adny, g\u0142\u00f3w\u00adnie sta\u00adre i cho\u00adre, ale tak\u00ad\u017ce bobry czy drob\u00adne dra\u00adpie\u017c\u00adni\u00adki, takie jak lis, kt\u00f3\u00adry, je\u015bli b\u0119dzie pano\u00adwa\u0142 w nie\u00adsko\u0144\u00adczo\u00adno\u015b\u0107, zagra\u00ad\u017ca ju\u017c i tak rzad\u00adkiej, \u0142\u0105ko\u00adwej popu\u00adla\u00adcji l\u0119go\u00adwej w doli\u00adnie Odry. Mamy wi\u0119c nadzie\u00adj\u0119, \u017ce w ten spo\u00ads\u00f3b osi\u0105\u00adgnie\u00admy wzgl\u0119d\u00adn\u0105 r\u00f3w\u00adno\u00adwa\u00adg\u0119 eko\u00adlo\u00adgicz\u00adn\u0105 w lesie, je\u015bli to mo\u017c\u00adli\u00adwe bez inge\u00adren\u00adcji cz\u0142owieka.<\/p>\n\n\t\t<style type=\"text\/css\">\n\t\t\t#gallery-1 {\n\t\t\t\tmargin: auto;\n\t\t\t}\n\t\t\t#gallery-1 .gallery-item {\n\t\t\t\tfloat: left;\n\t\t\t\tmargin-top: 10px;\n\t\t\t\ttext-align: center;\n\t\t\t\twidth: 100%;\n\t\t\t}\n\t\t\t#gallery-1 img {\n\t\t\t\tborder: 2px solid #cfcfcf;\n\t\t\t}\n\t\t\t#gallery-1 .gallery-caption {\n\t\t\t\tmargin-left: 0;\n\t\t\t}\n\t\t\t\/* see gallery_shortcode() in wp-includes\/media.php *\/\n\t\t<\/style>\n\t\t<div id=\"gallery-1\" class=\"gallery galleryid-9210 gallery-columns-1 gallery-size-large\"><dl class=\"gallery-item\">\n\t\t\t<dt class=\"gallery-icon landscape\">\n\t\t\t\t<a data-rel=\"iLightbox[postimages]\" data-title=\"Odnowa naturalna w Parku Narodowym Doliny Dolnej Odry\" data-caption=\"Odnowa naturalna w Parku Narodowym Doliny Dolnej Odry\" href=\"https:\/\/www.nationalpark-unteres-odertal.de\/wp-content\/uploads\/naturverjuengung-1997-b-grimm.jpg\"><img decoding=\"async\" width=\"1024\" height=\"683\" src=\"https:\/\/www.nationalpark-unteres-odertal.de\/wp-content\/uploads\/naturverjuengung-1997-b-grimm-1024x683.jpg\" class=\"attachment-large size-large lazyload\" alt=\"Odnowa naturalna w Parku Narodowym Doliny Dolnej Odry\" aria-describedby=\"gallery-1-6179\" srcset=\"data:image\/svg+xml,%3Csvg%20xmlns%3D%27http%3A%2F%2Fwww.w3.org%2F2000%2Fsvg%27%20width%3D%271200%27%20height%3D%27800%27%20viewBox%3D%270%200%201200%20800%27%3E%3Crect%20width%3D%271200%27%20height%3D%27800%27%20fill-opacity%3D%220%22%2F%3E%3C%2Fsvg%3E\" data-orig-src=\"https:\/\/www.nationalpark-unteres-odertal.de\/wp-content\/uploads\/naturverjuengung-1997-b-grimm-1024x683.jpg\" data-srcset=\"https:\/\/www.nationalpark-unteres-odertal.de\/wp-content\/uploads\/naturverjuengung-1997-b-grimm-200x133.jpg 200w, https:\/\/www.nationalpark-unteres-odertal.de\/wp-content\/uploads\/naturverjuengung-1997-b-grimm-400x267.jpg 400w, https:\/\/www.nationalpark-unteres-odertal.de\/wp-content\/uploads\/naturverjuengung-1997-b-grimm-500x333.jpg 500w, https:\/\/www.nationalpark-unteres-odertal.de\/wp-content\/uploads\/naturverjuengung-1997-b-grimm-600x400.jpg 600w, https:\/\/www.nationalpark-unteres-odertal.de\/wp-content\/uploads\/naturverjuengung-1997-b-grimm-768x512.jpg 768w, https:\/\/www.nationalpark-unteres-odertal.de\/wp-content\/uploads\/naturverjuengung-1997-b-grimm-800x533.jpg 800w, https:\/\/www.nationalpark-unteres-odertal.de\/wp-content\/uploads\/naturverjuengung-1997-b-grimm-1024x683.jpg 1024w, https:\/\/www.nationalpark-unteres-odertal.de\/wp-content\/uploads\/naturverjuengung-1997-b-grimm.jpg 1200w\" data-sizes=\"auto\"><\/a>\n\t\t\t<\/dt>\n\t\t\t\t<dd class=\"wp-caption-text gallery-caption\" id=\"gallery-1-6179\">\n\t\t\t\tOdno\u00adwa natu\u00adral\u00adna w Par\u00adku Naro\u00addo\u00adwym Doli\u00adny Dol\u00adnej&nbsp;Odry&nbsp;<\/dd><\/dl><br style=\"clear: both\">\n\t\t<\/div>\n\n<p>Ale ju\u017c war\u00adto zoba\u00adczy\u0107 natu\u00adral\u00adny las li\u015bcia\u00adsty. W\u0119drow\u00adcy mog\u0105 na przy\u00adk\u0142ad w\u0119dro\u00adwa\u0107 z Lunow do Crie\u00adwen wie\u00adlo\u00adma dobry\u00admi szla\u00adka\u00admi tury\u00adstycz\u00adny\u00admi przez dzie\u00adwi\u00adcze lasy na zbo\u00adczach wzg\u00f3rz, ale lepiej nie, gdy jest wiatr lub&nbsp;burza.<\/p>\n<\/div><div class=\"fusion-separator fusion-full-width-sep\" style=\"align-self: center;margin-left: auto;margin-right: auto;margin-top:30px;width:100%;\"><\/div><div class=\"fusion-title title fusion-title-1 sep-underline sep-dotted fusion-title-text fusion-title-size-two\" style=\"--awb-font-size:30px;\"><h2 class=\"fusion-title-heading title-heading-left\" style=\"margin:0;font-size:1em;line-height:20px;\">Lasy \u0142\u0119gowe<\/h2><\/div><div class=\"fusion-text fusion-text-2 awb-text-cols fusion-text-columns-2\" style=\"--awb-text-transform:none;--awb-columns:2;--awb-column-spacing:2em;--awb-column-min-width:400px;\">\n\t\t<style type=\"text\/css\">\n\t\t\t#gallery-2 {\n\t\t\t\tmargin: auto;\n\t\t\t}\n\t\t\t#gallery-2 .gallery-item {\n\t\t\t\tfloat: left;\n\t\t\t\tmargin-top: 10px;\n\t\t\t\ttext-align: center;\n\t\t\t\twidth: 50%;\n\t\t\t}\n\t\t\t#gallery-2 img {\n\t\t\t\tborder: 2px solid #cfcfcf;\n\t\t\t}\n\t\t\t#gallery-2 .gallery-caption {\n\t\t\t\tmargin-left: 0;\n\t\t\t}\n\t\t\t\/* see gallery_shortcode() in wp-includes\/media.php *\/\n\t\t<\/style>\n\t\t<div id=\"gallery-2\" class=\"gallery galleryid-9210 gallery-columns-2 gallery-size-medium\"><dl class=\"gallery-item\">\n\t\t\t<dt class=\"gallery-icon landscape\">\n\t\t\t\t<a data-rel=\"iLightbox[postimages]\" data-title=\"Las \u0142\u0119gowy na wiosn\u0119\" data-caption=\"Las \u0142\u0119gowy na wiosn\u0119\" href=\"https:\/\/www.nationalpark-unteres-odertal.de\/wp-content\/uploads\/auwald-im-fruehjahr-blutke.jpg\"><img decoding=\"async\" width=\"500\" height=\"333\" src=\"https:\/\/www.nationalpark-unteres-odertal.de\/wp-content\/uploads\/auwald-im-fruehjahr-blutke-500x333.jpg\" class=\"attachment-medium size-medium lazyload\" alt=\"Las \u0142\u0119gowy na wiosn\u0119\" aria-describedby=\"gallery-2-6167\" srcset=\"data:image\/svg+xml,%3Csvg%20xmlns%3D%27http%3A%2F%2Fwww.w3.org%2F2000%2Fsvg%27%20width%3D%271200%27%20height%3D%27800%27%20viewBox%3D%270%200%201200%20800%27%3E%3Crect%20width%3D%271200%27%20height%3D%27800%27%20fill-opacity%3D%220%22%2F%3E%3C%2Fsvg%3E\" data-orig-src=\"https:\/\/www.nationalpark-unteres-odertal.de\/wp-content\/uploads\/auwald-im-fruehjahr-blutke-500x333.jpg\" data-srcset=\"https:\/\/www.nationalpark-unteres-odertal.de\/wp-content\/uploads\/auwald-im-fruehjahr-blutke-200x133.jpg 200w, https:\/\/www.nationalpark-unteres-odertal.de\/wp-content\/uploads\/auwald-im-fruehjahr-blutke-400x267.jpg 400w, https:\/\/www.nationalpark-unteres-odertal.de\/wp-content\/uploads\/auwald-im-fruehjahr-blutke-500x333.jpg 500w, https:\/\/www.nationalpark-unteres-odertal.de\/wp-content\/uploads\/auwald-im-fruehjahr-blutke-600x400.jpg 600w, https:\/\/www.nationalpark-unteres-odertal.de\/wp-content\/uploads\/auwald-im-fruehjahr-blutke-768x512.jpg 768w, https:\/\/www.nationalpark-unteres-odertal.de\/wp-content\/uploads\/auwald-im-fruehjahr-blutke-800x533.jpg 800w, https:\/\/www.nationalpark-unteres-odertal.de\/wp-content\/uploads\/auwald-im-fruehjahr-blutke-1024x683.jpg 1024w, https:\/\/www.nationalpark-unteres-odertal.de\/wp-content\/uploads\/auwald-im-fruehjahr-blutke.jpg 1200w\" data-sizes=\"auto\"><\/a>\n\t\t\t<\/dt>\n\t\t\t\t<dd class=\"wp-caption-text gallery-caption\" id=\"gallery-2-6167\">\n\t\t\t\tLas \u0142\u0119go\u00adwy na wiosn\u0119&nbsp;<\/dd><\/dl><dl class=\"gallery-item\">\n\t\t\t<dt class=\"gallery-icon landscape\">\n\t\t\t\t<a data-rel=\"iLightbox[postimages]\" data-title=\"Las \u0142\u0119gowy w pobli\u017cu Criewen\" data-caption=\"Las \u0142\u0119gowy w pobli\u017cu Criewen\" href=\"https:\/\/www.nationalpark-unteres-odertal.de\/wp-content\/uploads\/auwald-bei-criewen-voessing.jpg\"><img decoding=\"async\" width=\"500\" height=\"333\" src=\"https:\/\/www.nationalpark-unteres-odertal.de\/wp-content\/uploads\/auwald-bei-criewen-voessing-500x333.jpg\" class=\"attachment-medium size-medium lazyload\" alt=\"Las \u0142\u0119gowy w pobli\u017cu Criewen\" aria-describedby=\"gallery-2-6401\" srcset=\"data:image\/svg+xml,%3Csvg%20xmlns%3D%27http%3A%2F%2Fwww.w3.org%2F2000%2Fsvg%27%20width%3D%271200%27%20height%3D%27800%27%20viewBox%3D%270%200%201200%20800%27%3E%3Crect%20width%3D%271200%27%20height%3D%27800%27%20fill-opacity%3D%220%22%2F%3E%3C%2Fsvg%3E\" data-orig-src=\"https:\/\/www.nationalpark-unteres-odertal.de\/wp-content\/uploads\/auwald-bei-criewen-voessing-500x333.jpg\" data-srcset=\"https:\/\/www.nationalpark-unteres-odertal.de\/wp-content\/uploads\/auwald-bei-criewen-voessing-200x133.jpg 200w, https:\/\/www.nationalpark-unteres-odertal.de\/wp-content\/uploads\/auwald-bei-criewen-voessing-400x267.jpg 400w, https:\/\/www.nationalpark-unteres-odertal.de\/wp-content\/uploads\/auwald-bei-criewen-voessing-500x333.jpg 500w, https:\/\/www.nationalpark-unteres-odertal.de\/wp-content\/uploads\/auwald-bei-criewen-voessing-600x400.jpg 600w, https:\/\/www.nationalpark-unteres-odertal.de\/wp-content\/uploads\/auwald-bei-criewen-voessing-800x533.jpg 800w, https:\/\/www.nationalpark-unteres-odertal.de\/wp-content\/uploads\/auwald-bei-criewen-voessing-1024x683.jpg 1024w, https:\/\/www.nationalpark-unteres-odertal.de\/wp-content\/uploads\/auwald-bei-criewen-voessing.jpg 1200w\" data-sizes=\"auto\"><\/a>\n\t\t\t<\/dt>\n\t\t\t\t<dd class=\"wp-caption-text gallery-caption\" id=\"gallery-2-6401\">\n\t\t\t\tLas \u0142\u0119go\u00adwy w pobli\u00ad\u017cu Criewen&nbsp;<\/dd><\/dl><br style=\"clear: both\">\n\t\t<\/div>\n\n<p>Jak poka\u00adzu\u00adj\u0105 sta\u00adre mapy, lasy \u0142\u0119go\u00adwe by\u0142y w \u015bre\u00addnio\u00adwie\u00adczu roz\u00adle\u00adg\u0142e i obej\u00admo\u00adwa\u00ad\u0142y ponad dwie trze\u00adcie obsza\u00adru doli\u00adny Odry. Las \u0142\u0119go\u00adwy ze wzgl\u0119\u00addu na rol\u00adni\u00adcze u\u017cyt\u00adko\u00adwa\u00adnie by\u0142 cofa\u00adny coraz bar\u00addziej. Powsta\u00adwa\u00adniu nowych drzew zapo\u00adbie\u00adga\u00ad\u0142o kosze\u00adnie i uszka\u00addza\u00adnie bie\u017c\u00adni\u00adk\u00f3w, zgry\u00adza\u00adnie przez dzi\u00adkie zwie\u00adrz\u0119\u00adta i pas\u0105\u00adce si\u0119 zwie\u00adrz\u0119\u00adta, ale tak\u00ad\u017ce brak dyna\u00admi\u00adki zale\u00adwa\u00adnia nie\u00adswo\u00adistej ju\u017c rze\u00adki na tere\u00adnie polde\u00adru. Takie zale\u00adwy by\u0142y\u00adby koniecz\u00adne w celu otwar\u00adcia g\u0119stej pokry\u00adwy ro\u015blin\u00adnej i stwo\u00adrze\u00adnia alu\u00adwial\u00adnym lub wydmu\u00adcha\u00adnym nasio\u00adnom drzew dobrych mo\u017c\u00adli\u00adwo\u00ad\u015bci kie\u0142\u00adko\u00adwa\u00adnia na obsza\u00adrach erozji.<br>\nZ<strong> Las \u0142\u0119go\u00adwy li\u015bcia\u00adsty<\/strong> to las zdo\u00admi\u00adno\u00adwa\u00adny przez d\u0119by i wi\u0105\u00adzy na wil\u00adgot\u00adnym miej\u00adscu w doli\u00adnie zale\u00adwo\u00adwej, kt\u00f3\u00adry dobrze radzi sobie z regu\u00adlar\u00adny\u00admi zimo\u00adwy\u00admi powo\u00addzia\u00admi. W doli\u00adnie dol\u00adnej Odry las \u0142\u0119go\u00adwy li\u015bcia\u00adsty sk\u0142a\u00adda si\u0119 g\u0142\u00f3w\u00adnie z wi\u0105\u00adzu szy\u00adpu\u0142\u00adko\u00adwe\u00adgo<em> (Ulmus laevis)<\/em> i d\u0105b szy\u00adpu\u0142\u00adko\u00adwy<em> (Quer\u00adcus Robur)<\/em> razem. Wi\u0119k\u00adsze pozo\u00adsta\u00ad\u0142o\u00ad\u015bci las\u00f3w \u0142\u0119go\u00adwych li\u015bcia\u00adstych mo\u017c\u00adna zna\u00adle\u017a\u0107 wok\u00f3\u0142 jezio\u00adra Welsesee.<br>\nPowo\u00addzie latem, w okre\u00adsie wege\u00adta\u00adcji, s\u0105 sto\u00adsun\u00adko\u00adwo trud\u00adne do znie\u00adsie\u00adnia w lasach \u0142\u0119go\u00adwych o twar\u00addym drew\u00adnie. Skut\u00adki eks\u00adtre\u00admal\u00adnych let\u00adnich powo\u00addzi z 1997 roku s\u0105 dobrze widocz\u00adne na Welse\u00adesee. W 1997 roku zgi\u00adn\u0119\u00ad\u0142y tam licz\u00adne wi\u0105\u00adzy i d\u0119by, kt\u00f3\u00adrych mar\u00adtwe pnie wci\u0105\u017c wzno\u00adsz\u0105 si\u0119 w nie\u00adbo. Ale jest to natu\u00adral\u00adny pro\u00adces, kt\u00f3\u00adry z kolei otwie\u00adra nowe prze\u00adstrze\u00adnie \u017cycio\u00adwe dla innych \u017cywych istot.<br>\nR\u00f3w\u00adnie\u017c<strong> Las \u0142\u0119go\u00adwy z drew\u00adna igla\u00adste\u00adgo<\/strong> mo\u017c\u00adna go zna\u00adle\u017a\u0107 tyl\u00adko w kil\u00adku miej\u00adscach w doli\u00adnie dol\u00adnej Odry, np. \u0142\u0119g wierz\u00adbo\u00adwo-czar\u00adny w Crie\u00adort, w rejo\u00adnie Vor\u00adde\u00adich ko\u0142o Crie\u00adwen, Lunow czy na sta\u00adrej Odrze. Las \u0142\u0119go\u00adwy z drew\u00adna igla\u00adste\u00adgo two\u00adrz\u0105 r\u00f3\u017c\u00adne gatun\u00adki wierz\u00adby i topo\u00adli, w tym przede wszystkim<\/p>\n<ul>\n<li>Wierz\u00adba bia\u00ad\u0142a<em> (Salix alba)<\/em><\/li>\n<li>Fio\u00adle\u00adto\u00adwa wierz\u00adba<em> (Salix purpurea)<\/em><\/li>\n<li>Trz\u0119\u00ads\u0105\u00adca si\u0119 osi\u00adka<em> (Tre\u00admu\u00adla Populusa)<\/em><\/li>\n<li>Topo\u00adla bia\u00ad\u0142a<em> (Popu\u00adlus&nbsp;alba)<\/em><\/li>\n<li>Topo\u00adla czar\u00adna<em> (Popu\u00adlus&nbsp;nigra)<\/em><\/li>\n<\/ul>\n<p>nale\u00ad\u017cy wspo\u00admnie\u0107. Rodzi\u00adma topo\u00adla czar\u00adna jest sil\u00adnie zagro\u00ad\u017co\u00adna i prze\u00ad\u017cy\u00adwa now\u0105, popar\u00adt\u0105 nauko\u00adwo dys\u00adtry\u00adbu\u00adcj\u0105 w ramach w\u0142a\u00adsne\u00adgo pro\u00adjek\u00adtu finansowania.<br>\nPla\u00adno\u00adwa\u00adne jest ponow\u00adne zwi\u0119k\u00adsze\u00adnie udzia\u00ad\u0142u lasu \u0142\u0119go\u00adwe\u00adgo w ramach zarz\u0105\u00addza\u00adnia ochro\u00adn\u0105 przy\u00adro\u00addy. Zgod\u00adnie z pla\u00adnem utrzy\u00adma\u00adnia i zago\u00adspo\u00adda\u00adro\u00adwa\u00adnia, ini\u00adcja\u00adli\u00adza\u00adcja lasu \u0142\u0119go\u00adwe\u00adgo pla\u00adno\u00adwa\u00adna jest na mak\u00adsy\u00admal\u00adnie 1000 ha. Ma to by\u0107 osi\u0105\u00adgni\u0119\u00adte mi\u0119\u00addzy inny\u00admi przez pocz\u0105t\u00adko\u00adwe nasa\u00addze\u00adnia, kt\u00f3\u00adre otwie\u00adra\u00adj\u0105 g\u0119st\u0105, sk\u0105d\u00adin\u0105d, war\u00adstw\u0119 ziel\u00adn\u0105, a po kil\u00adku latach ochron\u00adnych zabie\u00adg\u00f3w two\u00adrz\u0105 samo\u00adre\u00adpro\u00addu\u00adku\u00adj\u0105\u00adcy si\u0119 las \u0142\u0119go\u00adwy. U\u017cyt\u00adkow\u00adni\u00adcy grun\u00adt\u00f3w s\u0105 r\u00f3w\u00adnie\u017c zobo\u00adwi\u0105\u00adza\u00adni do sku\u00adtecz\u00adne\u00adgo izo\u00adlo\u00adwa\u00adnia drzew i cie\u00adk\u00f3w wod\u00adnych w celu u\u0142a\u00adtwie\u00adnia natu\u00adral\u00adnej rege\u00adne\u00adra\u00adcji lasu \u0142\u0119gowego.<\/p>\n<\/div><div class=\"fusion-separator fusion-full-width-sep\" style=\"align-self: center;margin-left: auto;margin-right: auto;margin-top:30px;width:100%;\"><\/div><div class=\"fusion-title title fusion-title-2 sep-underline sep-dotted fusion-title-text fusion-title-size-two\" style=\"--awb-font-size:30px;\"><h2 class=\"fusion-title-heading title-heading-left\" style=\"margin:0;font-size:1em;line-height:20px;\">Lasy na zboczach<\/h2><\/div><div class=\"fusion-text fusion-text-3 awb-text-cols fusion-text-columns-2\" style=\"--awb-text-transform:none;--awb-columns:2;--awb-column-spacing:2em;--awb-column-min-width:400px;\"><p class=\"rtejustify\">Na zbo\u00adczach doli\u00adny Odry wyst\u0119\u00adpu\u00adj\u0105 w doli\u00adnach pod\u00admo\u00adk\u0142e lasy i wio\u00adsen\u00adne w\u0105wo\u00adzy jesio\u00adno\u00adwe<em> (Fra\u00adxi\u00adnus exel\u00adsior)<\/em> s\u0105 zdo\u00admi\u00adno\u00adwa\u00adne i mo\u017c\u00adna je zna\u00adle\u017a\u0107 w bar\u00addzo dobrej dys\u00adtry\u00adbu\u00adcji. Ten wil\u00adgot\u00adny las jesio\u00adno\u00adwy zas\u0142u\u00adgu\u00adje na szcze\u00adg\u00f3l\u00adn\u0105 uwa\u00adg\u0119 i jest sto\u00adsun\u00adko\u00adwo rzad\u00adki w Niemczech.<\/p>\n<p class=\"rtejustify\">W Luno\u00adwer H\u00f6lz\u00adchen, w Gel\u00adl\u00admers\u00addor\u00adfer Forst, w po\u0142u\u00addnio\u00adwej cz\u0119\u00ad\u015bci Peter\u00adber\u00adge i na p\u00f3\u0142\u00adno\u00adcy mi\u0119\u00addzy Gartz i Mesche\u00adrin znaj\u00addu\u00adj\u0105 si\u0119 pi\u0119k\u00adne lasy na zbo\u00adczach wzg\u00f3rz.<\/p>\n<p class=\"rtejustify\">W lasach na zbo\u00adczach wzg\u00f3rz natu\u00adral\u00adnie domi\u00adnu\u00adj\u0105 buki, kt\u00f3\u00adre do dzi\u015b mo\u017c\u00adna zna\u00adle\u017a\u0107 w Lesie Gel\u00adl\u00admers\u00addor\u00adfer. Na gle\u00adbach powierz\u00adchow\u00adnie piasz\u00adczy\u00adstych wyst\u0119\u00adpu\u00adje buczy\u00adna gajo\u00adwa, w kt\u00f3\u00adrej wyst\u0119\u00adpu\u00adje sze\u00adreg wska\u017a\u00adni\u00adk\u00f3w kwa\u00adso\u00adwo\u00ad\u015bci, m.in. Schl\u00e4n\u00adgel-Schmie\u00adle<em> (Deschamp\u00adsia fle\u00adxu\u00adosa)<\/em>, cier\u00adni\u00adsta papro\u0107 robak<em> (Dry\u00adop\u00adte\u00adris car\u00adthu\u00adsia\u00adna)<\/em> lub turzy\u00adca-pigu\u0142\u00adka<em> (Carex pilu\u00adli\u00adfe\u00adra)<\/em> wyst\u0119\u00adpu\u00adj\u0105 regu\u00adlar\u00adnie. Na gle\u00adbach boga\u00adtych w wap\u00adno, na przy\u00adk\u0142ad gli\u00adny zwa\u00ad\u0142o\u00adwej, las turzy\u00adco\u00adwo-buko\u00adwy jest bar\u00addzo rzad\u00adko spo\u00adty\u00adka\u00adny w oko\u00adli\u00adcy, przez turzy\u00adc\u0119 g\u00f3r\u00adsk\u0105<em> (Carex mon\u00adta\u00adna)<\/em> oraz sze\u00adreg stor\u00adczy\u00adk\u00f3w (m.in. <em>Cepha\u00adlan\u00adthe\u00adra dama\u00adso\u00adnium<\/em>) jest zaznaczony.<\/p>\n<p class=\"rtejustify\">W doli\u00adnie dol\u00adnej Odry wyst\u0119\u00adpu\u00adj\u0105 jed\u00adnak g\u0142\u00f3w\u00adnie lasy marza\u00adno\u00adwe i buczy\u00adny j\u0119cz\u00admien\u00adne. Dla nich z\u0142o\u00adta mar\u00adtwa pokrzy\u00adwa znaj\u00addu\u00adje si\u0119 w war\u00adstwie gle\u00adby<em> (Gale\u00adob\u00addo\u00adlon lami\u00adna\u00adtu)<\/em> kt\u00f3\u00adrzy maj\u0105 ulu\u00adbio\u00adne Spi\u00adked Devil\u2019s Claw<em> (Phy\u00adteu\u00adma spi\u00adca\u00adtum)<\/em>, marzan\u00adka<em> (Gal odo\u00adra\u00adtum)<\/em> per\u00ad\u0142a jed\u00adno\u00adkwia\u00adto\u00adwa<em> (Meli\u00adca uni\u00adflo\u00adra)<\/em>, zie\u00adle Krzysz\u00adto\u00adfa<em> (Acta\u00adea spi\u00adca\u00adta)<\/em> w\u0105tro\u00adbo\u00adwiec<em> (W\u0105tro\u00adba szla\u00adchet\u00adna)<\/em> lub rza\u00addziej lilia z\u0142o\u00adto\u00adg\u0142\u00f3w<em> (Lilia z\u0142o\u00adto\u00adg\u0142\u00f3w)<\/em> cha\u00adrak\u00adte\u00adry\u00adstycz\u00adne gatunki.<\/p>\n<p class=\"rtejustify\">Wie\u00adle z tych miejsc jest obec\u00adnie zasie\u00addlo\u00adnych przez gra\u00adby, d\u0119by bez\u00adszy\u00adpu\u0142\u00adko\u00adwe, d\u0119by szy\u00adpu\u0142\u00adko\u00adwe czy lipy zimo\u00adwe, a tak\u00ad\u017ce robi\u0105 wra\u00ad\u017ce\u00adnie natu\u00adral\u00adne. Jed\u00adnak te zbio\u00adro\u00adwi\u00adska gr\u0105\u00addo\u00adwe mog\u0105 by\u0107 nad\u00adodrza\u0144\u00adskim \u201earte\u00adfak\u00adtem\u201d antro\u00adpo\u00adge\u00adnicz\u00adnym, czy\u00adli efek\u00adtem pro\u00adwa\u00addzo\u00adnych prac le\u015bnych o ma\u0142ej lub \u015bred\u00adniej wiel\u00adko\u00ad\u015bci. Wed\u0142ug naj\u00adnow\u00adszych usta\u00adle\u0144 dzi\u00adsiej\u00adsze lasy d\u0119bo\u00adwo-gra\u00adbo\u00adwe na pag\u00f3r\u00adko\u00adwa\u00adtym tere\u00adnie i zbo\u00adczach doli\u00adny Odry maj\u0105 cha\u00adrak\u00adter antro\u00adpo\u00adge\u00adnicz\u00adny. Czyn\u00adni\u00adki loka\u00adli\u00adza\u00adcyj\u00adne odpo\u00adwia\u00adda\u00adj\u0105 lasom buko\u00adwym. Ale tam, gdzie buj\u00adny i odpor\u00adny na cie\u0144 buk mo\u017ce si\u0119 roz\u00adwi\u00adja\u0107, wypie\u00adra inne, gor\u00adsze gatun\u00adki drzew. W nie\u00adkt\u00f3\u00adrych typo\u00adwych lasach gr\u0105\u00addo\u00adwych, np. w Luno\u00adwer H\u00f6lz\u00adchen, zaczy\u00adna\u00adj\u0105 rosn\u0105\u0107 m\u0142o\u00adde lasy buko\u00adwe i ini\u00adcju\u00adj\u0105 natu\u00adral\u00adny roz\u00adw\u00f3j. Do tej pory eks\u00adper\u00adci byli prze\u00adko\u00adna\u00adni, \u017ce buk nie mo\u017ce si\u0119 roz\u00adwi\u00adja\u0107 w wi\u0119k\u00adszo\u00ad\u015bci z tych loka\u00adli\u00adza\u00adcji i \u017ce tere\u00adny te s\u0105 zare\u00adzer\u00adwo\u00adwa\u00adne dla d\u0119b\u00f3w i grab\u00f3w.<\/p>\n<p class=\"rtejustify\">Szcze\u00adg\u00f3l\u00adn\u0105 rzad\u00adko\u00ad\u015bci\u0105 w\u015br\u00f3d zbio\u00adro\u00adwisk le\u015bnych Par\u00adku Naro\u00addo\u00adwe\u00adgo s\u0105 lasy zbo\u00adczo\u00adwe wi\u0105\u00adz\u00f3w na stro\u00admych zbo\u00adczach tere\u00adn\u00f3w polo\u00addow\u00adco\u00adwych do doli\u00adny Odry. Wszyst\u00adkie trzy rodza\u00adje wi\u0105\u00adz\u00f3w okre\u00ad\u015bla\u00adj\u0105 war\u00adstw\u0119 drze\u00adwa: wi\u0105z bia\u00ad\u0142y<em> (Ulmus laevis)<\/em>, wi\u0105z polny<em> (Ulmus mniej\u00adszy)<\/em>, Wi\u0105z g\u00f3r\u00adski<em> (Ulmus gla\u00adbra)<\/em>. Obra\u00adzu dope\u0142\u00adnia boga\u00adta flo\u00adra. Oto kar\u00ad\u0142o\u00adwa\u00adte ostr\u00f3\u017c\u00adki<em> (Cory\u00adda\u00adlis pumi\u00adla)<\/em> i roz\u00adpro\u00adszo\u00adne nie\u00adza\u00adpo\u00admi\u00adnaj\u00adki<em> (Myoso\u00adtis spar\u00adsi\u00adflo\u00adra)<\/em> cha\u00adrak\u00adte\u00adry\u00adstycz\u00adne gatunki.<\/p>\n\n\t\t<style type=\"text\/css\">\n\t\t\t#gallery-3 {\n\t\t\t\tmargin: auto;\n\t\t\t}\n\t\t\t#gallery-3 .gallery-item {\n\t\t\t\tfloat: left;\n\t\t\t\tmargin-top: 10px;\n\t\t\t\ttext-align: center;\n\t\t\t\twidth: 100%;\n\t\t\t}\n\t\t\t#gallery-3 img {\n\t\t\t\tborder: 2px solid #cfcfcf;\n\t\t\t}\n\t\t\t#gallery-3 .gallery-caption {\n\t\t\t\tmargin-left: 0;\n\t\t\t}\n\t\t\t\/* see gallery_shortcode() in wp-includes\/media.php *\/\n\t\t<\/style>\n\t\t<div id=\"gallery-3\" class=\"gallery galleryid-9210 gallery-columns-1 gallery-size-large\"><dl class=\"gallery-item\">\n\t\t\t<dt class=\"gallery-icon portrait\">\n\t\t\t\t<a data-rel=\"iLightbox[postimages]\" data-title=\"Las na zboczu w pobli\u017cu Bellinchen\" data-caption=\"Las na zboczu w pobli\u017cu Bellinchen\" href=\"https:\/\/www.nationalpark-unteres-odertal.de\/wp-content\/uploads\/02-wald-bellinchen-migdalska.jpg\"><img decoding=\"async\" width=\"600\" height=\"930\" src=\"https:\/\/www.nationalpark-unteres-odertal.de\/wp-content\/uploads\/02-wald-bellinchen-migdalska.jpg\" class=\"attachment-large size-large lazyload\" alt=\"Las na zboczu w pobli\u017cu Bellinchen\" aria-describedby=\"gallery-3-6165\" srcset=\"data:image\/svg+xml,%3Csvg%20xmlns%3D%27http%3A%2F%2Fwww.w3.org%2F2000%2Fsvg%27%20width%3D%27600%27%20height%3D%27930%27%20viewBox%3D%270%200%20600%20930%27%3E%3Crect%20width%3D%27600%27%20height%3D%27930%27%20fill-opacity%3D%220%22%2F%3E%3C%2Fsvg%3E\" data-orig-src=\"https:\/\/www.nationalpark-unteres-odertal.de\/wp-content\/uploads\/02-wald-bellinchen-migdalska.jpg\" data-srcset=\"https:\/\/www.nationalpark-unteres-odertal.de\/wp-content\/uploads\/02-wald-bellinchen-migdalska-200x310.jpg 200w, https:\/\/www.nationalpark-unteres-odertal.de\/wp-content\/uploads\/02-wald-bellinchen-migdalska-323x500.jpg 323w, https:\/\/www.nationalpark-unteres-odertal.de\/wp-content\/uploads\/02-wald-bellinchen-migdalska-400x620.jpg 400w, https:\/\/www.nationalpark-unteres-odertal.de\/wp-content\/uploads\/02-wald-bellinchen-migdalska.jpg 600w\" data-sizes=\"auto\"><\/a>\n\t\t\t<\/dt>\n\t\t\t\t<dd class=\"wp-caption-text gallery-caption\" id=\"gallery-3-6165\">\n\t\t\t\tLas na zbo\u00adczu w pobli\u00ad\u017cu Bellinchen&nbsp;<\/dd><\/dl><br style=\"clear: both\">\n\t\t<\/div>\n\n<\/div><div class=\"fusion-separator fusion-full-width-sep\" style=\"align-self: center;margin-left: auto;margin-right: auto;margin-top:30px;width:100%;\"><\/div><style type=\"text\/css\">.reading-box-container-1 .element-bottomshadow:before,.reading-box-container-1 .element-bottomshadow:after{opacity:0.7;}<\/style><div class=\"fusion-reading-box-container reading-box-container-1\" style=\"--awb-title-color:#212934;--awb-margin-top:0px;--awb-margin-bottom:20px;\"><div class=\"reading-box\" style=\"background-color:#f9f9fb;border-width:1px;border-color:rgba(226,226,226,0);border-left-width:3px;border-left-color:var(--primary_color);border-style:solid;\"><h2>Dalsza lektura<\/h2><div class=\"reading-box-additional fusion-reading-box-additional\">\nWi\u0119\u00adcej infor\u00adma\u00adcji na temat las\u00f3w mo\u017c\u00adna zna\u00adle\u017a\u0107 w ksi\u0105\u017c\u00adce \u201eDer Inter\u00adna\u00adtio\u00adnal\u00adpark Unte\u00adres Ode\u00adrtal \u2013 Ein Werk- und Wan\u00adder\u00adbuch\u201d (V\u00d6SSING 1998, Stapp Ver\u00adlag Ber\u00adlin, s. 36 ff i s. 96&nbsp;ff).\n<\/div><div class=\"fusion-clearfix\"><\/div><\/div><\/div><div class=\"fusion-image-carousel fusion-image-carousel-auto fusion-image-carousel-1 lightbox-enabled\"><div class=\"awb-carousel awb-swiper awb-swiper-carousel\" data-autoplay=\"no\" data-columns=\"1\" data-itemmargin=\"13\" data-itemwidth=\"180\" data-touchscroll=\"no\" data-imagesize=\"auto\" style=\"--awb-columns:1;\"><div class=\"swiper-wrapper awb-image-carousel-wrapper fusion-flex-align-items-center\"><div class=\"swiper-slide\"><div class=\"fusion-carousel-item-wrapper\"><div class=\"fusion-image-wrapper hover-type-none\"><a data-rel=\"iLightbox[image_carousel_1]\" data-caption=\"Las olchowo-jesionowo-bukowy\" data-title=\"Las olchowo-jesionowo-bukowy\" aria-label=\"Las olchowo-jesionowo-bukowy\" href=\"https:\/\/www.nationalpark-unteres-odertal.de\/wp-content\/uploads\/erlen-eschen-buchenwald-b-grimm.jpg\" target=\"_self\"><img decoding=\"async\" width=\"1200\" height=\"800\" src=\"https:\/\/www.nationalpark-unteres-odertal.de\/wp-content\/uploads\/erlen-eschen-buchenwald-b-grimm.jpg\" class=\"attachment-full size-full lazyload\" alt=\"Las olchowo-jesionowo-bukowy\" srcset=\"data:image\/svg+xml,%3Csvg%20xmlns%3D%27http%3A%2F%2Fwww.w3.org%2F2000%2Fsvg%27%20width%3D%271200%27%20height%3D%27800%27%20viewBox%3D%270%200%201200%20800%27%3E%3Crect%20width%3D%271200%27%20height%3D%27800%27%20fill-opacity%3D%220%22%2F%3E%3C%2Fsvg%3E\" data-orig-src=\"https:\/\/www.nationalpark-unteres-odertal.de\/wp-content\/uploads\/erlen-eschen-buchenwald-b-grimm.jpg\" data-srcset=\"https:\/\/www.nationalpark-unteres-odertal.de\/wp-content\/uploads\/erlen-eschen-buchenwald-b-grimm-200x133.jpg 200w, https:\/\/www.nationalpark-unteres-odertal.de\/wp-content\/uploads\/erlen-eschen-buchenwald-b-grimm-400x267.jpg 400w, https:\/\/www.nationalpark-unteres-odertal.de\/wp-content\/uploads\/erlen-eschen-buchenwald-b-grimm-500x333.jpg 500w, https:\/\/www.nationalpark-unteres-odertal.de\/wp-content\/uploads\/erlen-eschen-buchenwald-b-grimm-600x400.jpg 600w, https:\/\/www.nationalpark-unteres-odertal.de\/wp-content\/uploads\/erlen-eschen-buchenwald-b-grimm-768x512.jpg 768w, https:\/\/www.nationalpark-unteres-odertal.de\/wp-content\/uploads\/erlen-eschen-buchenwald-b-grimm-800x533.jpg 800w, https:\/\/www.nationalpark-unteres-odertal.de\/wp-content\/uploads\/erlen-eschen-buchenwald-b-grimm-1024x683.jpg 1024w, https:\/\/www.nationalpark-unteres-odertal.de\/wp-content\/uploads\/erlen-eschen-buchenwald-b-grimm.jpg 1200w\" data-sizes=\"auto\"><\/a><\/div><\/div><\/div><div class=\"swiper-slide\"><div class=\"fusion-carousel-item-wrapper\"><div class=\"fusion-image-wrapper hover-type-none\"><a data-rel=\"iLightbox[image_carousel_1]\" data-caption=\"Las \u0142\u0119gowy, Park Narodowy Doliny Dolnej Odry\" data-title=\"Las \u0142\u0119gowy, Park Narodowy Doliny Dolnej Odry\" aria-label=\"Las \u0142\u0119gowy, Park Narodowy Doliny Dolnej Odry\" href=\"https:\/\/www.nationalpark-unteres-odertal.de\/wp-content\/uploads\/wald-grimm.jpg\" target=\"_self\"><img decoding=\"async\" width=\"1200\" height=\"800\" src=\"https:\/\/www.nationalpark-unteres-odertal.de\/wp-content\/uploads\/wald-grimm.jpg\" class=\"attachment-full size-full lazyload\" alt=\"Las \u0142\u0119gowy, Park Narodowy Doliny Dolnej Odry\" srcset=\"data:image\/svg+xml,%3Csvg%20xmlns%3D%27http%3A%2F%2Fwww.w3.org%2F2000%2Fsvg%27%20width%3D%271200%27%20height%3D%27800%27%20viewBox%3D%270%200%201200%20800%27%3E%3Crect%20width%3D%271200%27%20height%3D%27800%27%20fill-opacity%3D%220%22%2F%3E%3C%2Fsvg%3E\" data-orig-src=\"https:\/\/www.nationalpark-unteres-odertal.de\/wp-content\/uploads\/wald-grimm.jpg\" data-srcset=\"https:\/\/www.nationalpark-unteres-odertal.de\/wp-content\/uploads\/wald-grimm-200x133.jpg 200w, https:\/\/www.nationalpark-unteres-odertal.de\/wp-content\/uploads\/wald-grimm-400x267.jpg 400w, https:\/\/www.nationalpark-unteres-odertal.de\/wp-content\/uploads\/wald-grimm-500x333.jpg 500w, https:\/\/www.nationalpark-unteres-odertal.de\/wp-content\/uploads\/wald-grimm-600x400.jpg 600w, https:\/\/www.nationalpark-unteres-odertal.de\/wp-content\/uploads\/wald-grimm-768x512.jpg 768w, https:\/\/www.nationalpark-unteres-odertal.de\/wp-content\/uploads\/wald-grimm-800x533.jpg 800w, https:\/\/www.nationalpark-unteres-odertal.de\/wp-content\/uploads\/wald-grimm-1024x683.jpg 1024w, https:\/\/www.nationalpark-unteres-odertal.de\/wp-content\/uploads\/wald-grimm.jpg 1200w\" data-sizes=\"auto\"><\/a><\/div><\/div><\/div><div class=\"swiper-slide\"><div class=\"fusion-carousel-item-wrapper\"><div class=\"fusion-image-wrapper hover-type-none\"><a data-rel=\"iLightbox[image_carousel_1]\" data-caption=\"Las olsowy w Parku Narodowym Doliny Dolnej Odry\" data-title=\"Las olsowy w Parku Narodowym Doliny Dolnej Odry\" aria-label=\"Las olsowy w Parku Narodowym Doliny Dolnej Odry\" href=\"https:\/\/www.nationalpark-unteres-odertal.de\/wp-content\/uploads\/erlenbuchwald-stolpe-1995-b-grimm.jpg\" target=\"_self\"><img decoding=\"async\" width=\"1200\" height=\"800\" src=\"https:\/\/www.nationalpark-unteres-odertal.de\/wp-content\/uploads\/erlenbuchwald-stolpe-1995-b-grimm.jpg\" class=\"attachment-full size-full lazyload\" alt=\"Las olsowy w Parku Narodowym Doliny Dolnej Odry\" srcset=\"data:image\/svg+xml,%3Csvg%20xmlns%3D%27http%3A%2F%2Fwww.w3.org%2F2000%2Fsvg%27%20width%3D%271200%27%20height%3D%27800%27%20viewBox%3D%270%200%201200%20800%27%3E%3Crect%20width%3D%271200%27%20height%3D%27800%27%20fill-opacity%3D%220%22%2F%3E%3C%2Fsvg%3E\" data-orig-src=\"https:\/\/www.nationalpark-unteres-odertal.de\/wp-content\/uploads\/erlenbuchwald-stolpe-1995-b-grimm.jpg\" data-srcset=\"https:\/\/www.nationalpark-unteres-odertal.de\/wp-content\/uploads\/erlenbuchwald-stolpe-1995-b-grimm-200x133.jpg 200w, https:\/\/www.nationalpark-unteres-odertal.de\/wp-content\/uploads\/erlenbuchwald-stolpe-1995-b-grimm-400x267.jpg 400w, https:\/\/www.nationalpark-unteres-odertal.de\/wp-content\/uploads\/erlenbuchwald-stolpe-1995-b-grimm-500x333.jpg 500w, https:\/\/www.nationalpark-unteres-odertal.de\/wp-content\/uploads\/erlenbuchwald-stolpe-1995-b-grimm-600x400.jpg 600w, https:\/\/www.nationalpark-unteres-odertal.de\/wp-content\/uploads\/erlenbuchwald-stolpe-1995-b-grimm-768x512.jpg 768w, https:\/\/www.nationalpark-unteres-odertal.de\/wp-content\/uploads\/erlenbuchwald-stolpe-1995-b-grimm-800x533.jpg 800w, https:\/\/www.nationalpark-unteres-odertal.de\/wp-content\/uploads\/erlenbuchwald-stolpe-1995-b-grimm-1024x683.jpg 1024w, https:\/\/www.nationalpark-unteres-odertal.de\/wp-content\/uploads\/erlenbuchwald-stolpe-1995-b-grimm.jpg 1200w\" data-sizes=\"auto\"><\/a><\/div><\/div><\/div><div class=\"swiper-slide\"><div class=\"fusion-carousel-item-wrapper\"><div class=\"fusion-image-wrapper hover-type-none\"><a data-rel=\"iLightbox[image_carousel_1]\" data-caption=\"Spadzisty las w Parku Narodowym Doliny Dolnej Odry\" data-title=\"Spadzisty las w Parku Narodowym Doliny Dolnej Odry\" aria-label=\"Spadzisty las w Parku Narodowym Doliny Dolnej Odry\" href=\"https:\/\/www.nationalpark-unteres-odertal.de\/wp-content\/uploads\/hangwald-grimm.jpg\" target=\"_self\"><img decoding=\"async\" width=\"1200\" height=\"800\" src=\"https:\/\/www.nationalpark-unteres-odertal.de\/wp-content\/uploads\/hangwald-grimm.jpg\" class=\"attachment-full size-full lazyload\" alt=\"Spadzisty las w Parku Narodowym Doliny Dolnej Odry\" srcset=\"data:image\/svg+xml,%3Csvg%20xmlns%3D%27http%3A%2F%2Fwww.w3.org%2F2000%2Fsvg%27%20width%3D%271200%27%20height%3D%27800%27%20viewBox%3D%270%200%201200%20800%27%3E%3Crect%20width%3D%271200%27%20height%3D%27800%27%20fill-opacity%3D%220%22%2F%3E%3C%2Fsvg%3E\" data-orig-src=\"https:\/\/www.nationalpark-unteres-odertal.de\/wp-content\/uploads\/hangwald-grimm.jpg\" data-srcset=\"https:\/\/www.nationalpark-unteres-odertal.de\/wp-content\/uploads\/hangwald-grimm-200x133.jpg 200w, https:\/\/www.nationalpark-unteres-odertal.de\/wp-content\/uploads\/hangwald-grimm-400x267.jpg 400w, https:\/\/www.nationalpark-unteres-odertal.de\/wp-content\/uploads\/hangwald-grimm-500x333.jpg 500w, https:\/\/www.nationalpark-unteres-odertal.de\/wp-content\/uploads\/hangwald-grimm-600x400.jpg 600w, https:\/\/www.nationalpark-unteres-odertal.de\/wp-content\/uploads\/hangwald-grimm-768x512.jpg 768w, https:\/\/www.nationalpark-unteres-odertal.de\/wp-content\/uploads\/hangwald-grimm-800x533.jpg 800w, https:\/\/www.nationalpark-unteres-odertal.de\/wp-content\/uploads\/hangwald-grimm-1024x683.jpg 1024w, https:\/\/www.nationalpark-unteres-odertal.de\/wp-content\/uploads\/hangwald-grimm.jpg 1200w\" data-sizes=\"auto\"><\/a><\/div><\/div><\/div><\/div><div class=\"awb-swiper-button awb-swiper-button-prev\"><i class=\"awb-icon-angle-left\" aria-hidden=\"true\"><\/i><\/div><div class=\"awb-swiper-button awb-swiper-button-next\"><i class=\"awb-icon-angle-right\" aria-hidden=\"true\"><\/i><\/div><\/div><\/div><\/div><\/div><\/div><\/div>\n","protected":false},"excerpt":{"rendered":"","protected":false},"author":1,"featured_media":0,"parent":9178,"menu_order":0,"comment_status":"closed","ping_status":"closed","template":"","meta":{"wp_typography_post_enhancements_disabled":false,"_price":"","_stock":"","_tribe_ticket_header":"","_tribe_default_ticket_provider":"","_tribe_ticket_capacity":"0","_ticket_start_date":"","_ticket_end_date":"","_tribe_ticket_show_description":"","_tribe_ticket_show_not_going":false,"_tribe_ticket_use_global_stock":"","_tribe_ticket_global_stock_level":"","_global_stock_mode":"","_global_stock_cap":"","_tribe_rsvp_for_event":"","_tribe_ticket_going_count":"","_tribe_ticket_not_going_count":"","_tribe_tickets_list":"[]","_tribe_ticket_has_attendee_info_fields":false,"footnotes":""},"class_list":["post-9210","page","type-page","status-publish","hentry"],"yoast_head":"<title>Las - Nationalpark Unteres Odertal<\/title>\n<meta name=\"robots\" content=\"index, follow, max-snippet:-1, max-image-preview:large, max-video-preview:-1\" \/>\n<link rel=\"canonical\" href=\"https:\/\/www.nationalpark-unteres-odertal.de\/pl\/park-narodowy-doliny-dolnej-odry\/typy-siedlisk\/las\/\" \/>\n<meta property=\"og:locale\" content=\"pl_PL\" \/>\n<meta property=\"og:type\" content=\"article\" \/>\n<meta property=\"og:title\" content=\"Las - Nationalpark Unteres Odertal\" \/>\n<meta property=\"og:url\" content=\"https:\/\/www.nationalpark-unteres-odertal.de\/pl\/park-narodowy-doliny-dolnej-odry\/typy-siedlisk\/las\/\" \/>\n<meta property=\"og:site_name\" content=\"Nationalpark Unteres Odertal\" \/>\n<meta property=\"article:modified_time\" content=\"2021-11-04T14:46:16+00:00\" \/>\n<meta name=\"twitter:card\" content=\"summary_large_image\" \/>\n<script type=\"application\/ld+json\" class=\"yoast-schema-graph\">{\"@context\":\"https:\/\/schema.org\",\"@graph\":[{\"@type\":\"WebPage\",\"@id\":\"https:\/\/www.nationalpark-unteres-odertal.de\/pl\/park-narodowy-doliny-dolnej-odry\/typy-siedlisk\/las\/\",\"url\":\"https:\/\/www.nationalpark-unteres-odertal.de\/pl\/park-narodowy-doliny-dolnej-odry\/typy-siedlisk\/las\/\",\"name\":\"Las - Nationalpark Unteres Odertal\",\"isPartOf\":{\"@id\":\"https:\/\/www.nationalpark-unteres-odertal.de\/pl\/#website\"},\"datePublished\":\"2008-12-28T19:22:39+00:00\",\"dateModified\":\"2021-11-04T14:46:16+00:00\",\"breadcrumb\":{\"@id\":\"https:\/\/www.nationalpark-unteres-odertal.de\/pl\/park-narodowy-doliny-dolnej-odry\/typy-siedlisk\/las\/#breadcrumb\"},\"inLanguage\":\"pl-PL\",\"potentialAction\":[{\"@type\":\"ReadAction\",\"target\":[\"https:\/\/www.nationalpark-unteres-odertal.de\/pl\/park-narodowy-doliny-dolnej-odry\/typy-siedlisk\/las\/\"]}]},{\"@type\":\"BreadcrumbList\",\"@id\":\"https:\/\/www.nationalpark-unteres-odertal.de\/pl\/park-narodowy-doliny-dolnej-odry\/typy-siedlisk\/las\/#breadcrumb\",\"itemListElement\":[{\"@type\":\"ListItem\",\"position\":1,\"name\":\"Strona g\u0142\u00f3wna\",\"item\":\"https:\/\/www.nationalpark-unteres-odertal.de\/pl\/\"},{\"@type\":\"ListItem\",\"position\":2,\"name\":\"Park Narodowy Doliny Dolnej Odry\",\"item\":\"https:\/\/www.nationalpark-unteres-odertal.de\/pl\/park-narodowy-doliny-dolnej-odry\/\"},{\"@type\":\"ListItem\",\"position\":3,\"name\":\"Typy siedlisk\",\"item\":\"https:\/\/www.nationalpark-unteres-odertal.de\/pl\/park-narodowy-doliny-dolnej-odry\/typy-siedlisk\/\"},{\"@type\":\"ListItem\",\"position\":4,\"name\":\"Las\"}]},{\"@type\":\"WebSite\",\"@id\":\"https:\/\/www.nationalpark-unteres-odertal.de\/pl\/#website\",\"url\":\"https:\/\/www.nationalpark-unteres-odertal.de\/pl\/\",\"name\":\"Nationalpark Unteres Odertal\",\"description\":\"Verein der Freunde des Deutsch-Polnischen Europa-Nationalparks Unteres Odertal e.V. &amp; Nationalparkstiftung Unteres Odertal\",\"publisher\":{\"@id\":\"https:\/\/www.nationalpark-unteres-odertal.de\/pl\/#organization\"},\"potentialAction\":[{\"@type\":\"SearchAction\",\"target\":{\"@type\":\"EntryPoint\",\"urlTemplate\":\"https:\/\/www.nationalpark-unteres-odertal.de\/pl\/?s={search_term_string}\"},\"query-input\":{\"@type\":\"PropertyValueSpecification\",\"valueRequired\":true,\"valueName\":\"search_term_string\"}}],\"inLanguage\":\"pl-PL\"},{\"@type\":\"Organization\",\"@id\":\"https:\/\/www.nationalpark-unteres-odertal.de\/pl\/#organization\",\"name\":\"Verein der Freunde des Deutsch-Polnischen Europa-Nationalparks Unteres Odertal e.V. & Nationalparkstiftung Unteres Odertal\",\"url\":\"https:\/\/www.nationalpark-unteres-odertal.de\/pl\/\",\"logo\":{\"@type\":\"ImageObject\",\"inLanguage\":\"pl-PL\",\"@id\":\"https:\/\/www.nationalpark-unteres-odertal.de\/pl\/#\/schema\/logo\/image\/\",\"url\":\"https:\/\/www.nationalpark-unteres-odertal.de\/wp-content\/uploads\/logos-google.png\",\"contentUrl\":\"https:\/\/www.nationalpark-unteres-odertal.de\/wp-content\/uploads\/logos-google.png\",\"width\":800,\"height\":344,\"caption\":\"Verein der Freunde des Deutsch-Polnischen Europa-Nationalparks Unteres Odertal e.V. & Nationalparkstiftung Unteres Odertal\"},\"image\":{\"@id\":\"https:\/\/www.nationalpark-unteres-odertal.de\/pl\/#\/schema\/logo\/image\/\"}}]}<\/script>","yoast_head_json":{"title":"Las - Nationalpark Unteres Odertal","robots":{"index":"index","follow":"follow","max-snippet":"max-snippet:-1","max-image-preview":"max-image-preview:large","max-video-preview":"max-video-preview:-1"},"canonical":"https:\/\/www.nationalpark-unteres-odertal.de\/pl\/park-narodowy-doliny-dolnej-odry\/typy-siedlisk\/las\/","og_locale":"pl_PL","og_type":"article","og_title":"Las - Nationalpark Unteres Odertal","og_url":"https:\/\/www.nationalpark-unteres-odertal.de\/pl\/park-narodowy-doliny-dolnej-odry\/typy-siedlisk\/las\/","og_site_name":"Nationalpark Unteres Odertal","article_modified_time":"2021-11-04T14:46:16+00:00","twitter_card":"summary_large_image","schema":{"@context":"https:\/\/schema.org","@graph":[{"@type":"WebPage","@id":"https:\/\/www.nationalpark-unteres-odertal.de\/pl\/park-narodowy-doliny-dolnej-odry\/typy-siedlisk\/las\/","url":"https:\/\/www.nationalpark-unteres-odertal.de\/pl\/park-narodowy-doliny-dolnej-odry\/typy-siedlisk\/las\/","name":"Las - Nationalpark Unteres Odertal","isPartOf":{"@id":"https:\/\/www.nationalpark-unteres-odertal.de\/pl\/#website"},"datePublished":"2008-12-28T19:22:39+00:00","dateModified":"2021-11-04T14:46:16+00:00","breadcrumb":{"@id":"https:\/\/www.nationalpark-unteres-odertal.de\/pl\/park-narodowy-doliny-dolnej-odry\/typy-siedlisk\/las\/#breadcrumb"},"inLanguage":"pl-PL","potentialAction":[{"@type":"ReadAction","target":["https:\/\/www.nationalpark-unteres-odertal.de\/pl\/park-narodowy-doliny-dolnej-odry\/typy-siedlisk\/las\/"]}]},{"@type":"BreadcrumbList","@id":"https:\/\/www.nationalpark-unteres-odertal.de\/pl\/park-narodowy-doliny-dolnej-odry\/typy-siedlisk\/las\/#breadcrumb","itemListElement":[{"@type":"ListItem","position":1,"name":"Strona g\u0142\u00f3wna","item":"https:\/\/www.nationalpark-unteres-odertal.de\/pl\/"},{"@type":"ListItem","position":2,"name":"Park Narodowy Doliny Dolnej Odry","item":"https:\/\/www.nationalpark-unteres-odertal.de\/pl\/park-narodowy-doliny-dolnej-odry\/"},{"@type":"ListItem","position":3,"name":"Typy siedlisk","item":"https:\/\/www.nationalpark-unteres-odertal.de\/pl\/park-narodowy-doliny-dolnej-odry\/typy-siedlisk\/"},{"@type":"ListItem","position":4,"name":"Las"}]},{"@type":"WebSite","@id":"https:\/\/www.nationalpark-unteres-odertal.de\/pl\/#website","url":"https:\/\/www.nationalpark-unteres-odertal.de\/pl\/","name":"Nationalpark Unteres Odertal","description":"Verein der Freunde des Deutsch-Polnischen Europa-Nationalparks Unteres Odertal e.V. &amp; Nationalparkstiftung Unteres Odertal","publisher":{"@id":"https:\/\/www.nationalpark-unteres-odertal.de\/pl\/#organization"},"potentialAction":[{"@type":"SearchAction","target":{"@type":"EntryPoint","urlTemplate":"https:\/\/www.nationalpark-unteres-odertal.de\/pl\/?s={search_term_string}"},"query-input":{"@type":"PropertyValueSpecification","valueRequired":true,"valueName":"search_term_string"}}],"inLanguage":"pl-PL"},{"@type":"Organization","@id":"https:\/\/www.nationalpark-unteres-odertal.de\/pl\/#organization","name":"Verein der Freunde des Deutsch-Polnischen Europa-Nationalparks Unteres Odertal e.V. & Nationalparkstiftung Unteres Odertal","url":"https:\/\/www.nationalpark-unteres-odertal.de\/pl\/","logo":{"@type":"ImageObject","inLanguage":"pl-PL","@id":"https:\/\/www.nationalpark-unteres-odertal.de\/pl\/#\/schema\/logo\/image\/","url":"https:\/\/www.nationalpark-unteres-odertal.de\/wp-content\/uploads\/logos-google.png","contentUrl":"https:\/\/www.nationalpark-unteres-odertal.de\/wp-content\/uploads\/logos-google.png","width":800,"height":344,"caption":"Verein der Freunde des Deutsch-Polnischen Europa-Nationalparks Unteres Odertal e.V. & Nationalparkstiftung Unteres Odertal"},"image":{"@id":"https:\/\/www.nationalpark-unteres-odertal.de\/pl\/#\/schema\/logo\/image\/"}}]}},"_links":{"self":[{"href":"https:\/\/www.nationalpark-unteres-odertal.de\/pl\/wp-json\/wp\/v2\/pages\/9210","targetHints":{"allow":["GET"]}}],"collection":[{"href":"https:\/\/www.nationalpark-unteres-odertal.de\/pl\/wp-json\/wp\/v2\/pages"}],"about":[{"href":"https:\/\/www.nationalpark-unteres-odertal.de\/pl\/wp-json\/wp\/v2\/types\/page"}],"author":[{"embeddable":true,"href":"https:\/\/www.nationalpark-unteres-odertal.de\/pl\/wp-json\/wp\/v2\/users\/1"}],"replies":[{"embeddable":true,"href":"https:\/\/www.nationalpark-unteres-odertal.de\/pl\/wp-json\/wp\/v2\/comments?post=9210"}],"version-history":[{"count":3,"href":"https:\/\/www.nationalpark-unteres-odertal.de\/pl\/wp-json\/wp\/v2\/pages\/9210\/revisions"}],"predecessor-version":[{"id":9746,"href":"https:\/\/www.nationalpark-unteres-odertal.de\/pl\/wp-json\/wp\/v2\/pages\/9210\/revisions\/9746"}],"up":[{"embeddable":true,"href":"https:\/\/www.nationalpark-unteres-odertal.de\/pl\/wp-json\/wp\/v2\/pages\/9178"}],"wp:attachment":[{"href":"https:\/\/www.nationalpark-unteres-odertal.de\/pl\/wp-json\/wp\/v2\/media?parent=9210"}],"curies":[{"name":"wp","href":"https:\/\/api.w.org\/{rel}","templated":true}]}}